{"id":1440,"date":"2016-03-21T16:46:37","date_gmt":"2016-03-21T16:46:37","guid":{"rendered":"http:\/\/teegro.gob.mx\/inicio\/?page_id=1440"},"modified":"2025-01-15T20:13:52","modified_gmt":"2025-01-16T02:13:52","slug":"sentencias-2","status":"publish","type":"page","link":"https:\/\/teegro.gob.mx\/sitio2025\/informacion-jurisdiccional-2\/sentencias-2\/","title":{"rendered":"Gaceta Electr\u00f3nica"},"content":{"rendered":"\t\t<div data-elementor-type=\"wp-page\" data-elementor-id=\"1440\" class=\"elementor elementor-1440\">\n\t\t\t\t\t\t<section class=\"elementor-section elementor-top-section elementor-element elementor-element-95dab36 elementor-section-boxed elementor-section-height-default elementor-section-height-default\" data-id=\"95dab36\" data-element_type=\"section\" data-settings=\"{&quot;background_background&quot;:&quot;classic&quot;}\">\n\t\t\t\t\t\t<div class=\"elementor-container elementor-column-gap-default\">\n\t\t\t\t\t<div class=\"elementor-column elementor-col-100 elementor-top-column elementor-element elementor-element-2f5e4b0\" data-id=\"2f5e4b0\" data-element_type=\"column\">\n\t\t\t<div class=\"elementor-widget-wrap elementor-element-populated\">\n\t\t\t\t\t\t<div class=\"elementor-element elementor-element-df0ce55 elementor-widget elementor-widget-shortcode\" data-id=\"df0ce55\" data-element_type=\"widget\" data-widget_type=\"shortcode.default\">\n\t\t\t\t<div class=\"elementor-widget-container\">\n\t\t\t\t\t\t\t<div class=\"elementor-shortcode\"><form data-min-no-for-search=1 data-result-box-max-height=400 data-form-id=8817 class=\"is-search-form is-disable-submit is-form-style is-form-style-1 is-form-id-8817 is-ajax-search\" action=\"https:\/\/teegro.gob.mx\/sitio2025\/\" method=\"get\" role=\"search\" ><label for=\"is-search-input-8817\"><span class=\"is-screen-reader-text\">Search for:<\/span><input  type=\"search\" id=\"is-search-input-8817\" name=\"s\" value=\"\" class=\"is-search-input\" placeholder=\"Introduce el expediente, autora, autor u otro t\u00e9rmino de b\u00fasqueda\" autocomplete=off \/><span class=\"is-loader-image\" style=\"display: none;background-image:url(https:\/\/teegro.gob.mx\/sitio2025\/wp-content\/plugins\/add-search-to-menu\/public\/images\/spinner.gif);\" ><\/span><\/label><input type=\"submit\" value=\"Buscar gaceta o sentencia\" class=\"is-search-submit\" \/><input type=\"hidden\" name=\"id\" value=\"8817\" \/><\/form><\/div>\n\t\t\t\t\t\t<\/div>\n\t\t\t\t<\/div>\n\t\t\t\t\t<\/div>\n\t\t<\/div>\n\t\t\t\t\t<\/div>\n\t\t<\/section>\n\t\t\t\t<section class=\"elementor-section elementor-top-section elementor-element elementor-element-26f15d4 elementor-section-boxed elementor-section-height-default elementor-section-height-default\" data-id=\"26f15d4\" data-element_type=\"section\" data-settings=\"{&quot;background_background&quot;:&quot;classic&quot;}\">\n\t\t\t\t\t\t<div class=\"elementor-container elementor-column-gap-default\">\n\t\t\t\t\t<div class=\"elementor-column elementor-col-100 elementor-top-column elementor-element elementor-element-6727fc5\" data-id=\"6727fc5\" data-element_type=\"column\">\n\t\t\t<div class=\"elementor-widget-wrap elementor-element-populated\">\n\t\t\t\t\t\t<div class=\"elementor-element elementor-element-00dfa63 elementor-widget elementor-widget-heading\" data-id=\"00dfa63\" data-element_type=\"widget\" data-widget_type=\"heading.default\">\n\t\t\t\t<div class=\"elementor-widget-container\">\n\t\t\t\t\t<h3 class=\"elementor-heading-title elementor-size-default\">ARCHIVO DE SESIONES P\u00daBLICAS<\/h3>\t\t\t\t<\/div>\n\t\t\t\t<\/div>\n\t\t\t\t\t<\/div>\n\t\t<\/div>\n\t\t\t\t\t<\/div>\n\t\t<\/section>\n\t\t\t\t<section class=\"elementor-section elementor-top-section elementor-element elementor-element-f39de8e elementor-section-boxed elementor-section-height-default elementor-section-height-default\" data-id=\"f39de8e\" data-element_type=\"section\" data-settings=\"{&quot;background_background&quot;:&quot;classic&quot;}\">\n\t\t\t\t\t\t<div class=\"elementor-container elementor-column-gap-default\">\n\t\t\t\t\t<div class=\"elementor-column elementor-col-100 elementor-top-column elementor-element elementor-element-d5e2251\" data-id=\"d5e2251\" data-element_type=\"column\">\n\t\t\t<div class=\"elementor-widget-wrap elementor-element-populated\">\n\t\t\t\t\t\t<div class=\"elementor-element elementor-element-0a3bd28 elementor-widget elementor-widget-eael-adv-tabs\" data-id=\"0a3bd28\" data-element_type=\"widget\" data-widget_type=\"eael-adv-tabs.default\">\n\t\t\t\t<div class=\"elementor-widget-container\">\n\t\t\t\t\t        <div data-scroll-on-click=\"no\" data-scroll-speed=\"300\" id=\"eael-advance-tabs-0a3bd28\" class=\"eael-advance-tabs eael-tabs-horizontal eael-tab-auto-active \" data-tabid=\"0a3bd28\">\n            <div class=\"eael-tabs-nav\">\n                <ul class=\"eael-tab-inline-icon\" role=\"tablist\">\n                                            <li id=\"2025\" class=\"active-default eael-tab-item-trigger eael-tab-nav-item\" aria-selected=\"true\" data-tab=\"1\" role=\"tab\" tabindex=\"0\" aria-controls=\"2025-tab\" aria-expanded=\"false\">\n                            \n                                                        \n                                                            <span class=\"eael-tab-title title-after-icon\" >2025<\/span>                            \n                                                    <\/li>\n                                            <li id=\"2024\" class=\" eael-tab-item-trigger eael-tab-nav-item\" aria-selected=\"false\" data-tab=\"2\" role=\"tab\" tabindex=\"-1\" aria-controls=\"2024-tab\" aria-expanded=\"false\">\n                            \n                                                        \n                                                            <span class=\"eael-tab-title title-after-icon\" >2024<\/span>                            \n                                                    <\/li>\n                                            <li id=\"2023\" class=\" eael-tab-item-trigger eael-tab-nav-item\" aria-selected=\"false\" data-tab=\"3\" role=\"tab\" tabindex=\"-1\" aria-controls=\"2023-tab\" aria-expanded=\"false\">\n                            \n                                                        \n                                                            <span class=\"eael-tab-title title-after-icon\" >2023<\/span>                            \n                                                    <\/li>\n                                            <li id=\"2022\" class=\" eael-tab-item-trigger eael-tab-nav-item\" aria-selected=\"false\" data-tab=\"4\" role=\"tab\" tabindex=\"-1\" aria-controls=\"2022-tab\" aria-expanded=\"false\">\n                            \n                                                        \n                                                            <span class=\"eael-tab-title title-after-icon\" >2022<\/span>                            \n                                                    <\/li>\n                                            <li id=\"2021\" class=\" eael-tab-item-trigger eael-tab-nav-item\" aria-selected=\"false\" data-tab=\"5\" role=\"tab\" tabindex=\"-1\" aria-controls=\"2021-tab\" aria-expanded=\"false\">\n                            \n                                                        \n                                                            <span class=\"eael-tab-title title-after-icon\" >2021<\/span>                            \n                                                    <\/li>\n                                    <\/ul>\n            <\/div>\n            \n            <div class=\"eael-tabs-content\">\n\t\t        \n                    <div id=\"2025-tab\" class=\"clearfix eael-tab-content-item active-default\" data-title-link=\"2025-tab\">\n\t\t\t\t        <style>.elementor-17127 .elementor-element.elementor-element-350815f .eael-adv-accordion .eael-accordion-list .eael-accordion-header .eael-accordion-tab-title{font-size:1.1em;color:#333;}.elementor-17127 .elementor-element.elementor-element-350815f .eael-adv-accordion .eael-accordion-list .eael-accordion-header .fa-accordion-icon{font-size:16px;margin-left:10px;color:#333;}.elementor-17127 .elementor-element.elementor-element-350815f .eael-adv-accordion .eael-accordion-list .eael-accordion-header svg.fa-accordion-icon{height:16px;width:16px;line-height:16px;}.elementor-17127 .elementor-element.elementor-element-350815f .eael-adv-accordion .eael-accordion-list .eael-accordion-header .fa-accordion-icon-svg svg{color:#333;fill:#333;}.elementor-17127 .elementor-element.elementor-element-350815f .eael-adv-accordion .eael-accordion-list .eael-accordion-header svg{fill:#333;}.elementor-17127 .elementor-element.elementor-element-350815f .eael-adv-accordion .eael-accordion-list .eael-accordion-header:hover .eael-accordion-tab-title{color:#fff;}.elementor-17127 .elementor-element.elementor-element-350815f .eael-adv-accordion .eael-accordion-list .eael-accordion-header:hover .fa-accordion-icon{color:#fff;}.elementor-17127 .elementor-element.elementor-element-350815f .eael-adv-accordion .eael-accordion-list .eael-accordion-header:hover .fa-accordion-icon svg{color:#fff;fill:#fff;}.elementor-17127 .elementor-element.elementor-element-350815f .eael-adv-accordion .eael-accordion-list .eael-accordion-header:hover svg.fa-accordion-icon{fill:#fff;}.elementor-17127 .elementor-element.elementor-element-350815f .eael-adv-accordion .eael-accordion-list .eael-accordion-header.active{color:#fff;}.elementor-17127 .elementor-element.elementor-element-350815f .eael-adv-accordion .eael-accordion-list .eael-accordion-header.active .eael-accordion-tab-title{color:#fff;}.elementor-17127 .elementor-element.elementor-element-350815f .eael-adv-accordion .eael-accordion-list .eael-accordion-header.active .fa-accordion-icon{color:#fff;}.elementor-17127 .elementor-element.elementor-element-350815f .eael-adv-accordion .eael-accordion-list .eael-accordion-header.active .fa-accordion-icon svg{color:#fff;fill:#fff;}.elementor-17127 .elementor-element.elementor-element-350815f .eael-adv-accordion .eael-accordion-list .eael-accordion-header.active svg.fa-accordion-icon{fill:#fff;}.elementor-17127 .elementor-element.elementor-element-350815f .eael-adv-accordion .eael-accordion-list .eael-accordion-content{color:#333;}.elementor-17127 .elementor-element.elementor-element-350815f .eael-adv-accordion .eael-accordion-list .eael-accordion-header .fa-toggle, .elementor-17127 .elementor-element.elementor-element-350815f .eael-adv-accordion .eael-accordion-list .eael-accordion-header > .fa-toggle-svg{font-size:16px;}.elementor-17127 .elementor-element.elementor-element-350815f .eael-adv-accordion .eael-accordion-list .eael-accordion-header svg.fa-toggle{height:16px;width:16px;line-height:16px;fill:#444;}.elementor-17127 .elementor-element.elementor-element-350815f .eael-adv-accordion .eael-accordion-list .eael-accordion-header .fa-toggle{color:#444;}.elementor-17127 .elementor-element.elementor-element-350815f .eael-adv-accordion .eael-accordion-list .eael-accordion-header .fa-toggle svg{color:#444;fill:#444;}.elementor-17127 .elementor-element.elementor-element-350815f .eael-adv-accordion .eael-accordion-list .eael-accordion-header.active .fa-toggle{color:#fff;}.elementor-17127 .elementor-element.elementor-element-350815f .eael-adv-accordion .eael-accordion-list .eael-accordion-header.active .fa-toggle svg{color:#fff;fill:#fff;}.elementor-17127 .elementor-element.elementor-element-350815f .eael-adv-accordion .eael-accordion-list .eael-accordion-header.active svg.fa-toggle{fill:#fff;}<\/style>\t\t<div data-elementor-type=\"page\" data-elementor-id=\"17127\" class=\"elementor elementor-17127\">\n\t\t\t\t\t\t<section class=\"elementor-section elementor-top-section elementor-element elementor-element-30d5596 elementor-section-full_width elementor-section-height-default elementor-section-height-default\" data-id=\"30d5596\" data-element_type=\"section\">\n\t\t\t\t\t\t<div class=\"elementor-container elementor-column-gap-default\">\n\t\t\t\t\t<div class=\"elementor-column elementor-col-100 elementor-top-column elementor-element elementor-element-42736e1\" data-id=\"42736e1\" data-element_type=\"column\">\n\t\t\t<div class=\"elementor-widget-wrap elementor-element-populated\">\n\t\t\t\t\t\t<div class=\"elementor-element elementor-element-350815f elementor-widget elementor-widget-eael-adv-accordion\" data-id=\"350815f\" data-element_type=\"widget\" data-widget_type=\"eael-adv-accordion.default\">\n\t\t\t\t<div class=\"elementor-widget-container\">\n\t\t\t\t\t        <div class=\"eael-adv-accordion\" id=\"eael-adv-accordion-350815f\" data-scroll-on-click=\"no\" data-scroll-speed=\"300\" data-accordion-id=\"350815f\" data-accordion-type=\"accordion\" data-toogle-speed=\"300\">\n    <div class=\"eael-accordion-list\">\n                <div id=\"septiembre\" class=\"elementor-tab-title eael-accordion-header active-default\" tabindex=\"0\" data-tab=\"1\" aria-controls=\"elementor-tab-content-5561\"><span class=\"eael-advanced-accordion-icon-closed\"><i aria-hidden=\"true\" class=\"fa-accordion-icon fas fa-plus\"><\/i><\/span><span class=\"eael-advanced-accordion-icon-opened\"><i aria-hidden=\"true\" class=\"fa-accordion-icon fas fa-minus\"><\/i><\/span><span class=\"eael-accordion-tab-title\">Septiembre<\/span><i aria-hidden=\"true\" class=\"fa-toggle fas fa-angle-right\"><\/i><\/div><div id=\"elementor-tab-content-5561\" class=\"eael-accordion-content clearfix active-default\" data-tab=\"1\" aria-labelledby=\"septiembre\"><p><ul class=\"display-posts-listing\"><li class=\"listing-item\"><a class=\"title\" href=\"https:\/\/teegro.gob.mx\/sitio2025\/vigesima-segunda-sesion-18-de-septiembre\/\">Vig\u00e9sima Segunda Sesi\u00f3n \u2013 18 de Septiembre<\/a><div class=\"content\"><ul><li><a href=\"https:\/\/teegro.gob.mx\/sitio2023\/wp-content\/uploads\/2025\/09\/Lista180925.pdf\">Orden del d\u00eda<\/a><\/li><li><a href=\"https:\/\/youtu.be\/6jEg6MHjKH4\">Video<\/a><\/li><li><!--[if lt IE 9]><script>document.createElement('audio');<\/script><![endif]-->\n<audio class=\"wp-audio-shortcode\" id=\"audio-18950-1\" preload=\"none\" style=\"width: 100%;\" controls=\"controls\"><source type=\"audio\/mpeg\" src=\"https:\/\/teegro.gob.mx\/sitio2023\/wp-content\/uploads\/2025\/09\/Sesion22.mp3?_=1\" \/><a href=\"https:\/\/teegro.gob.mx\/sitio2023\/wp-content\/uploads\/2025\/09\/Sesion22.mp3\">https:\/\/teegro.gob.mx\/sitio2023\/wp-content\/uploads\/2025\/09\/Sesion22.mp3<\/a><\/audio><\/li><\/ul><h4>Contenido<\/h4><p> <a href=\"https:\/\/teegro.gob.mx\/sitio2025\/vigesima-segunda-sesion-18-de-septiembre\/#more-18950\" class=\"more-link\"><span aria-label=\"Sigue leyendo Vig\u00e9sima Segunda Sesi\u00f3n \u2013 18 de Septiembre\">(m\u00e1s&hellip;)<\/span><\/a><\/p><\/div><\/li><li class=\"listing-item\"><a class=\"title\" href=\"https:\/\/teegro.gob.mx\/sitio2025\/vigesima-primera-sesion-03-de-septiembre\/\">Vig\u00e9sima Primera Sesi\u00f3n \u2013 03 de Septiembre<\/a><div class=\"content\"><ul>\n<li><a href=\"https:\/\/teegro.gob.mx\/sitio2023\/wp-content\/uploads\/2025\/09\/Lista030925.pdf\">Orden del d\u00eda<\/a><\/li>\n<\/ul>\n<h4>Contenido<\/h4>\n<p> <a href=\"https:\/\/teegro.gob.mx\/sitio2025\/vigesima-primera-sesion-03-de-septiembre\/#more-18919\" class=\"more-link\"><span aria-label=\"Sigue leyendo Vig\u00e9sima Primera Sesi\u00f3n \u2013 03 de Septiembre\">(m\u00e1s&hellip;)<\/span><\/a><\/p>\n<\/div><\/li><li class=\"listing-item\"><a class=\"title\" href=\"https:\/\/teegro.gob.mx\/sitio2025\/vigesima-sesion-01-de-septiembre\/\">Vig\u00e9sima Sesi\u00f3n \u2013 02 de Septiembre<\/a><div class=\"content\"><ul>\n<li><a href=\"https:\/\/teegro.gob.mx\/sitio2023\/wp-content\/uploads\/2025\/09\/Sesion020925.pdf\">Orden del d\u00eda<\/a><\/li>\n<li><a href=\"https:\/\/youtu.be\/huimCAJrRxE\">Video<\/a><\/li>\n<li><audio class=\"wp-audio-shortcode\" id=\"audio-18886-2\" preload=\"none\" style=\"width: 100%;\" controls=\"controls\"><source type=\"audio\/mpeg\" src=\"https:\/\/teegro.gob.mx\/sitio2023\/wp-content\/uploads\/2025\/09\/Sesion20.mp3?_=2\" \/><a href=\"https:\/\/teegro.gob.mx\/sitio2023\/wp-content\/uploads\/2025\/09\/Sesion20.mp3\">https:\/\/teegro.gob.mx\/sitio2023\/wp-content\/uploads\/2025\/09\/Sesion20.mp3<\/a><\/audio><\/li>\n<\/ul>\n<h4>Contenido<\/h4>\n<p> <a href=\"https:\/\/teegro.gob.mx\/sitio2025\/vigesima-sesion-01-de-septiembre\/#more-18886\" class=\"more-link\"><span aria-label=\"Sigue leyendo Vig\u00e9sima Sesi\u00f3n \u2013 02 de Septiembre\">(m\u00e1s&hellip;)<\/span><\/a><\/p>\n<\/div><\/li><\/ul><\/p><\/div>\n                <\/div><div class=\"eael-accordion-list\">\n                <div id=\"agosto\" class=\"elementor-tab-title eael-accordion-header\" tabindex=\"0\" data-tab=\"2\" aria-controls=\"elementor-tab-content-5562\"><span class=\"eael-advanced-accordion-icon-closed\"><i aria-hidden=\"true\" class=\"fa-accordion-icon fas fa-plus\"><\/i><\/span><span class=\"eael-advanced-accordion-icon-opened\"><i aria-hidden=\"true\" class=\"fa-accordion-icon fas fa-minus\"><\/i><\/span><span class=\"eael-accordion-tab-title\">Agosto<\/span><i aria-hidden=\"true\" class=\"fa-toggle fas fa-angle-right\"><\/i><\/div><div id=\"elementor-tab-content-5562\" class=\"eael-accordion-content clearfix\" data-tab=\"2\" aria-labelledby=\"agosto\"><p><ul class=\"display-posts-listing\"><li class=\"listing-item\"><a class=\"title\" href=\"https:\/\/teegro.gob.mx\/sitio2025\/decimo-novena-sesion-20-de-agosto\/\">D\u00e9cimo Novena Sesi\u00f3n \u2013 21 de Agosto<\/a><div class=\"content\"><ul>\n<li><a href=\"https:\/\/teegro.gob.mx\/sitio2023\/wp-content\/uploads\/2025\/08\/Lista210825.pdf\">Orden del d\u00eda<\/a><\/li>\n<li><a href=\"https:\/\/youtu.be\/F7BYYD9zm28\">Video<\/a><\/li>\n<li><audio class=\"wp-audio-shortcode\" id=\"audio-18816-3\" preload=\"none\" style=\"width: 100%;\" controls=\"controls\"><source type=\"audio\/mpeg\" src=\"https:\/\/teegro.gob.mx\/sitio2023\/wp-content\/uploads\/2025\/08\/Sesion19.mp3?_=3\" \/><a href=\"https:\/\/teegro.gob.mx\/sitio2023\/wp-content\/uploads\/2025\/08\/Sesion19.mp3\">https:\/\/teegro.gob.mx\/sitio2023\/wp-content\/uploads\/2025\/08\/Sesion19.mp3<\/a><\/audio><\/li>\n<\/ul>\n<h4>Contenido<\/h4>\n<p> <a href=\"https:\/\/teegro.gob.mx\/sitio2025\/decimo-novena-sesion-20-de-agosto\/#more-18816\" class=\"more-link\"><span aria-label=\"Sigue leyendo D\u00e9cimo Novena Sesi\u00f3n \u2013 21 de Agosto\">(m\u00e1s&hellip;)<\/span><\/a><\/p>\n<\/div><\/li><\/ul><\/p><\/div>\n                <\/div><div class=\"eael-accordion-list\">\n                <div id=\"julio\" class=\"elementor-tab-title eael-accordion-header\" tabindex=\"0\" data-tab=\"3\" aria-controls=\"elementor-tab-content-5563\"><span class=\"eael-advanced-accordion-icon-closed\"><i aria-hidden=\"true\" class=\"fa-accordion-icon fas fa-plus\"><\/i><\/span><span class=\"eael-advanced-accordion-icon-opened\"><i aria-hidden=\"true\" class=\"fa-accordion-icon fas fa-minus\"><\/i><\/span><span class=\"eael-accordion-tab-title\">Julio<\/span><i aria-hidden=\"true\" class=\"fa-toggle fas fa-angle-right\"><\/i><\/div><div id=\"elementor-tab-content-5563\" class=\"eael-accordion-content clearfix\" data-tab=\"3\" aria-labelledby=\"julio\"><p><ul class=\"display-posts-listing\"><li class=\"listing-item\"><a class=\"title\" href=\"https:\/\/teegro.gob.mx\/sitio2025\/decimo-octava-sesion-15-de-julio\/\">D\u00e9cimo Octava Sesi\u00f3n &#8211; 15 de Julio<\/a><div class=\"content\"><\/div><\/li><li class=\"listing-item\"><a class=\"title\" href=\"https:\/\/teegro.gob.mx\/sitio2025\/decimo-septima-sesion-01-de-julio\/\">D\u00e9cimo S\u00e9ptima Sesi\u00f3n &#8211; 01 de Julio<\/a><div class=\"content\"><\/div><\/li><\/ul><\/p><\/div>\n                <\/div><div class=\"eael-accordion-list\">\n                <div id=\"junio\" class=\"elementor-tab-title eael-accordion-header\" tabindex=\"0\" data-tab=\"4\" aria-controls=\"elementor-tab-content-5564\"><span class=\"eael-advanced-accordion-icon-closed\"><i aria-hidden=\"true\" class=\"fa-accordion-icon fas fa-plus\"><\/i><\/span><span class=\"eael-advanced-accordion-icon-opened\"><i aria-hidden=\"true\" class=\"fa-accordion-icon fas fa-minus\"><\/i><\/span><span class=\"eael-accordion-tab-title\">Junio<\/span><i aria-hidden=\"true\" class=\"fa-toggle fas fa-angle-right\"><\/i><\/div><div id=\"elementor-tab-content-5564\" class=\"eael-accordion-content clearfix\" data-tab=\"4\" aria-labelledby=\"junio\"><p><ul class=\"display-posts-listing\"><li class=\"listing-item\"><a class=\"title\" href=\"https:\/\/teegro.gob.mx\/sitio2025\/decimo-sexta-sesion-25-de-junio\/\">D\u00e9cimo Sexta Sesi\u00f3n &#8211; 25 de Junio<\/a><div class=\"content\"><\/div><\/li><li class=\"listing-item\"><a class=\"title\" href=\"https:\/\/teegro.gob.mx\/sitio2025\/decimo-quinta-sesion-20-de-junio\/\">D\u00e9cimo Quinta Sesi\u00f3n &#8211; 20 de Junio<\/a><div class=\"content\"><\/div><\/li><li class=\"listing-item\"><a class=\"title\" href=\"https:\/\/teegro.gob.mx\/sitio2025\/decimo-cuarta-sesion-12-de-junio\/\">D\u00e9cimo Cuarta Sesi\u00f3n &#8211; 12 de Junio<\/a><div class=\"content\"><\/div><\/li><li class=\"listing-item\"><a class=\"title\" href=\"https:\/\/teegro.gob.mx\/sitio2025\/decima-tercera-sesion-05-de-junio\/\">D\u00e9cima Tercera Sesi\u00f3n &#8211; 05 de Junio<\/a><div class=\"content\"><\/div><\/li><\/ul><\/p><\/div>\n                <\/div><div class=\"eael-accordion-list\">\n                <div id=\"mayo\" class=\"elementor-tab-title eael-accordion-header\" tabindex=\"0\" data-tab=\"5\" aria-controls=\"elementor-tab-content-5565\"><span class=\"eael-advanced-accordion-icon-closed\"><i aria-hidden=\"true\" class=\"fa-accordion-icon fas fa-plus\"><\/i><\/span><span class=\"eael-advanced-accordion-icon-opened\"><i aria-hidden=\"true\" class=\"fa-accordion-icon fas fa-minus\"><\/i><\/span><span class=\"eael-accordion-tab-title\">Mayo<\/span><i aria-hidden=\"true\" class=\"fa-toggle fas fa-angle-right\"><\/i><\/div><div id=\"elementor-tab-content-5565\" class=\"eael-accordion-content clearfix\" data-tab=\"5\" aria-labelledby=\"mayo\"><p><ul class=\"display-posts-listing\"><li class=\"listing-item\"><a class=\"title\" href=\"https:\/\/teegro.gob.mx\/sitio2025\/decima-segunda-sesion-15-de-mayo\/\">D\u00e9cima Segunda Sesi\u00f3n &#8211; 15 de Mayo<\/a><div class=\"content\"><\/div><\/li><li class=\"listing-item\"><a class=\"title\" href=\"https:\/\/teegro.gob.mx\/sitio2025\/decima-primera-sesion-08-de-mayo\/\">D\u00e9cima Primera Sesi\u00f3n &#8211; 08 de Mayo<\/a><div class=\"content\"><ul>\n<li><a href=\"https:\/\/teegro.gob.mx\/sitio2023\/wp-content\/uploads\/2025\/05\/Lista080525.pdf\">Orden del d\u00eda<\/a><\/li>\n<li>Video &#x1f3a5;<\/li>\n<li>\u00a0<\/li>\n<\/ul>\n<h3>Contenido<br \/> <a href=\"https:\/\/teegro.gob.mx\/sitio2025\/decima-primera-sesion-08-de-mayo\/#more-18243\" class=\"more-link\"><span aria-label=\"Sigue leyendo D\u00e9cima Primera Sesi\u00f3n &#8211; 08 de Mayo\">(m\u00e1s&hellip;)<\/span><\/a><\/h3>\n<\/div><\/li><\/ul><\/p><\/div>\n                <\/div><div class=\"eael-accordion-list\">\n                <div id=\"abril\" class=\"elementor-tab-title eael-accordion-header\" tabindex=\"0\" data-tab=\"6\" aria-controls=\"elementor-tab-content-5566\"><span class=\"eael-advanced-accordion-icon-closed\"><i aria-hidden=\"true\" class=\"fa-accordion-icon fas fa-plus\"><\/i><\/span><span class=\"eael-advanced-accordion-icon-opened\"><i aria-hidden=\"true\" class=\"fa-accordion-icon fas fa-minus\"><\/i><\/span><span class=\"eael-accordion-tab-title\">Abril<\/span><i aria-hidden=\"true\" class=\"fa-toggle fas fa-angle-right\"><\/i><\/div><div id=\"elementor-tab-content-5566\" class=\"eael-accordion-content clearfix\" data-tab=\"6\" aria-labelledby=\"abril\"><p><ul class=\"display-posts-listing\"><li class=\"listing-item\"><a class=\"title\" href=\"https:\/\/teegro.gob.mx\/sitio2025\/decima-sesion-08-de-abril\/\">D\u00e9cima Sesi\u00f3n &#8211; 30 de Abril<\/a><div class=\"content\"><ul>\n<li><a href=\"https:\/\/teegro.gob.mx\/sitio2023\/wp-content\/uploads\/2025\/04\/Lista300425.pdf\">Orden del d\u00eda<\/a><\/li>\n<li><a href=\"https:\/\/youtu.be\/WS1nvAtuIuo\">Video &#x1f3a5;<\/a><\/li>\n<li><audio class=\"wp-audio-shortcode\" id=\"audio-18145-4\" preload=\"none\" style=\"width: 100%;\" controls=\"controls\"><source type=\"audio\/mpeg\" src=\"https:\/\/teegro.gob.mx\/sitio2023\/wp-content\/uploads\/2025\/04\/Audio10.mp3?_=4\" \/><a href=\"https:\/\/teegro.gob.mx\/sitio2023\/wp-content\/uploads\/2025\/04\/Audio10.mp3\">https:\/\/teegro.gob.mx\/sitio2023\/wp-content\/uploads\/2025\/04\/Audio10.mp3<\/a><\/audio><\/li>\n<\/ul>\n<h3>Contenido<br \/> <a href=\"https:\/\/teegro.gob.mx\/sitio2025\/decima-sesion-08-de-abril\/#more-18145\" class=\"more-link\"><span aria-label=\"Sigue leyendo D\u00e9cima Sesi\u00f3n &#8211; 30 de Abril\">(m\u00e1s&hellip;)<\/span><\/a><\/h3>\n<\/div><\/li><li class=\"listing-item\"><a class=\"title\" href=\"https:\/\/teegro.gob.mx\/sitio2025\/tercera-sesion-extraordinaria-23-de-abril\/\">Tercera Sesi\u00f3n Extraordinaria &#8211; 23 de Abril<\/a><div class=\"content\"><ul>\n<li><a href=\"https:\/\/teegro.gob.mx\/sitio2023\/wp-content\/uploads\/2025\/04\/Lista230425.pdf\">Orden del d\u00eda<\/a><\/li>\n<li><a href=\"https:\/\/youtu.be\/k-KGn_GYYy8\">Video &#x1f3a5;<\/a><\/li>\n<\/ul>\n<h3>Contenido<br \/> <a href=\"https:\/\/teegro.gob.mx\/sitio2025\/tercera-sesion-extraordinaria-23-de-abril\/#more-18042\" class=\"more-link\"><span aria-label=\"Sigue leyendo Tercera Sesi\u00f3n Extraordinaria &#8211; 23 de Abril\">(m\u00e1s&hellip;)<\/span><\/a><\/h3>\n<\/div><\/li><li class=\"listing-item\"><a class=\"title\" href=\"https:\/\/teegro.gob.mx\/sitio2025\/novena-sesion-08-de-abril\/\">Novena Sesi\u00f3n &#8211; 08 de Abril<\/a><div class=\"content\"><ul>\n<li><a href=\"https:\/\/teegro.gob.mx\/sitio2023\/wp-content\/uploads\/2025\/04\/Lista080425.pdf\">Orden del d\u00eda<\/a><\/li>\n<li><a href=\"https:\/\/youtu.be\/Iu-Ptb7zTo8\">Video &#x1f3a5;<\/a><\/li>\n<li><audio class=\"wp-audio-shortcode\" id=\"audio-17916-5\" preload=\"none\" style=\"width: 100%;\" controls=\"controls\"><source type=\"audio\/mpeg\" src=\"https:\/\/teegro.gob.mx\/sitio2023\/wp-content\/uploads\/2025\/04\/Sesion09.mp3?_=5\" \/><a href=\"https:\/\/teegro.gob.mx\/sitio2023\/wp-content\/uploads\/2025\/04\/Sesion09.mp3\">https:\/\/teegro.gob.mx\/sitio2023\/wp-content\/uploads\/2025\/04\/Sesion09.mp3<\/a><\/audio><\/li>\n<\/ul>\n<h3>Contenido<br \/> <a href=\"https:\/\/teegro.gob.mx\/sitio2025\/novena-sesion-08-de-abril\/#more-17916\" class=\"more-link\"><span aria-label=\"Sigue leyendo Novena Sesi\u00f3n &#8211; 08 de Abril\">(m\u00e1s&hellip;)<\/span><\/a><\/h3>\n<\/div><\/li><\/ul><\/p><\/div>\n                <\/div><div class=\"eael-accordion-list\">\n                <div id=\"marzo\" class=\"elementor-tab-title eael-accordion-header\" tabindex=\"0\" data-tab=\"7\" aria-controls=\"elementor-tab-content-5567\"><span class=\"eael-advanced-accordion-icon-closed\"><i aria-hidden=\"true\" class=\"fa-accordion-icon fas fa-plus\"><\/i><\/span><span class=\"eael-advanced-accordion-icon-opened\"><i aria-hidden=\"true\" class=\"fa-accordion-icon fas fa-minus\"><\/i><\/span><span class=\"eael-accordion-tab-title\">Marzo<\/span><i aria-hidden=\"true\" class=\"fa-toggle fas fa-angle-right\"><\/i><\/div><div id=\"elementor-tab-content-5567\" class=\"eael-accordion-content clearfix\" data-tab=\"7\" aria-labelledby=\"marzo\"><p><ul class=\"display-posts-listing\"><li class=\"listing-item\"><a class=\"title\" href=\"https:\/\/teegro.gob.mx\/sitio2025\/octava-sesion-13-de-marzo\/\">Octava Sesi\u00f3n &#8211; 13 de Marzo<\/a><div class=\"content\"><ul>\n<li><a href=\"https:\/\/teegro.gob.mx\/sitio2023\/wp-content\/uploads\/2025\/03\/Lista130325.pdf\">Orden del d\u00eda<\/a><\/li>\n<li><a href=\"https:\/\/youtu.be\/WRVarKWG-5M\">Video &#x1f3a5;<\/a><\/li>\n<li><audio class=\"wp-audio-shortcode\" id=\"audio-17643-6\" preload=\"none\" style=\"width: 100%;\" controls=\"controls\"><source type=\"audio\/mpeg\" src=\"https:\/\/teegro.gob.mx\/sitio2023\/wp-content\/uploads\/2025\/03\/Sesion8.mp3?_=6\" \/><a href=\"https:\/\/teegro.gob.mx\/sitio2023\/wp-content\/uploads\/2025\/03\/Sesion8.mp3\">https:\/\/teegro.gob.mx\/sitio2023\/wp-content\/uploads\/2025\/03\/Sesion8.mp3<\/a><\/audio><\/li>\n<\/ul>\n<h3>Contenido<br \/>\n <a href=\"https:\/\/teegro.gob.mx\/sitio2025\/octava-sesion-13-de-marzo\/#more-17643\" class=\"more-link\"><span aria-label=\"Sigue leyendo Octava Sesi\u00f3n &#8211; 13 de Marzo\">(m\u00e1s&hellip;)<\/span><\/a><\/h3>\n<\/div><\/li><\/ul><\/p><\/div>\n                <\/div><div class=\"eael-accordion-list\">\n                <div id=\"febrero\" class=\"elementor-tab-title eael-accordion-header\" tabindex=\"0\" data-tab=\"8\" aria-controls=\"elementor-tab-content-5568\"><span class=\"eael-advanced-accordion-icon-closed\"><i aria-hidden=\"true\" class=\"fa-accordion-icon fas fa-plus\"><\/i><\/span><span class=\"eael-advanced-accordion-icon-opened\"><i aria-hidden=\"true\" class=\"fa-accordion-icon fas fa-minus\"><\/i><\/span><span class=\"eael-accordion-tab-title\">Febrero<\/span><i aria-hidden=\"true\" class=\"fa-toggle fas fa-angle-right\"><\/i><\/div><div id=\"elementor-tab-content-5568\" class=\"eael-accordion-content clearfix\" data-tab=\"8\" aria-labelledby=\"febrero\"><p><ul class=\"display-posts-listing\"><li class=\"listing-item\"><a class=\"title\" href=\"https:\/\/teegro.gob.mx\/sitio2025\/septima-sesion-25-de-febrero\/\">S\u00e9ptima Sesi\u00f3n &#8211; 25 de Febrero<\/a><div class=\"content\"><ul>\n<li><a href=\"https:\/\/teegro.gob.mx\/sitio2023\/wp-content\/uploads\/2025\/02\/Lista250225.pdf\">Orden del d\u00eda<\/a><\/li>\n<li><a href=\"https:\/\/youtu.be\/knjvKCyufYQ\">Video &#x1f3a5;<\/a><\/li>\n<li><audio class=\"wp-audio-shortcode\" id=\"audio-17568-7\" preload=\"none\" style=\"width: 100%;\" controls=\"controls\"><source type=\"audio\/mpeg\" src=\"https:\/\/teegro.gob.mx\/sitio2023\/wp-content\/uploads\/2025\/02\/Sesion7.mp3?_=7\" \/><a href=\"https:\/\/teegro.gob.mx\/sitio2023\/wp-content\/uploads\/2025\/02\/Sesion7.mp3\">https:\/\/teegro.gob.mx\/sitio2023\/wp-content\/uploads\/2025\/02\/Sesion7.mp3<\/a><\/audio><\/li>\n<\/ul>\n<h3>Contenido<br \/>\n <a href=\"https:\/\/teegro.gob.mx\/sitio2025\/septima-sesion-25-de-febrero\/#more-17568\" class=\"more-link\"><span aria-label=\"Sigue leyendo S\u00e9ptima Sesi\u00f3n &#8211; 25 de Febrero\">(m\u00e1s&hellip;)<\/span><\/a><\/h3>\n<\/div><\/li><li class=\"listing-item\"><a class=\"title\" href=\"https:\/\/teegro.gob.mx\/sitio2025\/sexta-sesion-13-de-febrero\/\">Sexta Sesi\u00f3n &#8211; 13 de Febrero<\/a><div class=\"content\"><ul>\n<li><a href=\"https:\/\/teegro.gob.mx\/sitio2023\/wp-content\/uploads\/2025\/02\/Lista130225.pdf\">Orden del d\u00eda<\/a><\/li>\n<li><a href=\"https:\/\/youtu.be\/d-1EoT6pRTw\">Video &#x1f3a5;<\/a><\/li>\n<li><audio class=\"wp-audio-shortcode\" id=\"audio-17510-8\" preload=\"none\" style=\"width: 100%;\" controls=\"controls\"><source type=\"audio\/mpeg\" src=\"https:\/\/teegro.gob.mx\/sitio2023\/wp-content\/uploads\/2025\/02\/Sesion6.mp3?_=8\" \/><a href=\"https:\/\/teegro.gob.mx\/sitio2023\/wp-content\/uploads\/2025\/02\/Sesion6.mp3\">https:\/\/teegro.gob.mx\/sitio2023\/wp-content\/uploads\/2025\/02\/Sesion6.mp3<\/a><\/audio><\/li>\n<\/ul>\n<h3>Contenido<br \/>\n <a href=\"https:\/\/teegro.gob.mx\/sitio2025\/sexta-sesion-13-de-febrero\/#more-17510\" class=\"more-link\"><span aria-label=\"Sigue leyendo Sexta Sesi\u00f3n &#8211; 13 de Febrero\">(m\u00e1s&hellip;)<\/span><\/a><\/h3>\n<\/div><\/li><li class=\"listing-item\"><a class=\"title\" href=\"https:\/\/teegro.gob.mx\/sitio2025\/quinta-sesion-07-de-febrero\/\">Quinta Sesi\u00f3n &#8211; 07 de Febrero<\/a><div class=\"content\"><ul>\n<li><a href=\"https:\/\/teegro.gob.mx\/sitio2023\/wp-content\/uploads\/2025\/02\/Lista070225.pdf\">Orden del d\u00eda<\/a><\/li>\n<li><a href=\"https:\/\/youtu.be\/KynLlD6-7MY\">Video &#x1f3a5;<\/a><\/li>\n<li><audio class=\"wp-audio-shortcode\" id=\"audio-17453-9\" preload=\"none\" style=\"width: 100%;\" controls=\"controls\"><source type=\"audio\/mpeg\" src=\"https:\/\/teegro.gob.mx\/sitio2023\/wp-content\/uploads\/2025\/02\/Sesion5.mp3?_=9\" \/><a href=\"https:\/\/teegro.gob.mx\/sitio2023\/wp-content\/uploads\/2025\/02\/Sesion5.mp3\">https:\/\/teegro.gob.mx\/sitio2023\/wp-content\/uploads\/2025\/02\/Sesion5.mp3<\/a><\/audio><\/li>\n<\/ul>\n<h3>Contenido<br \/>\n <a href=\"https:\/\/teegro.gob.mx\/sitio2025\/quinta-sesion-07-de-febrero\/#more-17453\" class=\"more-link\"><span aria-label=\"Sigue leyendo Quinta Sesi\u00f3n &#8211; 07 de Febrero\">(m\u00e1s&hellip;)<\/span><\/a><\/h3>\n<\/div><\/li><\/ul><\/p><\/div>\n                <\/div><div class=\"eael-accordion-list\">\n                <div id=\"enero\" class=\"elementor-tab-title eael-accordion-header\" tabindex=\"0\" data-tab=\"9\" aria-controls=\"elementor-tab-content-5569\"><span class=\"eael-advanced-accordion-icon-closed\"><i aria-hidden=\"true\" class=\"fa-accordion-icon fas fa-plus\"><\/i><\/span><span class=\"eael-advanced-accordion-icon-opened\"><i aria-hidden=\"true\" class=\"fa-accordion-icon fas fa-minus\"><\/i><\/span><span class=\"eael-accordion-tab-title\">Enero<\/span><i aria-hidden=\"true\" class=\"fa-toggle fas fa-angle-right\"><\/i><\/div><div id=\"elementor-tab-content-5569\" class=\"eael-accordion-content clearfix\" data-tab=\"9\" aria-labelledby=\"enero\"><p><ul class=\"display-posts-listing\"><li class=\"listing-item\"><a class=\"title\" href=\"https:\/\/teegro.gob.mx\/sitio2025\/cuarta-sesion-30-de-enero\/\">Cuarta Sesi\u00f3n &#8211; 30 de Enero<\/a><div class=\"content\"><ul>\n<li><a href=\"https:\/\/teegro.gob.mx\/sitio2023\/wp-content\/uploads\/2025\/01\/Lista_300125.pdf\">Orden del d\u00eda<\/a><\/li>\n<li><a href=\"https:\/\/youtu.be\/SDNtWTyS8Fw\">Video &#x1f3a5;<\/a><\/li>\n<li><audio class=\"wp-audio-shortcode\" id=\"audio-17322-10\" preload=\"none\" style=\"width: 100%;\" controls=\"controls\"><source type=\"audio\/mpeg\" src=\"https:\/\/teegro.gob.mx\/sitio2023\/wp-content\/uploads\/2025\/01\/Sesion4.mp3?_=10\" \/><a href=\"https:\/\/teegro.gob.mx\/sitio2023\/wp-content\/uploads\/2025\/01\/Sesion4.mp3\">https:\/\/teegro.gob.mx\/sitio2023\/wp-content\/uploads\/2025\/01\/Sesion4.mp3<\/a><\/audio><\/li>\n<\/ul>\n<h3>Contenido<br \/>\n <a href=\"https:\/\/teegro.gob.mx\/sitio2025\/cuarta-sesion-30-de-enero\/#more-17322\" class=\"more-link\"><span aria-label=\"Sigue leyendo Cuarta Sesi\u00f3n &#8211; 30 de Enero\">(m\u00e1s&hellip;)<\/span><\/a><\/h3>\n<\/div><\/li><li class=\"listing-item\"><a class=\"title\" href=\"https:\/\/teegro.gob.mx\/sitio2025\/tercera-sesion-25-de-enero\/\">Tercera Sesi\u00f3n &#8211; 25 de Enero<\/a><div class=\"content\"><ul>\n<li><a href=\"https:\/\/teegro.gob.mx\/sitio2023\/wp-content\/uploads\/2025\/01\/Lista250125.pdf\">Orden del d\u00eda<\/a><\/li>\n<li><a href=\"https:\/\/teegro.gob.mx\/sitio2023\/wp-content\/uploads\/2025\/01\/Aviso-25-01-25.pdf\">Aviso<\/a><\/li>\n<li><a href=\"https:\/\/youtu.be\/9I4G7e6Rm_Q\">Video &#x1f3a5;<\/a><\/li>\n<li><audio class=\"wp-audio-shortcode\" id=\"audio-17263-11\" preload=\"none\" style=\"width: 100%;\" controls=\"controls\"><source type=\"audio\/mpeg\" src=\"https:\/\/teegro.gob.mx\/sitio2023\/wp-content\/uploads\/2025\/01\/Sesion3.mp3?_=11\" \/><a href=\"https:\/\/teegro.gob.mx\/sitio2023\/wp-content\/uploads\/2025\/01\/Sesion3.mp3\">https:\/\/teegro.gob.mx\/sitio2023\/wp-content\/uploads\/2025\/01\/Sesion3.mp3<\/a><\/audio><\/li>\n<\/ul>\n<h3>Contenido<br \/>\n <a href=\"https:\/\/teegro.gob.mx\/sitio2025\/tercera-sesion-25-de-enero\/#more-17263\" class=\"more-link\"><span aria-label=\"Sigue leyendo Tercera Sesi\u00f3n &#8211; 25 de Enero\">(m\u00e1s&hellip;)<\/span><\/a><\/h3>\n<\/div><\/li><li class=\"listing-item\"><a class=\"title\" href=\"https:\/\/teegro.gob.mx\/sitio2025\/segunda-sesion-21-de-enero\/\">Segunda Sesi\u00f3n &#8211; 21 de Enero<\/a><div class=\"content\"><ul>\n<li><a href=\"https:\/\/teegro.gob.mx\/sitio2023\/wp-content\/uploads\/2025\/01\/Lista210125.pdf\">Orden del d\u00eda<\/a><\/li>\n<li><a href=\"https:\/\/youtu.be\/R_hnaQM-zBk\">Video &#x1f3a5;<\/a><\/li>\n<li><audio class=\"wp-audio-shortcode\" id=\"audio-17236-12\" preload=\"none\" style=\"width: 100%;\" controls=\"controls\"><source type=\"audio\/mpeg\" src=\"https:\/\/teegro.gob.mx\/sitio2023\/wp-content\/uploads\/2025\/01\/Sesion2.mp3?_=12\" \/><a href=\"https:\/\/teegro.gob.mx\/sitio2023\/wp-content\/uploads\/2025\/01\/Sesion2.mp3\">https:\/\/teegro.gob.mx\/sitio2023\/wp-content\/uploads\/2025\/01\/Sesion2.mp3<\/a><\/audio><\/li>\n<\/ul>\n<h3>Contenido<br \/>\n <a href=\"https:\/\/teegro.gob.mx\/sitio2025\/segunda-sesion-21-de-enero\/#more-17236\" class=\"more-link\"><span aria-label=\"Sigue leyendo Segunda Sesi\u00f3n &#8211; 21 de Enero\">(m\u00e1s&hellip;)<\/span><\/a><\/h3>\n<\/div><\/li><li class=\"listing-item\"><a class=\"title\" href=\"https:\/\/teegro.gob.mx\/sitio2025\/primera-sesion-15-de-enero\/\">Primera Sesi\u00f3n &#8211; 15 de Enero<\/a><div class=\"content\"><ul>\n<li><a href=\"https:\/\/teegro.gob.mx\/sitio2023\/wp-content\/uploads\/2025\/01\/Sesion150125.pdf\">Orden del d\u00eda<\/a><\/li>\n<li><a href=\"https:\/\/youtu.be\/c7yzBYXmpd0\">Video &#x1f3a5;<\/a><\/li>\n<li><audio class=\"wp-audio-shortcode\" id=\"audio-17132-13\" preload=\"none\" style=\"width: 100%;\" controls=\"controls\"><source type=\"audio\/mpeg\" src=\"https:\/\/teegro.gob.mx\/sitio2023\/wp-content\/uploads\/2025\/01\/Sesi\u00f3n.mp3?_=13\" \/><a href=\"https:\/\/teegro.gob.mx\/sitio2023\/wp-content\/uploads\/2025\/01\/Sesi\u00f3n.mp3\">https:\/\/teegro.gob.mx\/sitio2023\/wp-content\/uploads\/2025\/01\/Sesi\u00f3n.mp3<\/a><\/audio><\/li>\n<\/ul>\n<h3>Contenido<br \/>\n <a href=\"https:\/\/teegro.gob.mx\/sitio2025\/primera-sesion-15-de-enero\/#more-17132\" class=\"more-link\"><span aria-label=\"Sigue leyendo Primera Sesi\u00f3n &#8211; 15 de Enero\">(m\u00e1s&hellip;)<\/span><\/a><\/h3>\n<\/div><\/li><\/ul><\/p><\/div>\n                <\/div><div class=\"eael-accordion-list\">\n                <div id=\"actas\" class=\"elementor-tab-title eael-accordion-header\" tabindex=\"0\" data-tab=\"10\" aria-controls=\"elementor-tab-content-55610\"><span class=\"eael-advanced-accordion-icon-closed\"><i aria-hidden=\"true\" class=\"fa-accordion-icon fas fa-plus\"><\/i><\/span><span class=\"eael-advanced-accordion-icon-opened\"><i aria-hidden=\"true\" class=\"fa-accordion-icon fas fa-minus\"><\/i><\/span><span class=\"eael-accordion-tab-title\">Actas<\/span><i aria-hidden=\"true\" class=\"fa-toggle fas fa-angle-right\"><\/i><\/div><div id=\"elementor-tab-content-55610\" class=\"eael-accordion-content clearfix\" data-tab=\"10\" aria-labelledby=\"actas\"><p><a href=\"https:\/\/teegro.gob.mx\/sitio2023\/wp-content\/uploads\/2025\/01\/Acta-01-25.pdf\">Acta 1<\/a><\/p><p><a href=\"https:\/\/teegro.gob.mx\/sitio2023\/wp-content\/uploads\/2025\/01\/Acta-02-25.pdf\">Acta 2<\/a><\/p><p><a href=\"https:\/\/teegro.gob.mx\/sitio2023\/wp-content\/uploads\/2025\/01\/Acta-03-25.pdf\">Acta 3<\/a><\/p><p><a href=\"https:\/\/teegro.gob.mx\/sitio2023\/wp-content\/uploads\/2025\/02\/Acta-04-25.pdf\">Acta 4<\/a><\/p><p><a href=\"https:\/\/teegro.gob.mx\/sitio2023\/wp-content\/uploads\/2025\/04\/Acta-05-25.pdf\">Acta 5<\/a><\/p><p><a href=\"https:\/\/teegro.gob.mx\/sitio2023\/wp-content\/uploads\/2025\/03\/Acta-06-25.pdf\">Acta 6<\/a><\/p><p><a href=\"https:\/\/teegro.gob.mx\/sitio2023\/wp-content\/uploads\/2025\/03\/Acta-07-25.pdf\">Acta 7<\/a><\/p><p><a href=\"https:\/\/teegro.gob.mx\/sitio2023\/wp-content\/uploads\/2025\/03\/Acta-08-25.pdf\">Acta 8<\/a><\/p><p><a href=\"https:\/\/teegro.gob.mx\/sitio2023\/wp-content\/uploads\/2025\/04\/Acta-09-25.pdf\">Acta 9<\/a><\/p><p><a href=\"https:\/\/teegro.gob.mx\/sitio2023\/wp-content\/uploads\/2025\/04\/Tercera-Sesion-Extraordinaria.pdf\">Acta Tercera Sesi\u00f3n Extraordinaria<\/a><\/p><p><a href=\"https:\/\/teegro.gob.mx\/sitio2023\/wp-content\/uploads\/2025\/05\/Acta-10-25.pdf\">Acta 10<\/a><\/p><p><a href=\"https:\/\/teegro.gob.mx\/sitio2023\/wp-content\/uploads\/2025\/05\/Acta-11-25.pdf\">Acta 11<\/a><\/p><p><a href=\"https:\/\/teegro.gob.mx\/sitio2023\/wp-content\/uploads\/2025\/05\/Acta-12-25.pdf\">Acta 12<\/a><\/p><p><a href=\"https:\/\/teegro.gob.mx\/sitio2023\/wp-content\/uploads\/2025\/06\/Acta-13-25.pdf\">Acta 13<\/a><\/p><p><a href=\"https:\/\/teegro.gob.mx\/sitio2023\/wp-content\/uploads\/2025\/06\/Acta-14-25.pdf\">Acta 14<\/a><\/p><p><a href=\"https:\/\/teegro.gob.mx\/sitio2023\/wp-content\/uploads\/2025\/07\/Acta-15-25.pdf\">Acta 15<\/a><\/p><p><a href=\"https:\/\/teegro.gob.mx\/sitio2023\/wp-content\/uploads\/2025\/07\/Acta-16-25.pdf\">Acta 16<\/a><\/p><p><a href=\"https:\/\/teegro.gob.mx\/sitio2023\/wp-content\/uploads\/2025\/08\/Acta-17-25.pdf\">Acta 17<\/a><\/p><p><a href=\"https:\/\/teegro.gob.mx\/sitio2023\/wp-content\/uploads\/2025\/08\/Acta-18-25.pdf\">Acta 18<\/a><\/p><\/div>\n                <\/div><\/div>\t\t\t\t<\/div>\n\t\t\t\t<\/div>\n\t\t\t\t\t<\/div>\n\t\t<\/div>\n\t\t\t\t\t<\/div>\n\t\t<\/section>\n\t\t\t\t<\/div>\n\t\t                    <\/div>\n\t\t        \n                    <div id=\"2024-tab\" class=\"clearfix eael-tab-content-item \" data-title-link=\"2024-tab\">\n\t\t\t\t        <style>.elementor-12122 .elementor-element.elementor-element-350815f .eael-adv-accordion .eael-accordion-list .eael-accordion-header .eael-accordion-tab-title{font-size:1.1em;color:#333;}.elementor-12122 .elementor-element.elementor-element-350815f .eael-adv-accordion .eael-accordion-list .eael-accordion-header .fa-accordion-icon{font-size:16px;margin-left:10px;color:#333;}.elementor-12122 .elementor-element.elementor-element-350815f .eael-adv-accordion .eael-accordion-list .eael-accordion-header svg.fa-accordion-icon{height:16px;width:16px;line-height:16px;}.elementor-12122 .elementor-element.elementor-element-350815f .eael-adv-accordion .eael-accordion-list .eael-accordion-header .fa-accordion-icon-svg svg{color:#333;fill:#333;}.elementor-12122 .elementor-element.elementor-element-350815f .eael-adv-accordion .eael-accordion-list .eael-accordion-header svg{fill:#333;}.elementor-12122 .elementor-element.elementor-element-350815f .eael-adv-accordion .eael-accordion-list .eael-accordion-header:hover .eael-accordion-tab-title{color:#fff;}.elementor-12122 .elementor-element.elementor-element-350815f .eael-adv-accordion .eael-accordion-list .eael-accordion-header:hover .fa-accordion-icon{color:#fff;}.elementor-12122 .elementor-element.elementor-element-350815f .eael-adv-accordion .eael-accordion-list .eael-accordion-header:hover .fa-accordion-icon svg{color:#fff;fill:#fff;}.elementor-12122 .elementor-element.elementor-element-350815f .eael-adv-accordion .eael-accordion-list .eael-accordion-header:hover svg.fa-accordion-icon{fill:#fff;}.elementor-12122 .elementor-element.elementor-element-350815f .eael-adv-accordion .eael-accordion-list .eael-accordion-header.active{color:#fff;}.elementor-12122 .elementor-element.elementor-element-350815f .eael-adv-accordion .eael-accordion-list .eael-accordion-header.active .eael-accordion-tab-title{color:#fff;}.elementor-12122 .elementor-element.elementor-element-350815f .eael-adv-accordion .eael-accordion-list .eael-accordion-header.active .fa-accordion-icon{color:#fff;}.elementor-12122 .elementor-element.elementor-element-350815f .eael-adv-accordion .eael-accordion-list .eael-accordion-header.active .fa-accordion-icon svg{color:#fff;fill:#fff;}.elementor-12122 .elementor-element.elementor-element-350815f .eael-adv-accordion .eael-accordion-list .eael-accordion-header.active svg.fa-accordion-icon{fill:#fff;}.elementor-12122 .elementor-element.elementor-element-350815f .eael-adv-accordion .eael-accordion-list .eael-accordion-content{color:#333;}.elementor-12122 .elementor-element.elementor-element-350815f .eael-adv-accordion .eael-accordion-list .eael-accordion-header .fa-toggle, .elementor-12122 .elementor-element.elementor-element-350815f .eael-adv-accordion .eael-accordion-list .eael-accordion-header > .fa-toggle-svg{font-size:16px;}.elementor-12122 .elementor-element.elementor-element-350815f .eael-adv-accordion .eael-accordion-list .eael-accordion-header svg.fa-toggle{height:16px;width:16px;line-height:16px;fill:#444;}.elementor-12122 .elementor-element.elementor-element-350815f .eael-adv-accordion .eael-accordion-list .eael-accordion-header .fa-toggle{color:#444;}.elementor-12122 .elementor-element.elementor-element-350815f .eael-adv-accordion .eael-accordion-list .eael-accordion-header .fa-toggle svg{color:#444;fill:#444;}.elementor-12122 .elementor-element.elementor-element-350815f .eael-adv-accordion .eael-accordion-list .eael-accordion-header.active .fa-toggle{color:#fff;}.elementor-12122 .elementor-element.elementor-element-350815f .eael-adv-accordion .eael-accordion-list .eael-accordion-header.active .fa-toggle svg{color:#fff;fill:#fff;}.elementor-12122 .elementor-element.elementor-element-350815f .eael-adv-accordion .eael-accordion-list .eael-accordion-header.active svg.fa-toggle{fill:#fff;}<\/style>\t\t<div data-elementor-type=\"page\" data-elementor-id=\"12122\" class=\"elementor elementor-12122\">\n\t\t\t\t\t\t<section class=\"elementor-section elementor-top-section elementor-element elementor-element-30d5596 elementor-section-full_width elementor-section-height-default elementor-section-height-default\" data-id=\"30d5596\" data-element_type=\"section\">\n\t\t\t\t\t\t<div class=\"elementor-container elementor-column-gap-default\">\n\t\t\t\t\t<div class=\"elementor-column elementor-col-100 elementor-top-column elementor-element elementor-element-42736e1\" data-id=\"42736e1\" data-element_type=\"column\">\n\t\t\t<div class=\"elementor-widget-wrap elementor-element-populated\">\n\t\t\t\t\t\t<div class=\"elementor-element elementor-element-350815f elementor-widget elementor-widget-eael-adv-accordion\" data-id=\"350815f\" data-element_type=\"widget\" data-widget_type=\"eael-adv-accordion.default\">\n\t\t\t\t<div class=\"elementor-widget-container\">\n\t\t\t\t\t        <div class=\"eael-adv-accordion\" id=\"eael-adv-accordion-350815f\" data-scroll-on-click=\"no\" data-scroll-speed=\"300\" data-accordion-id=\"350815f\" data-accordion-type=\"accordion\" data-toogle-speed=\"300\">\n    <div class=\"eael-accordion-list\">\n                <div id=\"diciembre\" class=\"elementor-tab-title eael-accordion-header active-default\" tabindex=\"0\" data-tab=\"1\" aria-controls=\"elementor-tab-content-5561\"><span class=\"eael-advanced-accordion-icon-closed\"><i aria-hidden=\"true\" class=\"fa-accordion-icon fas fa-plus\"><\/i><\/span><span class=\"eael-advanced-accordion-icon-opened\"><i aria-hidden=\"true\" class=\"fa-accordion-icon fas fa-minus\"><\/i><\/span><span class=\"eael-accordion-tab-title\">Diciembre<\/span><i aria-hidden=\"true\" class=\"fa-toggle fas fa-angle-right\"><\/i><\/div><div id=\"elementor-tab-content-5561\" class=\"eael-accordion-content clearfix active-default\" data-tab=\"1\" aria-labelledby=\"diciembre\"><p><ul class=\"display-posts-listing\"><li class=\"listing-item\"><a class=\"title\" href=\"https:\/\/teegro.gob.mx\/sitio2025\/nonagesima-tercera-sesion-12-de-diciembre\/\">Nonag\u00e9sima Tercera Sesi\u00f3n &#8211; 12 de Diciembre<\/a><div class=\"content\"><ul>\n<li><a href=\"https:\/\/teegro.gob.mx\/sitio2023\/wp-content\/uploads\/2024\/12\/Lista121224.pdf\">Orden del d\u00eda<\/a><\/li>\n<li><a href=\"https:\/\/youtu.be\/mcuNc21NH3Y\">V\u00eddeo de la Sesi\u00f3n<\/a><\/li>\n<\/ul>\n<h3>Contenido<br \/>\n <a href=\"https:\/\/teegro.gob.mx\/sitio2025\/nonagesima-tercera-sesion-12-de-diciembre\/#more-17053\" class=\"more-link\"><span aria-label=\"Sigue leyendo Nonag\u00e9sima Tercera Sesi\u00f3n &#8211; 12 de Diciembre\">(m\u00e1s&hellip;)<\/span><\/a><\/h3>\n<\/div><\/li><li class=\"listing-item\"><a class=\"title\" href=\"https:\/\/teegro.gob.mx\/sitio2025\/nonagesima-segunda-sesion-04-de-diciembre\/\">Nonag\u00e9sima Segunda Sesi\u00f3n &#8211; 04 de Diciembre<\/a><div class=\"content\"><ul>\n<li><a href=\"https:\/\/teegro.gob.mx\/sitio2023\/wp-content\/uploads\/2024\/12\/Lista041224.pdf\">Orden del d\u00eda<\/a><\/li>\n<li><a href=\"https:\/\/youtu.be\/j7LsUUZ_ztQ\">V\u00eddeo de la Sesi\u00f3n<\/a><\/li>\n<\/ul>\n<h3>Contenido<br \/>\n <a href=\"https:\/\/teegro.gob.mx\/sitio2025\/nonagesima-segunda-sesion-04-de-diciembre\/#more-17029\" class=\"more-link\"><span aria-label=\"Sigue leyendo Nonag\u00e9sima Segunda Sesi\u00f3n &#8211; 04 de Diciembre\">(m\u00e1s&hellip;)<\/span><\/a><\/h3>\n<\/div><\/li><li class=\"listing-item\"><a class=\"title\" href=\"https:\/\/teegro.gob.mx\/sitio2025\/nonagesima-primera-sesion-02-de-diciembre\/\">Nonag\u00e9sima Primera Sesi\u00f3n &#8211; 02 de Diciembre<\/a><div class=\"content\"><ul>\n<li><a href=\"https:\/\/teegro.gob.mx\/sitio2023\/wp-content\/uploads\/2024\/11\/Lista021224.pdf\">Orden del d\u00eda<\/a><\/li>\n<li><a href=\"https:\/\/youtu.be\/25p5ohCHZkM\">V\u00eddeo de la Sesi\u00f3n<\/a><\/li>\n<\/ul>\n<h3>Contenido<br \/>\n <a href=\"https:\/\/teegro.gob.mx\/sitio2025\/nonagesima-primera-sesion-02-de-diciembre\/#more-16976\" class=\"more-link\"><span aria-label=\"Sigue leyendo Nonag\u00e9sima Primera Sesi\u00f3n &#8211; 02 de Diciembre\">(m\u00e1s&hellip;)<\/span><\/a><\/h3>\n<\/div><\/li><\/ul><\/p><\/div>\n                <\/div><div class=\"eael-accordion-list\">\n                <div id=\"noviembre\" class=\"elementor-tab-title eael-accordion-header\" tabindex=\"0\" data-tab=\"2\" aria-controls=\"elementor-tab-content-5562\"><span class=\"eael-advanced-accordion-icon-closed\"><i aria-hidden=\"true\" class=\"fa-accordion-icon fas fa-plus\"><\/i><\/span><span class=\"eael-advanced-accordion-icon-opened\"><i aria-hidden=\"true\" class=\"fa-accordion-icon fas fa-minus\"><\/i><\/span><span class=\"eael-accordion-tab-title\">Noviembre<\/span><i aria-hidden=\"true\" class=\"fa-toggle fas fa-angle-right\"><\/i><\/div><div id=\"elementor-tab-content-5562\" class=\"eael-accordion-content clearfix\" data-tab=\"2\" aria-labelledby=\"noviembre\"><p><ul class=\"display-posts-listing\"><li class=\"listing-item\"><a class=\"title\" href=\"https:\/\/teegro.gob.mx\/sitio2025\/nonagesima-sesion-28-de-noviembre\/\">Nonag\u00e9sima Sesi\u00f3n &#8211; 28 de Noviembre<\/a><div class=\"content\"><ul>\n<li><a href=\"https:\/\/teegro.gob.mx\/sitio2023\/wp-content\/uploads\/2024\/11\/Lista281124.pdf\">Orden del d\u00eda<\/a><\/li>\n<li><a href=\"https:\/\/youtu.be\/aeE7DZ2sLvY\">V\u00eddeo de la Sesi\u00f3n<\/a><\/li>\n<\/ul>\n<h3>Contenido<br \/>\n <a href=\"https:\/\/teegro.gob.mx\/sitio2025\/nonagesima-sesion-28-de-noviembre\/#more-16946\" class=\"more-link\"><span aria-label=\"Sigue leyendo Nonag\u00e9sima Sesi\u00f3n &#8211; 28 de Noviembre\">(m\u00e1s&hellip;)<\/span><\/a><\/h3>\n<\/div><\/li><li class=\"listing-item\"><a class=\"title\" href=\"https:\/\/teegro.gob.mx\/sitio2025\/octogesima-novena-sesion-21-de-noviembre\/\">Octog\u00e9sima Novena Sesi\u00f3n &#8211; 21 de Noviembre<\/a><div class=\"content\"><ul>\n<li><a href=\"https:\/\/teegro.gob.mx\/sitio2023\/wp-content\/uploads\/2024\/11\/Lista211124.pdf\">Orden del d\u00eda<\/a><\/li>\n<li><a href=\"https:\/\/youtu.be\/a0EWt73XhRY\">V\u00eddeo de la Sesi\u00f3n<\/a><\/li>\n<\/ul>\n<h3>Contenido<br \/>\n <a href=\"https:\/\/teegro.gob.mx\/sitio2025\/octogesima-novena-sesion-21-de-noviembre\/#more-16914\" class=\"more-link\"><span aria-label=\"Sigue leyendo Octog\u00e9sima Novena Sesi\u00f3n &#8211; 21 de Noviembre\">(m\u00e1s&hellip;)<\/span><\/a><\/h3>\n<\/div><\/li><li class=\"listing-item\"><a class=\"title\" href=\"https:\/\/teegro.gob.mx\/sitio2025\/octogesima-octava-sesion-13-de-noviembre\/\">Octog\u00e9sima Octava Sesi\u00f3n &#8211; 14 de Noviembre<\/a><div class=\"content\"><ul>\n<li><a href=\"https:\/\/teegro.gob.mx\/sitio2023\/wp-content\/uploads\/2024\/11\/Lista141124.pdf\">Orden del d\u00eda<\/a><\/li>\n<li><a href=\"https:\/\/youtu.be\/-1eBo8uvAYI\">V\u00eddeo de la Sesi\u00f3n<\/a><\/li>\n<\/ul>\n<h3>Contenido<br \/>\n <a href=\"https:\/\/teegro.gob.mx\/sitio2025\/octogesima-octava-sesion-13-de-noviembre\/#more-16840\" class=\"more-link\"><span aria-label=\"Sigue leyendo Octog\u00e9sima Octava Sesi\u00f3n &#8211; 14 de Noviembre\">(m\u00e1s&hellip;)<\/span><\/a><\/h3>\n<\/div><\/li><\/ul><\/p><\/div>\n                <\/div><div class=\"eael-accordion-list\">\n                <div id=\"octubre\" class=\"elementor-tab-title eael-accordion-header\" tabindex=\"0\" data-tab=\"3\" aria-controls=\"elementor-tab-content-5563\"><span class=\"eael-advanced-accordion-icon-closed\"><i aria-hidden=\"true\" class=\"fa-accordion-icon fas fa-plus\"><\/i><\/span><span class=\"eael-advanced-accordion-icon-opened\"><i aria-hidden=\"true\" class=\"fa-accordion-icon fas fa-minus\"><\/i><\/span><span class=\"eael-accordion-tab-title\">Octubre<\/span><i aria-hidden=\"true\" class=\"fa-toggle fas fa-angle-right\"><\/i><\/div><div id=\"elementor-tab-content-5563\" class=\"eael-accordion-content clearfix\" data-tab=\"3\" aria-labelledby=\"octubre\"><p><ul class=\"display-posts-listing\"><li class=\"listing-item\"><a class=\"title\" href=\"https:\/\/teegro.gob.mx\/sitio2025\/octogesima-septima-sesion-30-de-octubre\/\">Octog\u00e9sima S\u00e9ptima Sesi\u00f3n &#8211; 30 de Octubre<\/a><div class=\"content\"><ul>\n<li><a href=\"https:\/\/teegro.gob.mx\/sitio2023\/wp-content\/uploads\/2024\/10\/Lista301024.pdf\">Orden del d\u00eda<\/a><\/li>\n<li><a href=\"https:\/\/youtu.be\/gWk7-pY5b9Q\">V\u00eddeo de la Sesi\u00f3n<\/a><\/li>\n<\/ul>\n<h3>Contenido<br \/>\n <a href=\"https:\/\/teegro.gob.mx\/sitio2025\/octogesima-septima-sesion-30-de-octubre\/#more-16750\" class=\"more-link\"><span aria-label=\"Sigue leyendo Octog\u00e9sima S\u00e9ptima Sesi\u00f3n &#8211; 30 de Octubre\">(m\u00e1s&hellip;)<\/span><\/a><\/h3>\n<\/div><\/li><li class=\"listing-item\"><a class=\"title\" href=\"https:\/\/teegro.gob.mx\/sitio2025\/octogesima-sexta-sesion-28-de-octubre\/\">Octog\u00e9sima Sexta Sesi\u00f3n &#8211; 28 de Octubre<\/a><div class=\"content\"><ul>\n<li><a href=\"https:\/\/teegro.gob.mx\/sitio2023\/wp-content\/uploads\/2024\/10\/Lista281024.pdf\">Orden del d\u00eda<\/a><\/li>\n<li><a href=\"https:\/\/youtu.be\/ieYPZ5XLwEA\">V\u00eddeo de la Sesi\u00f3n<\/a><\/li>\n<\/ul>\n<h3>Contenido<br \/>\n <a href=\"https:\/\/teegro.gob.mx\/sitio2025\/octogesima-sexta-sesion-28-de-octubre\/#more-16673\" class=\"more-link\"><span aria-label=\"Sigue leyendo Octog\u00e9sima Sexta Sesi\u00f3n &#8211; 28 de Octubre\">(m\u00e1s&hellip;)<\/span><\/a><\/h3>\n<\/div><\/li><li class=\"listing-item\"><a class=\"title\" href=\"https:\/\/teegro.gob.mx\/sitio2025\/octogesima-quinta-sesion-24-de-octubre\/\">Octog\u00e9sima Quinta Sesi\u00f3n &#8211; 24 de Octubre<\/a><div class=\"content\"><ul>\n<li><a href=\"https:\/\/teegro.gob.mx\/sitio2023\/wp-content\/uploads\/2024\/10\/Lista241024.pdf\">Orden del d\u00eda<\/a><\/li>\n<li><a href=\"https:\/\/youtu.be\/eEgq-BcCEys\">V\u00eddeo de la Sesi\u00f3n<\/a><\/li>\n<\/ul>\n<h3>Contenido<br \/>\n <a href=\"https:\/\/teegro.gob.mx\/sitio2025\/octogesima-quinta-sesion-24-de-octubre\/#more-16654\" class=\"more-link\"><span aria-label=\"Sigue leyendo Octog\u00e9sima Quinta Sesi\u00f3n &#8211; 24 de Octubre\">(m\u00e1s&hellip;)<\/span><\/a><\/h3>\n<\/div><\/li><li class=\"listing-item\"><a class=\"title\" href=\"https:\/\/teegro.gob.mx\/sitio2025\/octogesima-cuarta-sesion-15-de-octubre\/\">Octog\u00e9sima Cuarta Sesi\u00f3n &#8211; 15 de Octubre<\/a><div class=\"content\"><ul>\n<li><a href=\"https:\/\/teegro.gob.mx\/sitio2023\/wp-content\/uploads\/2024\/10\/Lista151024.pdf\">Orden del d\u00eda<\/a><\/li>\n<li><a href=\"https:\/\/youtu.be\/-ISu8-09Nj4\">V\u00eddeo de la Sesi\u00f3n<\/a><\/li>\n<\/ul>\n<h3>Contenido<br \/>\n <a href=\"https:\/\/teegro.gob.mx\/sitio2025\/octogesima-cuarta-sesion-15-de-octubre\/#more-16489\" class=\"more-link\"><span aria-label=\"Sigue leyendo Octog\u00e9sima Cuarta Sesi\u00f3n &#8211; 15 de Octubre\">(m\u00e1s&hellip;)<\/span><\/a><\/h3>\n<\/div><\/li><li class=\"listing-item\"><a class=\"title\" href=\"https:\/\/teegro.gob.mx\/sitio2025\/octogesima-tercera-sesion-12-de-octubre\/\">Octog\u00e9sima Tercera Sesi\u00f3n &#8211; 12 de Octubre<\/a><div class=\"content\"><ul>\n<li><a href=\"https:\/\/teegro.gob.mx\/sitio2023\/wp-content\/uploads\/2024\/10\/Lista121024.pdf\">Orden del d\u00eda<\/a><\/li>\n<li><a href=\"https:\/\/youtu.be\/Hj1gWzFgWYw\">V\u00eddeo de la Sesi\u00f3n<\/a><\/li>\n<\/ul>\n<h3>Contenido<br \/>\n <a href=\"https:\/\/teegro.gob.mx\/sitio2025\/octogesima-tercera-sesion-12-de-octubre\/#more-16471\" class=\"more-link\"><span aria-label=\"Sigue leyendo Octog\u00e9sima Tercera Sesi\u00f3n &#8211; 12 de Octubre\">(m\u00e1s&hellip;)<\/span><\/a><\/h3>\n<\/div><\/li><li class=\"listing-item\"><a class=\"title\" href=\"https:\/\/teegro.gob.mx\/sitio2025\/sexta-sesion-extraordinaria-04-de-octubre\/\">Sexta Sesi\u00f3n Extraordinaria &#8211; 04 de Octubre<\/a><div class=\"content\"><ul>\n<li><a href=\"https:\/\/teegro.gob.mx\/sitio2023\/wp-content\/uploads\/2024\/10\/6SesionExtraordinaria.pdf\">Orden del d\u00eda<\/a><\/li>\n<li><a href=\"https:\/\/youtu.be\/vgAF6bHJEKg\">V\u00eddeo de la Sesi\u00f3n<\/a><\/li>\n<\/ul>\n<h3>Contenido<br \/>\n <a href=\"https:\/\/teegro.gob.mx\/sitio2025\/sexta-sesion-extraordinaria-04-de-octubre\/#more-16375\" class=\"more-link\"><span aria-label=\"Sigue leyendo Sexta Sesi\u00f3n Extraordinaria &#8211; 04 de Octubre\">(m\u00e1s&hellip;)<\/span><\/a><\/h3>\n<\/div><\/li><\/ul><\/p><\/div>\n                <\/div><div class=\"eael-accordion-list\">\n                <div id=\"septiembre\" class=\"elementor-tab-title eael-accordion-header\" tabindex=\"0\" data-tab=\"4\" aria-controls=\"elementor-tab-content-5564\"><span class=\"eael-advanced-accordion-icon-closed\"><i aria-hidden=\"true\" class=\"fa-accordion-icon fas fa-plus\"><\/i><\/span><span class=\"eael-advanced-accordion-icon-opened\"><i aria-hidden=\"true\" class=\"fa-accordion-icon fas fa-minus\"><\/i><\/span><span class=\"eael-accordion-tab-title\">Septiembre<\/span><i aria-hidden=\"true\" class=\"fa-toggle fas fa-angle-right\"><\/i><\/div><div id=\"elementor-tab-content-5564\" class=\"eael-accordion-content clearfix\" data-tab=\"4\" aria-labelledby=\"septiembre\"><p><ul class=\"display-posts-listing\"><li class=\"listing-item\"><a class=\"title\" href=\"https:\/\/teegro.gob.mx\/sitio2025\/octogesima-segunda-sesion-25-de-septiembre\/\">Octog\u00e9sima Segunda Sesi\u00f3n &#8211; 25 de Septiembre<\/a><div class=\"content\"><ul>\n<li><a href=\"https:\/\/teegro.gob.mx\/sitio2023\/wp-content\/uploads\/2024\/09\/Lista_250924.pdf\">Orden del d\u00eda<\/a><\/li>\n<li><a href=\"https:\/\/youtu.be\/3oztGqY6Ee8\">V\u00eddeo de la Sesi\u00f3n<\/a><\/li>\n<\/ul>\n<h3>Contenido<br \/>\n <a href=\"https:\/\/teegro.gob.mx\/sitio2025\/octogesima-segunda-sesion-25-de-septiembre\/#more-16327\" class=\"more-link\"><span aria-label=\"Sigue leyendo Octog\u00e9sima Segunda Sesi\u00f3n &#8211; 25 de Septiembre\">(m\u00e1s&hellip;)<\/span><\/a><\/h3>\n<\/div><\/li><li class=\"listing-item\"><a class=\"title\" href=\"https:\/\/teegro.gob.mx\/sitio2025\/octogesima-primera-sesion-21-de-septiembre\/\">Octog\u00e9sima Primera Sesi\u00f3n &#8211; 21 de Septiembre<\/a><div class=\"content\"><ul>\n<li><a href=\"https:\/\/teegro.gob.mx\/sitio2023\/wp-content\/uploads\/2024\/09\/Lista210924.pdf\">Orden del d\u00eda<\/a><\/li>\n<li><a href=\"https:\/\/youtu.be\/uFZuznT3nPU\">V\u00eddeo de la Sesi\u00f3n<\/a><\/li>\n<\/ul>\n<h3>Contenido<br \/>\n <a href=\"https:\/\/teegro.gob.mx\/sitio2025\/octogesima-primera-sesion-21-de-septiembre\/#more-16310\" class=\"more-link\"><span aria-label=\"Sigue leyendo Octog\u00e9sima Primera Sesi\u00f3n &#8211; 21 de Septiembre\">(m\u00e1s&hellip;)<\/span><\/a><\/h3>\n<\/div><\/li><li class=\"listing-item\"><a class=\"title\" href=\"https:\/\/teegro.gob.mx\/sitio2025\/octogesima-sesion-18-de-septiembre\/\">Octog\u00e9sima Sesi\u00f3n &#8211; 18 de Septiembre<\/a><div class=\"content\"><ul>\n<li><a href=\"https:\/\/teegro.gob.mx\/sitio2023\/wp-content\/uploads\/2024\/09\/Lista_180924.pdf\">Orden del d\u00eda<\/a><\/li>\n<li><a href=\"https:\/\/youtu.be\/fqMzB8ptA_M\">V\u00eddeo de la Sesi\u00f3n<\/a><\/li>\n<\/ul>\n<h3>Contenido<br \/>\n <a href=\"https:\/\/teegro.gob.mx\/sitio2025\/octogesima-sesion-18-de-septiembre\/#more-16285\" class=\"more-link\"><span aria-label=\"Sigue leyendo Octog\u00e9sima Sesi\u00f3n &#8211; 18 de Septiembre\">(m\u00e1s&hellip;)<\/span><\/a><\/h3>\n<\/div><\/li><li class=\"listing-item\"><a class=\"title\" href=\"https:\/\/teegro.gob.mx\/sitio2025\/septuagesima-novena-sesion-15-de-septiembre\/\">Septuag\u00e9sima Novena Sesi\u00f3n &#8211; 15 de Septiembre<\/a><div class=\"content\"><ul>\n<li><a href=\"https:\/\/teegro.gob.mx\/sitio2023\/wp-content\/uploads\/2024\/09\/Lista150924.pdf\">Orden del d\u00eda<\/a><\/li>\n<li><a href=\"https:\/\/youtu.be\/rc6_Bjnsh9E\">V\u00eddeo de la Sesi\u00f3n<\/a><\/li>\n<\/ul>\n<h3>Contenido<br \/>\n <a href=\"https:\/\/teegro.gob.mx\/sitio2025\/septuagesima-novena-sesion-15-de-septiembre\/#more-16264\" class=\"more-link\"><span aria-label=\"Sigue leyendo Septuag\u00e9sima Novena Sesi\u00f3n &#8211; 15 de Septiembre\">(m\u00e1s&hellip;)<\/span><\/a><\/h3>\n<\/div><\/li><li class=\"listing-item\"><a class=\"title\" href=\"https:\/\/teegro.gob.mx\/sitio2025\/septuagesima-octava-sesion-13-de-septiembre\/\">Septuag\u00e9sima Octava Sesi\u00f3n &#8211; 13 de Septiembre<\/a><div class=\"content\"><ul>\n<li><a href=\"https:\/\/teegro.gob.mx\/sitio2023\/wp-content\/uploads\/2024\/09\/Lista130924.pdf\">Orden del d\u00eda<\/a><\/li>\n<li><a href=\"https:\/\/youtu.be\/8wm_azQwMIY\">V\u00eddeo de la Sesi\u00f3n<\/a><\/li>\n<\/ul>\n<h3>Contenido<br \/>\n <a href=\"https:\/\/teegro.gob.mx\/sitio2025\/septuagesima-octava-sesion-13-de-septiembre\/#more-16253\" class=\"more-link\"><span aria-label=\"Sigue leyendo Septuag\u00e9sima Octava Sesi\u00f3n &#8211; 13 de Septiembre\">(m\u00e1s&hellip;)<\/span><\/a><\/h3>\n<\/div><\/li><li class=\"listing-item\"><a class=\"title\" href=\"https:\/\/teegro.gob.mx\/sitio2025\/septuagesima-septima-sesion-07-de-septiembre\/\">Septuag\u00e9sima S\u00e9ptima Sesi\u00f3n &#8211; 07 de Septiembre<\/a><div class=\"content\"><ul>\n<li><a href=\"https:\/\/teegro.gob.mx\/sitio2023\/wp-content\/uploads\/2024\/09\/Lista070924.pdf\">Orden del d\u00eda<\/a><\/li>\n<li><a href=\"https:\/\/youtu.be\/ng4BP4-2GOk\">V\u00eddeo de la Sesi\u00f3n<\/a><\/li>\n<\/ul>\n<h3>Contenido <a href=\"https:\/\/teegro.gob.mx\/sitio2025\/septuagesima-septima-sesion-07-de-septiembre\/#more-16225\" class=\"more-link\"><span aria-label=\"Sigue leyendo Septuag\u00e9sima S\u00e9ptima Sesi\u00f3n &#8211; 07 de Septiembre\">(m\u00e1s&hellip;)<\/span><\/a><\/h3>\n<\/div><\/li><li class=\"listing-item\"><a class=\"title\" href=\"https:\/\/teegro.gob.mx\/sitio2025\/septuagesima-sexta-sesion-04-de-septiembre\/\">Septuag\u00e9sima Sexta Sesi\u00f3n &#8211; 04 de Septiembre<\/a><div class=\"content\"><ul>\n<li><a href=\"https:\/\/teegro.gob.mx\/sitio2023\/wp-content\/uploads\/2024\/09\/Lista040924.pdf\">Orden del d\u00eda<\/a><\/li>\n<li><a href=\"https:\/\/youtu.be\/lEArrsYUENE\">V\u00eddeo de la Sesi\u00f3n<\/a><\/li>\n<\/ul>\n<h3>Contenido <a href=\"https:\/\/teegro.gob.mx\/sitio2025\/septuagesima-sexta-sesion-04-de-septiembre\/#more-16206\" class=\"more-link\"><span aria-label=\"Sigue leyendo Septuag\u00e9sima Sexta Sesi\u00f3n &#8211; 04 de Septiembre\">(m\u00e1s&hellip;)<\/span><\/a><\/h3>\n<\/div><\/li><li class=\"listing-item\"><a class=\"title\" href=\"https:\/\/teegro.gob.mx\/sitio2025\/septuagesima-quinta-sesion-03-de-septiembre\/\">Septuag\u00e9sima Quinta Sesi\u00f3n &#8211; 03 de Septiembre<\/a><div class=\"content\"><ul>\n<li><a href=\"https:\/\/teegro.gob.mx\/sitio2023\/wp-content\/uploads\/2024\/09\/Lista030924.pdf\">Orden del d\u00eda<\/a><\/li>\n<li><a href=\"https:\/\/youtu.be\/RbeEJOiFDCg\">V\u00eddeo de la Sesi\u00f3n<\/a><\/li>\n<\/ul>\n<h3>Contenido <a href=\"https:\/\/teegro.gob.mx\/sitio2025\/septuagesima-quinta-sesion-03-de-septiembre\/#more-16198\" class=\"more-link\"><span aria-label=\"Sigue leyendo Septuag\u00e9sima Quinta Sesi\u00f3n &#8211; 03 de Septiembre\">(m\u00e1s&hellip;)<\/span><\/a><\/h3>\n<\/div><\/li><\/ul><\/p><\/div>\n                <\/div><div class=\"eael-accordion-list\">\n                <div id=\"agosto\" class=\"elementor-tab-title eael-accordion-header\" tabindex=\"0\" data-tab=\"5\" aria-controls=\"elementor-tab-content-5565\"><span class=\"eael-advanced-accordion-icon-closed\"><i aria-hidden=\"true\" class=\"fa-accordion-icon fas fa-plus\"><\/i><\/span><span class=\"eael-advanced-accordion-icon-opened\"><i aria-hidden=\"true\" class=\"fa-accordion-icon fas fa-minus\"><\/i><\/span><span class=\"eael-accordion-tab-title\">Agosto<\/span><i aria-hidden=\"true\" class=\"fa-toggle fas fa-angle-right\"><\/i><\/div><div id=\"elementor-tab-content-5565\" class=\"eael-accordion-content clearfix\" data-tab=\"5\" aria-labelledby=\"agosto\"><p><ul class=\"display-posts-listing\"><li class=\"listing-item\"><a class=\"title\" href=\"https:\/\/teegro.gob.mx\/sitio2025\/septuagesima-cuarta-sesion-31-de-agosto\/\">Septuag\u00e9sima Cuarta Sesi\u00f3n &#8211; 31 de Agosto<\/a><div class=\"content\"><ul>\n<li><a href=\"https:\/\/teegro.gob.mx\/sitio2023\/wp-content\/uploads\/2024\/08\/Lista310824.pdf\">Orden del d\u00eda<\/a><\/li>\n<li><a href=\"https:\/\/youtu.be\/aVg6SeFDtNY\">V\u00eddeo de la Sesi\u00f3n<\/a><\/li>\n<\/ul>\n<h3>Contenido <a href=\"https:\/\/teegro.gob.mx\/sitio2025\/septuagesima-cuarta-sesion-31-de-agosto\/#more-16181\" class=\"more-link\"><span aria-label=\"Sigue leyendo Septuag\u00e9sima Cuarta Sesi\u00f3n &#8211; 31 de Agosto\">(m\u00e1s&hellip;)<\/span><\/a><\/h3>\n<\/div><\/li><li class=\"listing-item\"><a class=\"title\" href=\"https:\/\/teegro.gob.mx\/sitio2025\/septuagesima-tercera-sesion-29-de-agosto\/\">Septuag\u00e9sima Tercera Sesi\u00f3n &#8211; 29 de Agosto<\/a><div class=\"content\"><ul>\n<li><a href=\"https:\/\/teegro.gob.mx\/sitio2023\/wp-content\/uploads\/2024\/08\/Lista290824.pdf\">Orden del d\u00eda<\/a><\/li>\n<li><a href=\"https:\/\/youtu.be\/sagHW541h7Y\">V\u00eddeo de la Sesi\u00f3n<\/a><\/li>\n<\/ul>\n<h3>Contenido <a href=\"https:\/\/teegro.gob.mx\/sitio2025\/septuagesima-tercera-sesion-29-de-agosto\/#more-16145\" class=\"more-link\"><span aria-label=\"Sigue leyendo Septuag\u00e9sima Tercera Sesi\u00f3n &#8211; 29 de Agosto\">(m\u00e1s&hellip;)<\/span><\/a><\/h3>\n<\/div><\/li><li class=\"listing-item\"><a class=\"title\" href=\"https:\/\/teegro.gob.mx\/sitio2025\/septuagesima-segunda-sesion-28-de-agosto\/\">Septuag\u00e9sima Segunda Sesi\u00f3n &#8211; 28 de Agosto<\/a><div class=\"content\"><ul>\n<li><a href=\"https:\/\/teegro.gob.mx\/sitio2023\/wp-content\/uploads\/2024\/08\/Lista280824.pdf\">Orden del d\u00eda<\/a><\/li>\n<li><a href=\"https:\/\/youtu.be\/U-vxmBYTHdM\">V\u00eddeo de la Sesi\u00f3n<\/a><\/li>\n<\/ul>\n<h3>Contenido <a href=\"https:\/\/teegro.gob.mx\/sitio2025\/septuagesima-segunda-sesion-28-de-agosto\/#more-16129\" class=\"more-link\"><span aria-label=\"Sigue leyendo Septuag\u00e9sima Segunda Sesi\u00f3n &#8211; 28 de Agosto\">(m\u00e1s&hellip;)<\/span><\/a><\/h3>\n<\/div><\/li><li class=\"listing-item\"><a class=\"title\" href=\"https:\/\/teegro.gob.mx\/sitio2025\/septuagesima-primera-sesion-27-de-agosto\/\">Septuag\u00e9sima Primera Sesi\u00f3n &#8211; 27 de Agosto<\/a><div class=\"content\"><ul>\n<li><a href=\"https:\/\/teegro.gob.mx\/sitio2023\/wp-content\/uploads\/2024\/08\/Lista270824.pdf\">Orden del d\u00eda<\/a><\/li>\n<li><a href=\"https:\/\/youtu.be\/irjPc6I0zgI\">V\u00eddeo de la Sesi\u00f3n<\/a><\/li>\n<\/ul>\n<h3>Contenido <a href=\"https:\/\/teegro.gob.mx\/sitio2025\/septuagesima-primera-sesion-27-de-agosto\/#more-16112\" class=\"more-link\"><span aria-label=\"Sigue leyendo Septuag\u00e9sima Primera Sesi\u00f3n &#8211; 27 de Agosto\">(m\u00e1s&hellip;)<\/span><\/a><\/h3>\n<\/div><\/li><li class=\"listing-item\"><a class=\"title\" href=\"https:\/\/teegro.gob.mx\/sitio2025\/septuagesima-sesion-22-de-agosto\/\">Septuag\u00e9sima Sesi\u00f3n &#8211; 22 de Agosto<\/a><div class=\"content\"><ul>\n<li><a href=\"https:\/\/teegro.gob.mx\/sitio2023\/wp-content\/uploads\/2024\/08\/Lista220824.pdf\">Orden del d\u00eda<\/a><\/li>\n<li><a href=\"https:\/\/youtu.be\/OTBobjQJwv0\">V\u00eddeo de la Sesi\u00f3n<\/a><\/li>\n<\/ul>\n<h3>Contenido <a href=\"https:\/\/teegro.gob.mx\/sitio2025\/septuagesima-sesion-22-de-agosto\/#more-16090\" class=\"more-link\"><span aria-label=\"Sigue leyendo Septuag\u00e9sima Sesi\u00f3n &#8211; 22 de Agosto\">(m\u00e1s&hellip;)<\/span><\/a><\/h3>\n<\/div><\/li><li class=\"listing-item\"><a class=\"title\" href=\"https:\/\/teegro.gob.mx\/sitio2025\/sexagesima-novena-sesion-20-de-agosto\/\">Sexag\u00e9sima Novena Sesi\u00f3n &#8211; 20 de Agosto<\/a><div class=\"content\"><ul>\n<li><a href=\"https:\/\/teegro.gob.mx\/sitio2023\/wp-content\/uploads\/2024\/08\/Lista200824.pdf\">Orden del d\u00eda<\/a><\/li>\n<li><a href=\"https:\/\/youtu.be\/dI29CqdAF7E\">V\u00eddeo de la Sesi\u00f3n<\/a><\/li>\n<\/ul>\n<h3>Contenido<\/h3>\n<ul>\n<li>TEE\/RAP\/048\/2024 <strong>Acuerdo Plenario<\/strong> &#8211; Representante de MC, ante el Consejo Distrital Electoral 01, del IPEC<\/li>\n<li>TEE\/JEC\/222\/2024 <strong>Acuerdo Plenario<\/strong> &#8211; Francisco Alejandro Fabi\u00e1n Mujica<\/li>\n<li>TEE\/JIN\/014\/2024 &#8211; PRD<\/li>\n<li>TEE\/JEC\/225\/2024 &#8211; Mar\u00eda Esther de la Cruz Mar\u00edn, ind\u00edgena- Afromexicana y Comisaria Municipal de los \u201c\u00d3rganos, de Juan R. Escudero\u201d. Acapulco<\/li>\n<li>TEE\/JIN\/012\/2024 y su acumulado TEE\/JEC\/178\/2024 &#8211; PVEM Y Getulio Ram\u00edrez Chino<\/li>\n<li>TEE\/JEC\/206\/2024 &#8211; Aracely Alhel\u00ed Alvarado Gonz\u00e1lez<\/li>\n<li>TEE\/JEC\/215\/2024 y TEE\/JIN\/027\/2024, acumulado &#8211; Victoriano Wences Real y otra persona<\/li>\n<li>TEE\/JIN\/008\/2024, TEE\/JEC\/196\/2024 y TEE\/JIN\/025\/2024 Acumulados &#8211; Representante de Morena ante el Consejo Distrital 28, del IEPC y Francisco Sierra Pl\u00e1cido<\/li>\n<li>TEE\/JEC\/234\/2024 &#8211; Corina S\u00e1nchez S\u00e1nchez y otra persona<\/li>\n<li>TEE\/LCI\/036\/2024 &#8211; Ma. Eleazar Hern\u00e1ndez Ram\u00edrez<\/li>\n<li>TEE\/PES\/052\/2024 &#8211; Dato Protegido<\/li>\n<li>TEE\/JEC\/209\/2024 TEE\/JIN\/026\/2024 Acumulados &#8211; Selene Sotelo Maldonado y PRI<br \/>\n <a href=\"https:\/\/teegro.gob.mx\/sitio2025\/sexagesima-novena-sesion-20-de-agosto\/#more-16044\" class=\"more-link\"><span aria-label=\"Sigue leyendo Sexag\u00e9sima Novena Sesi\u00f3n &#8211; 20 de Agosto\">(m\u00e1s&hellip;)<\/span><\/a><\/li>\n<\/ul>\n<\/div><\/li><li class=\"listing-item\"><a class=\"title\" href=\"https:\/\/teegro.gob.mx\/sitio2025\/sexagesima-octava-sesion-13-de-agosto\/\">Sexag\u00e9sima Octava Sesi\u00f3n &#8211; 13 de Agosto<\/a><div class=\"content\"><ul>\n<li><a href=\"https:\/\/teegro.gob.mx\/sitio2023\/wp-content\/uploads\/2024\/08\/Lista130824.pdf\">Orden del d\u00eda<\/a><\/li>\n<li><a href=\"https:\/\/youtu.be\/xOXiaW0eIsE\">V\u00eddeo de la Sesi\u00f3n<\/a><\/li>\n<\/ul>\n<h3>Contenido<\/h3>\n<ul>\n<li>TEE\/PES\/042\/2024 &#8211; MORENA<\/li>\n<li>TEE\/JEC\/231\/2024 &#8211; Guadalupe Gonz\u00e1lez Su\u00e1stegui<\/li>\n<li>TEE\/JIN\/025\/2024 &#8211; Representante de MORENA, ante el Consejo Distrital Electoral 28, del IEPC<br \/>\n <a href=\"https:\/\/teegro.gob.mx\/sitio2025\/sexagesima-octava-sesion-13-de-agosto\/#more-16020\" class=\"more-link\"><span aria-label=\"Sigue leyendo Sexag\u00e9sima Octava Sesi\u00f3n &#8211; 13 de Agosto\">(m\u00e1s&hellip;)<\/span><\/a><\/li>\n<\/ul>\n<\/div><\/li><li class=\"listing-item\"><a class=\"title\" href=\"https:\/\/teegro.gob.mx\/sitio2025\/sexagesima-septima-sesion-07-de-agosto\/\">Sexag\u00e9sima S\u00e9ptima Sesi\u00f3n &#8211; 07 de Agosto<\/a><div class=\"content\"><ul>\n<li><a href=\"https:\/\/teegro.gob.mx\/sitio2023\/wp-content\/uploads\/2024\/08\/Lista070824.pdf\">Orden del d\u00eda<\/a><\/li>\n<li><a href=\"https:\/\/youtu.be\/hHpaG5Dwnh8\">V\u00eddeo de la Sesi\u00f3n<\/a><\/li>\n<\/ul>\n<h3>Contenido<\/h3>\n<ul>\n<li>TEE\/JIN\/004\/2024,TEE\/JEC\/185\/2024 y&nbsp; TEE\/JIN\/019\/2024 &#8211; PVEM, Oscar S\u00e1nchez Luna y MC<\/li>\n<li>TEE\/LCI\/033\/2024 &#8211; Xiadani Abigail Hern\u00e1ndez Olea<\/li>\n<li>TEE\/RAP\/045\/2024 &#8211; PESG<\/li>\n<li>TEE\/RAP\/049\/2024 &#8211; PESG<\/li>\n<li>TEE\/JIN\/015\/2024 y TEE\/JEC\/224\/2024, acumulados &#8211; MC, Adoraci\u00f3n Ayala S\u00e1nchez, Francisco Vel\u00e1zquez Ad\u00e1n, Juan Jos\u00e9 Bernab\u00e9 Nava y Jos\u00e9 Magdaleno Lara Romero<\/li>\n<li>TEE\/JEC\/177\/2024 &#8211; Fredy Macario D\u00edaz<\/li>\n<li>TEE\/PES\/051\/2024 &#8211; Representante de MC, ante el Consejo Distrital Electoral 21, del IEPC<\/li>\n<li>TEE\/JIN\/009\/2024 y TEE\/JIN\/011\/2024, acumulados &#8211; TEE\/JIN\/009\/2024, PRD y TEE\/JIN\/011\/2024, Coalici\u00f3n Sigamos Haciendo en Guerrero, PT, PVEM y MORENA<\/li>\n<li>TEE\/RAP\/044\/2024 &#8211; PESG<\/li>\n<li>TEE\/JEC\/168\/2024, TEE\/JEC\/169\/2024, TEE\/JEC\/212\/2024,TEE\/\/JEC\/213\/2024, acumulados &#8211; Yovany Garc\u00eda Carmona, Yadira Elizabeth Delgado Carmona, Tranquilino Ram\u00edrez Jim\u00e9nez y Jos\u00e9 Alfredo Gonz\u00e1lez Gallardo<\/li>\n<li>TEE\/LCT\/035\/2024 &#8211; Alejandro Paul Hern\u00e1ndez Naranjo<br \/>\n <a href=\"https:\/\/teegro.gob.mx\/sitio2025\/sexagesima-septima-sesion-07-de-agosto\/#more-15978\" class=\"more-link\"><span aria-label=\"Sigue leyendo Sexag\u00e9sima S\u00e9ptima Sesi\u00f3n &#8211; 07 de Agosto\">(m\u00e1s&hellip;)<\/span><\/a><\/li>\n<\/ul>\n<\/div><\/li><li class=\"listing-item\"><a class=\"title\" href=\"https:\/\/teegro.gob.mx\/sitio2025\/sexagesima-sexta-sesion-01-de-agosto\/\">Sexag\u00e9sima Sexta Sesi\u00f3n &#8211; 01 de Agosto<\/a><div class=\"content\"><ul>\n<li><a href=\"https:\/\/teegro.gob.mx\/sitio2023\/wp-content\/uploads\/2024\/08\/Lista010824.pdf\">Orden del d\u00eda<\/a><\/li>\n<\/ul>\n<h3>Contenido<\/h3>\n<ul>\n<li>TEE\/JEC\/187\/2024, TEE\/JEC\/216\/2024, TEE\/JEC\/217\/2024, TEE\/JEC\/218\/2024, TEE\/JEC\/219\/2024, TEE\/JEC\/220\/2024, TEE\/JEC\/221\/2024 y TEE\/JIN\/030\/2024, ACUMULADOS <strong>(Engrose)<\/strong> &#8211; Pablo Amilcar Sandoval Ballesteros y otras personas<br \/>\n <a href=\"https:\/\/teegro.gob.mx\/sitio2025\/sexagesima-sexta-sesion-01-de-agosto\/#more-15948\" class=\"more-link\"><span aria-label=\"Sigue leyendo Sexag\u00e9sima Sexta Sesi\u00f3n &#8211; 01 de Agosto\">(m\u00e1s&hellip;)<\/span><\/a><\/li>\n<\/ul>\n<\/div><\/li><\/ul><\/p><\/div>\n                <\/div><div class=\"eael-accordion-list\">\n                <div id=\"julio\" class=\"elementor-tab-title eael-accordion-header\" tabindex=\"0\" data-tab=\"6\" aria-controls=\"elementor-tab-content-5566\"><span class=\"eael-advanced-accordion-icon-closed\"><i aria-hidden=\"true\" class=\"fa-accordion-icon fas fa-plus\"><\/i><\/span><span class=\"eael-advanced-accordion-icon-opened\"><i aria-hidden=\"true\" class=\"fa-accordion-icon fas fa-minus\"><\/i><\/span><span class=\"eael-accordion-tab-title\">Julio<\/span><i aria-hidden=\"true\" class=\"fa-toggle fas fa-angle-right\"><\/i><\/div><div id=\"elementor-tab-content-5566\" class=\"eael-accordion-content clearfix\" data-tab=\"6\" aria-labelledby=\"julio\"><p><ul class=\"display-posts-listing\"><li class=\"listing-item\"><a class=\"title\" href=\"https:\/\/teegro.gob.mx\/sitio2025\/sexagesima-quinta-sesion-31-de-julio\/\">Sexag\u00e9sima Quinta Sesi\u00f3n &#8211; 31 de Julio<\/a><div class=\"content\"><ul>\n<li><a href=\"https:\/\/teegro.gob.mx\/sitio2023\/wp-content\/uploads\/2024\/07\/Lista310724.pdf\">Orden del d\u00eda<\/a><\/li>\n<li><a href=\"https:\/\/youtu.be\/RyjaDIYLtrs\">V\u00eddeo de la Sesi\u00f3n<\/a><\/li>\n<\/ul>\n<h3>Contenido<\/h3>\n<ul>\n<li>TEE\/JEC\/222\/2024 <strong>Acuerdo Plenario<\/strong> &#8211; Francisco Alejandro Fabi\u00e1n Mujica<\/li>\n<li>TEE\/JEC\/187\/2024, TEE\/JEC\/216\/2024, TEE\/JEC\/217\/2024, TEE\/JEC\/218\/2024, TEE\/JEC\/219\/2024, TEE\/JEC\/220\/2024, TEE\/JEC\/221\/2024 y TEE\/JIN\/030\/2024, ACUMULADOS &#8211; Pablo Amilcar Sandoval Ballesteros y otras personas<\/li>\n<li>TEE\/JIN\/022\/2024 &#8211; Pablo Amilcar Sandoval Ballesteros y otras personas<br \/>\n <a href=\"https:\/\/teegro.gob.mx\/sitio2025\/sexagesima-quinta-sesion-31-de-julio\/#more-15930\" class=\"more-link\"><span aria-label=\"Sigue leyendo Sexag\u00e9sima Quinta Sesi\u00f3n &#8211; 31 de Julio\">(m\u00e1s&hellip;)<\/span><\/a><\/li>\n<\/ul>\n<\/div><\/li><li class=\"listing-item\"><a class=\"title\" href=\"https:\/\/teegro.gob.mx\/sitio2025\/sexagesima-cuarta-sesion-31-de-julio\/\">Sexag\u00e9sima Cuarta Sesi\u00f3n &#8211; 31 de Julio<\/a><div class=\"content\"><ul>\n<li><a href=\"https:\/\/teegro.gob.mx\/sitio2023\/wp-content\/uploads\/2024\/07\/Lista31072024.pdf\">Orden del d\u00eda<\/a><\/li>\n<li><a href=\"https:\/\/youtu.be\/5qrXV01Zai4\">V\u00eddeo de la Sesi\u00f3n<\/a><\/li>\n<\/ul>\n<h3>Contenido<\/h3>\n<ul>\n<li>TEE\/PES\/050\/2024 &#8211; Abelina L\u00f3pez Rodr\u00edguez<br \/>\n <a href=\"https:\/\/teegro.gob.mx\/sitio2025\/sexagesima-cuarta-sesion-31-de-julio\/#more-15921\" class=\"more-link\"><span aria-label=\"Sigue leyendo Sexag\u00e9sima Cuarta Sesi\u00f3n &#8211; 31 de Julio\">(m\u00e1s&hellip;)<\/span><\/a><\/li>\n<\/ul>\n<\/div><\/li><li class=\"listing-item\"><a class=\"title\" href=\"https:\/\/teegro.gob.mx\/sitio2025\/sexagesima-tercera-sesion-30-de-julio\/\">Sexag\u00e9sima Tercera Sesi\u00f3n &#8211; 30 de Julio<\/a><div class=\"content\"><ul>\n<li><a href=\"https:\/\/teegro.gob.mx\/sitio2023\/wp-content\/uploads\/2024\/07\/Lista300724.pdf\">Orden del d\u00eda<\/a><\/li>\n<li><a href=\"https:\/\/youtu.be\/hSvf5ltl2A0\">V\u00eddeo de la Sesi\u00f3n<\/a><\/li>\n<\/ul>\n<h3>Contenido<\/h3>\n<ul>\n<li>TEE\/PES\/045\/2024 &#8211; Apolonio \u00c1lvarez Montes<\/li>\n<li>TEE\/RAP\/040\/2024 &#8211; PESG<\/li>\n<li>TEE\/RAP\/042\/2024 &#8211; PESG<\/li>\n<li>TEE\/RAP\/046\/2024 &#8211; PESG<\/li>\n<li>TEE\/JEC\/176\/2024 y TEE\/JEC\/186\/2024, acumulados &#8211; Omar Agama Chac\u00f3n y Nicol\u00e1s Mar\u00edn Encarnaci\u00f3n<\/li>\n<li>TEE\/RAP\/039\/2024 &#8211; PESG<\/li>\n<li>TEE\/RAP\/041\/2024 &#8211; PESG<\/li>\n<li>TEE\/RAP\/043\/2024 &#8211; PESG<br \/>\n <a href=\"https:\/\/teegro.gob.mx\/sitio2025\/sexagesima-tercera-sesion-30-de-julio\/#more-15890\" class=\"more-link\"><span aria-label=\"Sigue leyendo Sexag\u00e9sima Tercera Sesi\u00f3n &#8211; 30 de Julio\">(m\u00e1s&hellip;)<\/span><\/a><\/li>\n<\/ul>\n<\/div><\/li><li class=\"listing-item\"><a class=\"title\" href=\"https:\/\/teegro.gob.mx\/sitio2025\/sexagesima-segunda-sesion-28-de-julio\/\">Sexag\u00e9sima Segunda Sesi\u00f3n &#8211; 28 de Julio<\/a><div class=\"content\"><ul>\n<li><a href=\"https:\/\/teegro.gob.mx\/sitio2023\/wp-content\/uploads\/2024\/07\/Lista280724.pdf\">Orden del d\u00eda<\/a><\/li>\n<li><a href=\"https:\/\/youtu.be\/UenNjJ_EhJ8\">V\u00eddeo de la Sesi\u00f3n<\/a><\/li>\n<\/ul>\n<h3>Contenido<\/h3>\n<ul>\n<li>TEE\/PES\/049\/2024 &#8211; Floritilia Mart\u00ednez Pe\u00f1abronce<\/li>\n<li>TEE\/LCI\/034\/2024 &#8211; Ad\u00e1n Salgado R\u00edos<\/li>\n<li>TEE\/JEC\/167\/2024 y TEE\/JEC\/204\/2024 acumulado &#8211; Zenaida Aguilar Garc\u00eda y Celso Alejandro V\u00e1zquez<\/li>\n<li>TEE\/PES\/048\/2024 &#8211; Dato Protegido<\/li>\n<li>&nbsp;TEE\/JEC\/195\/2024 y TEE\/JEC\/197\/2024 acumulados &#8211; Zenorina Campos Ram\u00edrez y Roberto Zapoteco Castro<br \/>\n <a href=\"https:\/\/teegro.gob.mx\/sitio2025\/sexagesima-segunda-sesion-28-de-julio\/#more-15853\" class=\"more-link\"><span aria-label=\"Sigue leyendo Sexag\u00e9sima Segunda Sesi\u00f3n &#8211; 28 de Julio\">(m\u00e1s&hellip;)<\/span><\/a><\/li>\n<\/ul>\n<\/div><\/li><li class=\"listing-item\"><a class=\"title\" href=\"https:\/\/teegro.gob.mx\/sitio2025\/sexagesima-primera-sesion-27-de-julio\/\">Sexag\u00e9sima Primera Sesi\u00f3n &#8211; 27 de Julio<\/a><div class=\"content\"><ul>\n<li><a href=\"https:\/\/teegro.gob.mx\/sitio2023\/wp-content\/uploads\/2024\/07\/Lista270724.pdf\">Orden del d\u00eda<\/a><\/li>\n<li><a href=\"https:\/\/youtu.be\/nyghgQ7yOpA\">V\u00eddeo de la Sesi\u00f3n<\/a><\/li>\n<\/ul>\n<h3>Contenido<\/h3>\n<ul>\n<li>TEE\/AG\/001\/2024 y TEE\/JEC\/230\/2024, acumulados&nbsp; &#8211; Gloria Sierra Garc\u00eda, Viviana Vidal Le\u00f3n y Juan Ricardo Guti\u00e9rrez Morales<br \/>\n <a href=\"https:\/\/teegro.gob.mx\/sitio2025\/sexagesima-primera-sesion-27-de-julio\/#more-15842\" class=\"more-link\"><span aria-label=\"Sigue leyendo Sexag\u00e9sima Primera Sesi\u00f3n &#8211; 27 de Julio\">(m\u00e1s&hellip;)<\/span><\/a><\/li>\n<\/ul>\n<\/div><\/li><li class=\"listing-item\"><a class=\"title\" href=\"https:\/\/teegro.gob.mx\/sitio2025\/sexagesima-sesion-24-de-julio\/\">Sexag\u00e9sima Sesi\u00f3n &#8211; 24 de Julio<\/a><div class=\"content\"><ul>\n<li><a href=\"https:\/\/teegro.gob.mx\/sitio2023\/wp-content\/uploads\/2024\/07\/Lista240724.pdf\">Orden del d\u00eda<\/a><\/li>\n<li><a href=\"https:\/\/youtu.be\/PtRSLh-MKU0\">V\u00eddeo de la Sesi\u00f3n<\/a><\/li>\n<\/ul>\n<h3>Contenido<\/h3>\n<ul>\n<li>TEE\/JIN\/001\/2024 y TEE\/JIN\/016\/2024, acumulados &#8211; PRI<\/li>\n<li>TEE\/JEC\/184\/2024 &#8211; Victorina Mart\u00ednez Esteban<\/li>\n<li>TEE\/JEC\/202\/2024 y TEE\/JIN\/029\/2024, acumulados &#8211; MORENA<\/li>\n<li>TEE\/JIN\/017\/2024 &#8211; PRD<\/li>\n<li>TEE\/JEC\/166\/2024 y su acumulado TEE\/JIN\/018\/2024 &#8211; Enrique Chanito Garc\u00eda y PRI<\/li>\n<li>TEE\/JEC\/223\/2024 &#8211; Bernarda Leovigilda Ch\u00e1vez Hern\u00e1ndez<\/li>\n<li>TEE\/PES\/047\/2024 &#8211; Juvenal Poblete Vel\u00e1zquez<\/li>\n<li>TEE\/JEC\/173\/2024, TEE\/JEC\/192\/2024, TEE\/JEC\/193\/2024 y TEE\/JEC\/194\/2024, acumulados &#8211; Efra\u00edn Dorantes V\u00e9lez y otras personas<\/li>\n<li>TEE\/JEC\/205\/2024 &#8211; Daniel Montealegre Mart\u00ednez<br \/>\n <a href=\"https:\/\/teegro.gob.mx\/sitio2025\/sexagesima-sesion-24-de-julio\/#more-15798\" class=\"more-link\"><span aria-label=\"Sigue leyendo Sexag\u00e9sima Sesi\u00f3n &#8211; 24 de Julio\">(m\u00e1s&hellip;)<\/span><\/a><\/li>\n<\/ul>\n<\/div><\/li><li class=\"listing-item\"><a class=\"title\" href=\"https:\/\/teegro.gob.mx\/sitio2025\/quincuagesima-novena-sesion-18-de-julio\/\">Quincuag\u00e9sima Novena Sesi\u00f3n &#8211; 20 de Julio<\/a><div class=\"content\"><ul>\n<li><a href=\"https:\/\/teegro.gob.mx\/sitio2023\/wp-content\/uploads\/2024\/07\/Lista_200724.pdf\">Orden del d\u00eda<\/a><\/li>\n<li><a href=\"https:\/\/youtu.be\/ba9csS1q5nk\">V\u00eddeo de la Sesi\u00f3n<\/a><\/li>\n<\/ul>\n<h3>Contenido<\/h3>\n<ul>\n<li>TEE\/PES\/046\/2024 <strong>Acuerdo Plenario<\/strong> &#8211; Representante de MC, ante el Consejo Distrital Electoral 01, del IEPC<br \/>\n <a href=\"https:\/\/teegro.gob.mx\/sitio2025\/quincuagesima-novena-sesion-18-de-julio\/#more-15745\" class=\"more-link\"><span aria-label=\"Sigue leyendo Quincuag\u00e9sima Novena Sesi\u00f3n &#8211; 20 de Julio\">(m\u00e1s&hellip;)<\/span><\/a><\/li>\n<\/ul>\n<\/div><\/li><li class=\"listing-item\"><a class=\"title\" href=\"https:\/\/teegro.gob.mx\/sitio2025\/quincuagesima-octava-sesion-18-de-julio\/\">Quincuag\u00e9sima Octava Sesi\u00f3n &#8211; 18 de Julio<\/a><div class=\"content\"><ul>\n<li><a href=\"https:\/\/teegro.gob.mx\/sitio2023\/wp-content\/uploads\/2024\/07\/Lista180724.pdf\">Orden del d\u00eda<\/a><\/li>\n<li><a href=\"https:\/\/youtu.be\/seVJpLmBsDY\">V\u00eddeo de la Sesi\u00f3n<\/a><\/li>\n<\/ul>\n<h3>Contenido<\/h3>\n<ul>\n<li>TEE\/PES\/045\/2024 <strong>Acuerdo Plenario<\/strong> &#8211; Apolonio \u00c1lvarez Montes<\/li>\n<li>TEE\/JEC\/222\/2024 &#8211; Francisco Alejandro Fabian Mujica<br \/>\n <a href=\"https:\/\/teegro.gob.mx\/sitio2025\/quincuagesima-octava-sesion-18-de-julio\/#more-15723\" class=\"more-link\"><span aria-label=\"Sigue leyendo Quincuag\u00e9sima Octava Sesi\u00f3n &#8211; 18 de Julio\">(m\u00e1s&hellip;)<\/span><\/a><\/li>\n<\/ul>\n<\/div><\/li><li class=\"listing-item\"><a class=\"title\" href=\"https:\/\/teegro.gob.mx\/sitio2025\/quincuagesima-septima-sesion-16-de-julio\/\">Quincuag\u00e9sima S\u00e9ptima Sesi\u00f3n &#8211; 16 de Julio<\/a><div class=\"content\"><ul>\n<li><a href=\"https:\/\/teegro.gob.mx\/sitio2023\/wp-content\/uploads\/2024\/07\/Lista160724.pdf\">Orden del d\u00eda<\/a><\/li>\n<li><a href=\"https:\/\/youtu.be\/5st78fXWs-U\">V\u00eddeo de la Sesi\u00f3n<\/a><\/li>\n<\/ul>\n<h3>Contenido<\/h3>\n<ul>\n<li>TEE\/JIN\/013\/2024 &#8211; Representante del PT, ante el Consejo Distrital 27<\/li>\n<li>TEE\/RAP\/052\/2024 &#8211; MORENA<\/li>\n<li>TEE\/JEC\/226\/2024 &#8211; Dami\u00e1n Nava Mauricio<br \/>\n <a href=\"https:\/\/teegro.gob.mx\/sitio2025\/quincuagesima-septima-sesion-16-de-julio\/#more-15604\" class=\"more-link\"><span aria-label=\"Sigue leyendo Quincuag\u00e9sima S\u00e9ptima Sesi\u00f3n &#8211; 16 de Julio\">(m\u00e1s&hellip;)<\/span><\/a><\/li>\n<\/ul>\n<\/div><\/li><li class=\"listing-item\"><a class=\"title\" href=\"https:\/\/teegro.gob.mx\/sitio2025\/quincuagesima-sexta-sesion-15-de-julio\/\">Quincuag\u00e9sima Sexta Sesi\u00f3n &#8211; 15 de Julio<\/a><div class=\"content\"><ul>\n<li><a href=\"https:\/\/teegro.gob.mx\/sitio2023\/wp-content\/uploads\/2024\/07\/Lista150724.pdf\">Orden del d\u00eda<\/a><\/li>\n<li><a href=\"https:\/\/youtu.be\/NJc0feZ-K8Q\">V\u00eddeo de la Sesi\u00f3n<\/a><\/li>\n<\/ul>\n<h3>Contenido<\/h3>\n<ul>\n<li>TEE\/PES\/043\/2024 &#8211; Leticia Mosso Hern\u00e1ndez<\/li>\n<li>TEE\/PES\/044\/2024 &#8211; Ad\u00e1n Reyna Rosales<br \/>\n <a href=\"https:\/\/teegro.gob.mx\/sitio2025\/quincuagesima-sexta-sesion-15-de-julio\/#more-15592\" class=\"more-link\"><span aria-label=\"Sigue leyendo Quincuag\u00e9sima Sexta Sesi\u00f3n &#8211; 15 de Julio\">(m\u00e1s&hellip;)<\/span><\/a><\/li>\n<\/ul>\n<\/div><\/li><\/ul><\/p><\/div>\n                <\/div><div class=\"eael-accordion-list\">\n                <div id=\"junio\" class=\"elementor-tab-title eael-accordion-header\" tabindex=\"0\" data-tab=\"7\" aria-controls=\"elementor-tab-content-5567\"><span class=\"eael-advanced-accordion-icon-closed\"><i aria-hidden=\"true\" class=\"fa-accordion-icon fas fa-plus\"><\/i><\/span><span class=\"eael-advanced-accordion-icon-opened\"><i aria-hidden=\"true\" class=\"fa-accordion-icon fas fa-minus\"><\/i><\/span><span class=\"eael-accordion-tab-title\">Junio<\/span><i aria-hidden=\"true\" class=\"fa-toggle fas fa-angle-right\"><\/i><\/div><div id=\"elementor-tab-content-5567\" class=\"eael-accordion-content clearfix\" data-tab=\"7\" aria-labelledby=\"junio\"><p><ul class=\"display-posts-listing\"><li class=\"listing-item\"><a class=\"title\" href=\"https:\/\/teegro.gob.mx\/sitio2025\/quincuagesima-sesion-30-de-junio\/\">Quincuag\u00e9sima Sesi\u00f3n &#8211; 30 de Junio<\/a><div class=\"content\"><ul>\n<li><a href=\"https:\/\/teegro.gob.mx\/sitio2023\/wp-content\/uploads\/2024\/06\/Lista300624.pdf\">Orden del d\u00eda<\/a><\/li>\n<li><a href=\"https:\/\/youtu.be\/gPwe2xWXYkE\">V\u00eddeo de la Sesi\u00f3n<\/a><\/li>\n<\/ul>\n<h3>Contenido<\/h3>\n<ul>\n<li>TEE\/PES\/013\/2024 &#8211; Ad\u00e1n Reyna Rosales<\/li>\n<li>TEE\/JEC\/189\/2024 &#8211; Nicol\u00e1s Guerrero Gonz\u00e1lez<\/li>\n<li>TEE\/JEC\/198\/2024 &#8211; Jer\u00f3nimo Mateo Pe\u00f1a<\/li>\n<li>TEE\/RAP\/047\/2024 &#8211; PT<\/li>\n<li>TEE\/JEC\/171\/2024 &#8211; Marco Tulio S\u00e1nchez Alarc\u00f3n<\/li>\n<\/ul>\n<p> <a href=\"https:\/\/teegro.gob.mx\/sitio2025\/quincuagesima-sesion-30-de-junio\/#more-15231\" class=\"more-link\"><span aria-label=\"Sigue leyendo Quincuag\u00e9sima Sesi\u00f3n &#8211; 30 de Junio\">(m\u00e1s&hellip;)<\/span><\/a><\/p>\n<\/div><\/li><li class=\"listing-item\"><a class=\"title\" href=\"https:\/\/teegro.gob.mx\/sitio2025\/cuadragesima-novena-sesion-26-de-junio\/\">Cuadrag\u00e9sima Novena Sesi\u00f3n &#8211; 26 de Junio<\/a><div class=\"content\"><ul>\n<li><a href=\"https:\/\/teegro.gob.mx\/sitio2023\/wp-content\/uploads\/2024\/06\/Lista_260624.pdf\">Orden del d\u00eda<\/a><\/li>\n<li><a href=\"https:\/\/youtu.be\/EsRfy9cTxgM\">V\u00eddeo de la Sesi\u00f3n<\/a><\/li>\n<\/ul>\n<h3>Contenido<\/h3>\n<ul>\n<li>TEE\/JIN\/002\/2024 <strong>Acuerdo Plenario<\/strong> &#8211; Bernarda Leovigilda Ch\u00e1vez Hern\u00e1ndez<\/li>\n<li>TEE\/JIN\/015\/2024 <strong>Acuerdo Plenario<\/strong> &#8211; MC y otras personas<\/li>\n<li>TEE\/JEC\/162\/2024 <strong>Acuerdo Plenario<\/strong> &#8211; Francisco Alejandro Fabi\u00e1n Mujica<\/li>\n<li>TEE\/PES\/037\/2024 <strong>Acuerdo Plenario<\/strong> &#8211; MORENA<\/li>\n<li>TEE\/JEC\/172\/2024 &#8211; PRI<\/li>\n<li>TEE\/JEC\/199\/2024 &#8211; Daniela Baltazar Garc\u00eda<\/li>\n<li>TEE\/JIN\/023\/2024 &#8211; PRI<\/li>\n<li>TEE\/JEC\/181\/2024 &#8211; Felix Campos Estrada y otras personas<\/li>\n<li>TEE\/PES\/036\/2024 &#8211; Dato Protegido<br \/>\n <a href=\"https:\/\/teegro.gob.mx\/sitio2025\/cuadragesima-novena-sesion-26-de-junio\/#more-15191\" class=\"more-link\"><span aria-label=\"Sigue leyendo Cuadrag\u00e9sima Novena Sesi\u00f3n &#8211; 26 de Junio\">(m\u00e1s&hellip;)<\/span><\/a><\/li>\n<\/ul>\n<\/div><\/li><li class=\"listing-item\"><a class=\"title\" href=\"https:\/\/teegro.gob.mx\/sitio2025\/cuadragesima-octava-sesion-22-de-junio\/\">Cuadrag\u00e9sima Octava Sesi\u00f3n &#8211; 22 de Junio<\/a><div class=\"content\"><ul>\n<li><a href=\"https:\/\/teegro.gob.mx\/sitio2023\/wp-content\/uploads\/2024\/06\/Lista220624.pdf\">Orden del d\u00eda<\/a><\/li>\n<li><a href=\"https:\/\/youtu.be\/cuw7T3EkpDY\">V\u00eddeo de la Sesi\u00f3n<\/a><\/li>\n<\/ul>\n<h3>Contenido<\/h3>\n<ul>\n<li>TEE\/PES\/035\/2024 &#8211; Orqu\u00eddea Cuellar Guerrero<\/li>\n<li>TEE\/RAP\/038\/2024 &#8211; Erika Lorena L\u00fchrs Cort\u00e9s<\/li>\n<li>TEE\/JIN\/005\/2024 y TEE\/JIN\/006\/2024 Acumulados &#8211; PRD<\/li>\n<li>TEE\/RAP\/048\/2024 &#8211; MC<br \/>\n <a href=\"https:\/\/teegro.gob.mx\/sitio2025\/cuadragesima-octava-sesion-22-de-junio\/#more-15163\" class=\"more-link\"><span aria-label=\"Sigue leyendo Cuadrag\u00e9sima Octava Sesi\u00f3n &#8211; 22 de Junio\">(m\u00e1s&hellip;)<\/span><\/a><\/li>\n<\/ul>\n<\/div><\/li><li class=\"listing-item\"><a class=\"title\" href=\"https:\/\/teegro.gob.mx\/sitio2025\/cuadragesima-septima-sesion-20-de-junio\/\">Cuadrag\u00e9sima S\u00e9ptima Sesi\u00f3n &#8211; 20 de Junio<\/a><div class=\"content\"><ul>\n<li><a href=\"https:\/\/teegro.gob.mx\/sitio2023\/wp-content\/uploads\/2024\/06\/Lista200624.pdf\">Orden del d\u00eda<\/a><\/li>\n<li><a href=\"https:\/\/youtu.be\/hMMK5nX97Mc\">V\u00eddeo de la Sesi\u00f3n<\/a><\/li>\n<\/ul>\n<h3>Contenido<\/h3>\n<ul>\n<li>TEE\/PES\/034\/2024<br \/>\n <a href=\"https:\/\/teegro.gob.mx\/sitio2025\/cuadragesima-septima-sesion-20-de-junio\/#more-15150\" class=\"more-link\"><span aria-label=\"Sigue leyendo Cuadrag\u00e9sima S\u00e9ptima Sesi\u00f3n &#8211; 20 de Junio\">(m\u00e1s&hellip;)<\/span><\/a><\/li>\n<\/ul>\n<\/div><\/li><li class=\"listing-item\"><a class=\"title\" href=\"https:\/\/teegro.gob.mx\/sitio2025\/cuadragesima-sexta-sesion-19-de-junio\/\">Cuadrag\u00e9sima Sexta Sesi\u00f3n &#8211; 19 de Junio<\/a><div class=\"content\"><ul>\n<li><a href=\"https:\/\/teegro.gob.mx\/sitio2023\/wp-content\/uploads\/2024\/06\/Lista190624.pdf\">Orden del d\u00eda<\/a><\/li>\n<li><a href=\"https:\/\/youtu.be\/3Si8Sa1XH2c\">V\u00eddeo de la Sesi\u00f3n<\/a><\/li>\n<\/ul>\n<h3>Contenido<\/h3>\n<ul>\n<li>TEE\/JEC\/047\/2024 <strong>Acuerdo Plenario<\/strong> &#8211; Fernando Iv\u00e1n Lagunas Ayala y otras personas<\/li>\n<li>TEE\/PES\/033\/2024 &#8211; Lucero Tornes Ortiz<\/li>\n<li>TEE\/LCI\/030\/2024 &#8211; Carlos Eduardo Mercado Rojo<\/li>\n<li>TEE\/PES\/032\/2024 &#8211; Dato Protegido<br \/>\n <a href=\"https:\/\/teegro.gob.mx\/sitio2025\/cuadragesima-sexta-sesion-19-de-junio\/#more-15123\" class=\"more-link\"><span aria-label=\"Sigue leyendo Cuadrag\u00e9sima Sexta Sesi\u00f3n &#8211; 19 de Junio\">(m\u00e1s&hellip;)<\/span><\/a><\/li>\n<\/ul>\n<\/div><\/li><li class=\"listing-item\"><a class=\"title\" href=\"https:\/\/teegro.gob.mx\/sitio2025\/cuadragesima-quinta-sesion-15-de-junio\/\">Cuadrag\u00e9sima Quinta Sesi\u00f3n &#8211; 15 de Junio<\/a><div class=\"content\"><ul>\n<li><a href=\"https:\/\/teegro.gob.mx\/sitio2023\/wp-content\/uploads\/2024\/06\/Lista150624.pdf\">Orden del d\u00eda<\/a><\/li>\n<li><a href=\"https:\/\/youtu.be\/m4sAgsrwRHA\">V\u00eddeo de la Sesi\u00f3n<\/a><\/li>\n<\/ul>\n<h3>Contenido<\/h3>\n<ul>\n<li>TEE\/PES\/031\/2024 &#8211; MORENA<br \/>\n <a href=\"https:\/\/teegro.gob.mx\/sitio2025\/cuadragesima-quinta-sesion-15-de-junio\/#more-15106\" class=\"more-link\"><span aria-label=\"Sigue leyendo Cuadrag\u00e9sima Quinta Sesi\u00f3n &#8211; 15 de Junio\">(m\u00e1s&hellip;)<\/span><\/a><\/li>\n<\/ul>\n<\/div><\/li><li class=\"listing-item\"><a class=\"title\" href=\"https:\/\/teegro.gob.mx\/sitio2025\/cuadragesima-cuarta-sesion-13-de-junio\/\">Cuadrag\u00e9sima Cuarta Sesi\u00f3n &#8211; 13 de Junio<\/a><div class=\"content\"><ul>\n<li><a href=\"https:\/\/teegro.gob.mx\/sitio2023\/wp-content\/uploads\/2024\/06\/Lista130624.pdf\">Orden del d\u00eda<\/a><\/li>\n<li><a href=\"https:\/\/youtu.be\/iGFRQjLr5CU\">V\u00eddeo de la Sesi\u00f3n<\/a><\/li>\n<\/ul>\n<h3>Contenido<\/h3>\n<ul>\n<li>TEE\/PES\/030\/2024 &#8211; Ma del Pilar Vadillo Ruiz<br \/>\n <a href=\"https:\/\/teegro.gob.mx\/sitio2025\/cuadragesima-cuarta-sesion-13-de-junio\/#more-15089\" class=\"more-link\"><span aria-label=\"Sigue leyendo Cuadrag\u00e9sima Cuarta Sesi\u00f3n &#8211; 13 de Junio\">(m\u00e1s&hellip;)<\/span><\/a><\/li>\n<\/ul>\n<\/div><\/li><li class=\"listing-item\"><a class=\"title\" href=\"https:\/\/teegro.gob.mx\/sitio2025\/cuadragesima-tercera-sesion-12-de-junio\/\">Cuadrag\u00e9sima Tercera Sesi\u00f3n &#8211; 12 de Junio<\/a><div class=\"content\"><ul>\n<li><a href=\"https:\/\/teegro.gob.mx\/sitio2023\/wp-content\/uploads\/2024\/06\/Lista120624.pdf\">Orden del d\u00eda<\/a><\/li>\n<li><a href=\"https:\/\/youtu.be\/7EY3fT4DaqM\">V\u00eddeo de la Sesi\u00f3n<\/a><\/li>\n<\/ul>\n<h3>Contenido<\/h3>\n<ul>\n<li>TEE\/JEC\/165\/2024 <strong>Acuerdo Plenario<\/strong> &#8211; Erika Lorena L\u00fchrs Cort\u00e9s<\/li>\n<li>TEE\/PES\/029\/2024 &#8211; Jos\u00e9 Andr\u00e9s Salais Orozco, Representante del PT, en el distrito 28 del IEPC<\/li>\n<li>TEE\/JEC\/162\/2024 &#8211; Francisco Alejandro Fabi\u00e1n Mujica<\/li>\n<li>TEE\/JEC\/012\/2024 &#8211; Guadalupe Gonz\u00e1lez Su\u00e1stegui<\/li>\n<li>TEE\/LCI\/029\/2024 &#8211; Lucio In\u00e9s de la O Chavarr\u00eda<\/li>\n<li>TEE\/JEC\/042\/2024 &#8211; Guadalupe Gonz\u00e1lez Su\u00e1stegui<\/li>\n<li>TEE\/LCT\/028\/2024 &#8211; Omar Said Tapia Cruz<br \/>\n <a href=\"https:\/\/teegro.gob.mx\/sitio2025\/cuadragesima-tercera-sesion-12-de-junio\/#more-15067\" class=\"more-link\"><span aria-label=\"Sigue leyendo Cuadrag\u00e9sima Tercera Sesi\u00f3n &#8211; 12 de Junio\">(m\u00e1s&hellip;)<\/span><\/a><\/li>\n<\/ul>\n<\/div><\/li><li class=\"listing-item\"><a class=\"title\" href=\"https:\/\/teegro.gob.mx\/sitio2025\/cuadragesima-segunda-sesion-08-de-junio\/\">Cuadrag\u00e9sima Segunda Sesi\u00f3n &#8211; 08 de Junio<\/a><div class=\"content\"><ul>\n<li><a href=\"https:\/\/teegro.gob.mx\/sitio2023\/wp-content\/uploads\/2024\/06\/Lista080624.pdf\">Orden del d\u00eda<\/a><\/li>\n<li><a href=\"https:\/\/youtu.be\/dKkTQm2uKOg\">V\u00eddeo de la Sesi\u00f3n<\/a><\/li>\n<\/ul>\n<h3>Contenido<\/h3>\n<ul>\n<li>TEE\/JEC\/137\/2024<strong> Acuerdo Plenario<\/strong> &#8211; Georgina de la Cruz Galeana<\/li>\n<li>TEE\/PES\/028\/2024 &#8211; MORENA<br \/>\n <a href=\"https:\/\/teegro.gob.mx\/sitio2025\/cuadragesima-segunda-sesion-08-de-junio\/#more-15038\" class=\"more-link\"><span aria-label=\"Sigue leyendo Cuadrag\u00e9sima Segunda Sesi\u00f3n &#8211; 08 de Junio\">(m\u00e1s&hellip;)<\/span><\/a><\/li>\n<\/ul>\n<\/div><\/li><li class=\"listing-item\"><a class=\"title\" href=\"https:\/\/teegro.gob.mx\/sitio2025\/cuadragesima-sesion-03-de-junio-2\/\">Cuadrag\u00e9sima Primera Sesi\u00f3n &#8211; 06 de Junio<\/a><div class=\"content\"><ul>\n<li><a href=\"https:\/\/teegro.gob.mx\/sitio2023\/wp-content\/uploads\/2024\/06\/Lista060624.pdf\">Orden del d\u00eda<\/a><\/li>\n<li><a href=\"https:\/\/youtu.be\/D9VM-6LLpKE\">V\u00eddeo de la Sesi\u00f3n<\/a><\/li>\n<\/ul>\n<h3>Contenido<\/h3>\n<ul>\n<li>TEE\/JEC\/043\/2024 &#8211; Sa\u00fal Santiago Remigio y otras personas<\/li>\n<li>TEE\/PES\/026\/2024 &#8211; MORENA<\/li>\n<li>TEE\/JEC\/164\/2024 &#8211; Sara Salinas Bravo<\/li>\n<li>TEE\/PES\/027\/2024 &#8211; Kelly Lissete Hern\u00e1ndez Hern\u00e1ndez<br \/>\n <a href=\"https:\/\/teegro.gob.mx\/sitio2025\/cuadragesima-sesion-03-de-junio-2\/#more-15019\" class=\"more-link\"><span aria-label=\"Sigue leyendo Cuadrag\u00e9sima Primera Sesi\u00f3n &#8211; 06 de Junio\">(m\u00e1s&hellip;)<\/span><\/a><\/li>\n<\/ul>\n<\/div><\/li><\/ul><\/p><\/div>\n                <\/div><div class=\"eael-accordion-list\">\n                <div id=\"mayo\" class=\"elementor-tab-title eael-accordion-header\" tabindex=\"0\" data-tab=\"8\" aria-controls=\"elementor-tab-content-5568\"><span class=\"eael-advanced-accordion-icon-closed\"><i aria-hidden=\"true\" class=\"fa-accordion-icon fas fa-plus\"><\/i><\/span><span class=\"eael-advanced-accordion-icon-opened\"><i aria-hidden=\"true\" class=\"fa-accordion-icon fas fa-minus\"><\/i><\/span><span class=\"eael-accordion-tab-title\">Mayo<\/span><i aria-hidden=\"true\" class=\"fa-toggle fas fa-angle-right\"><\/i><\/div><div id=\"elementor-tab-content-5568\" class=\"eael-accordion-content clearfix\" data-tab=\"8\" aria-labelledby=\"mayo\"><p><ul class=\"display-posts-listing\"><li class=\"listing-item\"><a class=\"title\" href=\"https:\/\/teegro.gob.mx\/sitio2025\/trigesima-octava-sesion-30-de-mayo\/\">Trig\u00e9sima Octava Sesi\u00f3n &#8211; 30 de Mayo<\/a><div class=\"content\"><ul>\n<li><a href=\"https:\/\/teegro.gob.mx\/sitio2023\/wp-content\/uploads\/2024\/05\/Lista300524.pdf\">Orden del d\u00eda<\/a><\/li>\n<li><a href=\"https:\/\/youtu.be\/psf00zsLr7k\">V\u00eddeo de la Sesi\u00f3n<\/a><\/li>\n<\/ul>\n<h3>Contenido<\/h3>\n<ul>\n<li>TEE\/PES\/019\/2024 &#8211; Marco Tulio S\u00e1nchez Alarc\u00f3n<\/li>\n<li>TEE\/JEC\/160\/2024 &#8211; Gabina Santana Guadalupe<\/li>\n<li>TEE\/LCT\/027\/2024 &#8211; Jos\u00e9 Manuel Mart\u00ednez Hern\u00e1ndez<br \/>\n <a href=\"https:\/\/teegro.gob.mx\/sitio2025\/trigesima-octava-sesion-30-de-mayo\/#more-14868\" class=\"more-link\"><span aria-label=\"Sigue leyendo Trig\u00e9sima Octava Sesi\u00f3n &#8211; 30 de Mayo\">(m\u00e1s&hellip;)<\/span><\/a><\/li>\n<\/ul>\n<\/div><\/li><li class=\"listing-item\"><a class=\"title\" href=\"https:\/\/teegro.gob.mx\/sitio2025\/trigesima-septima-sesion-28-de-mayo\/\">Trig\u00e9sima S\u00e9ptima Sesi\u00f3n &#8211; 28 de Mayo<\/a><div class=\"content\"><ul>\n<li><a href=\"https:\/\/teegro.gob.mx\/sitio2023\/wp-content\/uploads\/2024\/05\/Lista_280524.pdf\">Orden del d\u00eda<\/a><\/li>\n<li><a href=\"https:\/\/youtu.be\/Ve2F9G3S2l4\">V\u00eddeo de la Sesi\u00f3n<\/a><\/li>\n<\/ul>\n<h3>Contenido<\/h3>\n<ul>\n<li>TEE\/RAP\/018\/2024, TEE\/JEC\/058\/2024, TEE\/JEC\/061\/2024, TEE\/JEC\/062\/2024, TEE\/JEC\/119\/2024 y TEE\/JEC\/130\/2024, acumulados <strong>Acuerdo Plenario<\/strong> &#8211; Representante del PESG y otras personas<\/li>\n<li>TEE\/PES\/018\/2024 &#8211; Representante del Partido Verde Ecologista de M\u00e9xico, ante el Distrito Electoral 22 del IEPC<\/li>\n<li>TEE\/JEC\/146\/2024 &#8211; Misael Bruno Arriaga<\/li>\n<li>TEE\/JEC\/156\/2024 &#8211; Diana Alondra Barrera de Jes\u00fas<\/li>\n<li>TEE\/JEC\/152\/2024 &#8211; Neshme Natzalleth Azar Contreras<\/li>\n<li>TEE\/JEC\/157\/2024 &#8211; Fabiana Pacheco Garz\u00f3n y otras personas<br \/>\n <a href=\"https:\/\/teegro.gob.mx\/sitio2025\/trigesima-septima-sesion-28-de-mayo\/#more-14804\" class=\"more-link\"><span aria-label=\"Sigue leyendo Trig\u00e9sima S\u00e9ptima Sesi\u00f3n &#8211; 28 de Mayo\">(m\u00e1s&hellip;)<\/span><\/a><\/li>\n<\/ul>\n<\/div><\/li><li class=\"listing-item\"><a class=\"title\" href=\"https:\/\/teegro.gob.mx\/sitio2025\/trigesima-sexta-sesion-27-de-mayo\/\">Trig\u00e9sima Sexta Sesi\u00f3n &#8211; 27 de Mayo<\/a><div class=\"content\"><ul>\n<li><a href=\"https:\/\/teegro.gob.mx\/sitio2023\/wp-content\/uploads\/2024\/05\/Lista270524.pdf\">Orden del d\u00eda<\/a><\/li>\n<li><a href=\"https:\/\/youtu.be\/8Pfsy2ik2l4\">V\u00eddeo de la Sesi\u00f3n<\/a><\/li>\n<\/ul>\n<h3>Contenido<\/h3>\n<ul>\n<li>TEE\/PES\/017\/2024 &#8211; Representante de MORENA, ante el Distrito Electoral 04 del IEPC<br \/>\n <a href=\"https:\/\/teegro.gob.mx\/sitio2025\/trigesima-sexta-sesion-27-de-mayo\/#more-14782\" class=\"more-link\"><span aria-label=\"Sigue leyendo Trig\u00e9sima Sexta Sesi\u00f3n &#8211; 27 de Mayo\">(m\u00e1s&hellip;)<\/span><\/a><\/li>\n<\/ul>\n<\/div><\/li><li class=\"listing-item\"><a class=\"title\" href=\"https:\/\/teegro.gob.mx\/sitio2025\/trigesima-quinta-sesion-26-de-mayo\/\">Trig\u00e9sima Quinta Sesi\u00f3n &#8211; 26 de Mayo<\/a><div class=\"content\"><ul>\n<li><a href=\"https:\/\/teegro.gob.mx\/sitio2023\/wp-content\/uploads\/2024\/05\/Lista260524.pdf\">Orden del d\u00eda<\/a><\/li>\n<li><a href=\"https:\/\/youtu.be\/TjUPnE5CCog\">V\u00eddeo de la Sesi\u00f3n<\/a><\/li>\n<\/ul>\n<h3>Contenido<\/h3>\n<ul>\n<li>TEE\/JEC\/133\/2024 y TEE\/RAP\/032\/2024, acumulados &#8211; Bonfilio Rufino Morales y PRD<\/li>\n<li>TEE\/RAP\/035\/2024 y TEE\/JEC\/155\/2024 acumulados &#8211; Cristina Morales Nicol\u00e1s, Representante de MC y otros actores<\/li>\n<\/ul>\n<p> <a href=\"https:\/\/teegro.gob.mx\/sitio2025\/trigesima-quinta-sesion-26-de-mayo\/#more-14772\" class=\"more-link\"><span aria-label=\"Sigue leyendo Trig\u00e9sima Quinta Sesi\u00f3n &#8211; 26 de Mayo\">(m\u00e1s&hellip;)<\/span><\/a><\/p>\n<\/div><\/li><li class=\"listing-item\"><a class=\"title\" href=\"https:\/\/teegro.gob.mx\/sitio2025\/trigesima-cuarta-sesion-25-de-mayo\/\">Trig\u00e9sima Cuarta Sesi\u00f3n &#8211; 25 de Mayo<\/a><div class=\"content\"><ul>\n<li><a href=\"https:\/\/teegro.gob.mx\/sitio2023\/wp-content\/uploads\/2024\/05\/Lista250524.pdf\">Orden del d\u00eda<\/a><\/li>\n<li><a href=\"https:\/\/youtu.be\/q3rZCH9uOOE\">V\u00eddeo de la Sesi\u00f3n<\/a><\/li>\n<\/ul>\n<h3>Contenido<\/h3>\n<ul>\n<li>TEE\/RAP\/020\/2024 <strong>Acuerdo Plenario<\/strong> &#8211; PT<\/li>\n<li>TEE\/JEC\/035\/2024 <strong>Acuerdo Plenario<\/strong> &#8211; Yasm\u00edn Zoraida Silva S\u00e1nchez<\/li>\n<li>TEE\/JEC\/134\/2024 <strong>Acuerdo Plenario<\/strong> &#8211; Carlos Roberto Mendiola Alberto<\/li>\n<li>TEE\/JEC\/133\/2024 y TEE\/RAP\/032\/2024, acumulados &#8211; Bonfilio Rufino Morales y PRD<\/li>\n<li>TEE\/JEC\/081\/2024 y TEE\/JEC\/129\/2024, acumulados <strong>Acuerdo Plenario<\/strong> &#8211; Nelzon Garc\u00eda Morales y otras personas<\/li>\n<li>TEE\/JEC\/151\/2024 &#8211; Silvia Alem\u00e1n Mundo<\/li>\n<li>TEE\/JEC\/153\/2024 &#8211; Silvia Alem\u00e1n Mundo<\/li>\n<li>TEE\/JEC\/158\/2024 &#8211; Gaudencio V\u00e1zquez Neri otras personas<\/li>\n<li>TEE\/JEC\/147\/2024 &#8211; Isis Cardoso Reyes y otra persona<\/li>\n<li>TEE\/RAP\/036\/2024 &#8211; PT<\/li>\n<\/ul>\n<p> <a href=\"https:\/\/teegro.gob.mx\/sitio2025\/trigesima-cuarta-sesion-25-de-mayo\/#more-14730\" class=\"more-link\"><span aria-label=\"Sigue leyendo Trig\u00e9sima Cuarta Sesi\u00f3n &#8211; 25 de Mayo\">(m\u00e1s&hellip;)<\/span><\/a><\/p>\n<\/div><\/li><li class=\"listing-item\"><a class=\"title\" href=\"https:\/\/teegro.gob.mx\/sitio2025\/trigesima-tercera-sesion-22-de-mayo\/\">Trig\u00e9sima Tercera Sesi\u00f3n &#8211; 23 de Mayo<\/a><div class=\"content\"><ul>\n<li><a href=\"https:\/\/teegro.gob.mx\/sitio2023\/wp-content\/uploads\/2024\/05\/Lista230524.pdf\">Orden del d\u00eda<\/a><\/li>\n<li><a href=\"https:\/\/youtu.be\/bhQp7bxE_aI\">V\u00eddeo de la Sesi\u00f3n<\/a><\/li>\n<\/ul>\n<h3>Contenido<\/h3>\n<ul>\n<li>TEE\/JEC\/019\/2024 <strong>Acuerdo Plenario<\/strong> &#8211; Misael Bruno Arriaga<\/li>\n<li>TEE\/JEC\/049\/2024, TEE\/JEC\/050\/2024, TEE\/JEC\/051\/2024, TEE\/JEC\/052\/2024, TEE\/JEC\/053\/2024, TEE\/JEC\/054\/2024 y TEE\/RAP\/025\/2024 Acumulados <strong>Acuerdo Plenario<\/strong> &#8211; L\u00e1zaro Jacobo Jacobo y otras personas<\/li>\n<li>TEE\/JEC\/087\/2024 y sus acumulados<strong> Acuerdo Plenario<\/strong> &#8211; PMA, Hermelindo Ortiz Leal y otras personas<\/li>\n<li>TEE\/JEC\/024\/2024 <strong>Acuerdo Plenario<\/strong> &#8211; Adolfo Alberto Sol\u00eds Maganda<\/li>\n<li>TEE\/RAP\/018\/2024, TEE\/JEC\/058\/2024, TEE\/JEC\/061\/2024, TEE\/JEC\/062\/2024, TEE\/JEC\/119\/2024 y TEE\/JEC\/130\/2024, acumulados <strong>Acuerdo Plenario <\/strong>&#8211; PESG<\/li>\n<li>TEE\/JEC\/106\/2024 y TEE\/JEC\/107\/2024, acumulados <strong>Acuerdo Plenario<\/strong> &#8211; Joaqu\u00edn Hern\u00e1ndez Silva y otra persona<\/li>\n<li>TEE\/JEC\/121\/2024 <strong>Acuerdo Plenario<\/strong> &#8211; Silvia Alem\u00e1n Mundo<\/li>\n<li>TEE\/RAP\/034\/2024 <strong>Acuerdo Plenario<\/strong> &#8211; MC<\/li>\n<li>TEE\/JEC\/072\/2024, TEE\/JEC\/073\/2024, TEE\/JEC\/074\/2024, TEE\/JEC\/075\/2024, TEE\/JEC\/076\/2024, TEE\/JEC\/077\/2024, TEE\/JEC\/078\/2024, TEE\/JEC\/079\/2024 y&nbsp;&nbsp;&nbsp; TEE\/RAP\/021\/2024 acumulados <strong>Acuerdo Plenario<\/strong> &#8211; Agust\u00edn Flores Astudillo, PBG y otras personas<\/li>\n<li>TEE\/LCI\/026\/2024 &#8211; Berta Mar\u00eda Guill\u00e9n Jim\u00e9nez<\/li>\n<li>TEE\/JEC\/136\/2024 &#8211; Idelfonso Montealegre V\u00e1zquez y otros<\/li>\n<li>TEE\/JEC\/148\/2024 &#8211; Mar\u00eda Eugenia Salgado Guzm\u00e1n<\/li>\n<li>TEE\/JEC\/150\/2024 &#8211; Irma Lilia Garz\u00f3n Bernal y otra persona<\/li>\n<li>TEE\/JEC\/149\/2024 &#8211; Crisp\u00edn Garc\u00eda Hern\u00e1ndez<\/li>\n<li>TEE\/JEC\/154\/2024 &#8211; Silvia Alem\u00e1n Mundo<\/li>\n<li>TEE\/LCI\/020\/2024 &#8211; Citlali Xinol Adame<\/li>\n<li>TEE\/LCI\/025\/2024 &#8211; Ignacio Dom\u00ednguez Flores<\/li>\n<\/ul>\n<p> <a href=\"https:\/\/teegro.gob.mx\/sitio2025\/trigesima-tercera-sesion-22-de-mayo\/#more-14698\" class=\"more-link\"><span aria-label=\"Sigue leyendo Trig\u00e9sima Tercera Sesi\u00f3n &#8211; 23 de Mayo\">(m\u00e1s&hellip;)<\/span><\/a><\/p>\n<\/div><\/li><li class=\"listing-item\"><a class=\"title\" href=\"https:\/\/teegro.gob.mx\/sitio2025\/trigesima-segunda-sesion-20-de-mayo\/\">Trig\u00e9sima Segunda Sesi\u00f3n &#8211; 20 de Mayo<\/a><div class=\"content\"><ul>\n<li><a href=\"https:\/\/teegro.gob.mx\/sitio2023\/wp-content\/uploads\/2024\/05\/Lista200524.pdf\">Orden del d\u00eda<\/a><\/li>\n<li><a href=\"https:\/\/youtu.be\/Af4Ey7qe9OA\">V\u00eddeo de la Sesi\u00f3n<\/a><\/li>\n<\/ul>\n<h3>Contenido<\/h3>\n<ul>\n<li>TEE\/JEC\/064\/2024, TEE\/JEC\/065\/2024, TEE\/JEC\/066\/2024, TEE\/JEC\/067\/2024, TEE\/JEC\/068\/2024, TEE\/JEC\/069\/2024, TEE\/JEC\/070\/2024 y TEE\/JEC\/071\/2024, acumulados <strong>Acuerdo Plenario<\/strong> &#8211; Dora Lilia Soriano V\u00e1zquez y otras personas<\/li>\n<li>TEE\/JEC\/083\/2024 <strong>Acuerdo Plenario<\/strong> &#8211; Proceso Gonz\u00e1lez Calleja<\/li>\n<li>TEE\/JEC\/072\/2024, TEE\/JEC\/073\/2024, TEE\/JEC\/074\/2024, TEE\/JEC\/075\/2024, TEE\/JEC\/076\/2024, TEE\/JEC\/077\/2024, TEE\/JEC\/078\/2024, TEE\/JEC\/079\/2024 y TEE\/RAP\/021\/2024 acumulados <strong>Acuerdo Plenario<\/strong> &#8211; Agust\u00edn Flores Astudillo,&nbsp; PBG y otras personas<\/li>\n<li>TEE\/JEC\/141\/2024, TEE\/JEC\/143\/2024, TEE\/JEC\/144\/2024 y TEE\/JEC\/145\/2024 acumulados &#8211; Aurora Hidalgo Chino, Mildred Andrea Olguin, Ma. del Carmen Acosta Orbe, Celsa Barrera Mendoza y otras personas<\/li>\n<li>TEE\/PES\/014\/2024 &#8211; Dato protegido<\/li>\n<li>TEE\/RAP\/020\/2024 &#8211; PT<\/li>\n<li>TEE\/JEC\/140\/2024 &#8211; Kandy Salima Salas del Valle<\/li>\n<li>TEE\/PES\/015\/2024 &#8211; MORENA<\/li>\n<li>TEE\/PES\/016\/2024 &#8211; Sandra Vel\u00e1zquez Lara<\/li>\n<\/ul>\n<p> <a href=\"https:\/\/teegro.gob.mx\/sitio2025\/trigesima-segunda-sesion-20-de-mayo\/#more-14630\" class=\"more-link\"><span aria-label=\"Sigue leyendo Trig\u00e9sima Segunda Sesi\u00f3n &#8211; 20 de Mayo\">(m\u00e1s&hellip;)<\/span><\/a><\/p>\n<\/div><\/li><li class=\"listing-item\"><a class=\"title\" href=\"https:\/\/teegro.gob.mx\/sitio2025\/trigesima-primera-sesion-15-de-mayo\/\">Trig\u00e9sima Primera Sesi\u00f3n &#8211; 17 de Mayo<\/a><div class=\"content\"><ul>\n<li><a href=\"https:\/\/teegro.gob.mx\/sitio2023\/wp-content\/uploads\/2024\/05\/Lista170524.pdf\">Orden del d\u00eda<\/a><\/li>\n<li><a href=\"https:\/\/youtu.be\/-9by6LT4eG0\">V\u00eddeo de la Sesi\u00f3n<\/a><\/li>\n<\/ul>\n<h3>Contenido<\/h3>\n<ul>\n<li>TEE\/JEC\/022\/2024 Y TEE\/JEC\/029\/2024 acumulados <strong>Acuerdo Plenario<\/strong> &#8211; Arturo Flores Mercado y Abimael Salgado Salgado<\/li>\n<li>TEE\/JEC\/026\/2024, TEE\/JEC\/027\/2024 y TEE\/JEC\/031\/2024 acumulados <strong>Acuerdo Plenario<\/strong> &#8211; Juan Velenzo Villanueva, Euripides Ram\u00edrez Gonzaga, Roberto Bahena Camarillo y Kandy Salima Salas Del Valle<\/li>\n<li>TEE\/JEC\/036\/2024 <strong>Acuerdo Plenario<\/strong> &#8211; Georgina de la Cruz Galeana<\/li>\n<li>TEE\/JEC\/115\/2024, TEE\/JEC\/120\/2024 y TEE\/RAP\/033\/2024 acumulados<strong> Acuerdo Plenario<\/strong> &#8211; Antonio Reyes Garc\u00eda y otras personas<\/li>\n<li>TEE\/JEC\/021\/2024<strong> Acuerdo Plenario<\/strong> &#8211; Rosa Arely Hern\u00e1ndez Mart\u00ednez<\/li>\n<li>TEE\/JEC\/030\/2024 <strong>Acuerdo Plenario<\/strong> &#8211; Idelfonso Montealegre V\u00e1zquez y otras personas<\/li>\n<li>TEE\/JEC\/034\/2024<strong> Acuerdo Plenario<\/strong> &#8211; Silvia Alem\u00e1n Mundo<\/li>\n<li>TEE\/JEC\/039\/2024<strong> Acuerdo Plenario<\/strong> &#8211; Juan Romel Leal Ocampo<\/li>\n<li>TEE\/JEC\/116\/2024 y sus acumulados TEE\/JEC\/117\/2024, TEE\/RAP\/028\/2024 y TEE\/JEC\/118\/2024 <strong>Acuerdo Plenario<\/strong> &#8211; Carlos Ocampo Ocampo, Naydelin Pineda Pineda, MC, Dana Jolette Pastrana Ventura y otras personas<\/li>\n<li>TEE\/PES\/013\/2024 &#8211; Ad\u00e1n Reyna Rosales<\/li>\n<li>TEE\/LCI\/021\/2024 &#8211; J\u00e9ssica V\u00e1zquez Moreno<\/li>\n<li>TEE\/JEC\/063\/2024 &#8211; Rosa Arely Hern\u00e1ndez Mart\u00ednez<\/li>\n<li>TEE\/JEC\/138\/2024 &#8211; Jes\u00fas \u00c1lvarez S\u00e1nchez<\/li>\n<li>TEE\/JEC\/106\/2024 y TEE\/JEC\/107\/2024, acumulados &#8211; Joaqu\u00edn Hern\u00e1ndez Silva y S\u00f3crates Benjam\u00edn Cris\u00f3stomo<\/li>\n<li>TEE\/JEC\/137\/2024 &#8211; Georgina De La Cruz Galeana<\/li>\n<li>TEE\/JEC\/142\/2024 &#8211; Guillermo Miranda Rom\u00e1n<\/li>\n<li>TEE\/LCT\/024\/2024 &#8211; Jos\u00e9 Nolan Tapia Mora<\/li>\n<\/ul>\n<p> <a href=\"https:\/\/teegro.gob.mx\/sitio2025\/trigesima-primera-sesion-15-de-mayo\/#more-14598\" class=\"more-link\"><span aria-label=\"Sigue leyendo Trig\u00e9sima Primera Sesi\u00f3n &#8211; 17 de Mayo\">(m\u00e1s&hellip;)<\/span><\/a><\/p>\n<\/div><\/li><li class=\"listing-item\"><a class=\"title\" href=\"https:\/\/teegro.gob.mx\/sitio2025\/trigesima-sesion-15-de-mayo\/\">Trig\u00e9sima Sesi\u00f3n &#8211; 15 de Mayo<\/a><div class=\"content\"><ul>\n<li><a href=\"https:\/\/teegro.gob.mx\/sitio2023\/wp-content\/uploads\/2024\/05\/Lista150524.pdf\">Orden del d\u00eda<\/a><\/li>\n<li><a href=\"https:\/\/youtu.be\/vy68CmSCCeo\">V\u00eddeo de la Sesi\u00f3n<\/a><\/li>\n<\/ul>\n<h3>Contenido<\/h3>\n<ul>\n<li>TEE\/PES\/011\/2024 &#8211; Rosal\u00eda Alberto Rosas<\/li>\n<li>TEE\/JEC\/139\/2024 &#8211; Galdino Nava D\u00edaz<\/li>\n<li>TEE\/PES\/012\/2024 &#8211; PAN<\/li>\n<\/ul>\n<p> <a href=\"https:\/\/teegro.gob.mx\/sitio2025\/trigesima-sesion-15-de-mayo\/#more-14562\" class=\"more-link\"><span aria-label=\"Sigue leyendo Trig\u00e9sima Sesi\u00f3n &#8211; 15 de Mayo\">(m\u00e1s&hellip;)<\/span><\/a><\/p>\n<\/div><\/li><li class=\"listing-item\"><a class=\"title\" href=\"https:\/\/teegro.gob.mx\/sitio2025\/vigesima-octava-sesion-14-de-mayo\/\">Vig\u00e9sima Novena Sesi\u00f3n &#8211; 14 de Mayo<\/a><div class=\"content\"><ul>\n<li><a href=\"https:\/\/teegro.gob.mx\/sitio2023\/wp-content\/uploads\/2024\/05\/Lista140524.pdf\">Orden del d\u00eda<\/a><\/li>\n<li><a href=\"https:\/\/youtu.be\/Kx0Adcl3KQ0\">V\u00eddeo de la Sesi\u00f3n<\/a><\/li>\n<\/ul>\n<h3>Contenido<\/h3>\n<ul>\n<li>TEE\/JEC\/037\/2024 <strong>Acuerdo Plenario<\/strong> &#8211; Bernardo V\u00e1zquez Pareja<\/li>\n<li>TEE\/JEC\/048\/2024<strong> Acuerdo Plenario<\/strong> &#8211; Silvio Julio Jim\u00e9nez Salinas<\/li>\n<li>TEE\/JEC\/064\/2024, TEE\/JEC\/065\/2024, TEE\/JEC\/066\/2024, TEE\/JEC\/067\/2024, TEE\/JEC\/068\/2024, TEE\/JEC\/069\/2024, TEE\/JEC\/070\/2024 y TEE\/JEC\/071\/2024 acumulados &#8211; Dora Lilia Soriano V\u00e1zquez y otras personas<\/li>\n<li>TEE\/JEC\/115\/2024, TEE\/JEC\/120\/2024 y TEE\/RAP\/033\/2024, acumulados &#8211; Antonio Reyes Garc\u00eda y otras personas<\/li>\n<li>TEE\/LCT\/023\/2024 &#8211; Diana Marely Patr\u00f3n V\u00e9lez<\/li>\n<\/ul>\n<p> <a href=\"https:\/\/teegro.gob.mx\/sitio2025\/vigesima-octava-sesion-14-de-mayo\/#more-14542\" class=\"more-link\"><span aria-label=\"Sigue leyendo Vig\u00e9sima Novena Sesi\u00f3n &#8211; 14 de Mayo\">(m\u00e1s&hellip;)<\/span><\/a><\/p>\n<\/div><\/li><\/ul><\/p><\/div>\n                <\/div><div class=\"eael-accordion-list\">\n                <div id=\"abril\" class=\"elementor-tab-title eael-accordion-header\" tabindex=\"0\" data-tab=\"9\" aria-controls=\"elementor-tab-content-5569\"><span class=\"eael-advanced-accordion-icon-closed\"><i aria-hidden=\"true\" class=\"fa-accordion-icon fas fa-plus\"><\/i><\/span><span class=\"eael-advanced-accordion-icon-opened\"><i aria-hidden=\"true\" class=\"fa-accordion-icon fas fa-minus\"><\/i><\/span><span class=\"eael-accordion-tab-title\">Abril<\/span><i aria-hidden=\"true\" class=\"fa-toggle fas fa-angle-right\"><\/i><\/div><div id=\"elementor-tab-content-5569\" class=\"eael-accordion-content clearfix\" data-tab=\"9\" aria-labelledby=\"abril\"><p><ul class=\"display-posts-listing\"><li class=\"listing-item\"><a class=\"title\" href=\"https:\/\/teegro.gob.mx\/sitio2025\/vigesima-primera-sesion-27-de-abril\/\">Vig\u00e9sima Primera Sesi\u00f3n &#8211; 27 de Abril<\/a><div class=\"content\"><ul>\n<li><a href=\"https:\/\/teegro.gob.mx\/sitio2023\/wp-content\/uploads\/2024\/04\/Lista270424.pdf\">Orden del d\u00eda<\/a><\/li>\n<li><a href=\"https:\/\/youtu.be\/bwx5xSH6DcI\">V\u00eddeo de la Sesi\u00f3n<\/a><\/li>\n<\/ul>\n<h3>Contenido<\/h3>\n<ul>\n<li>TEE\/JEC\/020\/2024 <strong>Acuerdo Plenario<\/strong> &#8211; Luis Gerardo Padilla Cabrera<\/li>\n<li>TEE\/JEC\/053\/2023<strong> Acuerdo Plenario<\/strong> &#8211; Gregorio Zarate Bautista y otra persona<\/li>\n<li>TEE\/JEC\/026\/2024, TEE\/JEC\/027\/2024 Y TEE\/JEC\/031\/2024, acumulados &#8211; Juan Valenzo Villanueva, Eur\u00edpides Ram\u00edrez Gonzaga, Roberto Bahena Camarillo y Kandy Salima Salas del Valle<\/li>\n<li>TEE\/JEC\/033\/2024 Y TEE\/JEC\/041\/2024 acumulados &#8211; Bernardo V\u00e1zquez Pareja y Socorro V\u00e1zquez Jer\u00f3nimo<\/li>\n<li>TEE\/JEC\/037\/2024 &#8211; Bernardo V\u00e1zquez Pareja<\/li>\n<li>TEE\/JEC\/039\/2024 &#8211; Juan Romel Leal Ocampo<\/li>\n<\/ul>\n<p> <a href=\"https:\/\/teegro.gob.mx\/sitio2025\/vigesima-primera-sesion-27-de-abril\/#more-14179\" class=\"more-link\"><span aria-label=\"Sigue leyendo Vig\u00e9sima Primera Sesi\u00f3n &#8211; 27 de Abril\">(m\u00e1s&hellip;)<\/span><\/a><\/p>\n<\/div><\/li><li class=\"listing-item\"><a class=\"title\" href=\"https:\/\/teegro.gob.mx\/sitio2025\/vigesima-sesion-26-de-abril\/\">Vig\u00e9sima Sesi\u00f3n &#8211; 26 de Abril<\/a><div class=\"content\"><ul>\n<li><a href=\"https:\/\/teegro.gob.mx\/sitio2023\/wp-content\/uploads\/2024\/04\/Lista260424.pdf\">Orden del d\u00eda<\/a><\/li>\n<li><a href=\"https:\/\/youtu.be\/VX-XOK9f1GU\">V\u00eddeo de la Sesi\u00f3n<\/a><\/li>\n<\/ul>\n<h3>Contenido<\/h3>\n<ul>\n<li>TEE\/JEC\/047\/2024 &#8211; Fernando Iv\u00e1n Lagunas Ayala y otras personas<\/li>\n<\/ul>\n<p> <a href=\"https:\/\/teegro.gob.mx\/sitio2025\/vigesima-sesion-26-de-abril\/#more-14170\" class=\"more-link\"><span aria-label=\"Sigue leyendo Vig\u00e9sima Sesi\u00f3n &#8211; 26 de Abril\">(m\u00e1s&hellip;)<\/span><\/a><\/p>\n<\/div><\/li><li class=\"listing-item\"><a class=\"title\" href=\"https:\/\/teegro.gob.mx\/sitio2025\/decima-novena-sesion-23-de-abril\/\">D\u00e9cima Novena Sesi\u00f3n &#8211; 23 de Abril<\/a><div class=\"content\"><ul>\n<li><a href=\"https:\/\/teegro.gob.mx\/sitio2023\/wp-content\/uploads\/2024\/04\/Lista230424.pdf\">Orden del d\u00eda<\/a><\/li>\n<li><a href=\"https:\/\/youtu.be\/X5q-0ABd8g4\">V\u00eddeo de la Sesi\u00f3n<\/a><\/li>\n<\/ul>\n<h3>Contenido<\/h3>\n<ul>\n<li>TEE\/JEC\/009\/2024 <strong>Acuerdo Plenario<\/strong> &#8211; Demian Miranda Morales<\/li>\n<li>TEE\/JEC\/013\/2024 <strong>Acuerdo Plenario<\/strong> &#8211; Proceso Gonz\u00e1lez Calleja<\/li>\n<li>TEE\/RAP\/017\/2024 &#8211; MORENA<\/li>\n<li>TEE\/JEC\/023\/2024 &#8211; Carlos Roberto Mendiola Alberto<\/li>\n<li>TEE\/JEC\/024\/2024 &#8211; Adolfo Alberto Sol\u00eds Maganda<\/li>\n<li>TEE\/JEC\/035\/2024 &#8211; Yasm\u00edn Zoraida Silva S\u00e1nchez<\/li>\n<li>TEE\/JEC\/036\/2024 &#8211; Georgina de la Cruz Galeana<\/li>\n<li>TEE\/PES\/007\/2024 &#8211; Raquel Garc\u00eda Ordu\u00f1o<\/li>\n<\/ul>\n<p> <a href=\"https:\/\/teegro.gob.mx\/sitio2025\/decima-novena-sesion-23-de-abril\/#more-14086\" class=\"more-link\"><span aria-label=\"Sigue leyendo D\u00e9cima Novena Sesi\u00f3n &#8211; 23 de Abril\">(m\u00e1s&hellip;)<\/span><\/a><\/p>\n<\/div><\/li><li class=\"listing-item\"><a class=\"title\" href=\"https:\/\/teegro.gob.mx\/sitio2025\/decima-octava-sesion-17-de-abril\/\">D\u00e9cima Octava Sesi\u00f3n &#8211; 17 de Abril<\/a><div class=\"content\"><ul>\n<li><a href=\"https:\/\/teegro.gob.mx\/sitio2023\/wp-content\/uploads\/2024\/04\/Lista_170424.pdf\">Orden del d\u00eda<\/a><\/li>\n<li><a href=\"https:\/\/youtu.be\/GwaWvPWVQ8w\">V\u00eddeo de la Sesi\u00f3n<\/a><\/li>\n<\/ul>\n<h3>Contenido<\/h3>\n<ul>\n<li>TEE\/JEC\/022\/2024 y TEE\/JEC\/029\/2024, acumulados <strong>Acuerdo Plenario<\/strong> &#8211; Arturo Flores Mercado y Abimael Salgado Salgado<\/li>\n<li>TEE\/JEC\/010\/2024 <strong>Acuerdo Plenario<\/strong> &#8211; Javier V\u00e1zquez Ayala<\/li>\n<li>TEE\/JEC\/020\/2024 <strong>Acuerdo Plenario<\/strong> &#8211; Luis Gerardo Padilla Cabrera<\/li>\n<li>TEE\/JEC\/012\/2024 <strong>Acuerdo Plenario<\/strong> &#8211; Guadalupe Gonz\u00e1lez Su\u00e1stegui<\/li>\n<li>TEE\/JEC\/021\/2024<strong> Acuerdo Plenario<\/strong> &#8211; Rosa Arely Hern\u00e1ndez Mart\u00ednez<\/li>\n<li>TEE\/JEC\/019\/2024 &#8211; Misael Bruno Arriaga<\/li>\n<li>TEE\/RAP\/007\/2024 &#8211; Miguel \u00c1ngel Rendon Liborio<\/li>\n<li>TEE\/LCI\/019\/2024 &#8211; Osiris Flores Bautista<\/li>\n<li>TEE\/JEC\/028\/2024 &#8211; Bernab\u00e9 V\u00e1zquez Morales<\/li>\n<li>TEE\/JEC\/040\/2024 &#8211; \u00c1ngel Andr\u00e9s Suazo Rodr\u00edguez<\/li>\n<li>TEE\/JEC\/008\/2024 &#8211; Guadalupe Gonz\u00e1lez Su\u00e1stegui<\/li>\n<li>TEE\/JEC\/025\/2024 &#8211; Javier V\u00e1zquez Ayala<\/li>\n<li>TEE\/JEC\/030\/2024 &#8211; Idelfonso Montealegre V\u00e1zquez y otras personas<\/li>\n<li>TEE\/JEC\/034\/2024 &#8211; Silvia Alem\u00e1n Mundo<\/li>\n<\/ul>\n<p> <a href=\"https:\/\/teegro.gob.mx\/sitio2025\/decima-octava-sesion-17-de-abril\/#more-13945\" class=\"more-link\"><span aria-label=\"Sigue leyendo D\u00e9cima Octava Sesi\u00f3n &#8211; 17 de Abril\">(m\u00e1s&hellip;)<\/span><\/a><\/p>\n<\/div><\/li><li class=\"listing-item\"><a class=\"title\" href=\"https:\/\/teegro.gob.mx\/sitio2025\/decima-septima-sesion-11-de-abril\/\">D\u00e9cima S\u00e9ptima Sesi\u00f3n &#8211; 11 de Abril<\/a><div class=\"content\"><ul>\n<li><a href=\"https:\/\/teegro.gob.mx\/sitio2023\/wp-content\/uploads\/2024\/04\/Lista110424.pdf\">Orden del d\u00eda<\/a><\/li>\n<li><a href=\"https:\/\/youtu.be\/JxkBtBu50rA\">V\u00eddeo de la Sesi\u00f3n<\/a><\/li>\n<\/ul>\n<h3>Contenido<\/h3>\n<ul>\n<li>TEE\/RAP\/015\/2024 <strong>Acuerdo Plenario<\/strong> &#8211; PESG<\/li>\n<li>TEE\/JEC\/033\/2024 <strong>Acuerdo Plenario<\/strong> &#8211; Bernardo V\u00e1zquez Pareja<\/li>\n<li>TEE\/JEC\/014\/2024 &#8211; Misael Bruno Arriaga<\/li>\n<li>TEE\/JEC\/015\/2024, TEE\/JEC\/016\/2024 y TEE\/JEC\/017\/2024, acumulados &#8211; Adolfo Alberto Sol\u00eds Mangada, Georgina de la Cruz Galeana y Carlos Roberto Mendiola Alberto<\/li>\n<li>TEE\/JEC\/018\/2024 &#8211; Idelfonso Montealegre V\u00e1zquez y otras personas<\/li>\n<li>TEE\/LCI\/013\/2024 &#8211; Ren\u00e9 Barrag\u00e1n Moreno<\/li>\n<li>TEE\/LCI\/017\/2024 &#8211; Luis Alberto Castorena Franco<\/li>\n<li>TEE\/LCI\/018\/2024 &#8211; Samuel Ram\u00edrez Carrasco<\/li>\n<li>TEE\/LCI\/016\/2024 &#8211; Jos\u00e9 Francisco Gonz\u00e1lez Su\u00e1stegui<\/li>\n<\/ul>\n<p> <a href=\"https:\/\/teegro.gob.mx\/sitio2025\/decima-septima-sesion-11-de-abril\/#more-13621\" class=\"more-link\"><span aria-label=\"Sigue leyendo D\u00e9cima S\u00e9ptima Sesi\u00f3n &#8211; 11 de Abril\">(m\u00e1s&hellip;)<\/span><\/a><\/p>\n<\/div><\/li><li class=\"listing-item\"><a class=\"title\" href=\"https:\/\/teegro.gob.mx\/sitio2025\/decima-sexta-sesion-04-de-abril\/\">D\u00e9cima Sexta Sesi\u00f3n &#8211; 04 de Abril<\/a><div class=\"content\"><ul>\n<li><a href=\"https:\/\/teegro.gob.mx\/sitio2023\/wp-content\/uploads\/2024\/04\/Lista040423.pdf\">Orden del d\u00eda<\/a><\/li>\n<li><a href=\"https:\/\/youtu.be\/bOJAjtDtLCE\">V\u00eddeo de la Sesi\u00f3n<\/a><\/li>\n<\/ul>\n<h3>Contenido<\/h3>\n<ul>\n<li>TEE\/JEC\/007\/2024 <strong>Acuerdo Plenario<\/strong> &#8211; El\u00edas Ram\u00edrez Ru\u00edz y otras personas<\/li>\n<li>TEE\/JEC\/012\/2024 &#8211; Guadalupe Gonz\u00e1lez Su\u00e1stegui<\/li>\n<li>TEE\/RAP\/016\/2024 &#8211; Clara Elizabeth Bello R\u00edos<\/li>\n<\/ul>\n<p> <a href=\"https:\/\/teegro.gob.mx\/sitio2025\/decima-sexta-sesion-04-de-abril\/#more-12996\" class=\"more-link\"><span aria-label=\"Sigue leyendo D\u00e9cima Sexta Sesi\u00f3n &#8211; 04 de Abril\">(m\u00e1s&hellip;)<\/span><\/a><\/p>\n<\/div><\/li><\/ul><\/p><\/div>\n                <\/div><div class=\"eael-accordion-list\">\n                <div id=\"marzo\" class=\"elementor-tab-title eael-accordion-header\" tabindex=\"0\" data-tab=\"10\" aria-controls=\"elementor-tab-content-55610\"><span class=\"eael-advanced-accordion-icon-closed\"><i aria-hidden=\"true\" class=\"fa-accordion-icon fas fa-plus\"><\/i><\/span><span class=\"eael-advanced-accordion-icon-opened\"><i aria-hidden=\"true\" class=\"fa-accordion-icon fas fa-minus\"><\/i><\/span><span class=\"eael-accordion-tab-title\">Marzo<\/span><i aria-hidden=\"true\" class=\"fa-toggle fas fa-angle-right\"><\/i><\/div><div id=\"elementor-tab-content-55610\" class=\"eael-accordion-content clearfix\" data-tab=\"10\" aria-labelledby=\"marzo\"><p><ul class=\"display-posts-listing\"><li class=\"listing-item\"><a class=\"title\" href=\"https:\/\/teegro.gob.mx\/sitio2025\/decima-quinta-sesion-21-de-marzo\/\">D\u00e9cima Quinta Sesi\u00f3n &#8211; 27 de Marzo<\/a><div class=\"content\"><ul>\n<li><a href=\"https:\/\/teegro.gob.mx\/sitio2023\/wp-content\/uploads\/2024\/03\/Lista270324.pdf\">Orden del d\u00eda<\/a><\/li>\n<li><a href=\"https:\/\/youtu.be\/zUk8cj0Lz9Q\">V\u00eddeo de la Sesi\u00f3n<\/a><\/li>\n<\/ul>\n<h3>Contenido<\/h3>\n<ul>\n<li>TEE\/JEC\/001\/2024 <strong>Acuerdo Plenario<\/strong> &#8211; Mijane Jim\u00e9nez Salinas<\/li>\n<li>TEE\/JEC\/009\/2024 <strong>Acuerdo Plenario<\/strong> &#8211; Demian Miranda Morales<\/li>\n<li>TEE\/JEC\/013\/2024 <strong>Acuerdo Plenario<\/strong> &#8211; Proceso Gonz\u00e1lez Calleja<\/li>\n<li>TEE\/JEC\/010\/2024 <strong>Acuerdo Plenario<\/strong> &#8211; Javier V\u00e1zquez Ayala<\/li>\n<li>TEE\/JEC\/027\/2023 <strong>Acuerdo Plenario<\/strong> &#8211; Bruno Calixto R\u00edos D\u00edaz<\/li>\n<li>TEE\/JEC\/064\/2023 <strong>Acuerdo Plenario<\/strong> &#8211; Carlos Arturo Mill\u00e1n S\u00e1nchez<\/li>\n<li>TEE\/JEC\/011\/2024 <strong>Acuerdo Plenario<\/strong> &#8211; Hans Alberto Arciniega Miranda<\/li>\n<li>TEE\/PES\/006\/2024 &#8211; MORENA<\/li>\n<li>TEE\/RAP\/015\/2024 &#8211; PESG<\/li>\n<li>TEE\/LCI\/015\/2024 &#8211; Miguel \u00c1ngel Oliveros Mart\u00ednez<\/li>\n<\/ul>\n<p> <a href=\"https:\/\/teegro.gob.mx\/sitio2025\/decima-quinta-sesion-21-de-marzo\/#more-12952\" class=\"more-link\"><span aria-label=\"Sigue leyendo D\u00e9cima Quinta Sesi\u00f3n &#8211; 27 de Marzo\">(m\u00e1s&hellip;)<\/span><\/a><\/p>\n<\/div><\/li><li class=\"listing-item\"><a class=\"title\" href=\"https:\/\/teegro.gob.mx\/sitio2025\/decima-cuarta-sesion-21-de-marzo\/\">D\u00e9cima Cuarta Sesi\u00f3n &#8211; 21 de Marzo<\/a><div class=\"content\"><ul>\n<li><a href=\"https:\/\/teegro.gob.mx\/sitio2023\/wp-content\/uploads\/2024\/03\/Lista210324.pdf\">Orden del d\u00eda<\/a><\/li>\n<li><a href=\"https:\/\/youtu.be\/pz_lf0QzsFU\">V\u00eddeo de la Sesi\u00f3n<\/a><\/li>\n<\/ul>\n<h3>Contenido<\/h3>\n<ul>\n<li>TEE\/JEC\/004\/2023 <strong>Acuerdo Plenario<\/strong> &#8211; Artemio Le\u00f3n Leal<\/li>\n<li>TEE\/JEC\/076\/2023, TEE\/JEC\/077\/2023, TEE\/JEC\/078\/2023, TEE\/JEC\/079\/2023, TEE\/JEC\/080\/2023 y TEE\/RAP\/021\/2023, acumulados <strong>Acuerdo Plenario<\/strong> &#8211; PRI<\/li>\n<li>TEE\/PES\/005\/2024 &#8211; Morena<\/li>\n<li>TEE\/JEC\/006\/2024 &#8211; Guadalupe Ch\u00e1vez Hern\u00e1ndez<\/li>\n<li>TEE\/RAP\/014\/2024 &#8211; Morena<\/li>\n<\/ul>\n<p> <a href=\"https:\/\/teegro.gob.mx\/sitio2025\/decima-cuarta-sesion-21-de-marzo\/#more-12931\" class=\"more-link\"><span aria-label=\"Sigue leyendo D\u00e9cima Cuarta Sesi\u00f3n &#8211; 21 de Marzo\">(m\u00e1s&hellip;)<\/span><\/a><\/p>\n<\/div><\/li><li class=\"listing-item\"><a class=\"title\" href=\"https:\/\/teegro.gob.mx\/sitio2025\/decima-tercera-sesion-15-de-marzo\/\">D\u00e9cima Tercera Sesi\u00f3n &#8211; 15 de Marzo<\/a><div class=\"content\"><ul>\n<li><a href=\"https:\/\/teegro.gob.mx\/sitio2023\/wp-content\/uploads\/2024\/03\/Lista150324.pdf\">Orden del d\u00eda<\/a><\/li>\n<li><a href=\"https:\/\/youtu.be\/qjwsiBInPaE\">V\u00eddeo de la Sesi\u00f3n<\/a><\/li>\n<\/ul>\n<h3>Contenido<\/h3>\n<ul>\n<li>TEE\/JEC\/004\/2024 <strong>Acuerdo Plenario<\/strong> &#8211; Alberto Castorena Catal\u00e1n y otra persona<\/li>\n<li>TEE\/JEC\/085\/2023 &#8211; Mois\u00e9s N\u00fa\u00f1ez Rayo<\/li>\n<li>TEE\/RAP\/013\/2024 &#8211; Representante del Partido Morena<\/li>\n<li>TEE\/LCT\/014\/2024 &#8211; Jarin Elyasib Goicochea Diaz<\/li>\n<\/ul>\n<p> <a href=\"https:\/\/teegro.gob.mx\/sitio2025\/decima-tercera-sesion-15-de-marzo\/#more-12912\" class=\"more-link\"><span aria-label=\"Sigue leyendo D\u00e9cima Tercera Sesi\u00f3n &#8211; 15 de Marzo\">(m\u00e1s&hellip;)<\/span><\/a><\/p>\n<\/div><\/li><li class=\"listing-item\"><a class=\"title\" href=\"https:\/\/teegro.gob.mx\/sitio2025\/decima-segunda-sesion-06-de-marzo\/\">D\u00e9cima Segunda Sesi\u00f3n &#8211; 06 de Marzo<\/a><div class=\"content\"><ul>\n<li><a href=\"https:\/\/teegro.gob.mx\/sitio2023\/wp-content\/uploads\/2024\/03\/Lista060324.pdf\">Orden del d\u00eda<\/a><\/li>\n<li><a href=\"https:\/\/youtu.be\/Q8rEqBbUvxA\">V\u00eddeo de la Sesi\u00f3n<\/a><\/li>\n<\/ul>\n<h3>Contenido<\/h3>\n<ul>\n<li>TEE\/JEL\/001\/2024 &#8211; Luz Fabiola Matildez Gama<\/li>\n<li>TEE\/JEC\/003\/2024 &#8211; Baltazar Villanueva Andrade<\/li>\n<\/ul>\n<p> <a href=\"https:\/\/teegro.gob.mx\/sitio2025\/decima-segunda-sesion-06-de-marzo\/#more-12862\" class=\"more-link\"><span aria-label=\"Sigue leyendo D\u00e9cima Segunda Sesi\u00f3n &#8211; 06 de Marzo\">(m\u00e1s&hellip;)<\/span><\/a><\/p>\n<\/div><\/li><\/ul><\/p><\/div>\n                <\/div><div class=\"eael-accordion-list\">\n                <div id=\"febrero\" class=\"elementor-tab-title eael-accordion-header\" tabindex=\"0\" data-tab=\"11\" aria-controls=\"elementor-tab-content-55611\"><span class=\"eael-advanced-accordion-icon-closed\"><i aria-hidden=\"true\" class=\"fa-accordion-icon fas fa-plus\"><\/i><\/span><span class=\"eael-advanced-accordion-icon-opened\"><i aria-hidden=\"true\" class=\"fa-accordion-icon fas fa-minus\"><\/i><\/span><span class=\"eael-accordion-tab-title\">Febrero<\/span><i aria-hidden=\"true\" class=\"fa-toggle fas fa-angle-right\"><\/i><\/div><div id=\"elementor-tab-content-55611\" class=\"eael-accordion-content clearfix\" data-tab=\"11\" aria-labelledby=\"febrero\"><p><ul class=\"display-posts-listing\"><li class=\"listing-item\"><a class=\"title\" href=\"https:\/\/teegro.gob.mx\/sitio2025\/decima-primera-sesion-29-de-febrero\/\">D\u00e9cima Primera Sesi\u00f3n &#8211; 29 de Febrero<\/a><div class=\"content\"><ul>\n<li><a href=\"https:\/\/teegro.gob.mx\/sitio2023\/wp-content\/uploads\/2024\/02\/Lista290224.pdf\">Orden del d\u00eda<\/a><\/li>\n<li><a href=\"https:\/\/youtu.be\/Xqj_bf54WNI\">V\u00eddeo de la Sesi\u00f3n<\/a><\/li>\n<\/ul>\n<h3>Contenido<\/h3>\n<ul>\n<li>TEE\/JEC\/073\/2023 <strong>Acuerdo Plenario<\/strong> &#8211; Nereida de Jes\u00fas Silvar Bravo<\/li>\n<li>TEE\/JEC\/002\/2024 &#8211; Representante del Pueblo Afromexicano ante el Instituto Electoral y de Participaci\u00f3n Ciudadana del Estado de Guerrero<\/li>\n<\/ul>\n<p> <a href=\"https:\/\/teegro.gob.mx\/sitio2025\/decima-primera-sesion-29-de-febrero\/#more-12848\" class=\"more-link\"><span aria-label=\"Sigue leyendo D\u00e9cima Primera Sesi\u00f3n &#8211; 29 de Febrero\">(m\u00e1s&hellip;)<\/span><\/a><\/p>\n<\/div><\/li><li class=\"listing-item\"><a class=\"title\" href=\"https:\/\/teegro.gob.mx\/sitio2025\/novena-sesion-26-de-febrero\/\">D\u00e9cima Sesi\u00f3n &#8211; 26 de Febrero<\/a><div class=\"content\"><ul>\n<li><a href=\"https:\/\/teegro.gob.mx\/sitio2023\/wp-content\/uploads\/2024\/02\/Lista260224.pdf\">Orden del d\u00eda<\/a><\/li>\n<li><a href=\"https:\/\/youtu.be\/SUuwYCtq8Tg\">V\u00eddeo de la Sesi\u00f3n<\/a><\/li>\n<\/ul>\n<h3>Contenido<\/h3>\n<ul>\n<li>TEE\/RAP\/001\/2024,&nbsp; TEE\/RAP\/002\/2024,&nbsp; TEE\/RAP\/003\/2024, TEE\/RAP\/004\/2024, TEE\/RAP\/006\/2024, TEE\/RAP\/008\/2024, TEE\/RAP\/012\/2024 y TEE\/JEL\/002\/2024, acumulados &#8211; Partido Verde Ecologista, Partido de la Revoluci\u00f3n Democr\u00e1tica, Partido Movimiento Laborista Guerrero, Partido Revolucionario Institucional, Partido M\u00e9xico Avanza, Partido Movimiento Ciudadano, Partido de la Sustentabilidad Guerrerense y Consejera Presidenta del Instituto Electoral Local<\/li>\n<li>TEE\/RAP\/005\/2024 &#8211; Representante del Partido de la Revoluci\u00f3n Democr\u00e1tica<\/li>\n<li>TEE\/RAP\/007\/2024 &#8211; Miguel \u00c1ngel Rend\u00f3n Liborio<\/li>\n<li>TEE\/PES\/004\/2024 &#8211; Raquel Garc\u00eda Ordu\u00f1o<\/li>\n<li>TEE\/JEC\/004\/2024 &#8211; Alberta Castorena Catal\u00e1n y otra persona<\/li>\n<li>TEE\/LCI\/012\/2024 &#8211; Carlos Alberto Robles Escobar<\/li>\n<\/ul>\n<p> <a href=\"https:\/\/teegro.gob.mx\/sitio2025\/novena-sesion-26-de-febrero\/#more-12822\" class=\"more-link\"><span aria-label=\"Sigue leyendo D\u00e9cima Sesi\u00f3n &#8211; 26 de Febrero\">(m\u00e1s&hellip;)<\/span><\/a><\/p>\n<\/div><\/li><li class=\"listing-item\"><a class=\"title\" href=\"https:\/\/teegro.gob.mx\/sitio2025\/novena-sesion-22-de-febrero\/\">Novena Sesi\u00f3n &#8211; 22 de Febrero<\/a><div class=\"content\"><ul>\n<li><a href=\"https:\/\/teegro.gob.mx\/sitio2023\/wp-content\/uploads\/2024\/02\/Lista220224.pdf\">Orden del d\u00eda<\/a><\/li>\n<li><a href=\"https:\/\/youtu.be\/Mc4R5SiiN78\">V\u00eddeo de la Sesi\u00f3n<\/a><\/li>\n<\/ul>\n<h3>Contenido<\/h3>\n<ul>\n<li>TEE\/PES\/005\/2023 <strong>Acuerdo Plenario<\/strong> &#8211; Raquel Garc\u00eda Ordu\u00f1o<\/li>\n<li>TEE\/JEC\/082\/2023 &#8211; Silvia Mart\u00ednez Ponce y otra persona<\/li>\n<li>TEE\/JEC\/001\/2024 &#8211; Mijane Jim\u00e9nez Salinas<\/li>\n<li>TEE\/RAP\/010\/2024 &#8211; Representante de Morena<\/li>\n<\/ul>\n<p> <a href=\"https:\/\/teegro.gob.mx\/sitio2025\/novena-sesion-22-de-febrero\/#more-12799\" class=\"more-link\"><span aria-label=\"Sigue leyendo Novena Sesi\u00f3n &#8211; 22 de Febrero\">(m\u00e1s&hellip;)<\/span><\/a><\/p>\n<\/div><\/li><li class=\"listing-item\"><a class=\"title\" href=\"https:\/\/teegro.gob.mx\/sitio2025\/octava-sesion-14-de-febrero\/\">Octava Sesi\u00f3n &#8211; 14 de Febrero<\/a><div class=\"content\"><ul>\n<li><a href=\"https:\/\/teegro.gob.mx\/sitio2023\/wp-content\/uploads\/2024\/02\/Lista140224.pdf\">Orden del d\u00eda<\/a><\/li>\n<li><a href=\"https:\/\/youtu.be\/w2RjKSO-Ae0\">V\u00eddeo de la Sesi\u00f3n<\/a><\/li>\n<\/ul>\n<h3>Contenido<\/h3>\n<ul>\n<li>TEE\/PES\/003\/2023 <strong>Acuerdo Plenario<\/strong> &#8211; Natividad Guadarrama Reyez<\/li>\n<li>TEE\/JEC\/053\/2023 <strong>Acuerdo Plenario<\/strong> &#8211; Gregorio Zarate Bautista y otra persona<\/li>\n<li>TEE\/JEC\/081\/2023 &#8211; Joel \u00c1ngel Romero y otras personas<\/li>\n<li>TEE\/PES\/003\/2024 &#8211; Ramiro Solorio Almaz\u00e1n<\/li>\n<li>TEE\/RAP\/011\/2024 &#8211; Representante de Morena<\/li>\n<li>TEE\/RAP\/009\/2024 &#8211; Representante de Morena<\/li>\n<\/ul>\n<p> <a href=\"https:\/\/teegro.gob.mx\/sitio2025\/octava-sesion-14-de-febrero\/#more-12773\" class=\"more-link\"><span aria-label=\"Sigue leyendo Octava Sesi\u00f3n &#8211; 14 de Febrero\">(m\u00e1s&hellip;)<\/span><\/a><\/p>\n<\/div><\/li><li class=\"listing-item\"><a class=\"title\" href=\"https:\/\/teegro.gob.mx\/sitio2025\/sexta-sesion-08-de-febrero\/\">S\u00e9ptima Sesi\u00f3n &#8211; 08 de Febrero<\/a><div class=\"content\"><ul>\n<li><a href=\"https:\/\/teegro.gob.mx\/sitio2023\/wp-content\/uploads\/2024\/02\/Lista080224.pdf\">Orden del d\u00eda<\/a><\/li>\n<li><a href=\"https:\/\/youtu.be\/tm41nhljWEY\">V\u00eddeo de la Sesi\u00f3n<\/a><\/li>\n<\/ul>\n<h3>Contenido<\/h3>\n<ul>\n<li>TEE\/RAP\/013\/2023, TEE\/RAP\/014\/2023, TEE\/RAP\/016\/2023, TEE\/JEC\/060\/2023 y\u00a0 TEE\/JEC\/061\/2023 Acumulados <strong>Acuerdo Plenario<\/strong> &#8211; Representantes de los Partidos de la Revoluci\u00f3n Democr\u00e1tica, Movimiento de Regeneraci\u00f3n Nacional, Revolucionario Institucional, Mijane Jim\u00e9nez Salinas y Ra\u00fal de Jes\u00fas Cabrera<\/li>\n<li>TEE\/PES\/052\/2021 <strong>Acuerdo Plenario<\/strong> &#8211; Selene Sotelo Maldonado<\/li>\n<li>TEE\/JEC\/027\/2023 <strong>Acuerdo Plenario<\/strong> &#8211; Bruno Calixto R\u00edos D\u00edaz<\/li>\n<li>TEE\/PES\/002\/2024 &#8211; Morena<\/li>\n<li>TEE\/JEC\/070\/2023 &#8211; Magdalena Su\u00e1stegui Moctezuma<\/li>\n<\/ul>\n<p> <a href=\"https:\/\/teegro.gob.mx\/sitio2025\/sexta-sesion-08-de-febrero\/#more-12742\" class=\"more-link\"><span aria-label=\"Sigue leyendo S\u00e9ptima Sesi\u00f3n &#8211; 08 de Febrero\">(m\u00e1s&hellip;)<\/span><\/a><\/p>\n<\/div><\/li><li class=\"listing-item\"><a class=\"title\" href=\"https:\/\/teegro.gob.mx\/sitio2025\/sexta-sesion-01-de-febrero\/\">Sexta Sesi\u00f3n &#8211; 01 de Febrero<\/a><div class=\"content\"><ul>\n<li><a href=\"https:\/\/teegro.gob.mx\/sitio2023\/wp-content\/uploads\/2024\/01\/Lista010224.pdf\">Orden del d\u00eda<\/a><\/li>\n<li><a href=\"https:\/\/youtu.be\/MCM4pVnLjMU\">V\u00eddeo de la Sesi\u00f3n<\/a><\/li>\n<\/ul>\n<h3>Contenido<\/h3>\n<ul>\n<li>TEE\/LCI\/010\/2024 &#8211; Naudith Flores Morales<\/li>\n<li>TEE\/JEC\/003\/2024 &#8211; Baltazar Villanueva Andrade<\/li>\n<li>TEE\/LCI\/008\/2024 &#8211; Jos\u00e9 Arturo Cortes Pastrana<\/li>\n<li>TEE\/JEC\/053\/2023 &#8211; Gregorio Zarate Bautista y otra persona<\/li>\n<li>TEE\/LCT\/009\/2024 &#8211; Antelmo Venegas Barrios<\/li>\n<li>TEE\/LCT\/011\/2024 &#8211; Daniel \u00c1ngel Munivez Mart\u00ednez<\/li>\n<\/ul>\n<p> <a href=\"https:\/\/teegro.gob.mx\/sitio2025\/sexta-sesion-01-de-febrero\/#more-12718\" class=\"more-link\"><span aria-label=\"Sigue leyendo Sexta Sesi\u00f3n &#8211; 01 de Febrero\">(m\u00e1s&hellip;)<\/span><\/a><\/p>\n<\/div><\/li><\/ul><\/p><\/div>\n                <\/div><div class=\"eael-accordion-list\">\n                <div id=\"enero\" class=\"elementor-tab-title eael-accordion-header\" tabindex=\"0\" data-tab=\"12\" aria-controls=\"elementor-tab-content-55612\"><span class=\"eael-advanced-accordion-icon-closed\"><i aria-hidden=\"true\" class=\"fa-accordion-icon fas fa-plus\"><\/i><\/span><span class=\"eael-advanced-accordion-icon-opened\"><i aria-hidden=\"true\" class=\"fa-accordion-icon fas fa-minus\"><\/i><\/span><span class=\"eael-accordion-tab-title\">Enero<\/span><i aria-hidden=\"true\" class=\"fa-toggle fas fa-angle-right\"><\/i><\/div><div id=\"elementor-tab-content-55612\" class=\"eael-accordion-content clearfix\" data-tab=\"12\" aria-labelledby=\"enero\"><p><ul class=\"display-posts-listing\"><li class=\"listing-item\"><a class=\"title\" href=\"https:\/\/teegro.gob.mx\/sitio2025\/quinta-sesion-18-de-enero\/\">Quinta Sesi\u00f3n &#8211; 22 de Enero<\/a><div class=\"content\"><ul>\n<li><a href=\"https:\/\/teegro.gob.mx\/sitio2023\/wp-content\/uploads\/2024\/01\/Lista220124.pdf\">Orden del d\u00eda<\/a><\/li>\n<li><a href=\"https:\/\/youtu.be\/EMPM39I-1yw\">V\u00eddeo de la Sesi\u00f3n<\/a><\/li>\n<\/ul>\n<h3>Contenido<\/h3>\n<ul>\n<li>TEE\/JEC\/069\/2023 <strong>Acuerdo Plenario<\/strong> &#8211; Secretaria General del Partido Movimiento Laborista Guerrero<\/li>\n<li>TEE\/PES\/001\/2024 &#8211; Norma Otilia Hern\u00e1ndez Mart\u00ednez<\/li>\n<li>TEE\/LCI\/001\/2024 &#8211; Rodolfo A\u00f1orve P\u00e9rez<\/li>\n<li>TEE\/LCI\/005\/2024 &#8211; Jes\u00fas Enrique Hern\u00e1ndez Gallardo<\/li>\n<\/ul>\n<p> <a href=\"https:\/\/teegro.gob.mx\/sitio2025\/quinta-sesion-18-de-enero\/#more-12407\" class=\"more-link\"><span aria-label=\"Sigue leyendo Quinta Sesi\u00f3n &#8211; 22 de Enero\">(m\u00e1s&hellip;)<\/span><\/a><\/p>\n<\/div><\/li><li class=\"listing-item\"><a class=\"title\" href=\"https:\/\/teegro.gob.mx\/sitio2025\/tercera-sesion-privada-18-de-enero\/\">Cuarta Sesi\u00f3n &#8211; 18 de Enero<\/a><div class=\"content\"><ul>\n<li><a href=\"https:\/\/teegro.gob.mx\/sitio2023\/wp-content\/uploads\/2024\/01\/Lista180124.pdf\">Orden del d\u00eda<\/a><\/li>\n<li><a href=\"https:\/\/youtu.be\/DYvVjBl3bZA\">V\u00eddeo de la Sesi\u00f3n<\/a><\/li>\n<\/ul>\n<h3>Contenido<\/h3>\n<ul>\n<li>TEE\/JEC\/027\/2023 <strong>Acuerdo Plenario<\/strong> &#8211; Bruno Calixto R\u00edos Diaz<\/li>\n<li>TEE\/JEC\/004\/2023 <strong>Acuerdo Plenario<\/strong> &#8211; Artemio Le\u00f3n Leal<\/li>\n<li>TEE\/RAP\/005\/2022 <strong>Acuerdo Plenario<\/strong> &#8211; Representante del Partido Morena<\/li>\n<li>TEE\/RAP\/022\/2023 &#8211; Representante del Partido del Trabajo<\/li>\n<li>TEE\/LCI\/002\/2024 &#8211; Ricardo Rend\u00f3n Ramos<\/li>\n<li>TEE\/LCI\/006\/2024 &#8211; Alejandro Guerrero P\u00e9rez<\/li>\n<li>TEE\/JEC\/085\/2023 &#8211; Mois\u00e9s N\u00fa\u00f1ez Rayo<\/li>\n<li>TEE\/LCI\/003\/2024 &#8211; Jos\u00e9 Ulises Contreras Arag\u00f3n<\/li>\n<li>TEE\/LCI\/007\/2024 &#8211; Alfredo Castro Santiago<\/li>\n<li>TEE\/LCI\/004\/2024 &#8211; Soleidy Bravo Campuzano<\/li>\n<\/ul>\n<p> <a href=\"https:\/\/teegro.gob.mx\/sitio2025\/tercera-sesion-privada-18-de-enero\/#more-12288\" class=\"more-link\"><span aria-label=\"Sigue leyendo Cuarta Sesi\u00f3n &#8211; 18 de Enero\">(m\u00e1s&hellip;)<\/span><\/a><\/p>\n<\/div><\/li><li class=\"listing-item\"><a class=\"title\" href=\"https:\/\/teegro.gob.mx\/sitio2025\/segunda-sesion-08-de-enero\/\">Tercera Sesi\u00f3n Privada &#8211; 10 de Enero<\/a><div class=\"content\"><ul>\n<li><a href=\"https:\/\/teegro.gob.mx\/sitio2023\/wp-content\/uploads\/2024\/01\/Lista100124.pdf\">Orden del d\u00eda<\/a><\/li>\n<li>V\u00eddeo de la Sesi\u00f3n<\/li>\n<\/ul>\n<h3>Contenido<\/h3>\n<ul>\n<li>TEE\/JEC\/059\/2023 <strong>(Engrose)<\/strong> &#8211; Fel\u00edcita Navarrete Neri<\/li>\n<\/ul>\n<p> <a href=\"https:\/\/teegro.gob.mx\/sitio2025\/segunda-sesion-08-de-enero\/#more-12224\" class=\"more-link\"><span aria-label=\"Sigue leyendo Tercera Sesi\u00f3n Privada &#8211; 10 de Enero\">(m\u00e1s&hellip;)<\/span><\/a><\/p>\n<\/div><\/li><li class=\"listing-item\"><a class=\"title\" href=\"https:\/\/teegro.gob.mx\/sitio2025\/segunda-sesion-02-de-enero\/\">Segunda Sesi\u00f3n &#8211; 09 de Enero<\/a><div class=\"content\"><ul>\n<li><a href=\"https:\/\/teegro.gob.mx\/sitio2023\/wp-content\/uploads\/2024\/01\/Lista090124.pdf\">Orden del d\u00eda<\/a><\/li>\n<li><a href=\"https:\/\/youtu.be\/rPfdNUfpIug\">V\u00eddeo de la Sesi\u00f3n<\/a><\/li>\n<\/ul>\n<h3>Contenido<\/h3>\n<ul>\n<li>TEE\/RAP\/013\/2023, TEE\/RAP\/014\/2023, TEE\/RAP\/016\/2023, TEE\/JEC\/060\/2023 y\u00a0 TEE\/JEC\/061\/2023 acumulados <strong>Acuerdo Plenario<\/strong> &#8211; Representantes de los Partidos de la Revoluci\u00f3n Democr\u00e1tica, Movimiento de Regeneraci\u00f3n Nacional, Revolucionario Institucional, Mijane Jim\u00e9nez Salinas y Ra\u00fal de Jes\u00fas Cabrera<\/li>\n<li>TEE\/JEC\/056\/2023 y acumulado &#8211; Claudia Mart\u00ednez S\u00e1nchez<\/li>\n<li>TEE\/JEC\/066\/2023 &#8211; Arlene Siu Sarabia Pe\u00f1a<\/li>\n<li>TEE\/JEC\/082\/2023 y acumulado &#8211; Silvia Mart\u00ednez Ponce y otra persona<\/li>\n<li>TEE\/JEC\/059\/2023 &#8211; Fel\u00edcita Navarrete Neri<\/li>\n<li>TEE\/JEC\/067\/2023 &#8211; Samuel Vitervo \u00a0Guevara<\/li>\n<\/ul>\n<p> <a href=\"https:\/\/teegro.gob.mx\/sitio2025\/segunda-sesion-02-de-enero\/#more-12194\" class=\"more-link\"><span aria-label=\"Sigue leyendo Segunda Sesi\u00f3n &#8211; 09 de Enero\">(m\u00e1s&hellip;)<\/span><\/a><\/p>\n<\/div><\/li><li class=\"listing-item\"><a class=\"title\" href=\"https:\/\/teegro.gob.mx\/sitio2025\/primera-sesion-02-de-enero\/\">Primera Sesi\u00f3n &#8211; 02 de Enero<\/a><div class=\"content\"><ul>\n<li><a href=\"https:\/\/teegro.gob.mx\/sitio2023\/wp-content\/uploads\/2024\/01\/Lista020124.pdf\">Orden del d\u00eda<\/a><\/li>\n<li><a href=\"https:\/\/youtu.be\/19Xi0bv3q3o\">V\u00eddeo de la Sesi\u00f3n<\/a><\/li>\n<\/ul>\n<h3>Contenido<\/h3>\n<ul>\n<li>TEE\/JEC\/073\/2023 <strong>Acuerdo Plenario<\/strong> &#8211; Nereida de Jes\u00fas Silvar Bravo<\/li>\n<li>TEE\/PES\/007\/2023 <strong>Acuerdo Plenario<\/strong> &#8211; Ramiro Solorio Almaz\u00e1n<\/li>\n<li>TEE\/JEC\/064\/2023 <strong>Acuerdo Plenario<\/strong> &#8211; Carlos Arturo Mill\u00e1n S\u00e1nchez<\/li>\n<li>TEE\/JEC\/084\/2023 &#8211; Rub\u00e9n Valenzo Cantor<\/li>\n<\/ul>\n<p> <a href=\"https:\/\/teegro.gob.mx\/sitio2025\/primera-sesion-02-de-enero\/#more-12131\" class=\"more-link\"><span aria-label=\"Sigue leyendo Primera Sesi\u00f3n &#8211; 02 de Enero\">(m\u00e1s&hellip;)<\/span><\/a><\/p>\n<\/div><\/li><\/ul><\/p><\/div>\n                <\/div><div class=\"eael-accordion-list\">\n                <div id=\"actas\" class=\"elementor-tab-title eael-accordion-header\" tabindex=\"0\" data-tab=\"13\" aria-controls=\"elementor-tab-content-55613\"><span class=\"eael-advanced-accordion-icon-closed\"><i aria-hidden=\"true\" class=\"fa-accordion-icon fas fa-plus\"><\/i><\/span><span class=\"eael-advanced-accordion-icon-opened\"><i aria-hidden=\"true\" class=\"fa-accordion-icon fas fa-minus\"><\/i><\/span><span class=\"eael-accordion-tab-title\">Actas<\/span><i aria-hidden=\"true\" class=\"fa-toggle fas fa-angle-right\"><\/i><\/div><div id=\"elementor-tab-content-55613\" class=\"eael-accordion-content clearfix\" data-tab=\"13\" aria-labelledby=\"actas\"><p><a href=\"https:\/\/teegro.gob.mx\/sitio2023\/wp-content\/uploads\/2024\/01\/acta-1-24.pdf\">Acta 1<\/a><\/p><p><a href=\"https:\/\/teegro.gob.mx\/sitio2023\/wp-content\/uploads\/2024\/01\/acta-2-24.pdf\">Acta 2<\/a><\/p><p><a href=\"https:\/\/teegro.gob.mx\/sitio2023\/wp-content\/uploads\/2024\/01\/acta-3-24.pdf\">Acta 3<\/a><\/p><p><a href=\"https:\/\/teegro.gob.mx\/sitio2023\/wp-content\/uploads\/2024\/01\/acta-4-24.pdf\">Acta 4<\/a><\/p><p><a href=\"https:\/\/teegro.gob.mx\/sitio2023\/wp-content\/uploads\/2024\/01\/acta-5-24.pdf\">Acta 5<\/a><\/p><p><a href=\"https:\/\/teegro.gob.mx\/sitio2023\/wp-content\/uploads\/2024\/02\/Acta-6-24.pdf\">Acta 6<\/a><\/p><p><a href=\"https:\/\/teegro.gob.mx\/sitio2023\/wp-content\/uploads\/2024\/10\/Acta-06-24.pdf\">Acta 6 Extraordinaria<\/a><\/p><p><a href=\"https:\/\/teegro.gob.mx\/sitio2023\/wp-content\/uploads\/2024\/02\/Acta-7-24.pdf\">Acta 7<\/a><\/p><p><a href=\"https:\/\/teegro.gob.mx\/sitio2023\/wp-content\/uploads\/2024\/03\/Acta-8-24.pdf\">Acta 8<\/a><\/p><p><a href=\"https:\/\/teegro.gob.mx\/sitio2023\/wp-content\/uploads\/2024\/03\/Acta-9-24.pdf\">Acta 9<\/a><\/p><p><a href=\"https:\/\/teegro.gob.mx\/sitio2023\/wp-content\/uploads\/2024\/03\/Acta-10-24.pdf\">Acta 10<\/a><\/p><p><a href=\"https:\/\/teegro.gob.mx\/sitio2023\/wp-content\/uploads\/2024\/03\/Acta-11-24.pdf\">Acta 11<\/a><\/p><p><a href=\"https:\/\/teegro.gob.mx\/sitio2023\/wp-content\/uploads\/2024\/03\/Acta-12-24.pdf\">Acta 12<\/a><\/p><p><a href=\"https:\/\/teegro.gob.mx\/sitio2023\/wp-content\/uploads\/2024\/04\/ACTA-13-24.pdf\">Acta 13<\/a><\/p><p><a href=\"https:\/\/teegro.gob.mx\/sitio2023\/wp-content\/uploads\/2024\/04\/ACTA-14-24.pdf\">Acta 14<\/a><\/p><p><a href=\"https:\/\/teegro.gob.mx\/sitio2023\/wp-content\/uploads\/2024\/04\/ACTA-15-24.pdf\">Acta 15<\/a><\/p><p><a href=\"https:\/\/teegro.gob.mx\/sitio2023\/wp-content\/uploads\/2024\/04\/acta-16-24.pdf\">Acta 16<\/a><\/p><p><a href=\"https:\/\/teegro.gob.mx\/sitio2023\/wp-content\/uploads\/2024\/04\/acta-17-24.pdf\">Acta 17<\/a><\/p><p><a href=\"https:\/\/teegro.gob.mx\/sitio2023\/wp-content\/uploads\/2024\/04\/acta-18-24.pdf\">Acta 18<\/a><\/p><p><a href=\"https:\/\/teegro.gob.mx\/sitio2023\/wp-content\/uploads\/2024\/05\/acta-19-24.pdf\">Acta 19<\/a><\/p><p><a href=\"https:\/\/teegro.gob.mx\/sitio2023\/wp-content\/uploads\/2024\/05\/acta-20-24.pdf\">Acta 20<\/a><\/p><p><a href=\"https:\/\/teegro.gob.mx\/sitio2023\/wp-content\/uploads\/2024\/05\/acta-21-24.pdf\">Acta 21<\/a><\/p><p><a href=\"https:\/\/teegro.gob.mx\/sitio2023\/wp-content\/uploads\/2024\/05\/acta-22-24.pdf\">Acta 22<\/a><\/p><p><a href=\"https:\/\/teegro.gob.mx\/sitio2023\/wp-content\/uploads\/2024\/05\/acta-23-24.pdf\">Acta 23<\/a><\/p><p><a href=\"https:\/\/teegro.gob.mx\/sitio2023\/wp-content\/uploads\/2024\/05\/acta-24-24.pdf\">Acta 24<\/a><\/p><p><a href=\"https:\/\/teegro.gob.mx\/sitio2023\/wp-content\/uploads\/2024\/05\/Acta-25-24.pdf\">Acta 25<\/a><\/p><p><a href=\"https:\/\/teegro.gob.mx\/sitio2023\/wp-content\/uploads\/2024\/05\/Acta-26-24.pdf\">Acta 26<\/a><\/p><p><a href=\"https:\/\/teegro.gob.mx\/sitio2023\/wp-content\/uploads\/2024\/05\/Acta-27-24.pdf\">Acta 27<\/a><\/p><p><a href=\"https:\/\/teegro.gob.mx\/sitio2023\/wp-content\/uploads\/2024\/05\/acta-28-24.pdf\">Acta 28<\/a><\/p><p><a href=\"https:\/\/teegro.gob.mx\/sitio2023\/wp-content\/uploads\/2024\/05\/acta-29-24.pdf\">Acta 29<\/a><\/p><p><a href=\"https:\/\/teegro.gob.mx\/sitio2023\/wp-content\/uploads\/2024\/05\/acta-30-24.pdf\">Acta 30<\/a><\/p><p><a href=\"https:\/\/teegro.gob.mx\/sitio2023\/wp-content\/uploads\/2024\/05\/acta-31-24.pdf\">Acta 31<\/a><\/p><p><a href=\"https:\/\/teegro.gob.mx\/sitio2023\/wp-content\/uploads\/2024\/05\/acta-32-24.pdf\">Acta 32<\/a><\/p><p><a href=\"https:\/\/teegro.gob.mx\/sitio2023\/wp-content\/uploads\/2024\/06\/Acta-33-24.pdf\">Acta 33<\/a><\/p><p><a href=\"https:\/\/teegro.gob.mx\/sitio2023\/wp-content\/uploads\/2024\/05\/acta-34-24.pdf\">Acta 34<\/a><\/p><p><a href=\"https:\/\/teegro.gob.mx\/sitio2023\/wp-content\/uploads\/2024\/06\/Acta-35-24.pdf\">Acta 35<\/a><\/p><p><a href=\"https:\/\/teegro.gob.mx\/sitio2023\/wp-content\/uploads\/2024\/05\/acta-36-24.pdf\">Acta 36<\/a><\/p><p><a href=\"https:\/\/teegro.gob.mx\/sitio2023\/wp-content\/uploads\/2024\/06\/Acta-37-24.pdf\">Acta 37<\/a><\/p><p><a href=\"https:\/\/teegro.gob.mx\/sitio2023\/wp-content\/uploads\/2024\/06\/Acta-38-24.pdf\">Acta 38<\/a><\/p><p><a href=\"https:\/\/teegro.gob.mx\/sitio2023\/wp-content\/uploads\/2024\/06\/Acta-39-24.pdf\">Acta 39<\/a><\/p><p><a href=\"https:\/\/teegro.gob.mx\/sitio2023\/wp-content\/uploads\/2024\/06\/Acta-40-24.pdf\">Acta 40<\/a><\/p><p><a href=\"https:\/\/teegro.gob.mx\/sitio2023\/wp-content\/uploads\/2024\/06\/Acta-41-24.pdf\">Acta 41<\/a><\/p><p><a href=\"https:\/\/teegro.gob.mx\/sitio2023\/wp-content\/uploads\/2024\/06\/Acta-42-24.pdf\">Acta 42<\/a><\/p><p><a href=\"https:\/\/teegro.gob.mx\/sitio2023\/wp-content\/uploads\/2024\/06\/Acta-43-24.pdf\">Acta 43<\/a><\/p><p><a href=\"https:\/\/teegro.gob.mx\/sitio2023\/wp-content\/uploads\/2024\/06\/Acta-44-24.pdf\">Acta 44<\/a><\/p><p><a href=\"https:\/\/teegro.gob.mx\/sitio2023\/wp-content\/uploads\/2024\/06\/Acta-45-24.pdf\">Acta 45<\/a><\/p><p><a href=\"https:\/\/teegro.gob.mx\/sitio2023\/wp-content\/uploads\/2024\/06\/Acta-46-24.pdf\">Acta 46<\/a><\/p><p><a href=\"https:\/\/teegro.gob.mx\/sitio2023\/wp-content\/uploads\/2024\/06\/Acta-47-24.pdf\">Acta 47<\/a><\/p><p><a href=\"https:\/\/teegro.gob.mx\/sitio2023\/wp-content\/uploads\/2024\/06\/Acta-48-24.pdf\">Acta 48<\/a><\/p><p><a href=\"https:\/\/teegro.gob.mx\/sitio2023\/wp-content\/uploads\/2024\/07\/Acta-49-24.pdf\">Acta 49<\/a><\/p><p><a href=\"https:\/\/teegro.gob.mx\/sitio2023\/wp-content\/uploads\/2024\/07\/Acta-50-24.pdf\">Acta 50<\/a><\/p><p><a href=\"https:\/\/teegro.gob.mx\/sitio2023\/wp-content\/uploads\/2024\/07\/Acta-51-24.pdf\">Acta 51<\/a><\/p><p><a href=\"https:\/\/teegro.gob.mx\/sitio2023\/wp-content\/uploads\/2024\/07\/Acta-52-24.pdf\">Acta 52<\/a><\/p><p><a href=\"https:\/\/teegro.gob.mx\/sitio2023\/wp-content\/uploads\/2024\/07\/Acta-53-24.pdf\">Acta 53<\/a><\/p><p><a href=\"https:\/\/teegro.gob.mx\/sitio2023\/wp-content\/uploads\/2024\/07\/Acta-54-24.pdf\">Acta 54<\/a><\/p><p><a href=\"https:\/\/teegro.gob.mx\/sitio2023\/wp-content\/uploads\/2024\/07\/Acta-55-24.pdf\">Acta 55<\/a><\/p><p><a href=\"https:\/\/teegro.gob.mx\/sitio2023\/wp-content\/uploads\/2024\/07\/Acta-56-24.pdf\">Acta 56<\/a><\/p><p style=\"text-align: left;\"><a href=\"https:\/\/teegro.gob.mx\/sitio2023\/wp-content\/uploads\/2024\/07\/Acta-57-24.pdf\">Acta 57<\/a><\/p><p><a href=\"https:\/\/teegro.gob.mx\/sitio2023\/wp-content\/uploads\/2024\/07\/Acta-58-24.pdf\">Acta 58<\/a><\/p><p><a href=\"https:\/\/teegro.gob.mx\/sitio2023\/wp-content\/uploads\/2024\/07\/Acta-59-24.pdf\">Acta 59<\/a><\/p><p><a href=\"https:\/\/teegro.gob.mx\/sitio2023\/wp-content\/uploads\/2024\/07\/Acta-60-24.pdf\">Acta 60<\/a><\/p><p><a href=\"https:\/\/teegro.gob.mx\/sitio2023\/wp-content\/uploads\/2024\/08\/Acta-61-24.pdf\">Acta 61<\/a><\/p><p><a href=\"https:\/\/teegro.gob.mx\/sitio2023\/wp-content\/uploads\/2024\/08\/Acta-62-24.pdf\">Acta 62<\/a><\/p><p><a href=\"https:\/\/teegro.gob.mx\/sitio2023\/wp-content\/uploads\/2024\/08\/Acta-63-24.pdf\">Acta 63<\/a><\/p><p><a href=\"https:\/\/teegro.gob.mx\/sitio2023\/wp-content\/uploads\/2024\/08\/Acta-64-24.pdf\">Acta 64<\/a><\/p><p><a href=\"https:\/\/teegro.gob.mx\/sitio2023\/wp-content\/uploads\/2024\/08\/Acta-65-24.pdf\">Acta 65<\/a><\/p><p><a href=\"https:\/\/teegro.gob.mx\/sitio2023\/wp-content\/uploads\/2024\/08\/Acta-66-24.pdf\">Acta 66<\/a><\/p><p><a href=\"https:\/\/teegro.gob.mx\/sitio2023\/wp-content\/uploads\/2024\/08\/Acta-67-24.pdf\">Acta 67<\/a><\/p><p><a href=\"https:\/\/teegro.gob.mx\/sitio2023\/wp-content\/uploads\/2024\/08\/Acta-68-24.pdf\">Acta 68<\/a><\/p><p><a href=\"https:\/\/teegro.gob.mx\/sitio2023\/wp-content\/uploads\/2024\/08\/Acta-69-24.pdf\">Acta 69<\/a><\/p><p><a href=\"https:\/\/teegro.gob.mx\/sitio2023\/wp-content\/uploads\/2024\/08\/Acta-70-24.pdf\">Acta 70<\/a><\/p><p><a href=\"https:\/\/teegro.gob.mx\/sitio2023\/wp-content\/uploads\/2024\/10\/Acta-71-24.pdf\">Acta 71<\/a><\/p><p><a href=\"https:\/\/teegro.gob.mx\/sitio2023\/wp-content\/uploads\/2024\/10\/Acta-72-24.pdf\">Acta 72<\/a><\/p><p><a href=\"https:\/\/teegro.gob.mx\/sitio2023\/wp-content\/uploads\/2024\/10\/Acta-73-24.pdf\">Acta 73<\/a><\/p><p><a href=\"https:\/\/teegro.gob.mx\/sitio2023\/wp-content\/uploads\/2024\/10\/Acta-74-24.pdf\">Acta 74<\/a><\/p><p><a href=\"https:\/\/teegro.gob.mx\/sitio2023\/wp-content\/uploads\/2024\/10\/Acta-75-24.pdf\">Acta 75<\/a><\/p><p><a href=\"https:\/\/teegro.gob.mx\/sitio2023\/wp-content\/uploads\/2024\/10\/Acta-76-24.pdf\">Acta 76<\/a><\/p><p><a href=\"https:\/\/teegro.gob.mx\/sitio2023\/wp-content\/uploads\/2024\/10\/Acta-77-24.pdf\">Acta 77<\/a><\/p><p><a href=\"https:\/\/teegro.gob.mx\/sitio2023\/wp-content\/uploads\/2024\/10\/Acta-78-24.pdf\">Acta 78<\/a><\/p><p><a href=\"https:\/\/teegro.gob.mx\/sitio2023\/wp-content\/uploads\/2024\/10\/Acta-79-24.pdf\">Acta 79<\/a><\/p><p><a href=\"https:\/\/teegro.gob.mx\/sitio2023\/wp-content\/uploads\/2024\/10\/Acta-80-24.pdf\">Acta 80<\/a><\/p><p><a href=\"https:\/\/teegro.gob.mx\/sitio2023\/wp-content\/uploads\/2024\/10\/Acta-81-24.pdf\">Acta 81<\/a><\/p><p><a href=\"https:\/\/teegro.gob.mx\/sitio2023\/wp-content\/uploads\/2024\/10\/Acta-82-24.pdf\">Acta 82<\/a><\/p><p><a href=\"https:\/\/teegro.gob.mx\/sitio2023\/wp-content\/uploads\/2024\/10\/Acta-83-24.pdf\">Acta 83<\/a><\/p><p><a href=\"https:\/\/teegro.gob.mx\/sitio2023\/wp-content\/uploads\/2024\/10\/Acta-84-24.pdf\">Acta 84<\/a><\/p><p><a href=\"https:\/\/teegro.gob.mx\/sitio2023\/wp-content\/uploads\/2024\/10\/Acta-85-24.pdf\">Acta 85<\/a><\/p><p><a href=\"https:\/\/teegro.gob.mx\/sitio2023\/wp-content\/uploads\/2024\/10\/Acta-86-24.pdf\">Acta 86<\/a><\/p><p><a href=\"https:\/\/teegro.gob.mx\/sitio2023\/wp-content\/uploads\/2024\/10\/Acta-87-24.pdf\">Acta 87<\/a><\/p><p><a href=\"https:\/\/teegro.gob.mx\/sitio2023\/wp-content\/uploads\/2024\/12\/Acta-88-24.pdf\">Acta 88<\/a><\/p><p><a href=\"https:\/\/teegro.gob.mx\/sitio2023\/wp-content\/uploads\/2024\/12\/Acta-89-24.pdf\">Acta 89<\/a><\/p><p><a href=\"https:\/\/teegro.gob.mx\/sitio2023\/wp-content\/uploads\/2024\/12\/Acta-90-24.pdf\">Acta 90<\/a><\/p><p><a href=\"https:\/\/teegro.gob.mx\/sitio2023\/wp-content\/uploads\/2024\/12\/Acta-91-24.pdf\">Acta 91<\/a><\/p><p><a href=\"https:\/\/teegro.gob.mx\/sitio2023\/wp-content\/uploads\/2024\/12\/Acta-92-24.pdf\">Acta 92<\/a><\/p><p><a href=\"https:\/\/teegro.gob.mx\/sitio2023\/wp-content\/uploads\/2025\/01\/Acta-93-24.pdf\">Acta 93<\/a><\/p><\/div>\n                <\/div><\/div>\t\t\t\t<\/div>\n\t\t\t\t<\/div>\n\t\t\t\t\t<\/div>\n\t\t<\/div>\n\t\t\t\t\t<\/div>\n\t\t<\/section>\n\t\t\t\t<\/div>\n\t\t                    <\/div>\n\t\t        \n                    <div id=\"2023-tab\" class=\"clearfix eael-tab-content-item \" data-title-link=\"2023-tab\">\n\t\t\t\t        <style>.elementor-9789 .elementor-element.elementor-element-350815f .eael-adv-accordion .eael-accordion-list .eael-accordion-header .eael-accordion-tab-title{font-size:1.1em;color:#333;}.elementor-9789 .elementor-element.elementor-element-350815f .eael-adv-accordion .eael-accordion-list .eael-accordion-header .fa-accordion-icon{font-size:16px;margin-left:10px;color:#333;}.elementor-9789 .elementor-element.elementor-element-350815f .eael-adv-accordion .eael-accordion-list .eael-accordion-header svg.fa-accordion-icon{height:16px;width:16px;line-height:16px;}.elementor-9789 .elementor-element.elementor-element-350815f .eael-adv-accordion .eael-accordion-list .eael-accordion-header .fa-accordion-icon-svg svg{color:#333;fill:#333;}.elementor-9789 .elementor-element.elementor-element-350815f .eael-adv-accordion .eael-accordion-list .eael-accordion-header svg{fill:#333;}.elementor-9789 .elementor-element.elementor-element-350815f .eael-adv-accordion .eael-accordion-list .eael-accordion-header:hover .eael-accordion-tab-title{color:#fff;}.elementor-9789 .elementor-element.elementor-element-350815f .eael-adv-accordion .eael-accordion-list .eael-accordion-header:hover .fa-accordion-icon{color:#fff;}.elementor-9789 .elementor-element.elementor-element-350815f .eael-adv-accordion .eael-accordion-list .eael-accordion-header:hover .fa-accordion-icon svg{color:#fff;fill:#fff;}.elementor-9789 .elementor-element.elementor-element-350815f .eael-adv-accordion .eael-accordion-list .eael-accordion-header:hover svg.fa-accordion-icon{fill:#fff;}.elementor-9789 .elementor-element.elementor-element-350815f .eael-adv-accordion .eael-accordion-list .eael-accordion-header.active{color:#fff;}.elementor-9789 .elementor-element.elementor-element-350815f .eael-adv-accordion .eael-accordion-list .eael-accordion-header.active .eael-accordion-tab-title{color:#fff;}.elementor-9789 .elementor-element.elementor-element-350815f .eael-adv-accordion .eael-accordion-list .eael-accordion-header.active .fa-accordion-icon{color:#fff;}.elementor-9789 .elementor-element.elementor-element-350815f .eael-adv-accordion .eael-accordion-list .eael-accordion-header.active .fa-accordion-icon svg{color:#fff;fill:#fff;}.elementor-9789 .elementor-element.elementor-element-350815f .eael-adv-accordion .eael-accordion-list .eael-accordion-header.active svg.fa-accordion-icon{fill:#fff;}.elementor-9789 .elementor-element.elementor-element-350815f .eael-adv-accordion .eael-accordion-list .eael-accordion-content{color:#333;}.elementor-9789 .elementor-element.elementor-element-350815f .eael-adv-accordion .eael-accordion-list .eael-accordion-header .fa-toggle, .elementor-9789 .elementor-element.elementor-element-350815f .eael-adv-accordion .eael-accordion-list .eael-accordion-header > .fa-toggle-svg{font-size:16px;}.elementor-9789 .elementor-element.elementor-element-350815f .eael-adv-accordion .eael-accordion-list .eael-accordion-header svg.fa-toggle{height:16px;width:16px;line-height:16px;fill:#444;}.elementor-9789 .elementor-element.elementor-element-350815f .eael-adv-accordion .eael-accordion-list .eael-accordion-header .fa-toggle{color:#444;}.elementor-9789 .elementor-element.elementor-element-350815f .eael-adv-accordion .eael-accordion-list .eael-accordion-header .fa-toggle svg{color:#444;fill:#444;}.elementor-9789 .elementor-element.elementor-element-350815f .eael-adv-accordion .eael-accordion-list .eael-accordion-header.active .fa-toggle{color:#fff;}.elementor-9789 .elementor-element.elementor-element-350815f .eael-adv-accordion .eael-accordion-list .eael-accordion-header.active .fa-toggle svg{color:#fff;fill:#fff;}.elementor-9789 .elementor-element.elementor-element-350815f .eael-adv-accordion .eael-accordion-list .eael-accordion-header.active svg.fa-toggle{fill:#fff;}<\/style>\t\t<div data-elementor-type=\"page\" data-elementor-id=\"9789\" class=\"elementor elementor-9789\">\n\t\t\t\t\t\t<section class=\"elementor-section elementor-top-section elementor-element elementor-element-30d5596 elementor-section-full_width elementor-section-height-default elementor-section-height-default\" data-id=\"30d5596\" data-element_type=\"section\">\n\t\t\t\t\t\t<div class=\"elementor-container elementor-column-gap-default\">\n\t\t\t\t\t<div class=\"elementor-column elementor-col-100 elementor-top-column elementor-element elementor-element-42736e1\" data-id=\"42736e1\" data-element_type=\"column\">\n\t\t\t<div class=\"elementor-widget-wrap elementor-element-populated\">\n\t\t\t\t\t\t<div class=\"elementor-element elementor-element-350815f elementor-widget elementor-widget-eael-adv-accordion\" data-id=\"350815f\" data-element_type=\"widget\" data-widget_type=\"eael-adv-accordion.default\">\n\t\t\t\t<div class=\"elementor-widget-container\">\n\t\t\t\t\t        <div class=\"eael-adv-accordion\" id=\"eael-adv-accordion-350815f\" data-scroll-on-click=\"no\" data-scroll-speed=\"300\" data-accordion-id=\"350815f\" data-accordion-type=\"accordion\" data-toogle-speed=\"300\">\n    <div class=\"eael-accordion-list\">\n                <div id=\"actas\" class=\"elementor-tab-title eael-accordion-header\" tabindex=\"0\" data-tab=\"1\" aria-controls=\"elementor-tab-content-5561\"><span class=\"eael-advanced-accordion-icon-closed\"><i aria-hidden=\"true\" class=\"fa-accordion-icon fas fa-plus\"><\/i><\/span><span class=\"eael-advanced-accordion-icon-opened\"><i aria-hidden=\"true\" class=\"fa-accordion-icon fas fa-minus\"><\/i><\/span><span class=\"eael-accordion-tab-title\">Actas<\/span><i aria-hidden=\"true\" class=\"fa-toggle fas fa-angle-right\"><\/i><\/div><div id=\"elementor-tab-content-5561\" class=\"eael-accordion-content clearfix\" data-tab=\"1\" aria-labelledby=\"actas\"><p><a href=\"https:\/\/teegro.gob.mx\/sitio2023\/wp-content\/uploads\/2024\/01\/ACTA-1.pdf\">Acta 1<\/a><\/p><p><a href=\"https:\/\/teegro.gob.mx\/sitio2023\/wp-content\/uploads\/2024\/01\/ACTA-2.pdf\">Acta 2<\/a><\/p><p><a href=\"https:\/\/teegro.gob.mx\/sitio2023\/wp-content\/uploads\/2024\/01\/ACTA-3.pdf\">Acta 3<\/a><\/p><p><a href=\"https:\/\/teegro.gob.mx\/sitio2023\/wp-content\/uploads\/2024\/01\/ACTA-4.pdf\">Acta 4<\/a><\/p><p><a href=\"https:\/\/teegro.gob.mx\/sitio2023\/wp-content\/uploads\/2024\/01\/ACTA-5.pdf\">Acta 5<\/a><\/p><p><a href=\"https:\/\/teegro.gob.mx\/sitio2023\/wp-content\/uploads\/2024\/01\/ACTA-6.pdf\">Acta 6<\/a><\/p><p><a href=\"https:\/\/teegro.gob.mx\/sitio2023\/wp-content\/uploads\/2024\/01\/ACTA-7.pdf\">Acta 7<\/a><\/p><p><a href=\"https:\/\/teegro.gob.mx\/sitio2023\/wp-content\/uploads\/2024\/01\/ACTA-8.pdf\">Acta 8<\/a><\/p><p><a href=\"https:\/\/teegro.gob.mx\/sitio2023\/wp-content\/uploads\/2024\/01\/ACTA-9.pdf\">Acta 9<\/a><\/p><p><a href=\"https:\/\/teegro.gob.mx\/sitio2023\/wp-content\/uploads\/2024\/01\/ACTA-10.pdf\">Acta 10<\/a><\/p><p><a href=\"https:\/\/teegro.gob.mx\/sitio2023\/wp-content\/uploads\/2024\/01\/ACTA-11.pdf\">Acta 11<\/a><\/p><p><a href=\"https:\/\/teegro.gob.mx\/sitio2023\/wp-content\/uploads\/2024\/01\/ACTA-12.pdf\">Acta 12<\/a><\/p><p><a href=\"https:\/\/teegro.gob.mx\/sitio2023\/wp-content\/uploads\/2024\/01\/ACTA-13.pdf\">Acta 13<\/a><\/p><p><a href=\"https:\/\/teegro.gob.mx\/sitio2023\/wp-content\/uploads\/2024\/01\/ACTA-14.pdf\">Acta 14<\/a><\/p><p><a href=\"https:\/\/teegro.gob.mx\/sitio2023\/wp-content\/uploads\/2024\/01\/ACTA-15.pdf\">Acta 15<\/a><\/p><p><a href=\"https:\/\/teegro.gob.mx\/sitio2023\/wp-content\/uploads\/2024\/01\/ACTA-16.pdf\">Acta 16<\/a><\/p><p><a href=\"https:\/\/teegro.gob.mx\/sitio2023\/wp-content\/uploads\/2024\/01\/ACTA-17.pdf\">Acta 17<\/a><\/p><p><a href=\"https:\/\/teegro.gob.mx\/sitio2023\/wp-content\/uploads\/2024\/01\/ACTA-18.pdf\">Acta 18<\/a><\/p><p><a href=\"https:\/\/teegro.gob.mx\/sitio2023\/wp-content\/uploads\/2024\/01\/ACTA-19.pdf\">Acta 19<\/a><\/p><p><a href=\"https:\/\/teegro.gob.mx\/sitio2023\/wp-content\/uploads\/2024\/01\/ACTA-20.pdf\">Acta 20<\/a><\/p><p><a href=\"https:\/\/teegro.gob.mx\/sitio2023\/wp-content\/uploads\/2024\/01\/ACTA-21.pdf\">Acta 21<\/a><\/p><p><a href=\"https:\/\/teegro.gob.mx\/sitio2023\/wp-content\/uploads\/2024\/01\/ACTA-22.pdf\">Acta 22<\/a><\/p><p><a href=\"https:\/\/teegro.gob.mx\/sitio2023\/wp-content\/uploads\/2024\/01\/ACTA-23.pdf\">Acta 23<\/a><\/p><p><a href=\"https:\/\/teegro.gob.mx\/sitio2023\/wp-content\/uploads\/2024\/01\/ACTA-24.pdf\">Acta 24<\/a><\/p><p><a href=\"https:\/\/teegro.gob.mx\/sitio2023\/wp-content\/uploads\/2024\/01\/ACTA-25.pdf\">Acta 25<\/a><\/p><p><a href=\"https:\/\/teegro.gob.mx\/sitio2023\/wp-content\/uploads\/2024\/01\/ACTA-26.pdf\">Acta 26<\/a><\/p><p><a href=\"https:\/\/teegro.gob.mx\/sitio2023\/wp-content\/uploads\/2024\/01\/ACTA-27.pdf\">Acta 27<\/a><\/p><p><a href=\"https:\/\/teegro.gob.mx\/sitio2023\/wp-content\/uploads\/2024\/01\/ACTA-28.pdf\">Acta 28<\/a><\/p><p><a href=\"https:\/\/teegro.gob.mx\/sitio2023\/wp-content\/uploads\/2024\/01\/ACTA-29.pdf\">Acta 29<\/a><\/p><p><a href=\"https:\/\/teegro.gob.mx\/sitio2023\/wp-content\/uploads\/2024\/01\/ACTA-30.pdf\">Acta 30<\/a><\/p><p><a href=\"https:\/\/teegro.gob.mx\/sitio2023\/wp-content\/uploads\/2024\/01\/ACTA-31.pdf\">Acta 31<\/a><\/p><p><a href=\"https:\/\/teegro.gob.mx\/sitio2023\/wp-content\/uploads\/2024\/01\/ACTA-32.pdf\">Acta 32<\/a><\/p><p><a href=\"https:\/\/teegro.gob.mx\/sitio2023\/wp-content\/uploads\/2024\/01\/ACTA-33.pdf\">Acta 33<\/a><\/p><p><a href=\"https:\/\/teegro.gob.mx\/sitio2023\/wp-content\/uploads\/2024\/01\/ACTA-34.pdf\">Acta 34<\/a><\/p><p><a href=\"https:\/\/teegro.gob.mx\/sitio2023\/wp-content\/uploads\/2024\/01\/ACTA-35.pdf\">Acta 35<\/a><\/p><p><a href=\"https:\/\/teegro.gob.mx\/sitio2023\/wp-content\/uploads\/2024\/01\/ACTA-36.pdf\">Acta 36<\/a><\/p><p><a href=\"https:\/\/teegro.gob.mx\/sitio2023\/wp-content\/uploads\/2024\/01\/ACTA-37.pdf\">Acta 37<\/a><\/p><p><a href=\"https:\/\/teegro.gob.mx\/sitio2023\/wp-content\/uploads\/2024\/01\/ACTA-38.pdf\">Acta 38<\/a><\/p><p><a href=\"https:\/\/teegro.gob.mx\/sitio2023\/wp-content\/uploads\/2024\/01\/ACTA-39.pdf\">Acta 39<\/a><\/p><p><a href=\"https:\/\/teegro.gob.mx\/sitio2023\/wp-content\/uploads\/2024\/01\/ACTA-40.pdf\">Acta 40<\/a><\/p><p><a href=\"https:\/\/teegro.gob.mx\/sitio2023\/wp-content\/uploads\/2024\/01\/ACTA-41.pdf\">Acta 41<\/a><\/p><p><a href=\"https:\/\/teegro.gob.mx\/sitio2023\/wp-content\/uploads\/2024\/01\/ACTA-42.pdf\">Acta 42<\/a><\/p><\/div>\n                <\/div><div class=\"eael-accordion-list\">\n                <div id=\"diciembre\" class=\"elementor-tab-title eael-accordion-header active-default\" tabindex=\"0\" data-tab=\"2\" aria-controls=\"elementor-tab-content-5562\"><span class=\"eael-advanced-accordion-icon-closed\"><i aria-hidden=\"true\" class=\"fa-accordion-icon fas fa-plus\"><\/i><\/span><span class=\"eael-advanced-accordion-icon-opened\"><i aria-hidden=\"true\" class=\"fa-accordion-icon fas fa-minus\"><\/i><\/span><span class=\"eael-accordion-tab-title\">Diciembre<\/span><i aria-hidden=\"true\" class=\"fa-toggle fas fa-angle-right\"><\/i><\/div><div id=\"elementor-tab-content-5562\" class=\"eael-accordion-content clearfix active-default\" data-tab=\"2\" aria-labelledby=\"diciembre\"><p><ul class=\"display-posts-listing\"><li class=\"listing-item\"><a class=\"title\" href=\"https:\/\/teegro.gob.mx\/sitio2025\/cuadragesima-segunda-sesion-publica-de-resolucion-2\/\">Cuadrag\u00e9sima Segunda Sesi\u00f3n-20 de Diciembre<\/a><div class=\"content\"><ul>\n<li><a href=\"https:\/\/teegro.gob.mx\/sitio2023\/wp-content\/uploads\/2023\/12\/Lista201223.pdf\">Orden del d\u00eda<\/a><\/li>\n<li><a href=\"https:\/\/youtu.be\/XvPW5TKM_Is\">V\u00eddeo de la Sesi\u00f3n<\/a><\/li>\n<\/ul>\n<h3>Contenido<\/h3>\n<ul>\n<li>TEE\/JEC\/004\/2023 <strong>Acuerdo Plenario<\/strong> &#8211; Artemio Le\u00f3n Leal<\/li>\n<li>TEE\/JEC\/075\/2023 &#8211; Mois\u00e9s N\u00fa\u00f1ez Rayo<\/li>\n<li>TEE\/JEC\/071\/2023 &#8211; Claudia Mart\u00ednez S\u00e1nchez<\/li>\n<li>TEE\/RAP\/023\/2023 &#8211; Representante de Morena<\/li>\n<li>TEE\/JEC\/027\/2023 &#8211; Bruno Calixto R\u00edos D\u00edaz<\/li>\n<li>TEE\/JEC\/064\/2023 &#8211; Carlos Arturo Mill\u00e1n S\u00e1nchez<\/li>\n<li>TEE\/JEC\/072\/2023 &#8211; Fel\u00edcita Navarrete Neri<\/li>\n<li>TEE\/LCI\/023\/2023 &#8211; Denisse Giselle Pastor Hern\u00e1ndez<\/li>\n<\/ul>\n<p> <a href=\"https:\/\/teegro.gob.mx\/sitio2025\/cuadragesima-segunda-sesion-publica-de-resolucion-2\/#more-12094\" class=\"more-link\"><span aria-label=\"Sigue leyendo Cuadrag\u00e9sima Segunda Sesi\u00f3n-20 de Diciembre\">(m\u00e1s&hellip;)<\/span><\/a><\/p>\n<\/div><\/li><li class=\"listing-item\"><a class=\"title\" href=\"https:\/\/teegro.gob.mx\/sitio2025\/cuadragesima-primera-sesion-publica-de-resolucion-2\/\">Cuadrag\u00e9sima Primera Sesi\u00f3n P\u00fablica de Resoluci\u00f3n<\/a><div class=\"content\"><ul>\n<li><a href=\"https:\/\/teegro.gob.mx\/sitio2023\/wp-content\/uploads\/2023\/12\/Lista131223.pdf\">Orden del d\u00eda<\/a><\/li>\n<li><a href=\"https:\/\/youtu.be\/GZBG7asob3A\">V\u00eddeo de la Sesi\u00f3n<\/a><\/li>\n<\/ul>\n<h3>Contenido<\/h3>\n<ul>\n<li>TEE\/PES\/052\/2021 <strong>Acuerdo Plenario<\/strong> &#8211; Selene Sotelo Maldonado<\/li>\n<li>TEE\/PES\/010\/2023 &#8211; Gilberto Mart\u00ednez Jacinto<\/li>\n<li>TEE\/JEC\/069\/2023 &#8211; Secretaria General del Partido Movimiento Laborista Guerrero<\/li>\n<li>TEE\/JEC\/074\/2023 &#8211; Jos\u00e9 Guadalupe Ayala Alan\u00eds<\/li>\n<li>TEE\/JEC\/076\/2023, TEE\/JEC\/077\/2023, TEE\/JEC\/078\/2023, TEE\/JEC\/079\/2023, TEE\/JEC\/080\/2023 y TEE\/RAP\/021\/2023, acumulados &#8211; Mart\u00edn Rodrigo Gonz\u00e1lez Gardu\u00f1o y otras personas<\/li>\n<li>TEE\/LCT\/022\/2023 &#8211; Brenda Karina Gonz\u00e1lez Espinoza<\/li>\n<\/ul>\n<p> <a href=\"https:\/\/teegro.gob.mx\/sitio2025\/cuadragesima-primera-sesion-publica-de-resolucion-2\/#more-12058\" class=\"more-link\"><span aria-label=\"Sigue leyendo Cuadrag\u00e9sima Primera Sesi\u00f3n P\u00fablica de Resoluci\u00f3n\">(m\u00e1s&hellip;)<\/span><\/a><\/p>\n<\/div><\/li><li class=\"listing-item\"><a class=\"title\" href=\"https:\/\/teegro.gob.mx\/sitio2025\/cuadragesima-sesion-publica-de-resolucion-2\/\">Cuadrag\u00e9sima Sesi\u00f3n P\u00fablica de Resoluci\u00f3n<\/a><div class=\"content\"><ul>\n<li><a href=\"https:\/\/teegro.gob.mx\/sitio2023\/wp-content\/uploads\/2023\/12\/Lista041223.pdf\">Orden del d\u00eda<\/a><\/li>\n<li><a href=\"https:\/\/youtu.be\/SBU08YLRIGE\">V\u00eddeo de la Sesi\u00f3n<\/a><\/li>\n<\/ul>\n<h3>Contenido<\/h3>\n<ul>\n<li>TEE\/PES\/009\/2023 &#8211; Norma Otilia Hern\u00e1ndez Mart\u00ednez<\/li>\n<\/ul>\n<p> <a href=\"https:\/\/teegro.gob.mx\/sitio2025\/cuadragesima-sesion-publica-de-resolucion-2\/#more-12001\" class=\"more-link\"><span aria-label=\"Sigue leyendo Cuadrag\u00e9sima Sesi\u00f3n P\u00fablica de Resoluci\u00f3n\">(m\u00e1s&hellip;)<\/span><\/a><\/p>\n<\/div><\/li><\/ul><\/p><\/div>\n                <\/div><div class=\"eael-accordion-list\">\n                <div id=\"noviembre\" class=\"elementor-tab-title eael-accordion-header\" tabindex=\"0\" data-tab=\"3\" aria-controls=\"elementor-tab-content-5563\"><span class=\"eael-advanced-accordion-icon-closed\"><i aria-hidden=\"true\" class=\"fa-accordion-icon fas fa-plus\"><\/i><\/span><span class=\"eael-advanced-accordion-icon-opened\"><i aria-hidden=\"true\" class=\"fa-accordion-icon fas fa-minus\"><\/i><\/span><span class=\"eael-accordion-tab-title\">Noviembre<\/span><i aria-hidden=\"true\" class=\"fa-toggle fas fa-angle-right\"><\/i><\/div><div id=\"elementor-tab-content-5563\" class=\"eael-accordion-content clearfix\" data-tab=\"3\" aria-labelledby=\"noviembre\"><p><ul class=\"display-posts-listing\"><li class=\"listing-item\"><a class=\"title\" href=\"https:\/\/teegro.gob.mx\/sitio2025\/trigesima-novena-sesion-publica-de-resolucion-2\/\">Trig\u00e9sima Novena Sesi\u00f3n P\u00fablica de Resoluci\u00f3n<\/a><div class=\"content\"><ul>\n<li><a href=\"https:\/\/teegro.gob.mx\/inicio\/wp-content\/uploads\/2023\/11\/Lista281123.pdf\">Orden del d\u00eda<\/a><\/li>\n<li><a href=\"https:\/\/youtu.be\/xedzT1v2oZs\">V\u00eddeo de la Sesi\u00f3n<\/a><\/li>\n<\/ul>\n<h3>Contenido<\/h3>\n<ul>\n<li>TEE\/JEC\/004\/2023 <strong>Acuerdo Plenario<\/strong> &#8211; Artemio Le\u00f3n Leal<\/li>\n<li>TEE\/JEC\/068\/2023 &#8211; Mayrani Cecilia Mosso Gonz\u00e1lez<\/li>\n<\/ul>\n<p> <a href=\"https:\/\/teegro.gob.mx\/sitio2025\/trigesima-novena-sesion-publica-de-resolucion-2\/#more-11996\" class=\"more-link\"><span aria-label=\"Sigue leyendo Trig\u00e9sima Novena Sesi\u00f3n P\u00fablica de Resoluci\u00f3n\">(m\u00e1s&hellip;)<\/span><\/a><\/p>\n<\/div><\/li><li class=\"listing-item\"><a class=\"title\" href=\"https:\/\/teegro.gob.mx\/sitio2025\/trigesima-octava-sesion-publica-de-resolucion-2\/\">Trig\u00e9sima Octava Sesi\u00f3n P\u00fablica de Resoluci\u00f3n<\/a><div class=\"content\"><ul>\n<li><a href=\"https:\/\/teegro.gob.mx\/inicio\/wp-content\/uploads\/2023\/11\/Lista211123.pdf\">Orden del d\u00eda<\/a><\/li>\n<li><a href=\"https:\/\/youtu.be\/uxEXzPugKWA\">V\u00eddeo de la Sesi\u00f3n<\/a><\/li>\n<\/ul>\n<h3>Contenido<\/h3>\n<ul>\n<li>TEE\/RAP\/015\/2023 <strong>Acuerdo Plenario<\/strong> &#8211; Secretaria General del Partido Movimiento Laborista Guerrero<\/li>\n<\/ul>\n<p> <a href=\"https:\/\/teegro.gob.mx\/sitio2025\/trigesima-octava-sesion-publica-de-resolucion-2\/#more-11991\" class=\"more-link\"><span aria-label=\"Sigue leyendo Trig\u00e9sima Octava Sesi\u00f3n P\u00fablica de Resoluci\u00f3n\">(m\u00e1s&hellip;)<\/span><\/a><\/p>\n<\/div><\/li><li class=\"listing-item\"><a class=\"title\" href=\"https:\/\/teegro.gob.mx\/sitio2025\/trigesima-septima-sesion-publica-de-resolucion-2\/\">Trig\u00e9sima S\u00e9ptima Sesi\u00f3n P\u00fablica de Resoluci\u00f3n<\/a><div class=\"content\">\n<ul>\n<li><a href=\"https:\/\/teegro.gob.mx\/inicio\/wp-content\/uploads\/2023\/11\/Lista171123.pdf\">Orden del d\u00eda<\/a><\/li>\n<li><a href=\"https:\/\/youtu.be\/_oTnJc1WOK0\">V\u00eddeo de la Sesi\u00f3n<\/a><\/li>\n<\/ul>\n<h3>Contenido<\/h3>\n<ul>\n<li>TEE\/JEC\/004\/2023 <strong>Acuerdo Plenario<\/strong> &#8211; Artemio Le\u00f3n Leal<\/li>\n<li>TEE\/JEC\/031\/2023 <strong>Acuerdo Plenario<\/strong> &#8211; Ciudadanos por Constituirse en Encuentro Solidario Guerrero, A. C.<\/li>\n<li>TEE\/RAP\/020\/2023 &#8211; Norma Otilia Hern\u00e1ndez Mart\u00ednez<\/li>\n<li>TEE\/RAP\/019\/2023 &#8211; Representante del Partido Revolucionario Institucional<\/li>\n<li>TEE\/PES\/008\/2023 &#8211; Raquel Garc\u00eda Ordu\u00f1o<\/li>\n<li>TEE\/LCT\/021\/2023 &#8211; Miguel \u00c1ngel Rabad\u00e1n Delgado<\/li>\n<\/ul>\n<p> <a href=\"https:\/\/teegro.gob.mx\/sitio2025\/trigesima-septima-sesion-publica-de-resolucion-2\/#more-11988\" class=\"more-link\"><span aria-label=\"Sigue leyendo Trig\u00e9sima S\u00e9ptima Sesi\u00f3n P\u00fablica de Resoluci\u00f3n\">(m\u00e1s&hellip;)<\/span><\/a><\/p><\/div><\/li><li class=\"listing-item\"><a class=\"title\" href=\"https:\/\/teegro.gob.mx\/sitio2025\/trigesima-sexta-sesion-publica-de-resolucion-2\/\">Trig\u00e9sima Sexta Sesi\u00f3n P\u00fablica de Resoluci\u00f3n<\/a><div class=\"content\">\n<ul>\n<li><a href=\"https:\/\/teegro.gob.mx\/inicio\/wp-content\/uploads\/2023\/11\/Lista071123.pdf\">Orden del d\u00eda<\/a><\/li>\n<li><a href=\"https:\/\/youtu.be\/hgwDNTyg4A4\">V\u00eddeo de la Sesi\u00f3n<\/a><\/li>\n<\/ul>\n<h3>Contenido<\/h3>\n<ul>\n<li>TEE\/RAP\/013\/2023, TEE\/RAP\/014\/2023, TEE\/RAP\/016\/2023, TEE\/JEC\/060\/2023 y TEE\/JEC\/061\/2023 Acumulados &#8211; Representantes de los Partidos de la Revoluci\u00f3n Democr\u00e1tica, Movimiento de Regeneraci\u00f3n Nacional, Revolucionario Institucional, Mijane Jim\u00e9nez Salinas y Ra\u00fal de Jes\u00fas Cabrera<\/li>\n<li>TEE\/RAP\/017\/2023 &#8211; Norma Otilia Hern\u00e1ndez Mart\u00ednez<\/li>\n<li>TEE\/RAP\/018\/2023 &#8211; Norma Otilia Hern\u00e1ndez Mart\u00ednez<\/li>\n<\/ul>\n<p> <a href=\"https:\/\/teegro.gob.mx\/sitio2025\/trigesima-sexta-sesion-publica-de-resolucion-2\/#more-11828\" class=\"more-link\"><span aria-label=\"Sigue leyendo Trig\u00e9sima Sexta Sesi\u00f3n P\u00fablica de Resoluci\u00f3n\">(m\u00e1s&hellip;)<\/span><\/a><\/p><\/div><\/li><\/ul><\/p><\/div>\n                <\/div><div class=\"eael-accordion-list\">\n                <div id=\"octubre\" class=\"elementor-tab-title eael-accordion-header\" tabindex=\"0\" data-tab=\"4\" aria-controls=\"elementor-tab-content-5564\"><span class=\"eael-advanced-accordion-icon-closed\"><i aria-hidden=\"true\" class=\"fa-accordion-icon fas fa-plus\"><\/i><\/span><span class=\"eael-advanced-accordion-icon-opened\"><i aria-hidden=\"true\" class=\"fa-accordion-icon fas fa-minus\"><\/i><\/span><span class=\"eael-accordion-tab-title\">Octubre<\/span><i aria-hidden=\"true\" class=\"fa-toggle fas fa-angle-right\"><\/i><\/div><div id=\"elementor-tab-content-5564\" class=\"eael-accordion-content clearfix\" data-tab=\"4\" aria-labelledby=\"octubre\"><p><ul class=\"display-posts-listing\"><li class=\"listing-item\"><a class=\"title\" href=\"https:\/\/teegro.gob.mx\/sitio2025\/trigesima-quinta-sesion-publica-de-resolucion-2\/\">Trig\u00e9sima Quinta Sesi\u00f3n P\u00fablica de Resoluci\u00f3n<\/a><div class=\"content\">\n<ul>\n<li><a href=\"https:\/\/teegro.gob.mx\/inicio\/wp-content\/uploads\/2023\/10\/Lista251023.pdf\">Orden del d\u00eda<\/a><\/li>\n<li><a href=\"https:\/\/youtu.be\/ytm_lJxBIp0\">V\u00eddeo de la Sesi\u00f3n<\/a><\/li>\n<\/ul>\n<h3>Contenido<\/h3>\n<ul>\n<li>TEE\/JEC\/004\/2023 Acuerdo Plenario &#8211; Artemio Le\u00f3n Leal<\/li>\n<li>TEE\/JEC\/043\/2023 y acumulado Acuerdo Plenario &#8211; Arlene Siu Sarabia Pe\u00f1a y otra persona<\/li>\n<li>TEE\/JEC\/056\/2023 y acumulado &#8211; Claudia Mart\u00ednez S\u00e1nchez<\/li>\n<li>TEE\/JEC\/055\/2023 &#8211; Martha Osiris Mondrag\u00f3n Pel\u00e1ez y otras personas<\/li>\n<li>TEE\/JEC\/059\/2023 &#8211; Fel\u00edcita Navarrete Neri<\/li>\n<li>TEE\/PES\/007\/2023 &#8211; Ramiro Solorio Almaz\u00e1n<\/li>\n<li>TEE\/JEC\/065\/2023 &#8211; Ricardo Landa Pati\u00f1o<\/li>\n<\/ul>\n<p> <a href=\"https:\/\/teegro.gob.mx\/sitio2025\/trigesima-quinta-sesion-publica-de-resolucion-2\/#more-11755\" class=\"more-link\"><span aria-label=\"Sigue leyendo Trig\u00e9sima Quinta Sesi\u00f3n P\u00fablica de Resoluci\u00f3n\">(m\u00e1s&hellip;)<\/span><\/a><\/p><\/div><\/li><li class=\"listing-item\"><a class=\"title\" href=\"https:\/\/teegro.gob.mx\/sitio2025\/trigesima-cuarta-sesion-publica-de-resolucion-2\/\">Trig\u00e9sima Cuarta Sesi\u00f3n P\u00fablica de Resoluci\u00f3n<\/a><div class=\"content\">\n<ul>\n<li><a href=\"https:\/\/teegro.gob.mx\/inicio\/wp-content\/uploads\/2023\/10\/Lista171023.pdf\">Orden del d\u00eda<\/a><\/li>\n<li><a href=\"https:\/\/youtu.be\/T_gi55OvrAI\">V\u00eddeo de la Sesi\u00f3n<\/a><\/li>\n<\/ul>\n<h3>Contenido<\/h3>\n<ul>\n<li>TEE\/JEC\/063\/2023 Acuerdo Plenario &#8211; Norma Otilia Hern\u00e1ndez Mart\u00edne<\/li>\n<li>TEE\/JEC\/007\/2023 y acumulado Acuerdo Plenario &#8211; Carlos Arturo Mill\u00e1n S\u00e1nchez y otra persona<\/li>\n<li>TEE\/JEC\/062\/2023 Acuerdo Plenario &#8211; Norma Otilia Hern\u00e1ndez Mart\u00edne<\/li>\n<li>TEE\/LCI\/019\/2023 &#8211; Olga Sosa Garc\u00eda<\/li>\n<li>TEE\/LCI\/020\/2023 &#8211; Marcelo Castro Montecinos<\/li>\n<li>TEE\/LCI\/017\/2023 &#8211; Mar\u00eda del Roc\u00edo S\u00e1nchez S\u00e1nchez<\/li>\n<li>TEE\/JEC\/057\/2023 &#8211; Felicita Navarrete Neri<\/li>\n<\/ul>\n<p> <a href=\"https:\/\/teegro.gob.mx\/sitio2025\/trigesima-cuarta-sesion-publica-de-resolucion-2\/#more-11718\" class=\"more-link\"><span aria-label=\"Sigue leyendo Trig\u00e9sima Cuarta Sesi\u00f3n P\u00fablica de Resoluci\u00f3n\">(m\u00e1s&hellip;)<\/span><\/a><\/p><\/div><\/li><li class=\"listing-item\"><a class=\"title\" href=\"https:\/\/teegro.gob.mx\/sitio2025\/trigesima-tercera-sesion-publica-de-resolucion-3\/\">Trig\u00e9sima Tercera Sesi\u00f3n P\u00fablica de Resoluci\u00f3n<\/a><div class=\"content\">\n<ul>\n<li><a href=\"https:\/\/teegro.gob.mx\/inicio\/wp-content\/uploads\/2023\/10\/lista101023.pdf\">Orden del d\u00eda<\/a><\/li>\n<li><a href=\"https:\/\/youtu.be\/-Ozxlu5CMm4\">V\u00eddeo de la Sesi\u00f3n<\/a><\/li>\n<\/ul>\n<h3>Contenido<\/h3>\n<ul>\n<li>TEE\/JEC\/007\/2020 y acumulados Acuerdo Plenario &#8211; Sixto Cruz Ortega y otros<\/li>\n<li>TEE\/RAP\/015\/2023 &#8211; Secretaria General del Partido Movimiento Laborista Guerrero<\/li>\n<li>TEE\/JEC\/048\/2023 &#8211; Jes\u00fas Manuel Vergara Encarnaci\u00f3n<\/li>\n<li>TEE\/JEC\/052\/2023 &#8211; Felipe Aceve Palleco y otras personas<\/li>\n<li>TEE\/JEC\/041\/2023 y acumulado &#8211; Jos\u00e9 Luis Abarca Cort\u00e9z y otra persona<\/li>\n<li>TEE\/LCI\/018\/2023 &#8211; V\u00edctor Garc\u00eda Vel\u00e1zquez<\/li>\n<\/ul>\n<p> <a href=\"https:\/\/teegro.gob.mx\/sitio2025\/trigesima-tercera-sesion-publica-de-resolucion-3\/#more-11584\" class=\"more-link\"><span aria-label=\"Sigue leyendo Trig\u00e9sima Tercera Sesi\u00f3n P\u00fablica de Resoluci\u00f3n\">(m\u00e1s&hellip;)<\/span><\/a><\/p><\/div><\/li><li class=\"listing-item\"><a class=\"title\" href=\"https:\/\/teegro.gob.mx\/sitio2025\/trigesima-segunda-sesion-publica-de-resolucion-3\/\">Trig\u00e9sima Segunda Sesi\u00f3n P\u00fablica de Resoluci\u00f3n<\/a><div class=\"content\">\n<ul>\n<li><a href=\"https:\/\/teegro.gob.mx\/inicio\/wp-content\/uploads\/2023\/10\/Lista031023.pdf\">Orden del d\u00eda<\/a><\/li>\n<li><a href=\"https:\/\/youtu.be\/GE6x9V0P58A\">V\u00eddeo de la Sesi\u00f3n<\/a><\/li>\n<\/ul>\n<h3>Contenido<\/h3>\n<ul>\n<li>TEE\/JEC\/035\/2023 Acuerdo Plenario &#8211; Blanca Edid Moreno Ayala y otras personas<\/li>\n<li>TEE\/JEC\/020\/2021 y acumulado Acuerdo Plenario &#8211; Ricardo del Carmen Gallardo y otra persona<\/li>\n<li>TEE\/JEC\/024\/2023 Acuerdo Plenario &#8211; Yaneth Guti\u00e9rrez Izazaga<\/li>\n<li>TEE\/JEC\/004\/2023 Acuerdo Plenario &#8211; Artemio Le\u00f3n Leal<\/li>\n<li>TEE\/JEC\/054\/2023 &#8211; Antonio Gonz\u00e1lez L\u00f3pez y otras personas<\/li>\n<li>TEE\/JEC\/046\/2023 y acumulado &#8211; Ricardo Landa Pati\u00f1o<\/li>\n<\/ul>\n<p> <a href=\"https:\/\/teegro.gob.mx\/sitio2025\/trigesima-segunda-sesion-publica-de-resolucion-3\/#more-11557\" class=\"more-link\"><span aria-label=\"Sigue leyendo Trig\u00e9sima Segunda Sesi\u00f3n P\u00fablica de Resoluci\u00f3n\">(m\u00e1s&hellip;)<\/span><\/a><\/p><\/div><\/li><\/ul><\/p><\/div>\n                <\/div><div class=\"eael-accordion-list\">\n                <div id=\"septiembre\" class=\"elementor-tab-title eael-accordion-header\" tabindex=\"0\" data-tab=\"5\" aria-controls=\"elementor-tab-content-5565\"><span class=\"eael-advanced-accordion-icon-closed\"><i aria-hidden=\"true\" class=\"fa-accordion-icon fas fa-plus\"><\/i><\/span><span class=\"eael-advanced-accordion-icon-opened\"><i aria-hidden=\"true\" class=\"fa-accordion-icon fas fa-minus\"><\/i><\/span><span class=\"eael-accordion-tab-title\">Septiembre<\/span><i aria-hidden=\"true\" class=\"fa-toggle fas fa-angle-right\"><\/i><\/div><div id=\"elementor-tab-content-5565\" class=\"eael-accordion-content clearfix\" data-tab=\"5\" aria-labelledby=\"septiembre\"><p><ul class=\"display-posts-listing\"><li class=\"listing-item\"><a class=\"title\" href=\"https:\/\/teegro.gob.mx\/sitio2025\/trigesima-primera-sesion-publica-de-resolucion-3\/\">Trig\u00e9sima Primera Sesi\u00f3n P\u00fablica de Resoluci\u00f3n<\/a><div class=\"content\">\n<ul>\n<li><a href=\"https:\/\/teegro.gob.mx\/inicio\/wp-content\/uploads\/2023\/09\/Lista220923.pdf\">Orden del d\u00eda<\/a><\/li>\n<li><a href=\"https:\/\/youtu.be\/ii2-qek2vXM\">V\u00eddeo de la Sesi\u00f3n<\/a><\/li>\n<\/ul>\n<h3>Contenido<\/h3>\n<ul>\n<li>TEE\/JEC\/040\/2023<strong> Acuerdo Plenario<\/strong> &#8211; Alfredo S\u00e1nchez Esquivel<\/li>\n<li>TEE\/LCI\/016\/2023 &#8211; Ra\u00fal Rub\u00ed Velasco<\/li>\n<li>TEE\/PES\/006\/2022<\/li>\n<\/ul>\n<p> <a href=\"https:\/\/teegro.gob.mx\/sitio2025\/trigesima-primera-sesion-publica-de-resolucion-3\/#more-11543\" class=\"more-link\"><span aria-label=\"Sigue leyendo Trig\u00e9sima Primera Sesi\u00f3n P\u00fablica de Resoluci\u00f3n\">(m\u00e1s&hellip;)<\/span><\/a><\/p><\/div><\/li><li class=\"listing-item\"><a class=\"title\" href=\"https:\/\/teegro.gob.mx\/sitio2025\/trigesima-sesion-publica-de-resolucion-2\/\">Trig\u00e9sima Sesi\u00f3n P\u00fablica de Resoluci\u00f3n<\/a><div class=\"content\">\n<ul>\n<li><a href=\"https:\/\/teegro.gob.mx\/inicio\/wp-content\/uploads\/2023\/09\/Lista200923.pdf\">Orden del d\u00eda<\/a><\/li>\n<li>V\u00eddeo de la Sesi\u00f3n<\/li>\n<\/ul>\n<h3>Contenido<\/h3>\n<ul>\n<li>TEE\/JEC\/043\/2023 y su acumulado (<strong>Engrose)<\/strong> &#8211; Arlene Siu Sarabia Pe\u00f1a y otra persona<\/li>\n<\/ul>\n<p> <a href=\"https:\/\/teegro.gob.mx\/sitio2025\/trigesima-sesion-publica-de-resolucion-2\/#more-11507\" class=\"more-link\"><span aria-label=\"Sigue leyendo Trig\u00e9sima Sesi\u00f3n P\u00fablica de Resoluci\u00f3n\">(m\u00e1s&hellip;)<\/span><\/a><\/p><\/div><\/li><li class=\"listing-item\"><a class=\"title\" href=\"https:\/\/teegro.gob.mx\/sitio2025\/vigesima-novena-sesion-publica-de-resolucion-2\/\">Vig\u00e9sima Novena Sesi\u00f3n P\u00fablica de Resoluci\u00f3n<\/a><div class=\"content\">\n<ul>\n<li><a href=\"https:\/\/teegro.gob.mx\/inicio\/wp-content\/uploads\/2023\/09\/Lista190923.pdf\">Orden del d\u00eda<\/a><\/li>\n<li><a href=\"https:\/\/youtu.be\/QgeqbvdHmd0\">V\u00eddeo de la Sesi\u00f3n<\/a><\/li>\n<\/ul>\n<h3>Contenido<\/h3>\n<ul>\n<li>TEE\/LCI\/015\/2023 &#8211; Iris Salmer\u00f3n Camero<\/li>\n<li>TEE\/JEC\/043\/2023 y su acumulado &#8211; Arlene Siu Sarabia Pe\u00f1a y otra persona<\/li>\n<li>TEE\/JEC\/035\/2023 &#8211; Blanca Edid Moreno Ayala y otras personas<\/li>\n<li>TEE\/JEC\/039\/2023 &#8211; Carlos Arturo Mill\u00e1n S\u00e1nchez<\/li>\n<\/ul>\n<p> <a href=\"https:\/\/teegro.gob.mx\/sitio2025\/vigesima-novena-sesion-publica-de-resolucion-2\/#more-11486\" class=\"more-link\"><span aria-label=\"Sigue leyendo Vig\u00e9sima Novena Sesi\u00f3n P\u00fablica de Resoluci\u00f3n\">(m\u00e1s&hellip;)<\/span><\/a><\/p><\/div><\/li><li class=\"listing-item\"><a class=\"title\" href=\"https:\/\/teegro.gob.mx\/sitio2025\/vigesima-octava-sesion-publica-de-resolucion-2\/\">Vig\u00e9sima Octava Sesi\u00f3n P\u00fablica de Resoluci\u00f3n<\/a><div class=\"content\">\n<ul>\n<li><a href=\"https:\/\/teegro.gob.mx\/inicio\/wp-content\/uploads\/2023\/09\/Lista120923.pdf\">Orden del d\u00eda<\/a><\/li>\n<li><a href=\"https:\/\/youtu.be\/pISSmM60OfA\">V\u00eddeo de la Sesi\u00f3n<\/a><\/li>\n<\/ul>\n<h3>Contenido<\/h3>\n<ul>\n<li>TEE\/JEC\/007\/2023 y acumulado. Acuerdo Plenario &#8211; Carlos Arturo Mill\u00e1n S\u00e1nchez y otra persona<\/li>\n<li>TEE\/JEC\/050\/2023 &#8211; Tania \u00c1vila Magadan<\/li>\n<li>TEE\/JEC\/051\/2023 &#8211; Adriana Elizabeth Garnica Ventura y otras personas<\/li>\n<\/ul>\n<p> <a href=\"https:\/\/teegro.gob.mx\/sitio2025\/vigesima-octava-sesion-publica-de-resolucion-2\/#more-11466\" class=\"more-link\"><span aria-label=\"Sigue leyendo Vig\u00e9sima Octava Sesi\u00f3n P\u00fablica de Resoluci\u00f3n\">(m\u00e1s&hellip;)<\/span><\/a><\/p><\/div><\/li><li class=\"listing-item\"><a class=\"title\" href=\"https:\/\/teegro.gob.mx\/sitio2025\/vigesima-septima-sesion-publica-de-resolucion-2\/\">Vig\u00e9sima S\u00e9ptima Sesi\u00f3n P\u00fablica de Resoluci\u00f3n<\/a><div class=\"content\">\n<ul>\n<li><a href=\"https:\/\/teegro.gob.mx\/inicio\/wp-content\/uploads\/2023\/09\/Lista070923.pdf\">Orden del d\u00eda<\/a><\/li>\n<li><a href=\"https:\/\/youtu.be\/blfJpoyFASE\">V\u00eddeo de la Sesi\u00f3n<\/a><\/li>\n<\/ul>\n<h3>Contenido<\/h3>\n<ul>\n<li>TEE\/JEC\/038\/2023 &#8211; Erick Adcel Sol\u00eds Calixto<\/li>\n<li>TEE\/IE\/002\/2023 &#8211; Hilda Rosa Delgado Brito<\/li>\n<li>TEE\/JEC\/040\/2023 &#8211; Alfredo S\u00e1nchez Esquivel<\/li>\n<li>TEE\/JEC\/004\/2023 &#8211; Artemio Le\u00f3n Leal<\/li>\n<li>TEE\/LCI\/014\/2023 &#8211; Erik Fierro Delgado<\/li>\n<\/ul>\n<p> <a href=\"https:\/\/teegro.gob.mx\/sitio2025\/vigesima-septima-sesion-publica-de-resolucion-2\/#more-11450\" class=\"more-link\"><span aria-label=\"Sigue leyendo Vig\u00e9sima S\u00e9ptima Sesi\u00f3n P\u00fablica de Resoluci\u00f3n\">(m\u00e1s&hellip;)<\/span><\/a><\/p><\/div><\/li><li class=\"listing-item\"><a class=\"title\" href=\"https:\/\/teegro.gob.mx\/sitio2025\/vigesima-sexta-sesion-publica-de-resolucion-2\/\">Vig\u00e9sima Sexta Sesi\u00f3n P\u00fablica de Resoluci\u00f3n<\/a><div class=\"content\">\n<ul>\n<li><a href=\"https:\/\/teegro.gob.mx\/inicio\/wp-content\/uploads\/2023\/09\/Lista050923.pdf\">Orden del d\u00eda<\/a><\/li>\n<li><a href=\"https:\/\/youtu.be\/qCpV9dHFvLo\">V\u00eddeo de la Sesi\u00f3n<\/a><\/li>\n<\/ul>\n<h3>Contenido<\/h3>\n<ul>\n<li>TEE\/AG\/002\/2023 Acuerdo Plenario &#8211; Iv\u00e1n Gal\u00edndez D\u00edaz y otras Personas<\/li>\n<li>TEE\/JEC\/020\/2021 y acumulado Incidente &#8211; Ricardo del Carmen Gallardo y otra persona<\/li>\n<li>TEE\/JEC\/049\/2023 &#8211; Representante Legal de la Organizaci\u00f3n Ciudadana \u201cGuerrero Pobre A.C.<\/li>\n<\/ul>\n<p> <a href=\"https:\/\/teegro.gob.mx\/sitio2025\/vigesima-sexta-sesion-publica-de-resolucion-2\/#more-11442\" class=\"more-link\"><span aria-label=\"Sigue leyendo Vig\u00e9sima Sexta Sesi\u00f3n P\u00fablica de Resoluci\u00f3n\">(m\u00e1s&hellip;)<\/span><\/a><\/p><\/div><\/li><li class=\"listing-item\"><a class=\"title\" href=\"https:\/\/teegro.gob.mx\/sitio2025\/vigesima-quinta-sesion-publica-de-resolucion-2\/\">Vig\u00e9sima Quinta Sesi\u00f3n P\u00fablica de Resoluci\u00f3n<\/a><div class=\"content\">\n<ul>\n<li><a href=\"https:\/\/teegro.gob.mx\/inicio\/wp-content\/uploads\/2023\/08\/Lista010923.pdf\">Orden del d\u00eda<\/a><\/li>\n<li><a href=\"https:\/\/youtu.be\/FJqwmwh90PU\">V\u00eddeo de la Sesi\u00f3n<\/a><\/li>\n<\/ul>\n<h3>Contenido<\/h3>\n<ul>\n<li>TEE\/JEC\/013\/2023 y acumulado Acuerdo Plenario &#8211; Rosal\u00eda Alberto Rosas y otra persona<\/li>\n<li>TEE\/PES\/004\/2023 &#8211; Mar\u00eda de los \u00c1ngeles V\u00e1zquez Pastor y otras personas&nbsp;<\/li>\n<li>TEE\/LCI\/012\/2023 &#8211; Luis Cort\u00e9s Suastegui&nbsp;<\/li>\n<\/ul>\n<p> <a href=\"https:\/\/teegro.gob.mx\/sitio2025\/vigesima-quinta-sesion-publica-de-resolucion-2\/#more-11426\" class=\"more-link\"><span aria-label=\"Sigue leyendo Vig\u00e9sima Quinta Sesi\u00f3n P\u00fablica de Resoluci\u00f3n\">(m\u00e1s&hellip;)<\/span><\/a><\/p><\/div><\/li><\/ul><\/p><\/div>\n                <\/div><div class=\"eael-accordion-list\">\n                <div id=\"agosto\" class=\"elementor-tab-title eael-accordion-header\" tabindex=\"0\" data-tab=\"6\" aria-controls=\"elementor-tab-content-5566\"><span class=\"eael-advanced-accordion-icon-closed\"><i aria-hidden=\"true\" class=\"fa-accordion-icon fas fa-plus\"><\/i><\/span><span class=\"eael-advanced-accordion-icon-opened\"><i aria-hidden=\"true\" class=\"fa-accordion-icon fas fa-minus\"><\/i><\/span><span class=\"eael-accordion-tab-title\">Agosto<\/span><i aria-hidden=\"true\" class=\"fa-toggle fas fa-angle-right\"><\/i><\/div><div id=\"elementor-tab-content-5566\" class=\"eael-accordion-content clearfix\" data-tab=\"6\" aria-labelledby=\"agosto\"><p><ul class=\"display-posts-listing\"><li class=\"listing-item\"><a class=\"title\" href=\"https:\/\/teegro.gob.mx\/sitio2025\/vigesima-cuarta-sesion-publica-de-resolucion-3\/\">Vig\u00e9sima Cuarta Sesi\u00f3n P\u00fablica de Resoluci\u00f3n<\/a><div class=\"content\">\n<ul>\n<li><a href=\"https:\/\/teegro.gob.mx\/inicio\/wp-content\/uploads\/2023\/08\/Lista250823.pdf\">Orden del d\u00eda<\/a><\/li>\n<li><a href=\"https:\/\/youtu.be\/YO4PqO9BRsU\">V\u00eddeo de la Sesi\u00f3n<\/a><\/li>\n<\/ul>\n<h3>Contenido<\/h3>\n<ul>\n<li>TEE\/RAP\/006\/2023 Acuerdo Plenario &#8211; Rub\u00e9n Valenzo Cantor<\/li>\n<li>TEE\/JEC\/015\/2023 y acumulado Acuerdo Plenario &#8211; Roberta Castro de los Santos y otras personas<\/li>\n<li>TEE\/RAP\/011\/2023 &#8211; Jacinto Gonz\u00e1lez Varona<\/li>\n<li>TEE\/PES\/006\/2023 &#8211; Gabriela Bernal Res\u00e9ndiz<\/li>\n<li>TEE\/JEC\/045\/2023 &#8211; H\u00e9ctor Fernando Ag\u00fcero Garc\u00eda<\/li>\n<li>TEE\/LCT\/011\/2023 &#8211; Ma. Cristina Pineda Nava<\/li>\n<li>TEE\/LCT\/013\/2023 &#8211; Susana Ruiz de Jes\u00fas<\/li>\n<\/ul>\n<p> <a href=\"https:\/\/teegro.gob.mx\/sitio2025\/vigesima-cuarta-sesion-publica-de-resolucion-3\/#more-11398\" class=\"more-link\"><span aria-label=\"Sigue leyendo Vig\u00e9sima Cuarta Sesi\u00f3n P\u00fablica de Resoluci\u00f3n\">(m\u00e1s&hellip;)<\/span><\/a><\/p><\/div><\/li><li class=\"listing-item\"><a class=\"title\" href=\"https:\/\/teegro.gob.mx\/sitio2025\/vigesima-segunda-sesion-publica-de-resolucion-4\/\">Vig\u00e9sima Tercera Sesi\u00f3n P\u00fablica de Resoluci\u00f3n<\/a><div class=\"content\">\n<ul>\n<li><a href=\"https:\/\/teegro.gob.mx\/inicio\/wp-content\/uploads\/2023\/08\/Lista220823.pdf\">Orden del d\u00eda<\/a><\/li>\n<li><a href=\"https:\/\/youtu.be\/_21x5RT1jrQ\">V\u00eddeo de la Sesi\u00f3n<\/a><\/li>\n<\/ul>\n<h3>Contenido<\/h3>\n<ul>\n<li>TEE\/PES\/005\/2023 Acuerdo Plenario &#8211; Raquel Garc\u00eda Ordu\u00f1o<\/li>\n<li>TEE\/JEC\/019\/2023 Acuerdo Plenario &#8211; Fel\u00edcita Navarrete Neri<\/li>\n<li>TEE\/JEC\/007\/2020 y acumulados Acuerdo Plenario &#8211; Sixto Cruz Ortega y otras personas<\/li>\n<li>TEE\/RAP\/008\/2023 Acuerdo Plenario &#8211; Jacinto Gonz\u00e1lez Varona<\/li>\n<li>TEE\/RAP\/012\/2023 Acuerdo Plenario &#8211; Representante de La Organizaci\u00f3n Ciudadana \u201cGuerrero Pobre, A.C.\u201d<\/li>\n<\/ul>\n<p> <a href=\"https:\/\/teegro.gob.mx\/sitio2025\/vigesima-segunda-sesion-publica-de-resolucion-4\/#more-11358\" class=\"more-link\"><span aria-label=\"Sigue leyendo Vig\u00e9sima Tercera Sesi\u00f3n P\u00fablica de Resoluci\u00f3n\">(m\u00e1s&hellip;)<\/span><\/a><\/p><\/div><\/li><li class=\"listing-item\"><a class=\"title\" href=\"https:\/\/teegro.gob.mx\/sitio2025\/vigesima-segunda-sesion-publica-de-resolucion-3\/\">Vig\u00e9sima Segunda Sesi\u00f3n P\u00fablica de Resoluci\u00f3n<\/a><div class=\"content\">\n<ul>\n<li><a href=\"https:\/\/teegro.gob.mx\/inicio\/wp-content\/uploads\/2023\/08\/Lista180823.pdf\">Orden del d\u00eda<\/a><\/li>\n<li><a href=\"https:\/\/youtu.be\/FQTbNZf7ZME\">V\u00eddeo de la Sesi\u00f3n<\/a><\/li>\n<\/ul>\n<h3>Contenido<\/h3>\n<ul>\n<li>TEE\/PES\/002\/2023 &#8211; Yoloczin Lizbeth Dom\u00ednguez Serna<\/li>\n<\/ul>\n<p> <a href=\"https:\/\/teegro.gob.mx\/sitio2025\/vigesima-segunda-sesion-publica-de-resolucion-3\/#more-11337\" class=\"more-link\"><span aria-label=\"Sigue leyendo Vig\u00e9sima Segunda Sesi\u00f3n P\u00fablica de Resoluci\u00f3n\">(m\u00e1s&hellip;)<\/span><\/a><\/p><\/div><\/li><\/ul><\/p><\/div>\n                <\/div><div class=\"eael-accordion-list\">\n                <div id=\"julio\" class=\"elementor-tab-title eael-accordion-header\" tabindex=\"0\" data-tab=\"7\" aria-controls=\"elementor-tab-content-5567\"><span class=\"eael-advanced-accordion-icon-closed\"><i aria-hidden=\"true\" class=\"fa-accordion-icon fas fa-plus\"><\/i><\/span><span class=\"eael-advanced-accordion-icon-opened\"><i aria-hidden=\"true\" class=\"fa-accordion-icon fas fa-minus\"><\/i><\/span><span class=\"eael-accordion-tab-title\">Julio<\/span><i aria-hidden=\"true\" class=\"fa-toggle fas fa-angle-right\"><\/i><\/div><div id=\"elementor-tab-content-5567\" class=\"eael-accordion-content clearfix\" data-tab=\"7\" aria-labelledby=\"julio\"><p><ul class=\"display-posts-listing\"><li class=\"listing-item\"><a class=\"title\" href=\"https:\/\/teegro.gob.mx\/sitio2025\/vigesima-primera-sesion-publica-de-resolucion-3\/\">Vig\u00e9sima Primera Sesi\u00f3n P\u00fablica de Resoluci\u00f3n<\/a><div class=\"content\">\n<ul>\n<li><a href=\"https:\/\/teegro.gob.mx\/inicio\/wp-content\/uploads\/2023\/07\/Lista_180723.pdf\">Orden del d\u00eda<\/a><\/li>\n<li><a href=\"https:\/\/youtu.be\/9utMI82CmnQ\">V\u00eddeo de la Sesi\u00f3n<\/a><\/li>\n<\/ul>\n<h3>Contenido<\/h3>\n<ul>\n<li>TEE\/RAP\/009\/2023 &#8211; Alberto Catal\u00e1n Bastida y otra persona<\/li>\n<li>TEE\/JEC\/022\/2023 &#8211; In\u00e9s Camarillo Balc\u00e1zar y otras personas<\/li>\n<li>TEE\/LCT\/010\/2023 &#8211; Taniazmin Refugio Chamu<\/li>\n<li>TEE\/IE\/001\/2023&nbsp; &#8211; Magistrada Evelyn Rodr\u00edguez Xinol<\/li>\n<li>TEE\/RAP\/010\/2023 &#8211; Alberto Catal\u00e1n Bastida<\/li>\n<\/ul>\n<p> <a href=\"https:\/\/teegro.gob.mx\/sitio2025\/vigesima-primera-sesion-publica-de-resolucion-3\/#more-11045\" class=\"more-link\"><span aria-label=\"Sigue leyendo Vig\u00e9sima Primera Sesi\u00f3n P\u00fablica de Resoluci\u00f3n\">(m\u00e1s&hellip;)<\/span><\/a><\/p><\/div><\/li><li class=\"listing-item\"><a class=\"title\" href=\"https:\/\/teegro.gob.mx\/sitio2025\/vigesima-sesion-publica-de-resolucion-3\/\">Vig\u00e9sima Sesi\u00f3n P\u00fablica de Resoluci\u00f3n<\/a><div class=\"content\">\n<ul>\n<li><a href=\"https:\/\/teegro.gob.mx\/inicio\/wp-content\/uploads\/2023\/07\/Lista130723.pdf\">Orden del d\u00eda<\/a><\/li>\n<li><a href=\"https:\/\/youtu.be\/wCeKDO2voA4\">V\u00eddeo de la Sesi\u00f3n<\/a><\/li>\n<\/ul>\n<h3>Contenido<\/h3>\n<ul>\n<li>TEE\/PES\/002\/2023 Acuerdo Plenario &#8211; Yoloczin Lizbeth Dom\u00ednguez Serna<\/li>\n<li>TEE\/PES\/006\/2022 Acuerdo Plenario &#8211; Raquel Garc\u00eda Ordu\u00f1o<\/li>\n<li>TEE\/JEC\/036\/2023&nbsp; &#8211; Raquel Garc\u00eda Ordu\u00f1o<\/li>\n<li>TEE\/JEC\/028\/2023 y acumulado &#8211; Rutilio Esp\u00edndola Castro y otros<\/li>\n<li>TEE\/JEC\/031\/2023 &#8211; Organizaci\u00f3n Encuentro Solidario A.C.<\/li>\n<li>TEE\/LCT\/009\/2023 &#8211; Joaquina Dur\u00e1n Mej\u00eda<\/li>\n<\/ul>\n<p> <a href=\"https:\/\/teegro.gob.mx\/sitio2025\/vigesima-sesion-publica-de-resolucion-3\/#more-11026\" class=\"more-link\"><span aria-label=\"Sigue leyendo Vig\u00e9sima Sesi\u00f3n P\u00fablica de Resoluci\u00f3n\">(m\u00e1s&hellip;)<\/span><\/a><\/p><\/div><\/li><li class=\"listing-item\"><a class=\"title\" href=\"https:\/\/teegro.gob.mx\/sitio2025\/decima-novena-sesion-publica-de-resolucion-3\/\">D\u00e9cima Novena Sesi\u00f3n P\u00fablica de Resoluci\u00f3n<\/a><div class=\"content\">\n<ul>\n<li><a href=\"https:\/\/teegro.gob.mx\/inicio\/wp-content\/uploads\/2023\/07\/Lista040723.pdf\">Orden del d\u00eda<\/a><\/li>\n<li><a href=\"https:\/\/youtu.be\/oynQs2FAQvw\">V\u00eddeo de la Sesi\u00f3n<\/a><\/li>\n<\/ul>\n<h3>Contenido<\/h3>\n<ul>\n<li>TEE\/PES\/004\/2023 Acuerdo Plenario &#8211; Mar\u00eda de los \u00c1ngeles V\u00e1zquez Pastor y otras personas<\/li>\n<li>TEE\/JEC\/034\/2023 &#8211; Gustavo C\u00e9sar Moctezuma Jacobo y otras personas<\/li>\n<li>TEE\/JEC\/037\/2023 &#8211; Alfredo S\u00e1nchez Esquivel<\/li>\n<\/ul>\n<p> <a href=\"https:\/\/teegro.gob.mx\/sitio2025\/decima-novena-sesion-publica-de-resolucion-3\/#more-10971\" class=\"more-link\"><span aria-label=\"Sigue leyendo D\u00e9cima Novena Sesi\u00f3n P\u00fablica de Resoluci\u00f3n\">(m\u00e1s&hellip;)<\/span><\/a><\/p><\/div><\/li><\/ul><\/p><\/div>\n                <\/div><div class=\"eael-accordion-list\">\n                <div id=\"junio\" class=\"elementor-tab-title eael-accordion-header\" tabindex=\"0\" data-tab=\"8\" aria-controls=\"elementor-tab-content-5568\"><span class=\"eael-advanced-accordion-icon-closed\"><i aria-hidden=\"true\" class=\"fa-accordion-icon fas fa-plus\"><\/i><\/span><span class=\"eael-advanced-accordion-icon-opened\"><i aria-hidden=\"true\" class=\"fa-accordion-icon fas fa-minus\"><\/i><\/span><span class=\"eael-accordion-tab-title\">Junio<\/span><i aria-hidden=\"true\" class=\"fa-toggle fas fa-angle-right\"><\/i><\/div><div id=\"elementor-tab-content-5568\" class=\"eael-accordion-content clearfix\" data-tab=\"8\" aria-labelledby=\"junio\"><p><ul class=\"display-posts-listing\"><li class=\"listing-item\"><a class=\"title\" href=\"https:\/\/teegro.gob.mx\/sitio2025\/decima-octava-sesion-publica-de-resolucion-3\/\">D\u00e9cima Octava Sesi\u00f3n P\u00fablica de Resoluci\u00f3n<\/a><div class=\"content\">\n<ul>\n<li><a href=\"https:\/\/teegro.gob.mx\/inicio\/wp-content\/uploads\/2023\/06\/Lista290623.pdf\">Orden del d\u00eda<\/a><\/li>\n<li><a href=\"https:\/\/youtu.be\/XzMxw0sPWrU\">V\u00eddeo de la Sesi\u00f3n<\/a><\/li>\n<\/ul>\n<h3>Contenido<\/h3>\n<ul>\n<li>TEE\/SSI\/JEC\/002\/2017 Acuerdo Plenario &#8211; Benito S\u00e1nchez Ayala y otras personas<\/li>\n<li>TEE\/JEC\/015\/2023 y acumulado. Acuerdo Plenario &#8211; Roberta Castro de los Santos y otras personas<\/li>\n<li>TEE\/RAP\/006\/2023 &#8211; Representante Legal de la Organizaci\u00f3n Ciudadana \u201cGuerrero Pobre A. C.\u201d.<\/li>\n<li>TEE\/JEC\/033\/2023 &#8211; Silvia Alem\u00e1n Mundo y otro.<\/li>\n<li>TEE\/JEC\/027\/2023 &#8211; Bruno Calixto R\u00edos D\u00edaz<\/li>\n<\/ul>\n<p> <a href=\"https:\/\/teegro.gob.mx\/sitio2025\/decima-octava-sesion-publica-de-resolucion-3\/#more-10759\" class=\"more-link\"><span aria-label=\"Sigue leyendo D\u00e9cima Octava Sesi\u00f3n P\u00fablica de Resoluci\u00f3n\">(m\u00e1s&hellip;)<\/span><\/a><\/p><\/div><\/li><li class=\"listing-item\"><a class=\"title\" href=\"https:\/\/teegro.gob.mx\/sitio2025\/decima-septima-sesion-publica-de-resolucion-2\/\">D\u00e9cima S\u00e9ptima Sesi\u00f3n P\u00fablica de Resoluci\u00f3n<\/a><div class=\"content\">\n<ul>\n<li><a href=\"https:\/\/teegro.gob.mx\/inicio\/wp-content\/uploads\/2023\/06\/Lista200623.pdf\">Orden del d\u00eda<\/a><\/li>\n<li><a href=\"https:\/\/youtu.be\/sR4lMXYxdXw\">V\u00eddeo de la Sesi\u00f3n<\/a><\/li>\n<\/ul>\n<h3>Contenido<\/h3>\n<ul>\n<li>TEE\/JEC\/011\/2023 Acuerdo Plenario &#8211; Cristina \u00c1lvarez Moreno y Luis Montealegre Galicia<\/li>\n<li>TEE\/JEC\/030\/2023 &#8211; Tereza Nava Alfaro y otras personas<\/li>\n<li>TEE\/JEC\/026\/2023 &#8211; Carlos Arturo Mill\u00e1n S\u00e1nchez<\/li>\n<li>TEE\/JEC\/024\/2023 &#8211; Yaneth Guti\u00e9rrez Izazaga<\/li>\n<li>TEE\/JEC\/017\/2023 &#8211; Fel\u00edcita Navarrete Neri<\/li>\n<li>TEE\/RAP\/008\/2023 &#8211; Jacinto Gonz\u00e1lez Varona<\/li>\n<li>TEE\/LCT\/008\/2023 &#8211; Jos\u00e9 \u00c1ngel Mendoza Ju\u00e1rez<\/li>\n<\/ul>\n<p> <a href=\"https:\/\/teegro.gob.mx\/sitio2025\/decima-septima-sesion-publica-de-resolucion-2\/#more-10622\" class=\"more-link\"><span aria-label=\"Sigue leyendo D\u00e9cima S\u00e9ptima Sesi\u00f3n P\u00fablica de Resoluci\u00f3n\">(m\u00e1s&hellip;)<\/span><\/a><\/p><\/div><\/li><li class=\"listing-item\"><a class=\"title\" href=\"https:\/\/teegro.gob.mx\/sitio2025\/decima-sexta-sesion-publica-de-resolucion-2\/\">D\u00e9cima Sexta Sesi\u00f3n P\u00fablica de Resoluci\u00f3n<\/a><div class=\"content\">\n<ul>\n<li><a href=\"https:\/\/teegro.gob.mx\/inicio\/wp-content\/uploads\/2023\/06\/Lista150623.pdf\">Orden del d\u00eda<\/a><\/li>\n<li><a href=\"https:\/\/youtu.be\/zvN3tStpPfY\">V\u00eddeo de la Sesi\u00f3n<\/a><\/li>\n<\/ul>\n<h3>Contenido<\/h3>\n<ul>\n<li>TEE\/PES\/003\/2023 &#8211; Natividad Guadarrama Reyes<\/li>\n<\/ul>\n<p> <a href=\"https:\/\/teegro.gob.mx\/sitio2025\/decima-sexta-sesion-publica-de-resolucion-2\/#more-10610\" class=\"more-link\"><span aria-label=\"Sigue leyendo D\u00e9cima Sexta Sesi\u00f3n P\u00fablica de Resoluci\u00f3n\">(m\u00e1s&hellip;)<\/span><\/a><\/p><\/div><\/li><li class=\"listing-item\"><a class=\"title\" href=\"https:\/\/teegro.gob.mx\/sitio2025\/decima-quinta-sesion-publica-de-resolucion-2\/\">D\u00e9cima Quinta Sesi\u00f3n P\u00fablica de Resoluci\u00f3n<\/a><div class=\"content\">\n<ul>\n<li><a href=\"https:\/\/teegro.gob.mx\/inicio\/wp-content\/uploads\/2023\/06\/Lista080623.pdf\">Orden del d\u00eda<\/a><\/li>\n<li><a href=\"https:\/\/youtu.be\/7amyacIY0zY\">V\u00eddeo de la Sesi\u00f3n<\/a><\/li>\n<\/ul>\n<h3>Contenido<\/h3>\n<ul>\n<li>TEE\/PES\/006\/2022 <strong>Acuerdo Plenario<\/strong> &#8211; Dato protegido<\/li>\n<li>TEE\/JEC\/046\/2022 y su acumulado TEE\/JEC\/047\/2022 <strong>Acuerdo Plenario<\/strong> &#8211; Carolina Cant\u00fa Morales y otras personas<\/li>\n<li>TEE\/PES\/002\/2023 <strong>Acuerdo Plenario<\/strong> &#8211; Dato protegido<\/li>\n<li>TEE\/JEC\/015\/2023 y su acumulado TEE\/JEC\/023\/2023 <strong>Acuerdo Plenario<\/strong> &#8211; Roberta Castro de los Santos y otras personas<\/li>\n<li>TEE\/RAP\/001\/2023 &#8211; Representante del PRI<\/li>\n<li>TEE\/JEC\/032\/2023 &#8211; Eriberto Flores Terrero<\/li>\n<li>TEE\/RAP\/007\/2023 &#8211; Amado Basurto G\u00e1lvez<\/li>\n<\/ul>\n<p> <a href=\"https:\/\/teegro.gob.mx\/sitio2025\/decima-quinta-sesion-publica-de-resolucion-2\/#more-10592\" class=\"more-link\"><span aria-label=\"Sigue leyendo D\u00e9cima Quinta Sesi\u00f3n P\u00fablica de Resoluci\u00f3n\">(m\u00e1s&hellip;)<\/span><\/a><\/p><\/div><\/li><li class=\"listing-item\"><a class=\"title\" href=\"https:\/\/teegro.gob.mx\/sitio2025\/decima-cuarta-sesion-publica-de-resolucion-2\/\">D\u00e9cima Cuarta Sesi\u00f3n P\u00fablica de Resoluci\u00f3n<\/a><div class=\"content\">\n<ul>\n<li><a href=\"https:\/\/teegro.gob.mx\/inicio\/wp-content\/uploads\/2023\/06\/Lista020623_.pdf\">Orden del d\u00eda<\/a><\/li>\n<li><a href=\"https:\/\/youtu.be\/lZa0UOq2h5o\">V\u00eddeo de la Sesi\u00f3n<\/a><\/li>\n<\/ul>\n<h3>Contenido<\/h3>\n<ul>\n<li>TEE\/JLT\/001\/2020 &#8211; Blanca Estela Meraza L\u00f3pez<\/li>\n<\/ul>\n<p> <a href=\"https:\/\/teegro.gob.mx\/sitio2025\/decima-cuarta-sesion-publica-de-resolucion-2\/#more-10571\" class=\"more-link\"><span aria-label=\"Sigue leyendo D\u00e9cima Cuarta Sesi\u00f3n P\u00fablica de Resoluci\u00f3n\">(m\u00e1s&hellip;)<\/span><\/a><\/p><\/div><\/li><\/ul><\/p><\/div>\n                <\/div><div class=\"eael-accordion-list\">\n                <div id=\"mayo\" class=\"elementor-tab-title eael-accordion-header\" tabindex=\"0\" data-tab=\"9\" aria-controls=\"elementor-tab-content-5569\"><span class=\"eael-advanced-accordion-icon-closed\"><i aria-hidden=\"true\" class=\"fa-accordion-icon fas fa-plus\"><\/i><\/span><span class=\"eael-advanced-accordion-icon-opened\"><i aria-hidden=\"true\" class=\"fa-accordion-icon fas fa-minus\"><\/i><\/span><span class=\"eael-accordion-tab-title\">Mayo<\/span><i aria-hidden=\"true\" class=\"fa-toggle fas fa-angle-right\"><\/i><\/div><div id=\"elementor-tab-content-5569\" class=\"eael-accordion-content clearfix\" data-tab=\"9\" aria-labelledby=\"mayo\"><p><ul class=\"display-posts-listing\"><li class=\"listing-item\"><a class=\"title\" href=\"https:\/\/teegro.gob.mx\/sitio2025\/decima-tercera-sesion-publica-de-resolucion-2\/\">D\u00e9cima Tercera Sesi\u00f3n P\u00fablica de Resoluci\u00f3n<\/a><div class=\"content\">\n<ul>\n<li><a href=\"https:\/\/teegro.gob.mx\/inicio\/wp-content\/uploads\/2023\/05\/Lista310523.pdf\">Orden del d\u00eda<\/a><\/li>\n<li><a href=\"https:\/\/youtu.be\/2MhVOLncPzk\">V\u00eddeo de la Sesi\u00f3n<\/a><\/li>\n<\/ul>\n<h3>Contenido<\/h3>\n<ul>\n<li>TEE\/RAP\/005\/2023 Acuerdo Plenario &#8211; Eriberto Flores Terrero<\/li>\n<li>TEE\/PES\/002\/2023 Acuerdo Plenario &#8211; Yoloczin Lizbeth Dom\u00ednguez Serna<\/li>\n<li>TEE\/JEC\/007\/2020 y acumulados. Acuerdo Plenario &#8211; Sixto Cruz Ortega y otros<\/li>\n<li>TEE\/JEC\/025\/2023 &#8211; Mauro Oyorzabal G\u00f3mez<\/li>\n<li>TEE\/JEC\/031\/2023 &#8211; Encuentro Solidario A.C<\/li>\n<li>TEE\/LCT\/007\/2023 &#8211; V\u00edctor de la Paz Adame<\/li>\n<\/ul>\n<p> <a href=\"https:\/\/teegro.gob.mx\/sitio2025\/decima-tercera-sesion-publica-de-resolucion-2\/#more-10548\" class=\"more-link\"><span aria-label=\"Sigue leyendo D\u00e9cima Tercera Sesi\u00f3n P\u00fablica de Resoluci\u00f3n\">(m\u00e1s&hellip;)<\/span><\/a><\/p><\/div><\/li><li class=\"listing-item\"><a class=\"title\" href=\"https:\/\/teegro.gob.mx\/sitio2025\/decima-segunda-sesion-publica-de-resolucion-4\/\">D\u00e9cima Segunda Sesi\u00f3n P\u00fablica de Resoluci\u00f3n<\/a><div class=\"content\">\n<ul>\n<li><a href=\"https:\/\/teegro.gob.mx\/inicio\/wp-content\/uploads\/2023\/05\/Lista250523.pdf\">Orden del d\u00eda<\/a><\/li>\n<li><a href=\"https:\/\/youtu.be\/XOyrdItmsfY\">V\u00eddeo de la Sesi\u00f3n<\/a><\/li>\n<\/ul>\n<h3>Contenido<\/h3>\n<ul>\n<li>TEE\/RAP\/004\/2023 <strong>Acuerdo Plenario<\/strong> &#8211; Hoguer Aldrete Ram\u00edrez<\/li>\n<li>TEE\/JEC\/019\/2023 &#8211; Felicita Navarrete Neri<\/li>\n<li>TEE\/JLT\/001\/2020 &#8211; Ulices Higinio Ruiz Meraza y otras personas<\/li>\n<\/ul>\n<p> <a href=\"https:\/\/teegro.gob.mx\/sitio2025\/decima-segunda-sesion-publica-de-resolucion-4\/#more-10533\" class=\"more-link\"><span aria-label=\"Sigue leyendo D\u00e9cima Segunda Sesi\u00f3n P\u00fablica de Resoluci\u00f3n\">(m\u00e1s&hellip;)<\/span><\/a><\/p><\/div><\/li><li class=\"listing-item\"><a class=\"title\" href=\"https:\/\/teegro.gob.mx\/sitio2025\/decima-primera-sesion-publica-de-resolucion-2\/\">D\u00e9cima Primera Sesi\u00f3n P\u00fablica de Resoluci\u00f3n<\/a><div class=\"content\">\n<ul>\n<li><a href=\"https:\/\/teegro.gob.mx\/inicio\/wp-content\/uploads\/2023\/05\/Lista180523.pdf\">Orden del d\u00eda<\/a><\/li>\n<li><a href=\"https:\/\/youtu.be\/TGjtyrX6MaE\">V\u00eddeo de la Sesi\u00f3n<\/a><\/li>\n<\/ul>\n<h3>Contenido<\/h3>\n<ul>\n<li>TEE\/JEC\/018\/2023 Acuerdo Plenario &#8211; Graciela Ortiz Flores y otras<\/li>\n<li>TEE\/JEC\/020\/2023 Acuerdo Plenario &#8211; Bruno Calixto R\u00edos Diaz<\/li>\n<li>TEE\/AG\/001\/2023 &#8211; Dato Protegido<\/li>\n<li>TEE\/PES\/001\/2023 &#8211; Yaneth Guti\u00e9rrez Izazaga<\/li>\n<li>TEE\/JEC\/013\/2020 &#8211; Claudia Nava Acevedo y otros<\/li>\n<li>TEE\/JEC\/013\/2023 y TEE\/JEC\/021\/2023 acumulados &#8211; Rosal\u00eda Alberto Rosas y otra<\/li>\n<li>TEE\/RAP\/002\/2023 &#8211; Manuel Alberto Saavedra Ch\u00e1vez<\/li>\n<li>TEE\/RAP\/003\/2023 &#8211; Manuel Alberto Saavedra Ch\u00e1vez<\/li>\n<\/ul>\n<p> <a href=\"https:\/\/teegro.gob.mx\/sitio2025\/decima-primera-sesion-publica-de-resolucion-2\/#more-10353\" class=\"more-link\"><span aria-label=\"Sigue leyendo D\u00e9cima Primera Sesi\u00f3n P\u00fablica de Resoluci\u00f3n\">(m\u00e1s&hellip;)<\/span><\/a><\/p><\/div><\/li><\/ul><\/p><\/div>\n                <\/div><div class=\"eael-accordion-list\">\n                <div id=\"abril\" class=\"elementor-tab-title eael-accordion-header\" tabindex=\"0\" data-tab=\"10\" aria-controls=\"elementor-tab-content-55610\"><span class=\"eael-advanced-accordion-icon-closed\"><i aria-hidden=\"true\" class=\"fa-accordion-icon fas fa-plus\"><\/i><\/span><span class=\"eael-advanced-accordion-icon-opened\"><i aria-hidden=\"true\" class=\"fa-accordion-icon fas fa-minus\"><\/i><\/span><span class=\"eael-accordion-tab-title\">Abril<\/span><i aria-hidden=\"true\" class=\"fa-toggle fas fa-angle-right\"><\/i><\/div><div id=\"elementor-tab-content-55610\" class=\"eael-accordion-content clearfix\" data-tab=\"10\" aria-labelledby=\"abril\"><p><ul class=\"display-posts-listing\"><li class=\"listing-item\"><a class=\"title\" href=\"https:\/\/teegro.gob.mx\/sitio2025\/decima-sesion-publica-de-resolucion-2\/\">D\u00e9cima Sesi\u00f3n P\u00fablica de Resoluci\u00f3n<\/a><div class=\"content\">\n<ul>\n<li><a href=\"https:\/\/teegro.gob.mx\/inicio\/wp-content\/uploads\/2023\/05\/Lista270423.pdf\">Orden del d\u00eda<\/a><\/li>\n<li><a href=\"https:\/\/youtu.be\/KhnwQL2Egls\">V\u00eddeo de la Sesi\u00f3n<\/a><\/li>\n<\/ul>\n<h3>Contenido<\/h3>\n<ul>\n<li>TEE\/JEC\/015\/2023 y TEE\/JEC\/023\/2023 Acumulados &#8211; Roberta Castro de los Santos y otras personas<\/li>\n<li>TEE\/LCT\/005\/2023 &#8211; Andrey Jonathan Mu\u00f1iz Navarrete<\/li>\n<\/ul>\n<h2> <a href=\"https:\/\/teegro.gob.mx\/sitio2025\/decima-sesion-publica-de-resolucion-2\/#more-9850\" class=\"more-link\"><span aria-label=\"Sigue leyendo D\u00e9cima Sesi\u00f3n P\u00fablica de Resoluci\u00f3n\">(m\u00e1s&hellip;)<\/span><\/a><\/h2><\/div><\/li><li class=\"listing-item\"><a class=\"title\" href=\"https:\/\/teegro.gob.mx\/sitio2025\/novena-sesion-publica-de-resolucion-2\/\">Novena Sesi\u00f3n P\u00fablica de Resoluci\u00f3n<\/a><div class=\"content\">\n<ul>\n<li><a href=\"https:\/\/teegro.gob.mx\/inicio\/wp-content\/uploads\/2023\/05\/Lista250423.pdf\">Orden del d\u00eda<\/a><\/li>\n<li><a href=\"https:\/\/youtu.be\/CeOiPPK_8HA\">V\u00eddeo de la Sesi\u00f3n<\/a><\/li>\n<\/ul>\n<h3>Contenido<\/h3>\n<ul>\n<li>TEE\/JEC\/001\/2023 <strong>Acuerdo Plenario<\/strong> &#8211; Mauro Oyorz\u00e1bal G\u00f3mez<\/li>\n<li>TEE\/JEC\/137\/2018 <strong>Acuerdo Plenario<\/strong> &#8211; Braulio Cesar Montes V\u00e1zquez y otras personas<\/li>\n<li>TEE\/JEC\/004\/2023 <strong>Acuerdo Plenario<\/strong> &#8211; Artemio Le\u00f3n Leal<\/li>\n<li>TEE\/JEC\/044\/2022 <strong>Acuerdo Plenario<\/strong> &#8211; Cira Morales Valtierra<\/li>\n<li>TEE\/JEC\/011\/2023 &#8211; Cristina \u00c1lvarez Moreno y Luis Montealegre Galicia<\/li>\n<li>TEE\/LCT\/004\/2023 &#8211; C\u00e1ndida Leonardo Mej\u00eda.<\/li>\n<li>TEE\/LCT\/006\/2023 &#8211; Rogelio Guerrero Ibarra<\/li>\n<\/ul>\n<h2> <a href=\"https:\/\/teegro.gob.mx\/sitio2025\/novena-sesion-publica-de-resolucion-2\/#more-9849\" class=\"more-link\"><span aria-label=\"Sigue leyendo Novena Sesi\u00f3n P\u00fablica de Resoluci\u00f3n\">(m\u00e1s&hellip;)<\/span><\/a><\/h2><\/div><\/li><li class=\"listing-item\"><a class=\"title\" href=\"https:\/\/teegro.gob.mx\/sitio2025\/octava-sesion-publica-de-resolucion\/\">Octava Sesi\u00f3n P\u00fablica de Resoluci\u00f3n<\/a><div class=\"content\">\n<ul>\n<li><a href=\"https:\/\/teegro.gob.mx\/inicio\/wp-content\/uploads\/2023\/04\/Lista130423.pdf\">Orden del d\u00eda<\/a><\/li>\n<li><a href=\"https:\/\/youtu.be\/LVpfk725eGA\">V\u00eddeo de la Sesi\u00f3n<\/a><\/li>\n<\/ul>\n<h3>Contenido<\/h3>\n<ul>\n<li>TEE\/JEC\/003\/2023 Acuerdo Plenario &#8211; Francisca de la Cruz y Otras Personas<\/li>\n<li>TEE\/JEC\/027\/2022 Acuerdo Plenario &#8211; Felicita Navarrete Neri<\/li>\n<li>TEE\/JEC\/046\/2022 y TEE\/JEC\/047\/2022 acumulados &#8211; Carolina Cant\u00fa Morales Y Otras Personas<\/li>\n<li>TEE\/JEC\/016\/2023 &#8211; In\u00e9s Camarillo Balc\u00e1zar y Otras Personas&nbsp;<\/li>\n<li>TEE\/LCT\/003\/2023 &#8211; Alina Jim\u00e9nez Aparicio<\/li>\n<\/ul>\n<h2> <a href=\"https:\/\/teegro.gob.mx\/sitio2025\/octava-sesion-publica-de-resolucion\/#more-9841\" class=\"more-link\"><span aria-label=\"Sigue leyendo Octava Sesi\u00f3n P\u00fablica de Resoluci\u00f3n\">(m\u00e1s&hellip;)<\/span><\/a><\/h2><\/div><\/li><\/ul><\/p><\/div>\n                <\/div><div class=\"eael-accordion-list\">\n                <div id=\"marzo\" class=\"elementor-tab-title eael-accordion-header\" tabindex=\"0\" data-tab=\"11\" aria-controls=\"elementor-tab-content-55611\"><span class=\"eael-advanced-accordion-icon-closed\"><i aria-hidden=\"true\" class=\"fa-accordion-icon fas fa-plus\"><\/i><\/span><span class=\"eael-advanced-accordion-icon-opened\"><i aria-hidden=\"true\" class=\"fa-accordion-icon fas fa-minus\"><\/i><\/span><span class=\"eael-accordion-tab-title\">Marzo<\/span><i aria-hidden=\"true\" class=\"fa-toggle fas fa-angle-right\"><\/i><\/div><div id=\"elementor-tab-content-55611\" class=\"eael-accordion-content clearfix\" data-tab=\"11\" aria-labelledby=\"marzo\"><p><ul class=\"display-posts-listing\"><li class=\"listing-item\"><a class=\"title\" href=\"https:\/\/teegro.gob.mx\/sitio2025\/sexta-sesion-publica-de-resolucion-2\/\">S\u00e9ptima Sesi\u00f3n P\u00fablica de Resoluci\u00f3n<\/a><div class=\"content\">\n<ul>\n<li><a href=\"https:\/\/teegro.gob.mx\/inicio\/wp-content\/uploads\/2023\/03\/290323.pdf\">Orden del d\u00eda<\/a><\/li>\n<li><a href=\"https:\/\/youtu.be\/ngV-Vqsyrb4\">V\u00eddeo de la Sesi\u00f3n<\/a><\/li>\n<\/ul>\n<h3>Contenido<\/h3>\n<ul>\n<li>TEE\/PES\/006\/2022 Acuerdo plenario &#8211; Dato Protegido<\/li>\n<li>TEE\/JEC\/041\/2022 Acuerdo plenario &#8211; Yaneth Guti\u00e9rrez Izazaga<\/li>\n<li>TEE\/JEC\/018\/2023 &#8211; Graciela Ortiz Flores y otras personas<\/li>\n<li>TEE\/JEC\/020\/2023 &#8211; Bruno Calixto R\u00edos D\u00edaz<\/li>\n<li>TEE\/JLT\/001\/2020 &#8211; Ulises Higinio Ruiz Meraza<\/li>\n<\/ul>\n<h2> <a href=\"https:\/\/teegro.gob.mx\/sitio2025\/sexta-sesion-publica-de-resolucion-2\/#more-9837\" class=\"more-link\"><span aria-label=\"Sigue leyendo S\u00e9ptima Sesi\u00f3n P\u00fablica de Resoluci\u00f3n\">(m\u00e1s&hellip;)<\/span><\/a><\/h2><\/div><\/li><li class=\"listing-item\"><a class=\"title\" href=\"https:\/\/teegro.gob.mx\/sitio2025\/sexta-sesion-publica-de-resolucion\/\">Sexta Sesi\u00f3n P\u00fablica de Resoluci\u00f3n<\/a><div class=\"content\">\n<ul>\n<li><a href=\"https:\/\/teegro.gob.mx\/inicio\/wp-content\/uploads\/2023\/03\/Lista230323.pdf\">Orden del d\u00eda<\/a><\/li>\n<li><a href=\"https:\/\/youtu.be\/EhXaoQ294dM\">V\u00eddeo de la Sesi\u00f3n<\/a><\/li>\n<\/ul>\n<h3>Contenido<\/h3>\n<ul>\n<li>TEE\/JEC\/001\/2023 Acuerdo plenario &#8211; Mauro Oyorz\u00e1bal G\u00f3mez<\/li>\n<li>TEE\/JEC\/049\/2022 Acuerdo plenario &#8211; Yenedith Barrientos Santiago<\/li>\n<li>TEE\/JEC\/004\/2023 &#8211; Artemio Le\u00f3n Leal&nbsp;<\/li>\n<li>TEE\/JEC\/009\/2023 &#8211; Arturo L\u00f3pez Cuevas<\/li>\n<li>TEE\/JEC\/012\/2023 &#8211; Alfredo S\u00e1nchez Esquivel<\/li>\n<\/ul>\n<h2> <a href=\"https:\/\/teegro.gob.mx\/sitio2025\/sexta-sesion-publica-de-resolucion\/#more-9831\" class=\"more-link\"><span aria-label=\"Sigue leyendo Sexta Sesi\u00f3n P\u00fablica de Resoluci\u00f3n\">(m\u00e1s&hellip;)<\/span><\/a><\/h2><\/div><\/li><li class=\"listing-item\"><a class=\"title\" href=\"https:\/\/teegro.gob.mx\/sitio2025\/quinta-sesion-publica-de-resolucion\/\">Quinta Sesi\u00f3n P\u00fablica de Resoluci\u00f3n<\/a><div class=\"content\">\n<ul>\n<li><a href=\"https:\/\/teegro.gob.mx\/inicio\/wp-content\/uploads\/2023\/03\/Lista160323.pdf\">Orden del d\u00eda<\/a><\/li>\n<li><a href=\"https:\/\/youtu.be\/Y-CL6PjvVtU\">V\u00eddeo de la Sesi\u00f3n<\/a><\/li>\n<\/ul>\n<h3>Contenido<\/h3>\n<ul>\n<li>TEE\/JEC\/006\/2023 Acuerdo plenario &#8211; Claudia Mart\u00ednez S\u00e1nchez<\/li>\n<li>TEE\/JEC\/010\/2023, TEE\/JEC\/014\/2023, acumulados &#8211; Roberta Castro de los Santos, Felipe Avil\u00e9s Mendoza y Otras Personas<\/li>\n<li>TEE\/JEC\/007\/2023, TEE\/JEC\/008\/2023, acumulados &#8211; Carlos Arturo Mill\u00e1n S\u00e1nchez y Jorge Francisco Hern\u00e1ndez Pablo<\/li>\n<li>TEE\/JEC\/007\/2020, TEE\/JEC\/008\/2020, acumulados &#8211; Sixto Cruz Ortega y Otras Personas<\/li>\n<li>TEE\/LCT\/001\/2023 &#8211; Antonio Carpio Mart\u00ednez<\/li>\n<\/ul>\n<h2> <a href=\"https:\/\/teegro.gob.mx\/sitio2025\/quinta-sesion-publica-de-resolucion\/#more-9824\" class=\"more-link\"><span aria-label=\"Sigue leyendo Quinta Sesi\u00f3n P\u00fablica de Resoluci\u00f3n\">(m\u00e1s&hellip;)<\/span><\/a><\/h2><\/div><\/li><li class=\"listing-item\"><a class=\"title\" href=\"https:\/\/teegro.gob.mx\/sitio2025\/cuarta-sesion-publica-de-resolucion\/\">Cuarta Sesi\u00f3n P\u00fablica de Resoluci\u00f3n<\/a><div class=\"content\">\n<ul>\n<li><a href=\"https:\/\/teegro.gob.mx\/inicio\/wp-content\/uploads\/2023\/03\/Lista090323.pdf\">Orden del d\u00eda<\/a><\/li>\n<li><a href=\"https:\/\/youtu.be\/z20wdU35_5E\">V\u00eddeo de la Sesi\u00f3n<\/a><\/li>\n<\/ul>\n<h3>Contenido<\/h3>\n<ul>\n<li>TEE\/JEC\/137\/2018 Acuerdo plenario &#8211; Braulio C\u00e9sar Montes V\u00e1zquez y otras personas<\/li>\n<li>TEE\/JEC\/041\/2022 Acuerdo plenario &#8211; Yaneth Guti\u00e9rrez Izazaga<\/li>\n<li>TEE\/JEC\/005\/2023 &#8211; Martha Adriana Torreblanca Mart\u00ednez<\/li>\n<li>TEE\/LCT\/002\/2023 &#8211; Blanca Imelda Valdovinos Galeana<\/li>\n<\/ul>\n<h2> <a href=\"https:\/\/teegro.gob.mx\/sitio2025\/cuarta-sesion-publica-de-resolucion\/#more-9819\" class=\"more-link\"><span aria-label=\"Sigue leyendo Cuarta Sesi\u00f3n P\u00fablica de Resoluci\u00f3n\">(m\u00e1s&hellip;)<\/span><\/a><\/h2><\/div><\/li><\/ul><\/p><\/div>\n                <\/div><div class=\"eael-accordion-list\">\n                <div id=\"febrero\" class=\"elementor-tab-title eael-accordion-header\" tabindex=\"0\" data-tab=\"12\" aria-controls=\"elementor-tab-content-55612\"><span class=\"eael-advanced-accordion-icon-closed\"><i aria-hidden=\"true\" class=\"fa-accordion-icon fas fa-plus\"><\/i><\/span><span class=\"eael-advanced-accordion-icon-opened\"><i aria-hidden=\"true\" class=\"fa-accordion-icon fas fa-minus\"><\/i><\/span><span class=\"eael-accordion-tab-title\">Febrero<\/span><i aria-hidden=\"true\" class=\"fa-toggle fas fa-angle-right\"><\/i><\/div><div id=\"elementor-tab-content-55612\" class=\"eael-accordion-content clearfix\" data-tab=\"12\" aria-labelledby=\"febrero\"><p><ul class=\"display-posts-listing\"><li class=\"listing-item\"><a class=\"title\" href=\"https:\/\/teegro.gob.mx\/sitio2025\/tercera-sesion-publica-de-resolucion\/\">Tercera Sesi\u00f3n P\u00fablica de Resoluci\u00f3n<\/a><div class=\"content\">\n<ul>\n<li><a href=\"https:\/\/teegro.gob.mx\/inicio\/wp-content\/uploads\/2023\/02\/Lista230223.pdf\">Orden del d\u00eda<\/a><\/li>\n<li><a href=\"https:\/\/youtu.be\/n2JTvSlIkLc\">V\u00eddeo de la Sesi\u00f3n<\/a><\/li>\n<\/ul>\n<h3>Contenido<\/h3>\n<ul>\n<li>TEE\/JEC\/042\/2022 Acuerdo plenario &#8211; Martha Adriana Torreblanca Mart\u00ednez<\/li>\n<li>TEE\/JEC\/036\/2022 &#8211; Fel\u00edcita Navarrete Neri<\/li>\n<li>TEE\/JEC\/001\/2023 &#8211; Mauro Oyorzabal G\u00f3mez<\/li>\n<li>TEE\/JEC\/002\/2023\u00a0 &#8211; Anselmo Ignacio Carmona.<\/li>\n<li>TEE\/JEC\/006\/2023 &#8211; Claudia Mart\u00ednez S\u00e1nchez<\/li>\n<li>TEE\/JEC\/003\/2023 &#8211; Francisca de la Cruz y otras personas<\/li>\n<\/ul>\n<h2> <a href=\"https:\/\/teegro.gob.mx\/sitio2025\/tercera-sesion-publica-de-resolucion\/#more-9815\" class=\"more-link\"><span aria-label=\"Sigue leyendo Tercera Sesi\u00f3n P\u00fablica de Resoluci\u00f3n\">(m\u00e1s&hellip;)<\/span><\/a><\/h2><\/div><\/li><li class=\"listing-item\"><a class=\"title\" href=\"https:\/\/teegro.gob.mx\/sitio2025\/segunda-sesion-publica-de-resolucion\/\">Segunda Sesi\u00f3n P\u00fablica de Resoluci\u00f3n<\/a><div class=\"content\">\n<ul>\n<li><a href=\"https:\/\/teegro.gob.mx\/inicio\/wp-content\/uploads\/2023\/02\/Lista160223.pdf\">Orden del d\u00eda<\/a><\/li>\n<li><a href=\"https:\/\/youtu.be\/hHbXU8spZRA\">V\u00eddeo de la Sesi\u00f3n<\/a><\/li>\n<\/ul>\n<h3>Contenido<\/h3>\n<ul>\n<li>TEE\/JEC\/064\/2021 Acuerdo plenario &#8211; Jos\u00e9 Luis Gardu\u00f1o Gonz\u00e1lez y otro<\/li>\n<li>TEE\/JEC\/027\/2022 Acuerdo plenario &#8211; Fel\u00edcita Navarrete Neri<\/li>\n<li>TEE\/JEC\/190\/2021 Acuerdo plenario &#8211; Felipe Rojas Garc\u00eda<\/li>\n<li>TEE\/JEC\/045\/2022<\/li>\n<\/ul>\n<h2> <a href=\"https:\/\/teegro.gob.mx\/sitio2025\/segunda-sesion-publica-de-resolucion\/#more-9811\" class=\"more-link\"><span aria-label=\"Sigue leyendo Segunda Sesi\u00f3n P\u00fablica de Resoluci\u00f3n\">(m\u00e1s&hellip;)<\/span><\/a><\/h2><\/div><\/li><\/ul><\/p><\/div>\n                <\/div><div class=\"eael-accordion-list\">\n                <div id=\"enero\" class=\"elementor-tab-title eael-accordion-header\" tabindex=\"0\" data-tab=\"13\" aria-controls=\"elementor-tab-content-55613\"><span class=\"eael-advanced-accordion-icon-closed\"><i aria-hidden=\"true\" class=\"fa-accordion-icon fas fa-plus\"><\/i><\/span><span class=\"eael-advanced-accordion-icon-opened\"><i aria-hidden=\"true\" class=\"fa-accordion-icon fas fa-minus\"><\/i><\/span><span class=\"eael-accordion-tab-title\">Enero<\/span><i aria-hidden=\"true\" class=\"fa-toggle fas fa-angle-right\"><\/i><\/div><div id=\"elementor-tab-content-55613\" class=\"eael-accordion-content clearfix\" data-tab=\"13\" aria-labelledby=\"enero\"><p><ul class=\"display-posts-listing\"><li class=\"listing-item\"><a class=\"title\" href=\"https:\/\/teegro.gob.mx\/sitio2025\/primera-sesion-publica-de-resolucion\/\">Primera Sesi\u00f3n P\u00fablica de Resoluci\u00f3n<\/a><div class=\"content\">\n<ul>\n<li><a href=\"https:\/\/teegro.gob.mx\/inicio\/wp-content\/uploads\/2023\/01\/LISTA123.pdf\">Orden del d\u00eda<\/a><\/li>\n<li><a href=\"https:\/\/youtu.be\/6ARv5Wl3vwA\">V\u00eddeo de la Sesi\u00f3n <\/a><\/li>\n<\/ul>\n<h3>Contenido<\/h3>\n<ul>\n<li>TEE\/JEC\/288\/2021 Acuerdo plenario &#8211; Juan Jos\u00e9 Francisco Rodr\u00edguez Otero<\/li>\n<li>TEE\/JEC\/029\/2022 Acuerdo plenario &#8211; Luis Enrique R\u00edos Saucedo<\/li>\n<li>TEE\/JEC\/298\/2021 Acuerdo plenario &#8211; Eulalia Araceli Romero Romero<\/li>\n<li>TEE\/JEC\/040\/2020 Acuerdo plenario &#8211; Servando Nava Cruz<\/li>\n<li>TEE\/JEC\/040\/2020 Acuerdo plenario &#8211; Servando Nava Cruz<\/li>\n<li>TEE\/JEC\/043\/2022 Acuerdo plenario &#8211; Claudia Mart\u00ednez S\u00e1nchez<\/li>\n<li>TEE\/JEC\/008\/2022 Acuerdo plenario &#8211; Juan Manuel Ram\u00edrez G\u00f3mez<\/li>\n<li>TEE\/JEC\/049\/2022 Acuerdo plenario &#8211; Yenedith Barrientos Santiago<\/li>\n<\/ul>\n<h2> <a href=\"https:\/\/teegro.gob.mx\/sitio2025\/primera-sesion-publica-de-resolucion\/#more-9799\" class=\"more-link\"><span aria-label=\"Sigue leyendo Primera Sesi\u00f3n P\u00fablica de Resoluci\u00f3n\">(m\u00e1s&hellip;)<\/span><\/a><\/h2><\/div><\/li><\/ul><\/p><\/div>\n                <\/div><\/div>\t\t\t\t<\/div>\n\t\t\t\t<\/div>\n\t\t\t\t\t<\/div>\n\t\t<\/div>\n\t\t\t\t\t<\/div>\n\t\t<\/section>\n\t\t\t\t<\/div>\n\t\t                    <\/div>\n\t\t        \n                    <div id=\"2022-tab\" class=\"clearfix eael-tab-content-item \" data-title-link=\"2022-tab\">\n\t\t\t\t        <style>.elementor-9787 .elementor-element.elementor-element-350815f .eael-adv-accordion .eael-accordion-list .eael-accordion-header .eael-accordion-tab-title{font-size:1.1em;color:#333;}.elementor-9787 .elementor-element.elementor-element-350815f .eael-adv-accordion .eael-accordion-list .eael-accordion-header .fa-accordion-icon{font-size:16px;margin-left:10px;color:#333;}.elementor-9787 .elementor-element.elementor-element-350815f .eael-adv-accordion .eael-accordion-list .eael-accordion-header svg.fa-accordion-icon{height:16px;width:16px;line-height:16px;}.elementor-9787 .elementor-element.elementor-element-350815f .eael-adv-accordion .eael-accordion-list .eael-accordion-header .fa-accordion-icon-svg svg{color:#333;fill:#333;}.elementor-9787 .elementor-element.elementor-element-350815f .eael-adv-accordion .eael-accordion-list .eael-accordion-header svg{fill:#333;}.elementor-9787 .elementor-element.elementor-element-350815f .eael-adv-accordion .eael-accordion-list .eael-accordion-header:hover .eael-accordion-tab-title{color:#fff;}.elementor-9787 .elementor-element.elementor-element-350815f .eael-adv-accordion .eael-accordion-list .eael-accordion-header:hover .fa-accordion-icon{color:#fff;}.elementor-9787 .elementor-element.elementor-element-350815f .eael-adv-accordion .eael-accordion-list .eael-accordion-header:hover .fa-accordion-icon svg{color:#fff;fill:#fff;}.elementor-9787 .elementor-element.elementor-element-350815f .eael-adv-accordion .eael-accordion-list .eael-accordion-header:hover svg.fa-accordion-icon{fill:#fff;}.elementor-9787 .elementor-element.elementor-element-350815f .eael-adv-accordion .eael-accordion-list .eael-accordion-header.active{color:#fff;}.elementor-9787 .elementor-element.elementor-element-350815f .eael-adv-accordion .eael-accordion-list .eael-accordion-header.active .eael-accordion-tab-title{color:#fff;}.elementor-9787 .elementor-element.elementor-element-350815f .eael-adv-accordion .eael-accordion-list .eael-accordion-header.active .fa-accordion-icon{color:#fff;}.elementor-9787 .elementor-element.elementor-element-350815f .eael-adv-accordion .eael-accordion-list .eael-accordion-header.active .fa-accordion-icon svg{color:#fff;fill:#fff;}.elementor-9787 .elementor-element.elementor-element-350815f .eael-adv-accordion .eael-accordion-list .eael-accordion-header.active svg.fa-accordion-icon{fill:#fff;}.elementor-9787 .elementor-element.elementor-element-350815f .eael-adv-accordion .eael-accordion-list .eael-accordion-content{color:#333;}.elementor-9787 .elementor-element.elementor-element-350815f .eael-adv-accordion .eael-accordion-list .eael-accordion-header .fa-toggle, .elementor-9787 .elementor-element.elementor-element-350815f .eael-adv-accordion .eael-accordion-list .eael-accordion-header > .fa-toggle-svg{font-size:16px;}.elementor-9787 .elementor-element.elementor-element-350815f .eael-adv-accordion .eael-accordion-list .eael-accordion-header svg.fa-toggle{height:16px;width:16px;line-height:16px;fill:#444;}.elementor-9787 .elementor-element.elementor-element-350815f .eael-adv-accordion .eael-accordion-list .eael-accordion-header .fa-toggle{color:#444;}.elementor-9787 .elementor-element.elementor-element-350815f .eael-adv-accordion .eael-accordion-list .eael-accordion-header .fa-toggle svg{color:#444;fill:#444;}.elementor-9787 .elementor-element.elementor-element-350815f .eael-adv-accordion .eael-accordion-list .eael-accordion-header.active .fa-toggle{color:#fff;}.elementor-9787 .elementor-element.elementor-element-350815f .eael-adv-accordion .eael-accordion-list .eael-accordion-header.active .fa-toggle svg{color:#fff;fill:#fff;}.elementor-9787 .elementor-element.elementor-element-350815f .eael-adv-accordion .eael-accordion-list .eael-accordion-header.active svg.fa-toggle{fill:#fff;}<\/style>\t\t<div data-elementor-type=\"page\" data-elementor-id=\"9787\" class=\"elementor elementor-9787\">\n\t\t\t\t\t\t<section class=\"elementor-section elementor-top-section elementor-element elementor-element-30d5596 elementor-section-full_width elementor-section-height-default elementor-section-height-default\" data-id=\"30d5596\" data-element_type=\"section\">\n\t\t\t\t\t\t<div class=\"elementor-container elementor-column-gap-default\">\n\t\t\t\t\t<div class=\"elementor-column elementor-col-100 elementor-top-column elementor-element elementor-element-42736e1\" data-id=\"42736e1\" data-element_type=\"column\">\n\t\t\t<div class=\"elementor-widget-wrap elementor-element-populated\">\n\t\t\t\t\t\t<div class=\"elementor-element elementor-element-350815f elementor-widget elementor-widget-eael-adv-accordion\" data-id=\"350815f\" data-element_type=\"widget\" data-widget_type=\"eael-adv-accordion.default\">\n\t\t\t\t<div class=\"elementor-widget-container\">\n\t\t\t\t\t        <div class=\"eael-adv-accordion\" id=\"eael-adv-accordion-350815f\" data-scroll-on-click=\"no\" data-scroll-speed=\"300\" data-accordion-id=\"350815f\" data-accordion-type=\"accordion\" data-toogle-speed=\"300\">\n    <div class=\"eael-accordion-list\">\n                <div id=\"actas\" class=\"elementor-tab-title eael-accordion-header\" tabindex=\"0\" data-tab=\"1\" aria-controls=\"elementor-tab-content-5561\"><span class=\"eael-advanced-accordion-icon-closed\"><i aria-hidden=\"true\" class=\"fa-accordion-icon fas fa-plus\"><\/i><\/span><span class=\"eael-advanced-accordion-icon-opened\"><i aria-hidden=\"true\" class=\"fa-accordion-icon fas fa-minus\"><\/i><\/span><span class=\"eael-accordion-tab-title\">Actas<\/span><i aria-hidden=\"true\" class=\"fa-toggle fas fa-angle-right\"><\/i><\/div><div id=\"elementor-tab-content-5561\" class=\"eael-accordion-content clearfix\" data-tab=\"1\" aria-labelledby=\"actas\"><p><a href=\"https:\/\/teegro.gob.mx\/inicio\/wp-content\/uploads\/2022\/02\/ACTA-1.pdf\">Acta n\u00famero 1<\/a><\/p><p><a href=\"https:\/\/teegro.gob.mx\/inicio\/wp-content\/uploads\/2022\/02\/ACTA-2.pdf\">Acta n\u00famero 2<\/a><\/p><p><a href=\"https:\/\/teegro.gob.mx\/inicio\/wp-content\/uploads\/2022\/02\/ACTA-3.pdf\">Acta n\u00famero 3<\/a><\/p><p><a href=\"https:\/\/teegro.gob.mx\/inicio\/wp-content\/uploads\/2022\/02\/ACTA-4.pdf\">Acta n\u00famero 4<\/a><\/p><p><a href=\"https:\/\/teegro.gob.mx\/inicio\/wp-content\/uploads\/2022\/02\/ACTA-5.pdf\">Acta n\u00famero 5<\/a><\/p><p><a href=\"https:\/\/teegro.gob.mx\/inicio\/wp-content\/uploads\/2022\/02\/ACTA-6.pdf\">Acta n\u00famero 6<\/a><\/p><p><a href=\"https:\/\/teegro.gob.mx\/inicio\/wp-content\/uploads\/2022\/02\/ACTA-7.pdf\">Acta n\u00famero 7<\/a><\/p><p><a href=\"https:\/\/teegro.gob.mx\/inicio\/wp-content\/uploads\/2022\/03\/ACTA-8.pdf\">Acta n\u00famero 8<\/a><\/p><p><a href=\"https:\/\/teegro.gob.mx\/inicio\/wp-content\/uploads\/2022\/04\/ACTA-9.pdf\">Acta n\u00famero 9<\/a><\/p><p><a href=\"https:\/\/teegro.gob.mx\/inicio\/wp-content\/uploads\/2022\/04\/ACTA-10.pdf\">Acta n\u00famero 10<\/a><\/p><p><a href=\"https:\/\/teegro.gob.mx\/inicio\/wp-content\/uploads\/2022\/05\/ACTA-11.pdf\">Acta n\u00famero 11<\/a><\/p><p><a href=\"https:\/\/teegro.gob.mx\/inicio\/wp-content\/uploads\/2022\/05\/ACTA-12.pdf\">Acta n\u00famero 12<\/a><\/p><p><a href=\"https:\/\/teegro.gob.mx\/inicio\/wp-content\/uploads\/2022\/05\/ACTA-13.pdf\">Acta n\u00famero 13<\/a><\/p><p><a href=\"https:\/\/teegro.gob.mx\/inicio\/wp-content\/uploads\/2022\/05\/ACTA-14.pdf\">Acta n\u00famero 14<\/a><\/p><p><a href=\"https:\/\/teegro.gob.mx\/inicio\/wp-content\/uploads\/2022\/05\/ACTA-15.pdf\">Acta n\u00famero 15<\/a><\/p><p><a href=\"https:\/\/teegro.gob.mx\/inicio\/wp-content\/uploads\/2022\/05\/ACTA-16.pdf\">Acta n\u00famero 16<\/a><\/p><p><a href=\"https:\/\/teegro.gob.mx\/inicio\/wp-content\/uploads\/2022\/06\/ACTA-17.pdf\">Acta n\u00famero 17<\/a><\/p><p><a href=\"https:\/\/teegro.gob.mx\/inicio\/wp-content\/uploads\/2022\/06\/ACTA-18.pdf\">Acta n\u00famero 18<\/a><\/p><p><a href=\"https:\/\/teegro.gob.mx\/inicio\/wp-content\/uploads\/2022\/06\/ACTA-19.pdf\">Acta n\u00famero 19<\/a><\/p><p><a href=\"https:\/\/teegro.gob.mx\/inicio\/wp-content\/uploads\/2022\/06\/ACTA-20.pdf\">Acta n\u00famero 20<\/a><\/p><p><a href=\"https:\/\/teegro.gob.mx\/inicio\/wp-content\/uploads\/2022\/06\/ACTA-21.pdf\">Acta n\u00famero 21<\/a><\/p><p><a href=\"https:\/\/teegro.gob.mx\/inicio\/wp-content\/uploads\/2022\/06\/ACTA-22.pdf\">Acta n\u00famero 22<\/a><\/p><p><a href=\"https:\/\/teegro.gob.mx\/inicio\/wp-content\/uploads\/2022\/06\/ACTA-23.pdf\">Acta n\u00famero 23<\/a><\/p><p><a href=\"https:\/\/teegro.gob.mx\/inicio\/wp-content\/uploads\/2022\/06\/ACTA-24.pdf\">Acta n\u00famero 24<\/a><\/p><p><a href=\"https:\/\/teegro.gob.mx\/inicio\/wp-content\/uploads\/2022\/07\/ACTA-25.pdf\">Acta n\u00famero 25<\/a><\/p><p><a href=\"https:\/\/teegro.gob.mx\/inicio\/wp-content\/uploads\/2022\/07\/ACTA-26.pdf\">Acta n\u00famero 26<\/a><\/p><p><a href=\"https:\/\/teegro.gob.mx\/inicio\/wp-content\/uploads\/2022\/10\/ACTA-27.pdf\">Acta n\u00famero 27<\/a><\/p><p><a href=\"https:\/\/teegro.gob.mx\/inicio\/wp-content\/uploads\/2022\/10\/ACTA-28.pdf\">Acta n\u00famero 28<\/a><\/p><p><a href=\"https:\/\/teegro.gob.mx\/inicio\/wp-content\/uploads\/2022\/10\/ACTA-29.pdf\">Acta n\u00famero 29<\/a><\/p><p><a href=\"https:\/\/teegro.gob.mx\/inicio\/wp-content\/uploads\/2022\/10\/ACTA-30.pdf\">Acta n\u00famero 30<\/a><\/p><p><a href=\"https:\/\/teegro.gob.mx\/inicio\/wp-content\/uploads\/2022\/10\/ACTA-31.pdf\">Acta n\u00famero 31<\/a><\/p><p><a href=\"https:\/\/teegro.gob.mx\/inicio\/wp-content\/uploads\/2022\/10\/ACTA-32.pdf\">Acta n\u00famero 32<\/a><\/p><p><a href=\"https:\/\/teegro.gob.mx\/inicio\/wp-content\/uploads\/2022\/10\/ACTA-33.pdf\">Acta n\u00famero 33<\/a><\/p><p><a href=\"https:\/\/teegro.gob.mx\/inicio\/wp-content\/uploads\/2022\/10\/ACTA-34.pdf\">Acta n\u00famero 34<\/a><\/p><p><a href=\"https:\/\/teegro.gob.mx\/inicio\/wp-content\/uploads\/2022\/10\/ACTA-35.pdf\">Acta n\u00famero 35<\/a><\/p><p><a href=\"https:\/\/teegro.gob.mx\/inicio\/wp-content\/uploads\/2022\/10\/ACTA-36.pdf\">Acta n\u00famero 36<\/a><\/p><p>Acta n\u00famero 37<\/p><p>Acta n\u00famero 38<\/p><p>Acta n\u00famero 39<\/p><p><a href=\"https:\/\/teegro.gob.mx\/inicio\/wp-content\/uploads\/2022\/12\/ACTA-40.pdf\">Acta n\u00famero 40<\/a><\/p><p><a href=\"https:\/\/teegro.gob.mx\/inicio\/wp-content\/uploads\/2022\/12\/ACTA-41.pdf\">Acta n\u00famero 41<\/a><\/p><p><a href=\"https:\/\/teegro.gob.mx\/inicio\/wp-content\/uploads\/2023\/01\/ACTA-42.pdf\">Acta n\u00famero 42<\/a><\/p><\/div>\n                <\/div><div class=\"eael-accordion-list\">\n                <div id=\"diciembre\" class=\"elementor-tab-title eael-accordion-header active-default\" tabindex=\"0\" data-tab=\"2\" aria-controls=\"elementor-tab-content-5562\"><span class=\"eael-advanced-accordion-icon-closed\"><i aria-hidden=\"true\" class=\"fa-accordion-icon fas fa-plus\"><\/i><\/span><span class=\"eael-advanced-accordion-icon-opened\"><i aria-hidden=\"true\" class=\"fa-accordion-icon fas fa-minus\"><\/i><\/span><span class=\"eael-accordion-tab-title\">Diciembre<\/span><i aria-hidden=\"true\" class=\"fa-toggle fas fa-angle-right\"><\/i><\/div><div id=\"elementor-tab-content-5562\" class=\"eael-accordion-content clearfix active-default\" data-tab=\"2\" aria-labelledby=\"diciembre\"><p><div class=\"gaceta\"><div class=\"listing-item\"><a class=\"title\" href=\"https:\/\/teegro.gob.mx\/sitio2025\/cuadragesima-segunda-sesion-publica-de-resolucion\/\">Cuadrag\u00e9sima Segunda Sesi\u00f3n P\u00fablica de Resoluci\u00f3n<\/a><div class=\"content\">\n<ul>\n<li><a href=\"https:\/\/teegro.gob.mx\/inicio\/wp-content\/uploads\/2022\/12\/Lista151222.pdf\">Orden del d\u00eda<\/a><\/li>\n<li><a href=\"https:\/\/youtu.be\/F52zt7JiE2I\">V\u00eddeo de la Sesi\u00f3n<\/a><\/li>\n<\/ul>\n<h3>Contenido<\/h3>\n<ul>\n<li>TEE\/RAP\/010\/2020 ACUERDO PLENARIO &#8211; Apoderado legal del PRD<\/li>\n<li>TEE\/JEC\/042\/2022 &#8211; Martha Adriana Torreblanca Mart\u00ednez<\/li>\n<li>TEE\/PES\/002\/2022 &#8211; Yaneth Guti\u00e9rrez Izazaga<\/li>\n<li>TEE\/JEC\/048\/2022 &#8211; Felicita Navarrete Neri<\/li>\n<li>TEE\/RAP\/007\/2022 &#8211; Representante del PT<\/li>\n<li>TEE\/JEL\/001\/2022 ACUERDO PLENARIO &#8211; Yenedith Barrientos Santiago<\/li>\n<\/ul>\n<p> <a href=\"https:\/\/teegro.gob.mx\/sitio2025\/cuadragesima-segunda-sesion-publica-de-resolucion\/#more-10341\" class=\"more-link\"><span aria-label=\"Sigue leyendo Cuadrag\u00e9sima Segunda Sesi\u00f3n P\u00fablica de Resoluci\u00f3n\">(m\u00e1s&hellip;)<\/span><\/a><\/p><\/div><\/div><div class=\"listing-item\"><a class=\"title\" href=\"https:\/\/teegro.gob.mx\/sitio2025\/cuadragesima-primera-sesion-publica-de-resolucion\/\">Cuadrag\u00e9sima Primera Sesi\u00f3n P\u00fablica de Resoluci\u00f3n<\/a><div class=\"content\">\n<ul>\n<li><a href=\"https:\/\/teegro.gob.mx\/inicio\/wp-content\/uploads\/2022\/12\/Lista091222.pdf\">Orden del d\u00eda<\/a><\/li>\n<li><a href=\"https:\/\/youtu.be\/bpMYGuQK_Dg\">V\u00eddeo de la Sesi\u00f3n<\/a><\/li>\n<\/ul>\n<h3>Contenido<\/h3>\n<ul>\n<li>TEE\/JEC\/137\/2018 &#8211; Braulio C\u00e9sar Montes V\u00e1zquez, Olga Salmer\u00f3n Mendoza y otros<\/li>\n<li>TEE\/JEC\/043\/2022 &#8211; Claudia Mart\u00ednez S\u00e1nchez<\/li>\n<li>TEE\/PES\/006\/2022 &#8211; Raquel Garc\u00eda Ordu\u00f1o<\/li>\n<\/ul>\n<p> <a href=\"https:\/\/teegro.gob.mx\/sitio2025\/cuadragesima-primera-sesion-publica-de-resolucion\/#more-10338\" class=\"more-link\"><span aria-label=\"Sigue leyendo Cuadrag\u00e9sima Primera Sesi\u00f3n P\u00fablica de Resoluci\u00f3n\">(m\u00e1s&hellip;)<\/span><\/a><\/p><\/div><\/div><\/div><\/p><\/div>\n                <\/div><div class=\"eael-accordion-list\">\n                <div id=\"noviembre\" class=\"elementor-tab-title eael-accordion-header\" tabindex=\"0\" data-tab=\"3\" aria-controls=\"elementor-tab-content-5563\"><span class=\"eael-advanced-accordion-icon-closed\"><i aria-hidden=\"true\" class=\"fa-accordion-icon fas fa-plus\"><\/i><\/span><span class=\"eael-advanced-accordion-icon-opened\"><i aria-hidden=\"true\" class=\"fa-accordion-icon fas fa-minus\"><\/i><\/span><span class=\"eael-accordion-tab-title\">Noviembre<\/span><i aria-hidden=\"true\" class=\"fa-toggle fas fa-angle-right\"><\/i><\/div><div id=\"elementor-tab-content-5563\" class=\"eael-accordion-content clearfix\" data-tab=\"3\" aria-labelledby=\"noviembre\"><p><ul class=\"display-posts-listing\"><li class=\"listing-item\"><a class=\"title\" href=\"https:\/\/teegro.gob.mx\/sitio2025\/cuadragesima-sesion-publica-de-resolucion\/\">Cuadrag\u00e9sima Sesi\u00f3n P\u00fablica de Resoluci\u00f3n<\/a><div class=\"content\">\n<ul>\n<li><a href=\"https:\/\/teegro.gob.mx\/inicio\/wp-content\/uploads\/2022\/11\/Lista291122.pdf\">Orden del d\u00eda<\/a><\/li>\n<li><a href=\"https:\/\/youtu.be\/JbVBCjItnqE\">V\u00eddeo de la Sesi\u00f3n<\/a><\/li>\n<\/ul>\n<h3>Contenido<\/h3>\n<ul>\n<li>TEE\/JEC\/038\/2022 Acuerdo Plenario &#8211; Trinidad Almaz\u00e1n Aponte<\/li>\n<li>TEE\/PES\/002\/2022 Acuerdo Plenario &#8211; Yaneth Guti\u00e9rrez Izazaga<\/li>\n<li>TEE\/RAP\/006\/2022 &#8211; Partido del Trabajo<\/li>\n<li>TEE\/AG\/006\/2022 &#8211; Rub\u00e9n Maurilio V\u00e1zquez Pineda<\/li>\n<li>TEE\/JEC\/044\/2022 &#8211; Cira Morales Valtierra<\/li>\n<\/ul>\n<p> <a href=\"https:\/\/teegro.gob.mx\/sitio2025\/cuadragesima-sesion-publica-de-resolucion\/#more-10333\" class=\"more-link\"><span aria-label=\"Sigue leyendo Cuadrag\u00e9sima Sesi\u00f3n P\u00fablica de Resoluci\u00f3n\">(m\u00e1s&hellip;)<\/span><\/a><\/p><\/div><\/li><li class=\"listing-item\"><a class=\"title\" href=\"https:\/\/teegro.gob.mx\/sitio2025\/trigesima-novena-sesion-publica-de-resolucion\/\">Trig\u00e9sima Novena Sesi\u00f3n P\u00fablica de Resoluci\u00f3n<\/a><div class=\"content\">\n<ul>\n<li><a href=\"https:\/\/teegro.gob.mx\/inicio\/wp-content\/uploads\/2022\/11\/Lista241122.pdf\">Orden del d\u00eda<\/a><\/li>\n<li><a href=\"https:\/\/youtu.be\/Ah0VwqoA67w\">V\u00eddeo de la Sesi\u00f3n<\/a><\/li>\n<\/ul>\n<h3>Contenido<\/h3>\n<ul>\n<li>TEE\/JEC\/026\/2022 ACUERDO PLENARIO &#8211; Sergio Montes Carrillo<\/li>\n<li>TEE\/JEC\/038\/2022 ACUERDO PLENARIO &#8211; Trinidad Almaz\u00e1n Aponte<\/li>\n<li>TEE\/JEC\/041\/2022 ACUERDO PLENARIO &#8211; Yaneth Guti\u00e9rrez Izazaga<\/li>\n<li>TEE\/IE\/003\/2022 &#8211; Jos\u00e9 In\u00e9s Betancourt Salgado<\/li>\n<\/ul>\n<p> <a href=\"https:\/\/teegro.gob.mx\/sitio2025\/trigesima-novena-sesion-publica-de-resolucion\/#more-10328\" class=\"more-link\"><span aria-label=\"Sigue leyendo Trig\u00e9sima Novena Sesi\u00f3n P\u00fablica de Resoluci\u00f3n\">(m\u00e1s&hellip;)<\/span><\/a><\/p><\/div><\/li><\/ul><\/p><\/div>\n                <\/div><div class=\"eael-accordion-list\">\n                <div id=\"octubre\" class=\"elementor-tab-title eael-accordion-header\" tabindex=\"0\" data-tab=\"4\" aria-controls=\"elementor-tab-content-5564\"><span class=\"eael-advanced-accordion-icon-closed\"><i aria-hidden=\"true\" class=\"fa-accordion-icon fas fa-plus\"><\/i><\/span><span class=\"eael-advanced-accordion-icon-opened\"><i aria-hidden=\"true\" class=\"fa-accordion-icon fas fa-minus\"><\/i><\/span><span class=\"eael-accordion-tab-title\">Octubre<\/span><i aria-hidden=\"true\" class=\"fa-toggle fas fa-angle-right\"><\/i><\/div><div id=\"elementor-tab-content-5564\" class=\"eael-accordion-content clearfix\" data-tab=\"4\" aria-labelledby=\"octubre\"><p><ul class=\"display-posts-listing\"><li class=\"listing-item\"><a class=\"title\" href=\"https:\/\/teegro.gob.mx\/sitio2025\/trigesima-octava-sesion-publica-de-resolucion\/\">Trig\u00e9sima Octava Sesi\u00f3n P\u00fablica de Resoluci\u00f3n<\/a><div class=\"content\">\n<ul>\n<li><a href=\"https:\/\/teegro.gob.mx\/inicio\/wp-content\/uploads\/2022\/10\/lista271022.pdf\">Orden del d\u00eda<\/a><\/li>\n<li><a href=\"https:\/\/youtu.be\/8PgQrb00AjA\">V\u00eddeo de la Sesi\u00f3n<\/a><\/li>\n<\/ul>\n<h3>Contenido<\/h3>\n<ul>\n<li>TEE\/JEC\/033\/2022 y TEE\/JEC\/040\/2022 ACUMULADOS &#8211; Herminia Mart\u00ednez Santos y otras personas<\/li>\n<li>TEE\/JEC\/035\/2022 &#8211; Rosal\u00eda Alberto Rosas<\/li>\n<li>TEE\/JEC\/041\/2022 &#8211; Yaneth Guti\u00e9rrez Izazaga&nbsp;<\/li>\n<\/ul>\n<p> <a href=\"https:\/\/teegro.gob.mx\/sitio2025\/trigesima-octava-sesion-publica-de-resolucion\/#more-10324\" class=\"more-link\"><span aria-label=\"Sigue leyendo Trig\u00e9sima Octava Sesi\u00f3n P\u00fablica de Resoluci\u00f3n\">(m\u00e1s&hellip;)<\/span><\/a><\/p><\/div><\/li><li class=\"listing-item\"><a class=\"title\" href=\"https:\/\/teegro.gob.mx\/sitio2025\/trigesima-septima-sesion-publica-de-resolucion\/\">Trig\u00e9sima S\u00e9ptima Sesi\u00f3n P\u00fablica de Resoluci\u00f3n<\/a><div class=\"content\">\n<ul>\n<li><a href=\"https:\/\/teegro.gob.mx\/inicio\/wp-content\/uploads\/2022\/10\/lista251022.pdf\">Orden del d\u00eda<\/a><\/li>\n<li><a href=\"https:\/\/youtu.be\/bO5RODVdj3I\">V\u00eddeo de la Sesi\u00f3n<\/a><\/li>\n<\/ul>\n<h3>Contenido<\/h3>\n<ul>\n<li>TEE\/JEL\/001\/2022 ACUERDO PLENARIO &#8211; Yanedith Barrientos Santiag<\/li>\n<li>TEE\/JEL\/002\/2022 y TEE\/JEL\/003\/2022 ACUMULADOS &#8211; X\u00f3chitl Heredia Barrientos<\/li>\n<\/ul>\n<p> <a href=\"https:\/\/teegro.gob.mx\/sitio2025\/trigesima-septima-sesion-publica-de-resolucion\/#more-10320\" class=\"more-link\"><span aria-label=\"Sigue leyendo Trig\u00e9sima S\u00e9ptima Sesi\u00f3n P\u00fablica de Resoluci\u00f3n\">(m\u00e1s&hellip;)<\/span><\/a><\/p><\/div><\/li><li class=\"listing-item\"><a class=\"title\" href=\"https:\/\/teegro.gob.mx\/sitio2025\/trigesima-sexta-sesion-publica-de-resolucion\/\">Trig\u00e9sima Sexta Sesi\u00f3n P\u00fablica de Resoluci\u00f3n<\/a><div class=\"content\">\n<ul>\n<li><a href=\"https:\/\/teegro.gob.mx\/inicio\/wp-content\/uploads\/2022\/10\/Lista_181022.pdf\">Orden del d\u00eda<\/a><\/li>\n<li><a href=\"https:\/\/youtu.be\/AeNZtwGDw68\">V\u00eddeo de la Sesi\u00f3n<\/a><\/li>\n<\/ul>\n<h3>Contenido<\/h3>\n<ul>\n<li>TEE\/JEC\/022\/2022 Acuerdo plenario &#8211; Martha Adriana Torreblanca Mart\u00ednez<\/li>\n<li>TEE\/LCT\/016\/2022 &#8211; Olivia Jimena Jim\u00e9nez Bello<\/li>\n<li>TEE\/LCT\/019\/2022 &#8211; Ricardo Hern\u00e1ndez Abarca<\/li>\n<li>TEE\/LCT\/021\/2022 &#8211; Alejandro Francisco Fino Gonz\u00e1lez\u00a0<\/li>\n<li>TEE\/LCT\/014\/2022 &#8211; Estephany Tanairi G\u00f3mez Moreno<\/li>\n<li>TEE\/LCT\/017\/2022 &#8211; V\u00edctor Manuel Hern\u00e1ndez Garc\u00eda<\/li>\n<li>TEE\/LCT\/020\/2022 &#8211; Daniela Jovita Vilchis Salgado<\/li>\n<li>TEE\/LCT\/015\/2022 &#8211; Nancy Navarrete Bello<\/li>\n<li>TEE\/LCT\/018\/2022 &#8211; Olivia Bello Loaeza<\/li>\n<\/ul>\n<p> <a href=\"https:\/\/teegro.gob.mx\/sitio2025\/trigesima-sexta-sesion-publica-de-resolucion\/#more-10311\" class=\"more-link\"><span aria-label=\"Sigue leyendo Trig\u00e9sima Sexta Sesi\u00f3n P\u00fablica de Resoluci\u00f3n\">(m\u00e1s&hellip;)<\/span><\/a><\/p><\/div><\/li><li class=\"listing-item\"><a class=\"title\" href=\"https:\/\/teegro.gob.mx\/sitio2025\/segunda-sesion-extraordinaria-del-pleno\/\">Segunda Sesi\u00f3n Extraordinaria del Pleno<\/a><div class=\"content\">\n<ul>\n<li><a href=\"https:\/\/teegro.gob.mx\/inicio\/wp-content\/uploads\/2022\/10\/Sesion061022.pdf\">Orden del d\u00eda<\/a><\/li>\n<li><a href=\"https:\/\/youtu.be\/29iDJaF1-Nc\">V\u00eddeo de la Sesi\u00f3n<\/a><\/li>\n<\/ul>\n<h3>Contenido<\/h3>\n<ul>\n<li>Procedimiento para la elecci\u00f3n de Magistrada Presidenta del Tribunal Electoral del Estado de Guerrero, para el periodo del 7 de octubre de 2022, al 6 de octubre del 2024.<\/li>\n<\/ul>\n<\/div><\/li><\/ul><\/p><\/div>\n                <\/div><div class=\"eael-accordion-list\">\n                <div id=\"septiembre\" class=\"elementor-tab-title eael-accordion-header\" tabindex=\"0\" data-tab=\"5\" aria-controls=\"elementor-tab-content-5565\"><span class=\"eael-advanced-accordion-icon-closed\"><i aria-hidden=\"true\" class=\"fa-accordion-icon fas fa-plus\"><\/i><\/span><span class=\"eael-advanced-accordion-icon-opened\"><i aria-hidden=\"true\" class=\"fa-accordion-icon fas fa-minus\"><\/i><\/span><span class=\"eael-accordion-tab-title\">Septiembre<\/span><i aria-hidden=\"true\" class=\"fa-toggle fas fa-angle-right\"><\/i><\/div><div id=\"elementor-tab-content-5565\" class=\"eael-accordion-content clearfix\" data-tab=\"5\" aria-labelledby=\"septiembre\"><p><ul class=\"display-posts-listing\"><li class=\"listing-item\"><a class=\"title\" href=\"https:\/\/teegro.gob.mx\/sitio2025\/trigesima-quinta-sesion-publica-de-resolucion\/\">Trig\u00e9sima Quinta Sesi\u00f3n P\u00fablica de Resoluci\u00f3n<\/a><div class=\"content\">\n<ul>\n<li><a href=\"https:\/\/teegro.gob.mx\/inicio\/wp-content\/uploads\/2022\/09\/Lista290922.pdf\">Orden del d\u00eda<\/a><\/li>\n<li><a href=\"https:\/\/youtu.be\/3tTDUHc_zfE\">V\u00eddeo de la Sesi\u00f3n<\/a><\/li>\n<\/ul>\n<h3>Contenido<\/h3>\n<ul>\n<li>TEE\/JEC\/038\/2022 Acuerdo plenario &#8211; Trinidad Almaz\u00e1n Aponte<\/li>\n<\/ul>\n<h2> <a href=\"https:\/\/teegro.gob.mx\/sitio2025\/trigesima-quinta-sesion-publica-de-resolucion\/#more-10308\" class=\"more-link\"><span aria-label=\"Sigue leyendo Trig\u00e9sima Quinta Sesi\u00f3n P\u00fablica de Resoluci\u00f3n\">(m\u00e1s&hellip;)<\/span><\/a><\/h2><\/div><\/li><li class=\"listing-item\"><a class=\"title\" href=\"https:\/\/teegro.gob.mx\/sitio2025\/trigesima-cuarta-sesion-publica-de-resolucion\/\">Trig\u00e9sima Cuarta Sesi\u00f3n P\u00fablica de Resoluci\u00f3n<\/a><div class=\"content\">\n<ul>\n<li><a href=\"https:\/\/teegro.gob.mx\/inicio\/wp-content\/uploads\/2022\/09\/lista230922.pdf\">Orden del d\u00eda<\/a><\/li>\n<li><a href=\"https:\/\/youtu.be\/r5GWUaD2uhQ\">V\u00eddeo de la Sesi\u00f3n<\/a><\/li>\n<\/ul>\n<h3>Contenido<\/h3>\n<ul>\n<li>TEE\/JEC\/039\/2022 Acuerdo plenario &#8211; Mar\u00eda Morales Salmeron<\/li>\n<\/ul>\n<h2> <a href=\"https:\/\/teegro.gob.mx\/sitio2025\/trigesima-cuarta-sesion-publica-de-resolucion\/#more-10305\" class=\"more-link\"><span aria-label=\"Sigue leyendo Trig\u00e9sima Cuarta Sesi\u00f3n P\u00fablica de Resoluci\u00f3n\">(m\u00e1s&hellip;)<\/span><\/a><\/h2><\/div><\/li><li class=\"listing-item\"><a class=\"title\" href=\"https:\/\/teegro.gob.mx\/sitio2025\/trigesima-tercera-sesion-publica-de-resolucion-2\/\">Trig\u00e9sima Tercera Sesi\u00f3n P\u00fablica de Resoluci\u00f3n<\/a><div class=\"content\">\n<ul>\n<li><a href=\"https:\/\/teegro.gob.mx\/inicio\/wp-content\/uploads\/2022\/09\/lista-200922.pdf\">Orden del d\u00eda<\/a><\/li>\n<li><a href=\"https:\/\/youtu.be\/OWA1QlQTcNA\">V\u00eddeo de la Sesi\u00f3n<\/a><\/li>\n<\/ul>\n<h3>Contenido<\/h3>\n<ul>\n<li>TEE\/JEC\/022\/2022 Acuerdo plenario &#8211; Martha Adriana Torreblanca Mart\u00ednez<\/li>\n<li>TEE\/JEC\/016\/2022 Acuerdo plenario &#8211; Felicita Navarrete Neri<\/li>\n<li>TEE\/JEC\/034\/2022 Acuerdo plenario &#8211; \u00c1ngel Basurto Ortega y Gudulia Bravo Sim\u00f3n<\/li>\n<li>TEE\/JEC\/038\/2022 &#8211; Trinidad Almaz\u00e1n Aponte<\/li>\n<li>TEE\/JEC\/026\/2022 &#8211; Sergio Montes Carrillo<\/li>\n<li>TEE\/JEC\/037\/2022 &#8211; Sandra Jim\u00e9nez Herrera<\/li>\n<li>TEE\/JLT\/001\/2021 &#8211; Alma Gonz\u00e1lez de la Cruz y otras personas<\/li>\n<li>TEE\/LCT\/013\/2022 &#8211; Cuauht\u00e9moc Casta\u00f1eda Gorostieta&nbsp;<\/li>\n<\/ul>\n<h2> <a href=\"https:\/\/teegro.gob.mx\/sitio2025\/trigesima-tercera-sesion-publica-de-resolucion-2\/#more-10293\" class=\"more-link\"><span aria-label=\"Sigue leyendo Trig\u00e9sima Tercera Sesi\u00f3n P\u00fablica de Resoluci\u00f3n\">(m\u00e1s&hellip;)<\/span><\/a><\/h2><\/div><\/li><li class=\"listing-item\"><a class=\"title\" href=\"https:\/\/teegro.gob.mx\/sitio2025\/trigesima-segunda-sesion-publica-de-resolucion-2\/\">Trig\u00e9sima Segunda Sesi\u00f3n P\u00fablica de Resoluci\u00f3n<\/a><div class=\"content\"><p><\/p>\n\n\n<ul class=\"wp-block-list\"><li><a href=\"https:\/\/teegro.gob.mx\/inicio\/wp-content\/uploads\/2022\/09\/Lista060922.pdf\">Orden del d\u00eda<\/a><\/li><li><a href=\"https:\/\/youtu.be\/SP-S71OpPlg\">V\u00eddeo de la Sesi\u00f3n<\/a><\/li><\/ul>\n\n\n\n<h3 class=\"wp-block-heading\">Contenido<\/h3>\n\n\n\n<ul class=\"wp-block-list\"><li>TEE\/AG\/005\/2022 Acuerdo plenario &#8211; Demetrio Cand\u00eda G\u00e1lvez<\/li><li>TEE\/JEC\/039\/2022 Acuerdo plenario &#8211; Mar\u00eda Morales Salmer\u00f3n<\/li><li>TEE\/PES\/005\/2020 Acuerdo plenario &#8211; Eleazar Mar\u00edn Quebrado<\/li><li>TEE\/JEC\/017\/2022 Acuerdo plenario &#8211; Salvador Daniel Coronado Mart\u00ednez<\/li><li>TEE\/JEC\/030\/2022 y acumulados &#8211; Lorenzo Isidro Baltazar y otras personas<\/li><li>TEE\/JEC\/028\/2022 &#8211; Trinidad Garc\u00eda Torres y otras personas<\/li><\/ul>\n\n\n\n<h2 class=\"wp-block-heading\"><\/h2>\n\n\n\n <a href=\"https:\/\/teegro.gob.mx\/sitio2025\/trigesima-segunda-sesion-publica-de-resolucion-2\/#more-10274\" class=\"more-link\"><span aria-label=\"Sigue leyendo Trig\u00e9sima Segunda Sesi\u00f3n P\u00fablica de Resoluci\u00f3n\">(m\u00e1s&hellip;)<\/span><\/a><\/div><\/li><\/ul><\/p><\/div>\n                <\/div><div class=\"eael-accordion-list\">\n                <div id=\"agosto\" class=\"elementor-tab-title eael-accordion-header\" tabindex=\"0\" data-tab=\"6\" aria-controls=\"elementor-tab-content-5566\"><span class=\"eael-advanced-accordion-icon-closed\"><i aria-hidden=\"true\" class=\"fa-accordion-icon fas fa-plus\"><\/i><\/span><span class=\"eael-advanced-accordion-icon-opened\"><i aria-hidden=\"true\" class=\"fa-accordion-icon fas fa-minus\"><\/i><\/span><span class=\"eael-accordion-tab-title\">Agosto<\/span><i aria-hidden=\"true\" class=\"fa-toggle fas fa-angle-right\"><\/i><\/div><div id=\"elementor-tab-content-5566\" class=\"eael-accordion-content clearfix\" data-tab=\"6\" aria-labelledby=\"agosto\"><p><ul class=\"display-posts-listing\"><li class=\"listing-item\"><a class=\"title\" href=\"https:\/\/teegro.gob.mx\/sitio2025\/trigesima-primera-sesion-publica-de-resolucion-2\/\">Trig\u00e9sima Primera Sesi\u00f3n P\u00fablica de Resoluci\u00f3n<\/a><div class=\"content\">\n<ul>\n<li><a href=\"https:\/\/teegro.gob.mx\/inicio\/wp-content\/uploads\/2022\/08\/lista_310822.pdf\">Orden del d\u00eda<\/a><\/li>\n<li><a href=\"https:\/\/youtu.be\/leSrBEgQc_M\">V\u00eddeo de la Sesi\u00f3n<\/a><\/li>\n<\/ul>\n<h3>Contenido<\/h3>\n<ul>\n<li>TEE\/IE\/001\/2022 &#8211; Sergio Montes Carrillo<\/li>\n<\/ul>\n<h3> <a href=\"https:\/\/teegro.gob.mx\/sitio2025\/trigesima-primera-sesion-publica-de-resolucion-2\/#more-10270\" class=\"more-link\"><span aria-label=\"Sigue leyendo Trig\u00e9sima Primera Sesi\u00f3n P\u00fablica de Resoluci\u00f3n\">(m\u00e1s&hellip;)<\/span><\/a><\/h3><\/div><\/li><\/ul><\/p><\/div>\n                <\/div><div class=\"eael-accordion-list\">\n                <div id=\"julio\" class=\"elementor-tab-title eael-accordion-header\" tabindex=\"0\" data-tab=\"7\" aria-controls=\"elementor-tab-content-5567\"><span class=\"eael-advanced-accordion-icon-closed\"><i aria-hidden=\"true\" class=\"fa-accordion-icon fas fa-plus\"><\/i><\/span><span class=\"eael-advanced-accordion-icon-opened\"><i aria-hidden=\"true\" class=\"fa-accordion-icon fas fa-minus\"><\/i><\/span><span class=\"eael-accordion-tab-title\">Julio<\/span><i aria-hidden=\"true\" class=\"fa-toggle fas fa-angle-right\"><\/i><\/div><div id=\"elementor-tab-content-5567\" class=\"eael-accordion-content clearfix\" data-tab=\"7\" aria-labelledby=\"julio\"><p><ul class=\"display-posts-listing\"><li class=\"listing-item\"><a class=\"title\" href=\"https:\/\/teegro.gob.mx\/sitio2025\/trigesima-sesion-publica-de-resolucion\/\">Trig\u00e9sima Sesi\u00f3n P\u00fablica de Resoluci\u00f3n<\/a><div class=\"content\">\n<ul>\n<li><a href=\"https:\/\/teegro.gob.mx\/inicio\/wp-content\/uploads\/2022\/07\/Lista220722.pdf\">Orden del d\u00eda<\/a><\/li>\n<li><a href=\"https:\/\/youtu.be\/p1ZFksFIlE4\">V\u00eddeo de la Sesi\u00f3n<\/a><\/li>\n<\/ul>\n<h3>Contenido<\/h3>\n<ul>\n<li>TEE\/PES\/052\/2021 &#8211; Selene Sotelo Maldonado<\/li>\n<\/ul>\n<h3> <a href=\"https:\/\/teegro.gob.mx\/sitio2025\/trigesima-sesion-publica-de-resolucion\/#more-10264\" class=\"more-link\"><span aria-label=\"Sigue leyendo Trig\u00e9sima Sesi\u00f3n P\u00fablica de Resoluci\u00f3n\">(m\u00e1s&hellip;)<\/span><\/a><\/h3><\/div><\/li><li class=\"listing-item\"><a class=\"title\" href=\"https:\/\/teegro.gob.mx\/sitio2025\/vigesima-novena-sesion-publica-de-resolucion\/\">Vig\u00e9sima Novena Sesi\u00f3n P\u00fablica de Resoluci\u00f3n<\/a><div class=\"content\">\n<ul>\n<li><a href=\"https:\/\/teegro.gob.mx\/inicio\/wp-content\/uploads\/2022\/07\/lista190722.pdf\">Orden del d\u00eda<\/a><\/li>\n<li><a href=\"https:\/\/youtu.be\/4XfWGvEdc_s\">V\u00eddeo de la Sesi\u00f3n<\/a><\/li>\n<\/ul>\n<h3>Contenido<\/h3>\n<ul>\n<li>TEE\/JEC\/017\/2022 ACUERDO PLENARIO &#8211; Salvador Daniel Coronado Mart\u00ednez<\/li>\n<li>TEE\/JEC\/029\/2022 &#8211; Luis Enrique R\u00edos Saucedo<\/li>\n<li>TEE\/RAP\/005\/2022 &#8211; Morena<\/li>\n<\/ul>\n<h3> <a href=\"https:\/\/teegro.gob.mx\/sitio2025\/vigesima-novena-sesion-publica-de-resolucion\/#more-10259\" class=\"more-link\"><span aria-label=\"Sigue leyendo Vig\u00e9sima Novena Sesi\u00f3n P\u00fablica de Resoluci\u00f3n\">(m\u00e1s&hellip;)<\/span><\/a><\/h3><\/div><\/li><li class=\"listing-item\"><a class=\"title\" href=\"https:\/\/teegro.gob.mx\/sitio2025\/vigesima-octava-sesion-publica-de-resolucion\/\">Vig\u00e9sima Octava Sesi\u00f3n P\u00fablica de Resoluci\u00f3n<\/a><div class=\"content\">\n<ul>\n<li><a href=\"https:\/\/teegro.gob.mx\/inicio\/wp-content\/uploads\/2022\/07\/Lista130722.pdf\">Orden del d\u00eda<\/a><\/li>\n<li><a href=\"https:\/\/youtu.be\/6YWjawh-OOA\">V\u00eddeo de la Sesi\u00f3n<\/a><\/li>\n<\/ul>\n<h3>Contenido<\/h3>\n<ul>\n<li>TEE\/JEC\/027\/2022 &#8211; Fel\u00edcita Navarrete Neri<\/li>\n<li>TEE\/AG\/004\/2022 &#8211; Jos\u00e9 In\u00e9s Betancourt Salgado<\/li>\n<\/ul>\n<h2> <a href=\"https:\/\/teegro.gob.mx\/sitio2025\/vigesima-octava-sesion-publica-de-resolucion\/#more-10255\" class=\"more-link\"><span aria-label=\"Sigue leyendo Vig\u00e9sima Octava Sesi\u00f3n P\u00fablica de Resoluci\u00f3n\">(m\u00e1s&hellip;)<\/span><\/a><\/h2><\/div><\/li><li class=\"listing-item\"><a class=\"title\" href=\"https:\/\/teegro.gob.mx\/sitio2025\/vigesima-septima-sesion-publica-de-resolucion\/\">Vig\u00e9sima S\u00e9ptima Sesi\u00f3n P\u00fablica de Resoluci\u00f3n<\/a><div class=\"content\">\n<ul>\n<li><a href=\"https:\/\/teegro.gob.mx\/inicio\/wp-content\/uploads\/2022\/07\/Lista070722.pdf\">Orden del d\u00eda<\/a><\/li>\n<li><a href=\"https:\/\/youtu.be\/Gc5tLfGuCM4\">V\u00eddeo de la Sesi\u00f3n<\/a><\/li>\n<\/ul>\n<h3>Contenido<\/h3>\n<ul>\n<li>TEE\/JEC\/304\/2021 y TEE\/JEC\/024\/2022 acumulados Acuerdo plenario (resuelve solicitud) &#8211; Elizabeth Reyna Rivera, Lorenzo Isidro Baltazar y otras personas<\/li>\n<li>TEE\/JEC\/304\/2021 y TEE\/JEC\/024\/2022 acumulados Acuerdo plenario (cumplimiento de sentencia) &#8211; Elizabeth Reyna Rivera, Lorenzo Isidro Baltazar y otras personas<\/li>\n<li>TEE\/JEC\/023\/2022 Acuerdo plenario &#8211; Luis Enrique R\u00edos Saucedo<\/li>\n<li>TEE\/JEC\/296\/2021 Acuerdo plenario &#8211; Rosal\u00eda Alberto Rosas<\/li>\n<li>TEE\/AG\/002\/2022 Acuerdo plenario &#8211; Demetrio Candia G\u00e1lvez<\/li>\n<li>TEE\/AG\/004\/2022 &#8211; Jos\u00e9 In\u00e9s Betancourt Salgado<\/li>\n<li>TEE\/JLT\/001\/2020 &#8211; Ulises Higinio Ruiz Meraza y otras personas<\/li>\n<\/ul>\n<h2> <a href=\"https:\/\/teegro.gob.mx\/sitio2025\/vigesima-septima-sesion-publica-de-resolucion\/#more-10251\" class=\"more-link\"><span aria-label=\"Sigue leyendo Vig\u00e9sima S\u00e9ptima Sesi\u00f3n P\u00fablica de Resoluci\u00f3n\">(m\u00e1s&hellip;)<\/span><\/a><\/h2><\/div><\/li><\/ul><\/p><\/div>\n                <\/div><div class=\"eael-accordion-list\">\n                <div id=\"junio\" class=\"elementor-tab-title eael-accordion-header\" tabindex=\"0\" data-tab=\"8\" aria-controls=\"elementor-tab-content-5568\"><span class=\"eael-advanced-accordion-icon-closed\"><i aria-hidden=\"true\" class=\"fa-accordion-icon fas fa-plus\"><\/i><\/span><span class=\"eael-advanced-accordion-icon-opened\"><i aria-hidden=\"true\" class=\"fa-accordion-icon fas fa-minus\"><\/i><\/span><span class=\"eael-accordion-tab-title\">Junio<\/span><i aria-hidden=\"true\" class=\"fa-toggle fas fa-angle-right\"><\/i><\/div><div id=\"elementor-tab-content-5568\" class=\"eael-accordion-content clearfix\" data-tab=\"8\" aria-labelledby=\"junio\"><p><ul class=\"display-posts-listing\"><li class=\"listing-item\"><a class=\"title\" href=\"https:\/\/teegro.gob.mx\/sitio2025\/vigesima-sexta-sesion-publica-de-resolucion\/\">Vig\u00e9sima Sexta Sesi\u00f3n P\u00fablica de Resoluci\u00f3n<\/a><div class=\"content\">\n<ul>\n<li><a href=\"https:\/\/teegro.gob.mx\/inicio\/wp-content\/uploads\/2022\/06\/Lista240622.pdf\">Orden del d\u00eda<\/a><\/li>\n<li><a href=\"https:\/\/youtu.be\/BX78eB_Y2Vg\">V\u00eddeo de la Sesi\u00f3n<\/a><\/li>\n<\/ul>\n<h3>Contenido<\/h3>\n<ul>\n<li>TEE\/JLT\/001\/2020 &#8211; Ulises Higinio Ruiz Meraza y otras personas<\/li>\n<\/ul>\n<h2> <a href=\"https:\/\/teegro.gob.mx\/sitio2025\/vigesima-sexta-sesion-publica-de-resolucion\/#more-10247\" class=\"more-link\"><span aria-label=\"Sigue leyendo Vig\u00e9sima Sexta Sesi\u00f3n P\u00fablica de Resoluci\u00f3n\">(m\u00e1s&hellip;)<\/span><\/a><\/h2><\/div><\/li><li class=\"listing-item\"><a class=\"title\" href=\"https:\/\/teegro.gob.mx\/sitio2025\/vigesima-quinta-sesion-publica-de-resolucion\/\">Vig\u00e9sima Quinta Sesi\u00f3n P\u00fablica de Resoluci\u00f3n<\/a><div class=\"content\">\n<ul>\n<li><a href=\"https:\/\/teegro.gob.mx\/inicio\/wp-content\/uploads\/2022\/06\/Lista210622-2.pdf\">Orden del d\u00eda<\/a><\/li>\n<li><a href=\"https:\/\/youtu.be\/DBOFO5z_g4o\">V\u00eddeo de la Sesi\u00f3n<\/a><\/li>\n<\/ul>\n<h3>Contenido<\/h3>\n<ul>\n<li>TEE\/JEC\/004\/2022 &#8211; Ma. Antonia Ram\u00edrez Marcelino&nbsp; y otras personas<\/li>\n<li>TEE\/JEC\/025\/2022 &#8211; Jos\u00e9 Gregorio Morales Ram\u00edrez<\/li>\n<li>TEE\/LCT\/006\/2022 &#8211; Alma Gabriela Ch\u00e1vez Cer\u00f3n<\/li>\n<li>TEE\/LCT\/009\/2022 &#8211; Derly Odette Tapia Ramos<\/li>\n<li>TEE\/LCT\/012\/2022 &#8211; H\u00e9ctor Hern\u00e1ndez Barrag\u00e1n<\/li>\n<\/ul>\n<h2> <a href=\"https:\/\/teegro.gob.mx\/sitio2025\/vigesima-quinta-sesion-publica-de-resolucion\/#more-10243\" class=\"more-link\"><span aria-label=\"Sigue leyendo Vig\u00e9sima Quinta Sesi\u00f3n P\u00fablica de Resoluci\u00f3n\">(m\u00e1s&hellip;)<\/span><\/a><\/h2><\/div><\/li><li class=\"listing-item\"><a class=\"title\" href=\"https:\/\/teegro.gob.mx\/sitio2025\/vigesima-cuarta-sesion-publica-de-resolucion\/\">Vig\u00e9sima Cuarta Sesi\u00f3n P\u00fablica de Resoluci\u00f3n<\/a><div class=\"content\">\n<ul>\n<li><a href=\"https:\/\/teegro.gob.mx\/inicio\/wp-content\/uploads\/2022\/06\/Lista140622.pdf\">Orden del d\u00eda<\/a><\/li>\n<li><a href=\"https:\/\/youtu.be\/z4GFR7pimQM\">V\u00eddeo de la Sesi\u00f3n<\/a><\/li>\n<\/ul>\n<h3>Contenido<\/h3>\n<ul>\n<li>TEE\/JEC\/304\/2021 Y TEE\/JEC\/024\/2022 ACUMULADOS &#8211; Elizabeth Reyna Rivera, Lorenzo Isidro Baltazar y otras personas<\/li>\n<\/ul>\n<h2> <a href=\"https:\/\/teegro.gob.mx\/sitio2025\/vigesima-cuarta-sesion-publica-de-resolucion\/#more-10239\" class=\"more-link\"><span aria-label=\"Sigue leyendo Vig\u00e9sima Cuarta Sesi\u00f3n P\u00fablica de Resoluci\u00f3n\">(m\u00e1s&hellip;)<\/span><\/a><\/h2><\/div><\/li><li class=\"listing-item\"><a class=\"title\" href=\"https:\/\/teegro.gob.mx\/sitio2025\/vigesima-tercera-sesion-publica-de-resolucion\/\">Vig\u00e9sima Tercera Sesi\u00f3n P\u00fablica de Resoluci\u00f3n<\/a><div class=\"content\">\n<ul>\n<li><a href=\"https:\/\/teegro.gob.mx\/inicio\/wp-content\/uploads\/2022\/06\/Lista090622.pdf\">Orden del d\u00eda<\/a><\/li>\n<li><a href=\"https:\/\/youtu.be\/CItYFJY1VxM\">V\u00eddeo de la Sesi\u00f3n<\/a><\/li>\n<\/ul>\n<h3>Contenido<\/h3>\n<ul>\n<li>TEE\/JEC\/304\/2021 Y TEE\/JEC\/024\/2022 ACUMULADOS &#8211; Elizabeth Reyna Rivera, Lorenzo Isidro Baltazar y otras personas<\/li>\n<li>TEE\/PES\/005\/2022 &#8211; Eloina Villlareal Comonfort<\/li>\n<li>TEE\/JEC\/023\/2022 &#8211; Luis Enrique R\u00edos Saucedo<\/li>\n<li>TEE\/JEC\/025\/2022 &#8211; Jos\u00e9 Gregorio Morales Ram\u00edrez<\/li>\n<li>TEE\/LCT\/004\/2022 &#8211; Luis Alberto Mundo L\u00f3pez<\/li>\n<li>TEE\/LCT\/007\/2022 &#8211; Gabriel Barrera Guti\u00e9rrez<\/li>\n<li>TEE\/LCT\/010\/2022 &#8211; Claudia Zavala Gallegos<\/li>\n<li>TEE\/LCT\/005\/2022 &#8211; Obed Valdovinos Galeana<\/li>\n<li>TEE\/LCT\/008\/2022 &#8211; Yesenia Longino de la Cruz<\/li>\n<li>TEE\/LCT\/011\/2022 &#8211; Ivette Guadalupe Noriega Gonz\u00e1lez<\/li>\n<\/ul>\n<h2> <a href=\"https:\/\/teegro.gob.mx\/sitio2025\/vigesima-tercera-sesion-publica-de-resolucion\/#more-10232\" class=\"more-link\"><span aria-label=\"Sigue leyendo Vig\u00e9sima Tercera Sesi\u00f3n P\u00fablica de Resoluci\u00f3n\">(m\u00e1s&hellip;)<\/span><\/a><\/h2><\/div><\/li><li class=\"listing-item\"><a class=\"title\" href=\"https:\/\/teegro.gob.mx\/sitio2025\/vigesima-segunda-sesion-publica-de-resolucion\/\">Vig\u00e9sima Segunda Sesi\u00f3n P\u00fablica de Resoluci\u00f3n<\/a><div class=\"content\">\n<ul>\n<li><a href=\"https:\/\/teegro.gob.mx\/inicio\/wp-content\/uploads\/2022\/06\/Lista070622.pdf\">Orden del d\u00eda<\/a><\/li>\n<li><a href=\"https:\/\/youtu.be\/dXiG59YP-UA\">V\u00eddeo de la Sesi\u00f3n<\/a><\/li>\n<\/ul>\n<h3>Contenido<\/h3>\n<ul>\n<li>TEE\/RAP\/004\/2022 &#8211; Selene Sotelo Maldonado, Presidenta Municipal de Xalpatlahuac<\/li>\n<\/ul>\n<h2> <a href=\"https:\/\/teegro.gob.mx\/sitio2025\/vigesima-segunda-sesion-publica-de-resolucion\/#more-10228\" class=\"more-link\"><span aria-label=\"Sigue leyendo Vig\u00e9sima Segunda Sesi\u00f3n P\u00fablica de Resoluci\u00f3n\">(m\u00e1s&hellip;)<\/span><\/a><\/h2><\/div><\/li><\/ul><\/p><\/div>\n                <\/div><div class=\"eael-accordion-list\">\n                <div id=\"mayo\" class=\"elementor-tab-title eael-accordion-header\" tabindex=\"0\" data-tab=\"9\" aria-controls=\"elementor-tab-content-5569\"><span class=\"eael-advanced-accordion-icon-closed\"><i aria-hidden=\"true\" class=\"fa-accordion-icon fas fa-plus\"><\/i><\/span><span class=\"eael-advanced-accordion-icon-opened\"><i aria-hidden=\"true\" class=\"fa-accordion-icon fas fa-minus\"><\/i><\/span><span class=\"eael-accordion-tab-title\">Mayo<\/span><i aria-hidden=\"true\" class=\"fa-toggle fas fa-angle-right\"><\/i><\/div><div id=\"elementor-tab-content-5569\" class=\"eael-accordion-content clearfix\" data-tab=\"9\" aria-labelledby=\"mayo\"><p><ul class=\"display-posts-listing\"><li class=\"listing-item\"><a class=\"title\" href=\"https:\/\/teegro.gob.mx\/sitio2025\/vigesima-primera-sesion-publica-de-resolucion\/\">Vig\u00e9sima Primera Sesi\u00f3n P\u00fablica de Resoluci\u00f3n<\/a><div class=\"content\">\n<ul>\n<li><a href=\"https:\/\/teegro.gob.mx\/inicio\/wp-content\/uploads\/2022\/05\/Lista260522.pdf\">Orden del d\u00eda<\/a><\/li>\n<li><a href=\"https:\/\/youtu.be\/jq9gkZXY6o0\">V\u00eddeo de la Sesi\u00f3n<\/a><\/li>\n<\/ul>\n<h3>Contenido<\/h3>\n<ul>\n<li>TEE\/JEC\/026\/2022 &#8211; Sergio Montes Carrillo<\/li>\n<li>TEE\/RAP\/003\/2022 &#8211; Selene Sotelo Maldonado, Presidenta Municipal de Xalpatl\u00e1uac<\/li>\n<\/ul>\n<h2> <a href=\"https:\/\/teegro.gob.mx\/sitio2025\/vigesima-primera-sesion-publica-de-resolucion\/#more-10225\" class=\"more-link\"><span aria-label=\"Sigue leyendo Vig\u00e9sima Primera Sesi\u00f3n P\u00fablica de Resoluci\u00f3n\">(m\u00e1s&hellip;)<\/span><\/a><\/h2><\/div><\/li><li class=\"listing-item\"><a class=\"title\" href=\"https:\/\/teegro.gob.mx\/sitio2025\/vigesima-sesion-publica-de-resolucion\/\">Vig\u00e9sima Sesi\u00f3n P\u00fablica de Resoluci\u00f3n<\/a><div class=\"content\">\n<ul>\n<li><a href=\"https:\/\/teegro.gob.mx\/inicio\/wp-content\/uploads\/2022\/05\/LISTA250522.pdf\">Orden del d\u00eda<\/a><\/li>\n<li><a href=\"https:\/\/youtu.be\/C8tL2VHSytc\">V\u00eddeo de la Sesi\u00f3n<\/a><\/li>\n<\/ul>\n<h3>Contenido<\/h3>\n<ul>\n<li>TEE\/AG\/002\/2022 &#8211; Demetrio Candia G\u00e1lvez, S\u00edndico Procurador del Ayuntamiento del Municipio de Xalpatl\u00e1huac, Guerrero.<\/li>\n<li>TEE\/JEC\/017\/2022 &#8211; Salvador Daniel Coronado Mart\u00ednez<\/li>\n<\/ul>\n<h2> <a href=\"https:\/\/teegro.gob.mx\/sitio2025\/vigesima-sesion-publica-de-resolucion\/#more-10222\" class=\"more-link\"><span aria-label=\"Sigue leyendo Vig\u00e9sima Sesi\u00f3n P\u00fablica de Resoluci\u00f3n\">(m\u00e1s&hellip;)<\/span><\/a><\/h2><\/div><\/li><li class=\"listing-item\"><a class=\"title\" href=\"https:\/\/teegro.gob.mx\/sitio2025\/decima-novena-sesion-publica-de-resolucion\/\">D\u00e9cima Novena Sesi\u00f3n P\u00fablica de Resoluci\u00f3n<\/a><div class=\"content\">\n<ul>\n<li><a href=\"https:\/\/teegro.gob.mx\/inicio\/wp-content\/uploads\/2022\/05\/Lista190522.pdf\">Orden del d\u00eda<\/a><\/li>\n<li><a href=\"https:\/\/youtu.be\/s-Ls2J1Z9n0\">V\u00eddeo de la Sesi\u00f3n<\/a><\/li>\n<\/ul>\n<h3>Contenido<\/h3>\n<ul>\n<li>TEE\/JEC\/020\/2022 Acuerdo Plenario &#8211; Carmelo Loeza Hern\u00e1ndez<\/li>\n<li>TEE\/PES\/005\/2020 Acuerdo Plenario &#8211; Eleazar Mar\u00edn Quebrado<\/li>\n<li>TEE\/PES\/020\/2021 Acuerdo Plenario &#8211; Representante de Morena en el Consejo Distrital Electoral 16 del IEPC<\/li>\n<li>TEE\/PES\/004\/2022 &#8211; Carmen Pinz\u00f3n Villanueva<\/li>\n<li>TEE\/JEC\/017\/2022 &#8211; Salvador Daniel Coronado Mart\u00ednez&nbsp;<\/li>\n<\/ul>\n<h2> <a href=\"https:\/\/teegro.gob.mx\/sitio2025\/decima-novena-sesion-publica-de-resolucion\/#more-10216\" class=\"more-link\"><span aria-label=\"Sigue leyendo D\u00e9cima Novena Sesi\u00f3n P\u00fablica de Resoluci\u00f3n\">(m\u00e1s&hellip;)<\/span><\/a><\/h2><\/div><\/li><li class=\"listing-item\"><a class=\"title\" href=\"https:\/\/teegro.gob.mx\/sitio2025\/decima-octava-sesion-publica-de-resolucion\/\">D\u00e9cima Octava Sesi\u00f3n P\u00fablica de Resoluci\u00f3n<\/a><div class=\"content\">\n<ul>\n<li><a href=\"https:\/\/teegro.gob.mx\/inicio\/wp-content\/uploads\/2022\/05\/Lista120522.pdf\">Orden del d\u00eda<\/a><\/li>\n<li><a href=\"https:\/\/youtu.be\/TUNTq6Bystc\">V\u00eddeo de la Sesi\u00f3n<\/a><\/li>\n<\/ul>\n<h3>Contenido<\/h3>\n<ul>\n<li>TEE\/JEC\/022\/2022 Acuerdo plenario &#8211; Martha Adriana Torreblanca Mart\u00ednez<\/li>\n<li>TEE\/JEC\/010\/2022, TEE\/JEC\/011\/2022 y TEE\/JEC\/012\/2022 acumulados Acuerdo plenario &#8211; Jaime D\u00e1maso Sol\u00eds, Eloy Salmer\u00f3n D\u00edaz y Julio Alberto Galarza Castro<\/li>\n<li>TEE\/JEC\/021\/2022 Acuerdo plenario &#8211; Leticia Javier Mar\u00edn y otro&nbsp;<\/li>\n<li>TEE\/JEC\/291\/2021 &#8211; Idalia Iris Melgarejo Villareal<\/li>\n<\/ul>\n<h2> <a href=\"https:\/\/teegro.gob.mx\/sitio2025\/decima-octava-sesion-publica-de-resolucion\/#more-10211\" class=\"more-link\"><span aria-label=\"Sigue leyendo D\u00e9cima Octava Sesi\u00f3n P\u00fablica de Resoluci\u00f3n\">(m\u00e1s&hellip;)<\/span><\/a><\/h2><\/div><\/li><li class=\"listing-item\"><a class=\"title\" href=\"https:\/\/teegro.gob.mx\/sitio2025\/decima-septima-sesion-publica-de-resolucion\/\">D\u00e9cima S\u00e9ptima Sesi\u00f3n P\u00fablica de Resoluci\u00f3n<\/a><div class=\"content\">\n<ul>\n<li><a href=\"https:\/\/teegro.gob.mx\/inicio\/wp-content\/uploads\/2022\/05\/Lista090522.pdf\">Orden del d\u00eda<\/a><\/li>\n<li><a href=\"https:\/\/youtu.be\/7WoyAYS_f9g\">V\u00eddeo de la Sesi\u00f3n<\/a><\/li>\n<\/ul>\n<h3>Contenido<\/h3>\n<ul>\n<li>TEE\/AG\/003\/2022 &#8211; Yesenia Hern\u00e1ndez Jer\u00f3nimo<\/li>\n<li>TEE\/PES\/004\/2022 &#8211; Carmen Pinz\u00f3n Villanueva y Eloina Villareal Comonfort<\/li>\n<\/ul>\n<h2> <a href=\"https:\/\/teegro.gob.mx\/sitio2025\/decima-septima-sesion-publica-de-resolucion\/#more-10208\" class=\"more-link\"><span aria-label=\"Sigue leyendo D\u00e9cima S\u00e9ptima Sesi\u00f3n P\u00fablica de Resoluci\u00f3n\">(m\u00e1s&hellip;)<\/span><\/a><\/h2><\/div><\/li><li class=\"listing-item\"><a class=\"title\" href=\"https:\/\/teegro.gob.mx\/sitio2025\/decima-sexta-sesion-publica-de-resolucion\/\">D\u00e9cima Sexta Sesi\u00f3n P\u00fablica de Resoluci\u00f3n<\/a><div class=\"content\">\n<ul>\n<li><a href=\"https:\/\/teegro.gob.mx\/inicio\/wp-content\/uploads\/2022\/04\/Lista020522.pdf\">Orden del d\u00eda<\/a><\/li>\n<li><a href=\"https:\/\/youtu.be\/KD6jPDXblLk\">V\u00eddeo de la Sesi\u00f3n<\/a><\/li>\n<\/ul>\n<h3>Contenido<\/h3>\n<ul>\n<li>TEE\/PES\/004\/2022 Acuerdo plenario &#8211; Carmen Pinz\u00f3n Villanueva y Eloina Villareal Comonfort<\/li>\n<\/ul>\n<h2> <a href=\"https:\/\/teegro.gob.mx\/sitio2025\/decima-sexta-sesion-publica-de-resolucion\/#more-10204\" class=\"more-link\"><span aria-label=\"Sigue leyendo D\u00e9cima Sexta Sesi\u00f3n P\u00fablica de Resoluci\u00f3n\">(m\u00e1s&hellip;)<\/span><\/a><\/h2><\/div><\/li><\/ul><\/p><\/div>\n                <\/div><div class=\"eael-accordion-list\">\n                <div id=\"abril\" class=\"elementor-tab-title eael-accordion-header\" tabindex=\"0\" data-tab=\"10\" aria-controls=\"elementor-tab-content-55610\"><span class=\"eael-advanced-accordion-icon-closed\"><i aria-hidden=\"true\" class=\"fa-accordion-icon fas fa-plus\"><\/i><\/span><span class=\"eael-advanced-accordion-icon-opened\"><i aria-hidden=\"true\" class=\"fa-accordion-icon fas fa-minus\"><\/i><\/span><span class=\"eael-accordion-tab-title\">Abril<\/span><i aria-hidden=\"true\" class=\"fa-toggle fas fa-angle-right\"><\/i><\/div><div id=\"elementor-tab-content-55610\" class=\"eael-accordion-content clearfix\" data-tab=\"10\" aria-labelledby=\"abril\"><p><ul class=\"display-posts-listing\"><li class=\"listing-item\"><a class=\"title\" href=\"https:\/\/teegro.gob.mx\/sitio2025\/decima-quinta-sesion-publica-de-resolucion\/\">D\u00e9cima Quinta Sesi\u00f3n P\u00fablica de Resoluci\u00f3n<\/a><div class=\"content\">\n<ul>\n<li><a href=\"https:\/\/teegro.gob.mx\/inicio\/wp-content\/uploads\/2022\/04\/Lista280422.pdf\">Orden del d\u00eda<\/a><\/li>\n<li><a href=\"https:\/\/teegro.gob.mx\/inicio\/wp-content\/uploads\/2022\/04\/Listacomp280422.pdf\">Complementaria<\/a><\/li>\n<li><a href=\"https:\/\/youtu.be\/CT0UGsjy3PQ\">V\u00eddeo de la Sesi\u00f3n<\/a><\/li>\n<\/ul>\n<h3>Contenido<\/h3>\n<ul>\n<li>TEE\/JEC\/304\/2021 Acuerdo plenario &#8211; Elizabeth Reyna Rivera y Otras personas<\/li>\n<li>TEE\/JEC\/013\/2022 Acuerdo plenario &#8211; Carmelo Loeza Hern\u00e1ndez<\/li>\n<li>TEE\/JEC\/020\/2022 Acuerdo plenario &#8211; Carmelo Loeza Hern\u00e1ndez<\/li>\n<li>TEE\/JEC\/303\/2021 Acuerdo plenario &#8211; Carmelo Loeza Hern\u00e1ndez<\/li>\n<li>TEE\/JEC\/014\/2022 Acuerdo plenario &#8211; Carmelo Loeza Hern\u00e1ndez<\/li>\n<li>TEE\/JEC\/021\/2022 Acuerdo plenario\u00a0 &#8211; Leticia Javier Mar\u00edn y Otro<\/li>\n<li>TEE\/JEC\/015\/2022\u00a0 &#8211; Jos\u00e9 Gregorio Morales Ram\u00edrez<\/li>\n<li>TEE\/JEC\/018\/2022 &#8211; Jos\u00e9 Gregorio Morales Ram\u00edrez<\/li>\n<li>TEE\/PES\/002\/2022 &#8211; Yaneth Guti\u00e9rrez Izazaga, regidora Del Municipio de la Uni\u00f3n de Isidoro Montes de Oca<\/li>\n<\/ul>\n<h3>Complementaria<\/h3>\n<ul>\n<li>TEE\/JEC\/019\/2022 Acuerdo plenario &#8211; Reynaldo Abrajan Sotelo, Representante de la Organizaci\u00f3n Ciudadana &#8220;Iniciativa Popular Guerrero A.C.&#8221;<\/li>\n<\/ul>\n<p> <a href=\"https:\/\/teegro.gob.mx\/sitio2025\/decima-quinta-sesion-publica-de-resolucion\/#more-10183\" class=\"more-link\"><span aria-label=\"Sigue leyendo D\u00e9cima Quinta Sesi\u00f3n P\u00fablica de Resoluci\u00f3n\">(m\u00e1s&hellip;)<\/span><\/a><\/p><\/div><\/li><li class=\"listing-item\"><a class=\"title\" href=\"https:\/\/teegro.gob.mx\/sitio2025\/decima-cuarta-sesion-publica-de-resolucion\/\">D\u00e9cima Cuarta Sesi\u00f3n P\u00fablica de Resoluci\u00f3n<\/a><div class=\"content\">\n<ul>\n<li><a href=\"https:\/\/teegro.gob.mx\/inicio\/wp-content\/uploads\/2022\/04\/Lista080422.pdf\">Orden del d\u00eda<\/a><\/li>\n<li><a href=\"https:\/\/youtu.be\/61Gh4uV75DI\">V\u00eddeo de la Sesi\u00f3n<\/a><\/li>\n<\/ul>\n<h3>Contenido<\/h3>\n<ul>\n<li>TEE\/PES\/052\/2021 &#8211; Selene Sotelo Maldonado<\/li>\n<li>TEE\/JEC\/296\/2021 &#8211; Rosal\u00eda Alberto Rosas<\/li>\n<\/ul>\n<h2> <a href=\"https:\/\/teegro.gob.mx\/sitio2025\/decima-cuarta-sesion-publica-de-resolucion\/#more-10179\" class=\"more-link\"><span aria-label=\"Sigue leyendo D\u00e9cima Cuarta Sesi\u00f3n P\u00fablica de Resoluci\u00f3n\">(m\u00e1s&hellip;)<\/span><\/a><\/h2><\/div><\/li><li class=\"listing-item\"><a class=\"title\" href=\"https:\/\/teegro.gob.mx\/sitio2025\/decima-tercera-sesion-publica-de-resolucion\/\">D\u00e9cima Tercera Sesi\u00f3n P\u00fablica de Resoluci\u00f3n<\/a><div class=\"content\">\n<ul>\n<li><a href=\"https:\/\/teegro.gob.mx\/inicio\/wp-content\/uploads\/2022\/04\/Lista070422-1.pdf\">Orden del d\u00eda<\/a><\/li>\n<li><a href=\"https:\/\/youtu.be\/PQqZ0I3E6M0\">V\u00eddeo de la Sesi\u00f3n<\/a><\/li>\n<\/ul>\n<h3>Contenido<\/h3>\n<ul>\n<li>TEE\/PES\/002\/2022 &#8211; Yaneth Guti\u00e9rrez Izazaga<\/li>\n<\/ul>\n<h2> <a href=\"https:\/\/teegro.gob.mx\/sitio2025\/decima-tercera-sesion-publica-de-resolucion\/#more-10176\" class=\"more-link\"><span aria-label=\"Sigue leyendo D\u00e9cima Tercera Sesi\u00f3n P\u00fablica de Resoluci\u00f3n\">(m\u00e1s&hellip;)<\/span><\/a><\/h2><\/div><\/li><li class=\"listing-item\"><a class=\"title\" href=\"https:\/\/teegro.gob.mx\/sitio2025\/decima-segunda-sesion-publica-de-resolucion-2\/\">D\u00e9cima Segunda Sesi\u00f3n P\u00fablica de Resoluci\u00f3n<\/a><div class=\"content\">\n<ul>\n<li><a href=\"http:\/\/teegro.gob.mx\/inicio\/wp-content\/uploads\/2022\/04\/Lista050422.pdf\">Orden del d\u00eda<\/a><\/li>\n<li><a href=\"https:\/\/youtu.be\/ewlP3MEtomQ\">V\u00eddeo de la Sesi\u00f3n<\/a><\/li>\n<\/ul>\n<h3>Contenido<\/h3>\n<ul>\n<li>TEE\/AG\/002\/2022 &#8211; Demetrio Candia G\u00e1lvez, S\u00edndico de Xalpatlauac, Gro. &#8211; <\/li>\n<li>TEE\/LCT\/003\/2022 &#8211; Pedro Antonio Organiz Mart\u00ednez<\/li>\n<\/ul>\n<h2> <a href=\"https:\/\/teegro.gob.mx\/sitio2025\/decima-segunda-sesion-publica-de-resolucion-2\/#more-10172\" class=\"more-link\"><span aria-label=\"Sigue leyendo D\u00e9cima Segunda Sesi\u00f3n P\u00fablica de Resoluci\u00f3n\">(m\u00e1s&hellip;)<\/span><\/a><\/h2><\/div><\/li><\/ul><\/p><\/div>\n                <\/div><div class=\"eael-accordion-list\">\n                <div id=\"marzo\" class=\"elementor-tab-title eael-accordion-header\" tabindex=\"0\" data-tab=\"11\" aria-controls=\"elementor-tab-content-55611\"><span class=\"eael-advanced-accordion-icon-closed\"><i aria-hidden=\"true\" class=\"fa-accordion-icon fas fa-plus\"><\/i><\/span><span class=\"eael-advanced-accordion-icon-opened\"><i aria-hidden=\"true\" class=\"fa-accordion-icon fas fa-minus\"><\/i><\/span><span class=\"eael-accordion-tab-title\">Marzo<\/span><i aria-hidden=\"true\" class=\"fa-toggle fas fa-angle-right\"><\/i><\/div><div id=\"elementor-tab-content-55611\" class=\"eael-accordion-content clearfix\" data-tab=\"11\" aria-labelledby=\"marzo\"><p><ul class=\"display-posts-listing\"><li class=\"listing-item\"><a class=\"title\" href=\"https:\/\/teegro.gob.mx\/sitio2025\/decima-primera-sesion-publica-de-resolucion\/\">D\u00e9cima Primera Sesi\u00f3n P\u00fablica de Resoluci\u00f3n<\/a><div class=\"content\">\n<ul>\n<li><a href=\"https:\/\/teegro.gob.mx\/inicio\/wp-content\/uploads\/2022\/03\/Lista240322.pdf\">Orden del d\u00eda<\/a><\/li>\n<li><a href=\"https:\/\/youtu.be\/FOzemc-Va38\">V\u00eddeo de la Sesi\u00f3n<\/a><\/li>\n<\/ul>\n<h3>Contenido<\/h3>\n<ul>\n<li>TEE\/PES\/003\/2022 &#8211; Yasm\u00edn Arriaga Torres<\/li>\n<li>TEE\/LCT\/002\/2022 &#8211; Florencio Cerros Gaspar<\/li>\n<\/ul>\n<h2> <a href=\"https:\/\/teegro.gob.mx\/sitio2025\/decima-primera-sesion-publica-de-resolucion\/#more-10168\" class=\"more-link\"><span aria-label=\"Sigue leyendo D\u00e9cima Primera Sesi\u00f3n P\u00fablica de Resoluci\u00f3n\">(m\u00e1s&hellip;)<\/span><\/a><\/h2><\/div><\/li><li class=\"listing-item\"><a class=\"title\" href=\"https:\/\/teegro.gob.mx\/sitio2025\/decima-sesion-publica-de-resolucion-3\/\">D\u00e9cima Sesi\u00f3n P\u00fablica de Resoluci\u00f3n<\/a><div class=\"content\">\n<ul>\n<li><a href=\"https:\/\/teegro.gob.mx\/inicio\/wp-content\/uploads\/2022\/03\/Lista170322.pdf\">Orden del d\u00eda<\/a><\/li>\n<li><a href=\"https:\/\/teegro.gob.mx\/inicio\/wp-content\/uploads\/2022\/03\/Aviso-susp-ses.pdf\">Aviso suspensi\u00f3n<\/a><\/li>\n<li><a href=\"https:\/\/teegro.gob.mx\/inicio\/wp-content\/uploads\/2022\/03\/Comp220322.pdf\">Complementaria<\/a><\/li>\n<li><a href=\"https:\/\/youtu.be\/TLIUXCydQJg\">V\u00eddeo de la Sesi\u00f3n<\/a><\/li>\n<\/ul>\n<h3>Contenido<\/h3>\n<ul>\n<li>TEE\/JEC\/010\/2022, TEE\/JEC\/011\/2022 y TEE\/JEC\/012\/2022 Acumulados &#8211; Jaime D\u00e1maso Sol\u00eds, Eloy Salmer\u00f3n D\u00edaz y Julio Alberto Galarza Castro<\/li>\n<\/ul>\n<h3>Complementaria<\/h3>\n<ul>\n<li>TEE\/PES\/052\/2021 &#8211;&nbsp; Selene Sotelo Maldonado<\/li>\n<\/ul>\n<h2> <a href=\"https:\/\/teegro.gob.mx\/sitio2025\/decima-sesion-publica-de-resolucion-3\/#more-10164\" class=\"more-link\"><span aria-label=\"Sigue leyendo D\u00e9cima Sesi\u00f3n P\u00fablica de Resoluci\u00f3n\">(m\u00e1s&hellip;)<\/span><\/a><\/h2><\/div><\/li><li class=\"listing-item\"><a class=\"title\" href=\"https:\/\/teegro.gob.mx\/sitio2025\/novena-sesion-publica-de-resolucion-3\/\">Novena Sesi\u00f3n P\u00fablica de Resoluci\u00f3n<\/a><div class=\"content\">\n<ul>\n<li><a href=\"https:\/\/teegro.gob.mx\/inicio\/wp-content\/uploads\/2022\/03\/Lista100322.pdf\">Orden del d\u00eda<\/a><\/li>\n<li><a href=\"https:\/\/youtu.be\/BD12DSNmDtY\">V\u00eddeo de la Sesi\u00f3n<\/a><\/li>\n<\/ul>\n<h3>Contenido<\/h3>\n<ul>\n<li>TEE\/JEC\/005\/2022 Acuerdo plenario &#8211; Erika Herrera Vargas<\/li>\n<li>TEE\/JEC\/015\/2022 Acuerdo plenario &#8211; Jos\u00e9 Gregorio Morales Ram\u00edrez&nbsp;<\/li>\n<li>TEE\/JEC\/016\/2022 Acuerdo plenario &#8211; Felicita Navarrete Neri<\/li>\n<li>TEE\/RAP\/001\/2022 y TEE\/RAP\/002\/2022 Acumulados &#8211; Representante de la Empresa Informaci\u00f3n del Sur S.A. de C.V. Editora del Diario \u201cEl Sur -Peri\u00f3dico de Guerrero\u201d<\/li>\n<li>TEE\/PES\/005\/2020 &#8211; Eleazar Mar\u00edn Quebrado, S\u00edndica Procuradora del Ayuntamiento de Teloloapan<\/li>\n<\/ul>\n<h2> <a href=\"https:\/\/teegro.gob.mx\/sitio2025\/novena-sesion-publica-de-resolucion-3\/#more-10155\" class=\"more-link\"><span aria-label=\"Sigue leyendo Novena Sesi\u00f3n P\u00fablica de Resoluci\u00f3n\">(m\u00e1s&hellip;)<\/span><\/a><\/h2><\/div><\/li><\/ul><\/p><\/div>\n                <\/div><div class=\"eael-accordion-list\">\n                <div id=\"febrero\" class=\"elementor-tab-title eael-accordion-header\" tabindex=\"0\" data-tab=\"12\" aria-controls=\"elementor-tab-content-55612\"><span class=\"eael-advanced-accordion-icon-closed\"><i aria-hidden=\"true\" class=\"fa-accordion-icon fas fa-plus\"><\/i><\/span><span class=\"eael-advanced-accordion-icon-opened\"><i aria-hidden=\"true\" class=\"fa-accordion-icon fas fa-minus\"><\/i><\/span><span class=\"eael-accordion-tab-title\">Febrero<\/span><i aria-hidden=\"true\" class=\"fa-toggle fas fa-angle-right\"><\/i><\/div><div id=\"elementor-tab-content-55612\" class=\"eael-accordion-content clearfix\" data-tab=\"12\" aria-labelledby=\"febrero\"><p><ul class=\"display-posts-listing\"><li class=\"listing-item\"><a class=\"title\" href=\"https:\/\/teegro.gob.mx\/sitio2025\/octava-sesion-publica-de-resolucion-2\/\">Octava Sesi\u00f3n P\u00fablica de Resoluci\u00f3n<\/a><div class=\"content\">\n<ul>\n<li><a href=\"https:\/\/teegro.gob.mx\/inicio\/wp-content\/uploads\/2022\/02\/Lista240222.pdf\">Orden del d\u00eda<\/a><\/li>\n<li><a href=\"https:\/\/youtu.be\/tC5hasHJQy0\">V\u00eddeo de la Sesi\u00f3n<\/a><\/li>\n<\/ul>\n<h3>Contenido<\/h3>\n<ul>\n<li>TEE\/JEC\/304\/2021 Acuerdo plenario &#8211; Elizabeth Reyna Rivera y otras personas<\/li>\n<li>TEE\/AG\/001\/2022 Acuerdo plenario &#8211; Jos\u00e9 Gregorio Morales Ram\u00edrez<\/li>\n<li>TEE\/JEC\/013\/2022Acuerdo plenario &#8211; Carmelo Loeza Hern\u00e1ndez<\/li>\n<li>TEE\/JEC\/303\/2021 Acuerdo plenario &#8211; Carmelo Loeza Hern\u00e1ndez<\/li>\n<li>TEE\/PES\/020\/2021 &#8211; Jannete Santiago Adata, representante de Morena<\/li>\n<li>TEE\/LCT\/001\/2022 &#8211; Miguel Alejandro Guizado Jaimes<\/li>\n<\/ul>\n<h2> <a href=\"https:\/\/teegro.gob.mx\/sitio2025\/octava-sesion-publica-de-resolucion-2\/#more-10150\" class=\"more-link\"><span aria-label=\"Sigue leyendo Octava Sesi\u00f3n P\u00fablica de Resoluci\u00f3n\">(m\u00e1s&hellip;)<\/span><\/a><\/h2><\/div><\/li><li class=\"listing-item\"><a class=\"title\" href=\"https:\/\/teegro.gob.mx\/sitio2025\/septima-sesion-publica-de-resolucion\/\">S\u00e9ptima Sesi\u00f3n P\u00fablica de Resoluci\u00f3n<\/a><div class=\"content\">\n<ul>\n<li><a href=\"https:\/\/teegro.gob.mx\/inicio\/wp-content\/uploads\/2022\/02\/Lista170222.pdf\">Orden del d\u00eda<\/a><\/li>\n<li><a href=\"https:\/\/youtu.be\/E8UjTUiSdOE\">V\u00eddeo de la Sesi\u00f3n<\/a><\/li>\n<\/ul>\n<h3>Contenido<\/h3>\n<ul>\n<li>TEE\/JEC\/003\/2022 Acuerdo plenario &#8211; Sergio Montes Carrillo<\/li>\n<li>TEE\/JEC\/008\/2022 Acuerdo plenario &#8211; Juan Manuel Ram\u00edrez G\u00f3mez<\/li>\n<li>TEE\/JEC\/304\/2021 &#8211; Elizabeth Reyna Rivera y otras personas<\/li>\n<\/ul>\n<h2> <a href=\"https:\/\/teegro.gob.mx\/sitio2025\/septima-sesion-publica-de-resolucion\/#more-10145\" class=\"more-link\"><span aria-label=\"Sigue leyendo S\u00e9ptima Sesi\u00f3n P\u00fablica de Resoluci\u00f3n\">(m\u00e1s&hellip;)<\/span><\/a><\/h2><\/div><\/li><li class=\"listing-item\"><a class=\"title\" href=\"https:\/\/teegro.gob.mx\/sitio2025\/sexta-sesion-publica-de-resolucion-3\/\">Sexta Sesi\u00f3n P\u00fablica de Resoluci\u00f3n<\/a><div class=\"content\">\n<ul>\n<li><a href=\"https:\/\/teegro.gob.mx\/inicio\/wp-content\/uploads\/2022\/02\/Lista10022022.pdf\">Orden del d\u00eda<\/a><\/li>\n<li><a href=\"https:\/\/youtu.be\/VEDk2xymUTI\">V\u00eddeo de la Sesi\u00f3n<\/a><\/li>\n<\/ul>\n<h3>Contenido<\/h3>\n<ul>\n<li>TEE\/JEC\/005\/2022 Acuerdo plenario &#8211; Erika Herrera Vargas<\/li>\n<li>TEE\/JEC\/009\/2022 Acuerdo plenario &#8211; Sen\u00e9n Jim\u00e9nez Morales<\/li>\n<li>TEE\/JEC\/300\/2021 &#8211; Guillermina Nazario Sotero y otras personas<\/li>\n<li>TEE\/JEC\/001\/2022 &#8211; Alberto V\u00e1zquez Mendoza y otras personas<\/li>\n<li>TEE\/JEC\/305\/2021 &#8211; Jos\u00e9 Gregorio Morales Ram\u00edrez y Otras<\/li>\n<li>TEE\/PES\/023\/2021 &#8211; Pedro Sergio Guti\u00e9rrez representante del PRI<\/li>\n<\/ul>\n<h2> <a href=\"https:\/\/teegro.gob.mx\/sitio2025\/sexta-sesion-publica-de-resolucion-3\/#more-10140\" class=\"more-link\"><span aria-label=\"Sigue leyendo Sexta Sesi\u00f3n P\u00fablica de Resoluci\u00f3n\">(m\u00e1s&hellip;)<\/span><\/a><\/h2><\/div><\/li><li class=\"listing-item\"><a class=\"title\" href=\"https:\/\/teegro.gob.mx\/sitio2025\/quinta-sesion-publica-de-resolucion-2\/\">Quinta Sesi\u00f3n P\u00fablica de Resoluci\u00f3n<\/a><div class=\"content\">\n<ul>\n<li><a href=\"https:\/\/teegro.gob.mx\/inicio\/wp-content\/uploads\/2022\/02\/lista030222.pdf\">Orden del d\u00eda<\/a><\/li>\n<li><a href=\"https:\/\/youtu.be\/FLJ9LPCZBYM\">V\u00eddeo de la Sesi\u00f3n<\/a><\/li>\n<\/ul>\n<h3>Contenido<\/h3>\n<ul>\n<li>TEE\/JEC\/006\/2022 ACUERDO PLENARIO &#8211; Rufina F\u00e9lix Gil<\/li>\n<li>TEE\/JEC\/300\/2021 &#8211; Guillermina Nazario Sotero y otras personas<\/li>\n<li>TEE\/JEC\/001\/2022 &#8211; Alberto V\u00e1squez Mendoza y otras personas<\/li>\n<li>TEE\/JEC\/302\/2021 &#8211; Jaime Gallardo Morales y otras personas<\/li>\n<li>TEE\/JEC\/004\/2022 &#8211; Mar\u00eda Antonia Ram\u00edrez Marcelino y otras personas<\/li>\n<\/ul>\n<h2> <a href=\"https:\/\/teegro.gob.mx\/sitio2025\/quinta-sesion-publica-de-resolucion-2\/#more-10132\" class=\"more-link\"><span aria-label=\"Sigue leyendo Quinta Sesi\u00f3n P\u00fablica de Resoluci\u00f3n\">(m\u00e1s&hellip;)<\/span><\/a><\/h2><\/div><\/li><li class=\"listing-item\"><a class=\"title\" href=\"https:\/\/teegro.gob.mx\/sitio2025\/cuarta-sesion-publica-de-resolucion-2\/\">Cuarta Sesi\u00f3n P\u00fablica de Resoluci\u00f3n<\/a><div class=\"content\">\n<ul>\n<li><a href=\"https:\/\/teegro.gob.mx\/inicio\/wp-content\/uploads\/2022\/01\/Lista010222.pdf\">Orden del d\u00eda<\/a><\/li>\n<li><a href=\"https:\/\/youtu.be\/_sKBcB7GTe4\">V\u00eddeo de la Sesi\u00f3n<\/a><\/li>\n<\/ul>\n<h3>Contenido<\/h3>\n<ul>\n<li>TEE\/JEC\/279\/2021 Acuerdo Plenario &#8211; Calixto Ram\u00edrez Vargas, Guillermo Sotelo Raviela y otros<\/li>\n<li>TEE\/JEC\/003\/2022 Acuerdo Plenario &#8211; Sergio Montes Carrillo<\/li>\n<li>TEE\/JEC\/007\/2022 Acuerdo Plenario &#8211; Cornelio Carreto Tapia<\/li>\n<li>TEE\/JEC\/300\/2021 y TEE\/JEC\/001\/2022 &#8211; Guillermina Nazario Sotero, Alberto V\u00e1zquez Mendoza y otras personas<\/li>\n<li>TEE\/JEC\/302\/2021 &#8211; Jaime Gallardo Morales y otras personas<\/li>\n<\/ul>\n<h2> <a href=\"https:\/\/teegro.gob.mx\/sitio2025\/cuarta-sesion-publica-de-resolucion-2\/#more-10125\" class=\"more-link\"><span aria-label=\"Sigue leyendo Cuarta Sesi\u00f3n P\u00fablica de Resoluci\u00f3n\">(m\u00e1s&hellip;)<\/span><\/a><\/h2><\/div><\/li><\/ul><\/p><\/div>\n                <\/div><div class=\"eael-accordion-list\">\n                <div id=\"enero\" class=\"elementor-tab-title eael-accordion-header\" tabindex=\"0\" data-tab=\"13\" aria-controls=\"elementor-tab-content-55613\"><span class=\"eael-advanced-accordion-icon-closed\"><i aria-hidden=\"true\" class=\"fa-accordion-icon fas fa-plus\"><\/i><\/span><span class=\"eael-advanced-accordion-icon-opened\"><i aria-hidden=\"true\" class=\"fa-accordion-icon fas fa-minus\"><\/i><\/span><span class=\"eael-accordion-tab-title\">Enero<\/span><i aria-hidden=\"true\" class=\"fa-toggle fas fa-angle-right\"><\/i><\/div><div id=\"elementor-tab-content-55613\" class=\"eael-accordion-content clearfix\" data-tab=\"13\" aria-labelledby=\"enero\"><p><ul class=\"display-posts-listing\"><li class=\"listing-item\"><a class=\"title\" href=\"https:\/\/teegro.gob.mx\/sitio2025\/tercera-sesion-publica-de-resolucion-2\/\">Tercera Sesi\u00f3n P\u00fablica de Resoluci\u00f3n<\/a><div class=\"content\">\n<ul>\n<li><a href=\"https:\/\/teegro.gob.mx\/inicio\/wp-content\/uploads\/2022\/01\/lista240122.pdf\">Orden del d\u00eda<\/a><\/li>\n<li><a href=\"https:\/\/teegro.gob.mx\/inicio\/wp-content\/uploads\/2022\/01\/Lista240122_comp.pdf\">Complementaria<\/a><\/li>\n<li><a href=\"https:\/\/youtu.be\/fRQvEOJAEWY\">V\u00eddeo de la Sesi\u00f3n<\/a><\/li>\n<\/ul>\n<h3>Contenido<\/h3>\n<ul>\n<li>TEE\/PES\/038\/2021 ACUERDO PLENARIO &#8211; Abelina L\u00f3pez Rodr\u00edguez<\/li>\n<li>TEE\/SSI\/JLI\/004\/2015 INCIDENTE &#8211; Osmayra Alejandra Hern\u00e1ndez Nava<\/li>\n<li>TEE\/PES\/052\/2021 &#8211; Selene Sotelo Maldonado<\/li>\n<li>TEE\/JEC\/301\/2021 &#8211; Jorge Luis Suastegui Victoriano y otras personas<\/li>\n<li>TEE\/JEC\/303\/2021 &#8211; Carmelo Loeza Hern\u00e1ndez<\/li>\n<\/ul>\n<h3>Complementaria<\/h3>\n<ul>\n<li>TEE\/JEC\/002\/2022 &#8211; Mauro Hern\u00e1ndez M\u00e9ndez<\/li>\n<\/ul>\n<h2> <a href=\"https:\/\/teegro.gob.mx\/sitio2025\/tercera-sesion-publica-de-resolucion-2\/#more-10115\" class=\"more-link\"><span aria-label=\"Sigue leyendo Tercera Sesi\u00f3n P\u00fablica de Resoluci\u00f3n\">(m\u00e1s&hellip;)<\/span><\/a><\/h2><\/div><\/li><li class=\"listing-item\"><a class=\"title\" href=\"https:\/\/teegro.gob.mx\/sitio2025\/segunda-sesion-publica-de-resolucion-2\/\">Segunda Sesi\u00f3n P\u00fablica de Resoluci\u00f3n<\/a><div class=\"content\">\n<ul>\n<li><a href=\"https:\/\/teegro.gob.mx\/inicio\/wp-content\/uploads\/2022\/01\/Lista160122.pdf\">Orden del d\u00eda<\/a><\/li>\n<li><a href=\"https:\/\/youtu.be\/ux6A_-9d0ow\">V\u00eddeo de la Sesi\u00f3n<\/a><\/li>\n<\/ul>\n<h3>Contenido<\/h3>\n<ul>\n<li>TEE\/PES\/001\/2022 &#8211; Isa\u00edas Rojas Ram\u00edrez, representante del PT<\/li>\n<\/ul>\n<h2> <a href=\"https:\/\/teegro.gob.mx\/sitio2025\/segunda-sesion-publica-de-resolucion-2\/#more-10111\" class=\"more-link\"><span aria-label=\"Sigue leyendo Segunda Sesi\u00f3n P\u00fablica de Resoluci\u00f3n\">(m\u00e1s&hellip;)<\/span><\/a><\/h2><\/div><\/li><li class=\"listing-item\"><a class=\"title\" href=\"https:\/\/teegro.gob.mx\/sitio2025\/primera-sesion-publica-de-resolucion-2\/\">Primera Sesi\u00f3n P\u00fablica de Resoluci\u00f3n<\/a><div class=\"content\">\n<ul>\n<li><a href=\"https:\/\/teegro.gob.mx\/inicio\/wp-content\/uploads\/2022\/01\/Lista130122.pdf\">Orden del d\u00eda<\/a><\/li>\n<li><a href=\"https:\/\/youtu.be\/dTt9cnAxcHc\">V\u00eddeo de la Sesi\u00f3n<\/a><\/li>\n<\/ul>\n<h3>Contenido<\/h3>\n<ul>\n<li>TEE\/JEC\/299\/2021 Acuerdo plenario &#8211; Jos\u00e9 Gregorio Morales Ram\u00edrez<\/li>\n<\/ul>\n<h2> <a href=\"https:\/\/teegro.gob.mx\/sitio2025\/primera-sesion-publica-de-resolucion-2\/#more-10105\" class=\"more-link\"><span aria-label=\"Sigue leyendo Primera Sesi\u00f3n P\u00fablica de Resoluci\u00f3n\">(m\u00e1s&hellip;)<\/span><\/a><\/h2><\/div><\/li><\/ul><\/p><\/div>\n                <\/div><\/div>\t\t\t\t<\/div>\n\t\t\t\t<\/div>\n\t\t\t\t\t<\/div>\n\t\t<\/div>\n\t\t\t\t\t<\/div>\n\t\t<\/section>\n\t\t\t\t<\/div>\n\t\t                    <\/div>\n\t\t        \n                    <div id=\"2021-tab\" class=\"clearfix eael-tab-content-item \" data-title-link=\"2021-tab\">\n\t\t\t\t        <style>.elementor-9783 .elementor-element.elementor-element-350815f .eael-adv-accordion .eael-accordion-list .eael-accordion-header .eael-accordion-tab-title{font-size:1.1em;color:#333;}.elementor-9783 .elementor-element.elementor-element-350815f .eael-adv-accordion .eael-accordion-list .eael-accordion-header .fa-accordion-icon{font-size:16px;margin-left:10px;color:#333;}.elementor-9783 .elementor-element.elementor-element-350815f .eael-adv-accordion .eael-accordion-list .eael-accordion-header svg.fa-accordion-icon{height:16px;width:16px;line-height:16px;}.elementor-9783 .elementor-element.elementor-element-350815f .eael-adv-accordion .eael-accordion-list .eael-accordion-header .fa-accordion-icon-svg svg{color:#333;fill:#333;}.elementor-9783 .elementor-element.elementor-element-350815f .eael-adv-accordion .eael-accordion-list .eael-accordion-header svg{fill:#333;}.elementor-9783 .elementor-element.elementor-element-350815f .eael-adv-accordion .eael-accordion-list .eael-accordion-header:hover .eael-accordion-tab-title{color:#fff;}.elementor-9783 .elementor-element.elementor-element-350815f .eael-adv-accordion .eael-accordion-list .eael-accordion-header:hover .fa-accordion-icon{color:#fff;}.elementor-9783 .elementor-element.elementor-element-350815f .eael-adv-accordion .eael-accordion-list .eael-accordion-header:hover .fa-accordion-icon svg{color:#fff;fill:#fff;}.elementor-9783 .elementor-element.elementor-element-350815f .eael-adv-accordion .eael-accordion-list .eael-accordion-header:hover svg.fa-accordion-icon{fill:#fff;}.elementor-9783 .elementor-element.elementor-element-350815f .eael-adv-accordion .eael-accordion-list .eael-accordion-header.active{color:#fff;}.elementor-9783 .elementor-element.elementor-element-350815f .eael-adv-accordion .eael-accordion-list .eael-accordion-header.active .eael-accordion-tab-title{color:#fff;}.elementor-9783 .elementor-element.elementor-element-350815f .eael-adv-accordion .eael-accordion-list .eael-accordion-header.active .fa-accordion-icon{color:#fff;}.elementor-9783 .elementor-element.elementor-element-350815f .eael-adv-accordion .eael-accordion-list .eael-accordion-header.active .fa-accordion-icon svg{color:#fff;fill:#fff;}.elementor-9783 .elementor-element.elementor-element-350815f .eael-adv-accordion .eael-accordion-list .eael-accordion-header.active svg.fa-accordion-icon{fill:#fff;}.elementor-9783 .elementor-element.elementor-element-350815f .eael-adv-accordion .eael-accordion-list .eael-accordion-content{color:#333;}.elementor-9783 .elementor-element.elementor-element-350815f .eael-adv-accordion .eael-accordion-list .eael-accordion-header .fa-toggle, .elementor-9783 .elementor-element.elementor-element-350815f .eael-adv-accordion .eael-accordion-list .eael-accordion-header > .fa-toggle-svg{font-size:16px;}.elementor-9783 .elementor-element.elementor-element-350815f .eael-adv-accordion .eael-accordion-list .eael-accordion-header svg.fa-toggle{height:16px;width:16px;line-height:16px;fill:#444;}.elementor-9783 .elementor-element.elementor-element-350815f .eael-adv-accordion .eael-accordion-list .eael-accordion-header .fa-toggle{color:#444;}.elementor-9783 .elementor-element.elementor-element-350815f .eael-adv-accordion .eael-accordion-list .eael-accordion-header .fa-toggle svg{color:#444;fill:#444;}.elementor-9783 .elementor-element.elementor-element-350815f .eael-adv-accordion .eael-accordion-list .eael-accordion-header.active .fa-toggle{color:#fff;}.elementor-9783 .elementor-element.elementor-element-350815f .eael-adv-accordion .eael-accordion-list .eael-accordion-header.active .fa-toggle svg{color:#fff;fill:#fff;}.elementor-9783 .elementor-element.elementor-element-350815f .eael-adv-accordion .eael-accordion-list .eael-accordion-header.active svg.fa-toggle{fill:#fff;}<\/style>\t\t<div data-elementor-type=\"page\" data-elementor-id=\"9783\" class=\"elementor elementor-9783\">\n\t\t\t\t\t\t<section class=\"elementor-section elementor-top-section elementor-element elementor-element-30d5596 elementor-section-full_width elementor-section-height-default elementor-section-height-default\" data-id=\"30d5596\" data-element_type=\"section\">\n\t\t\t\t\t\t<div class=\"elementor-container elementor-column-gap-default\">\n\t\t\t\t\t<div class=\"elementor-column elementor-col-100 elementor-top-column elementor-element elementor-element-42736e1\" data-id=\"42736e1\" data-element_type=\"column\">\n\t\t\t<div class=\"elementor-widget-wrap elementor-element-populated\">\n\t\t\t\t\t\t<div class=\"elementor-element elementor-element-350815f elementor-widget elementor-widget-eael-adv-accordion\" data-id=\"350815f\" data-element_type=\"widget\" data-widget_type=\"eael-adv-accordion.default\">\n\t\t\t\t<div class=\"elementor-widget-container\">\n\t\t\t\t\t        <div class=\"eael-adv-accordion\" id=\"eael-adv-accordion-350815f\" data-scroll-on-click=\"no\" data-scroll-speed=\"300\" data-accordion-id=\"350815f\" data-accordion-type=\"accordion\" data-toogle-speed=\"300\">\n    <div class=\"eael-accordion-list\">\n                <div id=\"diciembre\" class=\"elementor-tab-title eael-accordion-header active-default\" tabindex=\"0\" data-tab=\"1\" aria-controls=\"elementor-tab-content-5561\"><span class=\"eael-advanced-accordion-icon-closed\"><i aria-hidden=\"true\" class=\"fa-accordion-icon fas fa-plus\"><\/i><\/span><span class=\"eael-advanced-accordion-icon-opened\"><i aria-hidden=\"true\" class=\"fa-accordion-icon fas fa-minus\"><\/i><\/span><span class=\"eael-accordion-tab-title\">Diciembre<\/span><i aria-hidden=\"true\" class=\"fa-toggle fas fa-angle-right\"><\/i><\/div><div id=\"elementor-tab-content-5561\" class=\"eael-accordion-content clearfix active-default\" data-tab=\"1\" aria-labelledby=\"diciembre\"><p><div class=\"gaceta\"><div class=\"listing-item\"><a class=\"title\" href=\"https:\/\/teegro.gob.mx\/sitio2025\/octogesima-novena-sesion-publica-de-resolucion\/\">Octog\u00e9sima Novena Sesi\u00f3n P\u00fablica de Resoluci\u00f3n<\/a><div class=\"content\">\n<ul>\n<li><a href=\"https:\/\/teegro.gob.mx\/inicio\/wp-content\/uploads\/2021\/12\/Lista17122021.pdf\">Orden del d\u00eda<\/a><\/li>\n<li><a href=\"https:\/\/youtu.be\/kmHVUV2AZ8E?si=72h4mBCQGBImWEYA\">V\u00eddeo de la Sesi\u00f3n<\/a><\/li>\n<\/ul>\n<h3>Contenido<\/h3>\n<ul>\n<li>TEE\/PES\/053\/2021 &#8211; Jos\u00e9 Luis Le\u00f3n Aguilar<\/li>\n<\/ul>\n<h2> <a href=\"https:\/\/teegro.gob.mx\/sitio2025\/octogesima-novena-sesion-publica-de-resolucion\/#more-13838\" class=\"more-link\"><span aria-label=\"Sigue leyendo Octog\u00e9sima Novena Sesi\u00f3n P\u00fablica de Resoluci\u00f3n\">(m\u00e1s&hellip;)<\/span><\/a><\/h2><\/div><\/div><div class=\"listing-item\"><a class=\"title\" href=\"https:\/\/teegro.gob.mx\/sitio2025\/octogesima-octava-sesion-publica-de-resolucion\/\">Octog\u00e9sima Octava Sesi\u00f3n P\u00fablica de Resoluci\u00f3n<\/a><div class=\"content\">\n<ul>\n<li><a href=\"https:\/\/teegro.gob.mx\/inicio\/wp-content\/uploads\/2021\/12\/Lista14122021.pdf\">Orden del d\u00eda<\/a><\/li>\n<li><a href=\"https:\/\/youtu.be\/l05I3BmmAK0?si=Kh0gG7v7rFXf2slU\">V\u00eddeo de la Sesi\u00f3n<\/a><\/li>\n<\/ul>\n<h3>Contenido<\/h3>\n<ul>\n<li>TEE\/JEC\/299\/2021 &#8211; Jos\u00e9 Gregorio Morales Ram\u00edrez<\/li>\n<\/ul>\n<h2> <a href=\"https:\/\/teegro.gob.mx\/sitio2025\/octogesima-octava-sesion-publica-de-resolucion\/#more-13831\" class=\"more-link\"><span aria-label=\"Sigue leyendo Octog\u00e9sima Octava Sesi\u00f3n P\u00fablica de Resoluci\u00f3n\">(m\u00e1s&hellip;)<\/span><\/a><\/h2><\/div><\/div><div class=\"listing-item\"><a class=\"title\" href=\"https:\/\/teegro.gob.mx\/sitio2025\/octogesima-septima-sesion-publica-de-resolucion\/\">Octog\u00e9sima S\u00e9ptima Sesi\u00f3n P\u00fablica de Resoluci\u00f3n<\/a><div class=\"content\">\n<ul>\n<li><a href=\"https:\/\/teegro.gob.mx\/inicio\/wp-content\/uploads\/2021\/12\/Lista13122021.pdf\">Orden del d\u00eda<\/a><\/li>\n<li><a href=\"https:\/\/youtu.be\/8K6jL15dLII?si=GTYS1RtS_4sghrMW\">V\u00eddeo de la Sesi\u00f3n<\/a><\/li>\n<\/ul>\n<h3>Contenido<\/h3>\n<ul>\n<li>TEE\/JEC\/283\/2021 Acuerdo plenario &#8211; Horenda Calixto Blanco y otros<\/li>\n<li>TEE\/JEC\/295\/2021 Acuerdo plenario &#8211; Carmelo Loeza Hern\u00e1ndez<\/li>\n<li>TEE\/JEC\/298\/2021 &#8211; Eulalia Araceli Romero Romero<\/li>\n<li>TEE\/PES\/043\/2021 &#8211; Yasm\u00cdn Arriaga Torres<\/li>\n<li>TEE\/JEC\/299\/2021 &#8211; Jos\u00e9 Gregorio Morales Ram\u00edrez<\/li>\n<li>TEE\/LCT\/008\/2021 &#8211; Claritza G\u00f3mez V\u00e9lez<\/li>\n<\/ul>\n<h2> <a href=\"https:\/\/teegro.gob.mx\/sitio2025\/octogesima-septima-sesion-publica-de-resolucion\/#more-13817\" class=\"more-link\"><span aria-label=\"Sigue leyendo Octog\u00e9sima S\u00e9ptima Sesi\u00f3n P\u00fablica de Resoluci\u00f3n\">(m\u00e1s&hellip;)<\/span><\/a><\/h2><\/div><\/div><\/div><\/p><\/div>\n                <\/div><div class=\"eael-accordion-list\">\n                <div id=\"noviembre\" class=\"elementor-tab-title eael-accordion-header\" tabindex=\"0\" data-tab=\"2\" aria-controls=\"elementor-tab-content-5562\"><span class=\"eael-advanced-accordion-icon-closed\"><i aria-hidden=\"true\" class=\"fa-accordion-icon fas fa-plus\"><\/i><\/span><span class=\"eael-advanced-accordion-icon-opened\"><i aria-hidden=\"true\" class=\"fa-accordion-icon fas fa-minus\"><\/i><\/span><span class=\"eael-accordion-tab-title\">Noviembre<\/span><i aria-hidden=\"true\" class=\"fa-toggle fas fa-angle-right\"><\/i><\/div><div id=\"elementor-tab-content-5562\" class=\"eael-accordion-content clearfix\" data-tab=\"2\" aria-labelledby=\"noviembre\"><p><ul class=\"display-posts-listing\"><li class=\"listing-item\"><a class=\"title\" href=\"https:\/\/teegro.gob.mx\/sitio2025\/octogesima-sexta-sesion-publica-de-resolucion\/\">Octog\u00e9sima Sexta Sesi\u00f3n P\u00fablica de Resoluci\u00f3n<\/a><div class=\"content\">\n<ul>\n<li><a href=\"https:\/\/teegro.gob.mx\/inicio\/wp-content\/uploads\/2021\/11\/Lista301121.pdf\">Orden del d\u00eda<\/a><\/li>\n<li><a href=\"https:\/\/youtu.be\/SLPPgK00fKU?si=44VbyRQS-_xI0Y7n\">V\u00eddeo de la Sesi\u00f3n<\/a><\/li>\n<\/ul>\n<h3>Contenido<\/h3>\n<ul>\n<li>TEE\/JEC\/137\/2018 &#8211; Braulio C\u00e9sar Montes V\u00e1zquez, Olga Salmeron Mendoza y otros<\/li>\n<li>TEE\/JEC\/297\/2021 &#8211; Jorge Luis Suastegui Victoriano, Horenda Calixto Blanco y otros<\/li>\n<li>TEE\/JEC\/292\/2021 Incidente &#8211; Jos\u00e9 Gregorio Morales Ram\u00edrez<\/li>\n<\/ul>\n<h2> <a href=\"https:\/\/teegro.gob.mx\/sitio2025\/octogesima-sexta-sesion-publica-de-resolucion\/#more-13805\" class=\"more-link\"><span aria-label=\"Sigue leyendo Octog\u00e9sima Sexta Sesi\u00f3n P\u00fablica de Resoluci\u00f3n\">(m\u00e1s&hellip;)<\/span><\/a><\/h2><\/div><\/li><li class=\"listing-item\"><a class=\"title\" href=\"https:\/\/teegro.gob.mx\/sitio2025\/octogesima-quinta-sesion-publica-de-resolucion\/\">Octog\u00e9sima Quinta Sesi\u00f3n P\u00fablica de Resoluci\u00f3n<\/a><div class=\"content\">\n<ul>\n<li><a href=\"https:\/\/teegro.gob.mx\/inicio\/wp-content\/uploads\/2021\/11\/Lista24112021.pdf\">Orden del d\u00eda<\/a><\/li>\n<li><a href=\"https:\/\/youtu.be\/mHUPFFODxh8?si=KznzSfTCEF8nJpts\">V\u00eddeo de la Sesi\u00f3n<\/a><\/li>\n<\/ul>\n<h3>Contenido<\/h3>\n<ul>\n<li>TEE\/PES\/008\/2021 Acuerdo Plenario &#8211; Representante del Partido Solidario, ante el IEPC<\/li>\n<\/ul>\n<h2> <a href=\"https:\/\/teegro.gob.mx\/sitio2025\/octogesima-quinta-sesion-publica-de-resolucion\/#more-13798\" class=\"more-link\"><span aria-label=\"Sigue leyendo Octog\u00e9sima Quinta Sesi\u00f3n P\u00fablica de Resoluci\u00f3n\">(m\u00e1s&hellip;)<\/span><\/a><\/h2><\/div><\/li><li class=\"listing-item\"><a class=\"title\" href=\"https:\/\/teegro.gob.mx\/sitio2025\/octagesima-cuarta-sesion-publica-de-resolucion\/\">Octag\u00e9sima Cuarta Sesi\u00f3n P\u00fablica de Resoluci\u00f3n<\/a><div class=\"content\">\n<ul>\n<li><a href=\"https:\/\/teegro.gob.mx\/inicio\/wp-content\/uploads\/2021\/11\/Lista221121.pdf\">Orden del d\u00eda<\/a><\/li>\n<li><a href=\"https:\/\/youtu.be\/tfR_q0hj1Ys?si=jt3S6CZVpoYEChCy\">V\u00eddeo de la Sesi\u00f3n<\/a><\/li>\n<\/ul>\n<h3>Contenido<\/h3>\n<ul>\n<li>TEE\/JEC\/283\/2021 Acuerdo Plenario &#8211; Horenda Calixto Blanco y otros<\/li>\n<li>TEE\/PES\/023\/2021 &#8211; Representante del PRI, ante el Consejo Distrital 21 del IEPC<\/li>\n<li>TEE\/JEC\/295\/2021 &#8211; Carmelo Loeza Hern\u00e1ndez<\/li>\n<li>TEE\/RAP\/036\/2021 &#8211; Representante del Partido Fuerza por M\u00e9xico, ante el IEPC<\/li>\n<\/ul>\n<h2> <a href=\"https:\/\/teegro.gob.mx\/sitio2025\/octagesima-cuarta-sesion-publica-de-resolucion\/#more-13787\" class=\"more-link\"><span aria-label=\"Sigue leyendo Octag\u00e9sima Cuarta Sesi\u00f3n P\u00fablica de Resoluci\u00f3n\">(m\u00e1s&hellip;)<\/span><\/a><\/h2><\/div><\/li><li class=\"listing-item\"><a class=\"title\" href=\"https:\/\/teegro.gob.mx\/sitio2025\/octagesima-tercera-sesion-publica-de-resolucion\/\">Octag\u00e9sima Tercera Sesi\u00f3n P\u00fablica de Resoluci\u00f3n<\/a><div class=\"content\">\n<ul>\n<li><a href=\"https:\/\/teegro.gob.mx\/inicio\/wp-content\/uploads\/2021\/11\/Lista201121.pdf\">Orden del d\u00eda<\/a><\/li>\n<li><a href=\"https:\/\/youtu.be\/Twlw9gq_a2I?si=Tkmh9XtyxwuiD32u\">V\u00eddeo de la Sesi\u00f3n<\/a><\/li>\n<\/ul>\n<h3>Contenido<\/h3>\n<ul>\n<li>TEE\/PES\/051\/2021 &#8211; Ruperta Nicol\u00e1s Hilario<\/li>\n<\/ul>\n<h2> <a href=\"https:\/\/teegro.gob.mx\/sitio2025\/octagesima-tercera-sesion-publica-de-resolucion\/#more-13778\" class=\"more-link\"><span aria-label=\"Sigue leyendo Octag\u00e9sima Tercera Sesi\u00f3n P\u00fablica de Resoluci\u00f3n\">(m\u00e1s&hellip;)<\/span><\/a><\/h2><\/div><\/li><li class=\"listing-item\"><a class=\"title\" href=\"https:\/\/teegro.gob.mx\/sitio2025\/octagesima-segunda-sesion-publica-de-resolucion\/\">Octag\u00e9sima Segunda Sesi\u00f3n P\u00fablica de Resoluci\u00f3n<\/a><div class=\"content\">\n<ul>\n<li><a href=\"https:\/\/teegro.gob.mx\/inicio\/wp-content\/uploads\/2021\/11\/Lista101121.pdf\">Orden del d\u00eda<\/a><\/li>\n<li><a href=\"https:\/\/youtu.be\/7TyszW3Dlbs?si=VTBa-SPgni15QoIb\">V\u00eddeo de la Sesi\u00f3n<\/a><\/li>\n<\/ul>\n<h3>Contenido<\/h3>\n<ul>\n<li>TEE\/JEC\/289\/2021 Acuerdo plenario &#8211; Jes\u00fas Arena P\u00e9rez<\/li>\n<li>TEE\/PES\/005\/2020 Acuerdo plenario &#8211; Eleazar Mar\u00edn Quebrado<\/li>\n<li>TEE\/JEC\/279\/2021 &#8211; Calixto Ram\u00edrez Vargas, Guillermo Sotelo Raviela y otros<\/li>\n<li>TEE\/JEC\/294\/2021 &#8211; Albertico Carmona Prudente<\/li>\n<li>TEE\/JEC\/292\/2021 &#8211; Jos\u00e9 Gregorio Morales Ram\u00edrez y otra persona<\/li>\n<\/ul>\n<h2> <a href=\"https:\/\/teegro.gob.mx\/sitio2025\/octagesima-segunda-sesion-publica-de-resolucion\/#more-13767\" class=\"more-link\"><span aria-label=\"Sigue leyendo Octag\u00e9sima Segunda Sesi\u00f3n P\u00fablica de Resoluci\u00f3n\">(m\u00e1s&hellip;)<\/span><\/a><\/h2><\/div><\/li><\/ul><\/p><\/div>\n                <\/div><div class=\"eael-accordion-list\">\n                <div id=\"octubre\" class=\"elementor-tab-title eael-accordion-header\" tabindex=\"0\" data-tab=\"3\" aria-controls=\"elementor-tab-content-5563\"><span class=\"eael-advanced-accordion-icon-closed\"><i aria-hidden=\"true\" class=\"fa-accordion-icon fas fa-plus\"><\/i><\/span><span class=\"eael-advanced-accordion-icon-opened\"><i aria-hidden=\"true\" class=\"fa-accordion-icon fas fa-minus\"><\/i><\/span><span class=\"eael-accordion-tab-title\">Octubre<\/span><i aria-hidden=\"true\" class=\"fa-toggle fas fa-angle-right\"><\/i><\/div><div id=\"elementor-tab-content-5563\" class=\"eael-accordion-content clearfix\" data-tab=\"3\" aria-labelledby=\"octubre\"><p><ul class=\"display-posts-listing\"><li class=\"listing-item\"><a class=\"title\" href=\"https:\/\/teegro.gob.mx\/sitio2025\/octagesima-primera-sesion-publica-de-resolucion\/\">Octag\u00e9sima Primera Sesi\u00f3n P\u00fablica de Resoluci\u00f3n<\/a><div class=\"content\">\n<ul>\n<li><a href=\"https:\/\/teegro.gob.mx\/inicio\/wp-content\/uploads\/2021\/10\/LISTA21102021_2.pdf\">Orden del d\u00eda<\/a><\/li>\n<li><a href=\"https:\/\/youtu.be\/8cWa7-C_wdE?si=-RZ7WQO-AQR6NkKs\">V\u00eddeo de la Sesi\u00f3n<\/a><\/li>\n<\/ul>\n<h3>Contenido<\/h3>\n<ul>\n<li>TEE\/JEC\/293\/2021 Acuerdo Plenario &#8211; Elpidia Hern\u00e1ndez Hidalgo y Otros<\/li>\n<li>TEE\/PES\/051\/2021 &#8211; Ruperta Nicol\u00e1s Hilario<\/li>\n<\/ul>\n<h2> <a href=\"https:\/\/teegro.gob.mx\/sitio2025\/octagesima-primera-sesion-publica-de-resolucion\/#more-13760\" class=\"more-link\"><span aria-label=\"Sigue leyendo Octag\u00e9sima Primera Sesi\u00f3n P\u00fablica de Resoluci\u00f3n\">(m\u00e1s&hellip;)<\/span><\/a><\/h2><\/div><\/li><li class=\"listing-item\"><a class=\"title\" href=\"https:\/\/teegro.gob.mx\/sitio2025\/octagesima-sesion-publica-de-resolucion\/\">Octag\u00e9sima Sesi\u00f3n P\u00fablica de Resoluci\u00f3n<\/a><div class=\"content\">\n<ul>\n<li><a href=\"https:\/\/teegro.gob.mx\/inicio\/wp-content\/uploads\/2021\/10\/LISTA21102021.pdf\">Orden del d\u00eda<\/a><\/li>\n<li><a href=\"https:\/\/youtu.be\/7CXQiTTGpMQ?si=gTgOF4DaR7q_L7Ey\">V\u00eddeo de la Sesi\u00f3n<\/a><\/li>\n<\/ul>\n<h3>Contenido<\/h3>\n<ul>\n<li>TEE\/AG\/005\/2021 &#8211; Ruperta Nicol\u00e1s Hilario<\/li>\n<li>TEE\/LCT\/007\/2021 &#8211; Tribunal Electoral del Estado de Guerrero y Vladimir Santos Mej\u00eda<\/li>\n<\/ul>\n<h2> <a href=\"https:\/\/teegro.gob.mx\/sitio2025\/octagesima-sesion-publica-de-resolucion\/#more-13753\" class=\"more-link\"><span aria-label=\"Sigue leyendo Octag\u00e9sima Sesi\u00f3n P\u00fablica de Resoluci\u00f3n\">(m\u00e1s&hellip;)<\/span><\/a><\/h2><\/div><\/li><li class=\"listing-item\"><a class=\"title\" href=\"https:\/\/teegro.gob.mx\/sitio2025\/septuagesima-novena-sesion-publica-de-resolucion\/\">Septuag\u00e9sima Novena Sesi\u00f3n P\u00fablica de Resoluci\u00f3n<\/a><div class=\"content\">\n<ul>\n<li><a href=\"https:\/\/teegro.gob.mx\/inicio\/wp-content\/uploads\/2021\/10\/Lista08102021.pdf\">Orden del d\u00eda<\/a><\/li>\n<li><a href=\"https:\/\/youtu.be\/GR9fs-g5R_U?si=TejWiDBnXKw8-qVS\">V\u00eddeo de la Sesi\u00f3n<\/a><\/li>\n<\/ul>\n<h3>Contenido<\/h3>\n<ul>\n<li>TEE\/JEC\/283\/2021 &#8211; Horenda Calixto Blanco<\/li>\n<li>TEE\/PES\/008\/2021 &#8211; Representante Suplente del PES, ante el IEPC<\/li>\n<\/ul>\n<h2> <a href=\"https:\/\/teegro.gob.mx\/sitio2025\/septuagesima-novena-sesion-publica-de-resolucion\/#more-13743\" class=\"more-link\"><span aria-label=\"Sigue leyendo Septuag\u00e9sima Novena Sesi\u00f3n P\u00fablica de Resoluci\u00f3n\">(m\u00e1s&hellip;)<\/span><\/a><\/h2><\/div><\/li><li class=\"listing-item\"><a class=\"title\" href=\"https:\/\/teegro.gob.mx\/sitio2025\/septuagesima-octava-sesion-publica-de-resolucion\/\">Septuag\u00e9sima Octava Sesi\u00f3n P\u00fablica de Resoluci\u00f3n<\/a><div class=\"content\">\n<ul>\n<li><a href=\"https:\/\/teegro.gob.mx\/inicio\/wp-content\/uploads\/2021\/09\/Lista01102021.pdf\">Orden del d\u00eda<\/a><\/li>\n<li><a href=\"https:\/\/youtu.be\/b8Vf9d2s4Ko?si=M3rQWAZDDC7u8cAy\">V\u00eddeo de la Sesi\u00f3n<\/a><\/li>\n<\/ul>\n<h3>Contenido<\/h3>\n<ul>\n<li>TEE\/JEC\/288\/2021 Acuerdo Plenario &#8211; Juan Jos\u00e9 Francisco Rodr\u00edguez Otero<\/li>\n<li>TEE\/JEC\/289\/2021 Acuerdo Plenario &#8211; Jes\u00fas Arena P\u00e9rez<\/li>\n<li>TEE\/PES\/027\/2021 &#8211; Morena<\/li>\n<li>TEE\/PES\/020\/2021 &#8211; Morena<\/li>\n<\/ul>\n<h2> <a href=\"https:\/\/teegro.gob.mx\/sitio2025\/septuagesima-octava-sesion-publica-de-resolucion\/#more-13730\" class=\"more-link\"><span aria-label=\"Sigue leyendo Septuag\u00e9sima Octava Sesi\u00f3n P\u00fablica de Resoluci\u00f3n\">(m\u00e1s&hellip;)<\/span><\/a><\/h2><\/div><\/li><\/ul><\/p><\/div>\n                <\/div><div class=\"eael-accordion-list\">\n                <div id=\"septiembre\" class=\"elementor-tab-title eael-accordion-header\" tabindex=\"0\" data-tab=\"4\" aria-controls=\"elementor-tab-content-5564\"><span class=\"eael-advanced-accordion-icon-closed\"><i aria-hidden=\"true\" class=\"fa-accordion-icon fas fa-plus\"><\/i><\/span><span class=\"eael-advanced-accordion-icon-opened\"><i aria-hidden=\"true\" class=\"fa-accordion-icon fas fa-minus\"><\/i><\/span><span class=\"eael-accordion-tab-title\">Septiembre<\/span><i aria-hidden=\"true\" class=\"fa-toggle fas fa-angle-right\"><\/i><\/div><div id=\"elementor-tab-content-5564\" class=\"eael-accordion-content clearfix\" data-tab=\"4\" aria-labelledby=\"septiembre\"><p><ul class=\"display-posts-listing\"><li class=\"listing-item\"><a class=\"title\" href=\"https:\/\/teegro.gob.mx\/sitio2025\/septuagesima-septima-sesion-publica-de-resolucion\/\">Septuag\u00e9sima S\u00e9ptima Sesi\u00f3n P\u00fablica de Resoluci\u00f3n<\/a><div class=\"content\">\n<ul>\n<li><a href=\"https:\/\/teegro.gob.mx\/inicio\/wp-content\/uploads\/2021\/09\/Lista27092021.pdf\">Orden del d\u00eda<\/a><\/li>\n<li><a href=\"https:\/\/youtu.be\/HSsJJlIvBnU?si=j9CjvzEOZmoD_wU5\">V\u00eddeo de la Sesi\u00f3n<\/a><\/li>\n<\/ul>\n<h3>Contenido<\/h3>\n<ul>\n<li>TEE\/PES\/017\/2021 &#8211; Fulgencio L\u00f3pez Beltr\u00e1n<\/li>\n<li>TEE\/RAP\/035\/2021 &#8211; Juan Mart\u00edn Altamirano Pineda<\/li>\n<li>TEE\/PES\/050\/2021 &#8211; Ruperta Nicol\u00e1s Hilario<\/li>\n<\/ul>\n<h2> <a href=\"https:\/\/teegro.gob.mx\/sitio2025\/septuagesima-septima-sesion-publica-de-resolucion\/#more-13720\" class=\"more-link\"><span aria-label=\"Sigue leyendo Septuag\u00e9sima S\u00e9ptima Sesi\u00f3n P\u00fablica de Resoluci\u00f3n\">(m\u00e1s&hellip;)<\/span><\/a><\/h2><\/div><\/li><li class=\"listing-item\"><a class=\"title\" href=\"https:\/\/teegro.gob.mx\/sitio2025\/septuagesima-sexta-sesion-publica-de-resolucion\/\">Septuag\u00e9sima Sexta Sesi\u00f3n P\u00fablica de Resoluci\u00f3n<\/a><div class=\"content\">\n<ul>\n<li><a href=\"https:\/\/teegro.gob.mx\/inicio\/wp-content\/uploads\/2021\/09\/Lista24092021.pdf\">Orden del d\u00eda<\/a><\/li>\n<li><a href=\"https:\/\/youtu.be\/lPLMfStql8w?si=vazaJ-685AmZcCuP\">V\u00eddeo de la Sesi\u00f3n<\/a><\/li>\n<\/ul>\n<h3>Contenido<\/h3>\n<ul>\n<li>TEE\/JEC\/290\/2021 &#8211; Carmelo Loeza Hern\u00e1ndez<\/li>\n<\/ul>\n<h2> <a href=\"https:\/\/teegro.gob.mx\/sitio2025\/septuagesima-sexta-sesion-publica-de-resolucion\/#more-13715\" class=\"more-link\"><span aria-label=\"Sigue leyendo Septuag\u00e9sima Sexta Sesi\u00f3n P\u00fablica de Resoluci\u00f3n\">(m\u00e1s&hellip;)<\/span><\/a><\/h2><\/div><\/li><li class=\"listing-item\"><a class=\"title\" href=\"https:\/\/teegro.gob.mx\/sitio2025\/septuagesima-quinta-sesion-publica-de-resolucion\/\">Septuag\u00e9sima Quinta Sesi\u00f3n P\u00fablica de Resoluci\u00f3n<\/a><div class=\"content\">\n<ul>\n<li><a href=\"https:\/\/teegro.gob.mx\/inicio\/wp-content\/uploads\/2021\/09\/Lista17092021.pdf\">Orden del d\u00eda<\/a><\/li>\n<li><a href=\"https:\/\/www.youtube.com\/watch?v=L76sJtYTkmc\">V\u00eddeo de la Sesi\u00f3n<\/a><\/li>\n<\/ul>\n<h3>Contenido<\/h3>\n<ul>\n<li>TEE\/PES\/030\/2021 y TEE\/PES\/035\/2021 Acumulados &#8211; Ricardo Taja Ram\u00edrez y representante del PRI<\/li>\n<\/ul>\n<h2> <a href=\"https:\/\/teegro.gob.mx\/sitio2025\/septuagesima-quinta-sesion-publica-de-resolucion\/#more-13710\" class=\"more-link\"><span aria-label=\"Sigue leyendo Septuag\u00e9sima Quinta Sesi\u00f3n P\u00fablica de Resoluci\u00f3n\">(m\u00e1s&hellip;)<\/span><\/a><\/h2><\/div><\/li><li class=\"listing-item\"><a class=\"title\" href=\"https:\/\/teegro.gob.mx\/sitio2025\/septuagesima-cuarta-sesion-publica-de-resolucion\/\">Septuag\u00e9sima Cuarta Sesi\u00f3n P\u00fablica de Resoluci\u00f3n<\/a><div class=\"content\">\n<ul>\n<li><a href=\"https:\/\/teegro.gob.mx\/inicio\/wp-content\/uploads\/2021\/09\/Lista100921.pdf\">Orden del d\u00eda<\/a><\/li>\n<li><a href=\"https:\/\/youtu.be\/nz1e0vz3kM4?si=AaQjoqGuHvtUtZh_\">V\u00eddeo de la Sesi\u00f3n<\/a><\/li>\n<\/ul>\n<h3>Contenido<\/h3>\n<ul>\n<li>TEE\/PES\/050\/2021 ACUERDO PLENARIO &#8211; Ruperta Nicol\u00e1s Hilario<\/li>\n<li>TEE\/PES\/038\/2021 &#8211; Abelina L\u00f3pez Rodr\u00edguez<\/li>\n<\/ul>\n<h2> <a href=\"https:\/\/teegro.gob.mx\/sitio2025\/septuagesima-cuarta-sesion-publica-de-resolucion\/#more-13704\" class=\"more-link\"><span aria-label=\"Sigue leyendo Septuag\u00e9sima Cuarta Sesi\u00f3n P\u00fablica de Resoluci\u00f3n\">(m\u00e1s&hellip;)<\/span><\/a><\/h2><\/div><\/li><li class=\"listing-item\"><a class=\"title\" href=\"https:\/\/teegro.gob.mx\/sitio2025\/septuagesima-tercera-sesion-publica-de-resolucion\/\">Septuag\u00e9sima Tercera Sesi\u00f3n P\u00fablica de Resoluci\u00f3n<\/a><div class=\"content\">\n<ul>\n<li><a href=\"https:\/\/teegro.gob.mx\/inicio\/wp-content\/uploads\/2021\/09\/lista07092021.pdf\">Orden del d\u00eda<\/a><\/li>\n<li><a href=\"https:\/\/youtu.be\/V_lBAmrwYCA?si=1EQu4fPKo8tV9mLd\">V\u00eddeo de la Sesi\u00f3n<\/a><\/li>\n<\/ul>\n<h3>Contenido<\/h3>\n<ul>\n<li>TEE\/JEC\/227\/2021 Y TEE\/JEC\/228\/2021 ACUMULADOS ACUERDO PLENARIO &#8211; Efra\u00edn M\u00e9ndez Ram\u00edrez y otros<\/li>\n<li>TEE\/JEC\/280\/2021 ACUERDO PLENARIO &#8211; Carmelo Loeza Hern\u00e1ndez<\/li>\n<li>TEE\/PES\/005\/2020 ACUERDO PLENARIO &#8211; Eleazar Mar\u00edn Quebrado<\/li>\n<li>TEE\/JEC\/282\/2021 &#8211; Carmelo Loeza Hern\u00e1ndez<\/li>\n<li>TEE\/JIN\/043\/2021 Y ACUMULADOS &#8211; PT y otros<\/li>\n<li>TEE\/JEC\/284\/2021 Y ACUMULADOS &#8211; Araceli Encarnaci\u00f3n Dom\u00ednguez, Juan Jos\u00e9 Francisco Rodr\u00edguez Otero, Gustavo Figueroa Rosas y Jes\u00fas Arena P\u00e9rez<\/li>\n<\/ul>\n<h2> <a href=\"https:\/\/teegro.gob.mx\/sitio2025\/septuagesima-tercera-sesion-publica-de-resolucion\/#more-13690\" class=\"more-link\"><span aria-label=\"Sigue leyendo Septuag\u00e9sima Tercera Sesi\u00f3n P\u00fablica de Resoluci\u00f3n\">(m\u00e1s&hellip;)<\/span><\/a><\/h2><\/div><\/li><li class=\"listing-item\"><a class=\"title\" href=\"https:\/\/teegro.gob.mx\/sitio2025\/septuagesima-segunda-sesion-publica-de-resolucion\/\">Septuag\u00e9sima Segunda Sesi\u00f3n P\u00fablica de Resoluci\u00f3n<\/a><div class=\"content\">\n<ul>\n<li><a href=\"https:\/\/teegro.gob.mx\/inicio\/wp-content\/uploads\/2021\/09\/lista060921.pdf\">Orden del d\u00eda<\/a><\/li>\n<li><a href=\"https:\/\/youtu.be\/j4ubL9YS2No?si=Xae46PBmJTb6BT7u\">V\u00eddeo de la Sesi\u00f3n<\/a><\/li>\n<\/ul>\n<h3>Contenido<\/h3>\n<ul>\n<li>TEE\/PES\/017\/2021 &#8211; Fulgencio L\u00f3pez Beltr\u00e1n<\/li>\n<\/ul>\n<h2> <a href=\"https:\/\/teegro.gob.mx\/sitio2025\/septuagesima-segunda-sesion-publica-de-resolucion\/#more-13683\" class=\"more-link\"><span aria-label=\"Sigue leyendo Septuag\u00e9sima Segunda Sesi\u00f3n P\u00fablica de Resoluci\u00f3n\">(m\u00e1s&hellip;)<\/span><\/a><\/h2><\/div><\/li><\/ul><\/p><\/div>\n                <\/div><div class=\"eael-accordion-list\">\n                <div id=\"agosto\" class=\"elementor-tab-title eael-accordion-header\" tabindex=\"0\" data-tab=\"5\" aria-controls=\"elementor-tab-content-5565\"><span class=\"eael-advanced-accordion-icon-closed\"><i aria-hidden=\"true\" class=\"fa-accordion-icon fas fa-plus\"><\/i><\/span><span class=\"eael-advanced-accordion-icon-opened\"><i aria-hidden=\"true\" class=\"fa-accordion-icon fas fa-minus\"><\/i><\/span><span class=\"eael-accordion-tab-title\">Agosto<\/span><i aria-hidden=\"true\" class=\"fa-toggle fas fa-angle-right\"><\/i><\/div><div id=\"elementor-tab-content-5565\" class=\"eael-accordion-content clearfix\" data-tab=\"5\" aria-labelledby=\"agosto\"><p><ul class=\"display-posts-listing\"><li class=\"listing-item\"><a class=\"title\" href=\"https:\/\/teegro.gob.mx\/sitio2025\/septuagesima-primera-sesion-publica-de-resolucion\/\">Septuag\u00e9sima Primera Sesi\u00f3n P\u00fablica de Resoluci\u00f3n<\/a><div class=\"content\">\n<ul>\n<li><a href=\"https:\/\/teegro.gob.mx\/inicio\/wp-content\/uploads\/2021\/08\/Lista26082021.pdf\">Orden del d\u00eda<\/a><\/li>\n<li><a href=\"https:\/\/youtu.be\/EELWnXMg_nE?si=FwpP_ISJSYaGy7V0\">V\u00eddeo de la Sesi\u00f3n<\/a><\/li>\n<\/ul>\n<h3>Contenido<\/h3>\n<ul>\n<li>TEE\/JEC\/275\/2021 Acuerdo plenario &#8211; Javier Emmanuel G\u00e1lvez Vitrago<\/li>\n<li>TEE\/JIN\/007\/2021 &#8211; PT<\/li>\n<li>TEE\/JEC\/223\/2021 &#8211; Cristina Hern\u00e1ndez Vargas<\/li>\n<li>TEE\/JEC\/236\/2021&nbsp; &#8211; July Pel\u00e1ez Victoriano<\/li>\n<li>TEE\/JEC\/281\/2021 &#8211; Yesenia Hern\u00e1ndez Jer\u00f3nimo<\/li>\n<li>TEE\/JEC\/280\/2021 &#8211; Carmelo Loeza Hern\u00e1ndez<\/li>\n<\/ul>\n<h2> <a href=\"https:\/\/teegro.gob.mx\/sitio2025\/septuagesima-primera-sesion-publica-de-resolucion\/#more-13671\" class=\"more-link\"><span aria-label=\"Sigue leyendo Septuag\u00e9sima Primera Sesi\u00f3n P\u00fablica de Resoluci\u00f3n\">(m\u00e1s&hellip;)<\/span><\/a><\/h2><\/div><\/li><li class=\"listing-item\"><a class=\"title\" href=\"https:\/\/teegro.gob.mx\/sitio2025\/septuagesima-sesion-publica-de-resolucion\/\">Septuag\u00e9sima Sesi\u00f3n P\u00fablica de Resoluci\u00f3n<\/a><div class=\"content\">\n<ul>\n<li><a href=\"https:\/\/teegro.gob.mx\/inicio\/wp-content\/uploads\/2021\/08\/Lista19082021.pdf\">Orden del d\u00eda<\/a><\/li>\n<li><a href=\"https:\/\/youtu.be\/9ygb2LJbb-M?si=R2GcPqHJBfPwACTd\">V\u00eddeo de la Sesi\u00f3n<\/a><\/li>\n<\/ul>\n<h3>Contenido<\/h3>\n<ul>\n<li>TEE\/JEC\/219\/2021 Acuerdo Plenario &#8211; Carmelo Loeza Hern\u00e1ndez<\/li>\n<li>TEE\/JEC\/233\/2021 &#8211; Maricela Castro Chavarrieta<\/li>\n<li>TEE\/PES\/014\/2021 &#8211; Representante del PRI<\/li>\n<li>TEE\/PES\/005\/2021 &#8211; Representante del PT<\/li>\n<li>TEE\/JEC\/275\/2021 &#8211; Javier Emmanuel G\u00e1lvez Vitrago<\/li>\n<\/ul>\n<h2> <a href=\"https:\/\/teegro.gob.mx\/sitio2025\/septuagesima-sesion-publica-de-resolucion\/#more-13632\" class=\"more-link\"><span aria-label=\"Sigue leyendo Septuag\u00e9sima Sesi\u00f3n P\u00fablica de Resoluci\u00f3n\">(m\u00e1s&hellip;)<\/span><\/a><\/h2><\/div><\/li><li class=\"listing-item\"><a class=\"title\" href=\"https:\/\/teegro.gob.mx\/sitio2025\/sexagesima-novena-sesion-publica-de-resolucion\/\">Sexag\u00e9sima Novena Sesi\u00f3n P\u00fablica de Resoluci\u00f3n<\/a><div class=\"content\">\n<ul>\n<li><a href=\"https:\/\/teegro.gob.mx\/inicio\/wp-content\/uploads\/2021\/08\/Lista12082021.pdf\">Orden del d\u00eda<\/a><\/li>\n<li><a href=\"https:\/\/youtu.be\/dEmUpkO-1TE?si=3SkTkUxsrPHrquMe\">V\u00eddeo de la Sesi\u00f3n<\/a><\/li>\n<\/ul>\n<h3>Contenido<\/h3>\n<ul>\n<li>TEE\/JEC\/269\/2021 Acuerdo plenario &#8211; Carlos Marx Barbosa Guzm\u00e1n<\/li>\n<li>TEE\/PES\/023\/2021 Acuerdo plenario &#8211; Representante del PRI<\/li>\n<li>TEE\/AG\/004\/2021 Acuerdo plenario &#8211; Subdirector de Procedimientos de Remoci\u00f3n de Consejeros de OPL y de Violencia Pol\u00edtica Contra las Mujeres de la Unidad T\u00e9cnica de lo Contencioso Electoral de la Secretar\u00eda Ejecutiva del INE<\/li>\n<li>TEE\/PES\/005\/2021 Acuerdo plenario &#8211; Representante del PT<\/li>\n<li>TEE\/PES\/005\/2020 Acuerdo plenario &#8211; Eleazar Mar\u00edn Quebrado<\/li>\n<li>TEE\/PES\/016\/2021 &#8211; Representante del PRI<\/li>\n<li>TEE\/JIN\/011\/2021 &#8211; Representante del PT<\/li>\n<li>TEE\/JIN\/042\/2021 y acumulados &#8211; PVEM, PRD, Marco Antonio de la Mora Torreblanca, Yesenia Hern\u00e1ndez Jer\u00f3nimo, J. Isabel Arines Hern\u00e1ndez, Victoria Escuen \u00c1vila, C\u00e9sar Landin Pineda, Arturo Mart\u00ednez Nu\u00f1ez, Angelica Espinoza Garc\u00eda y Jes\u00fas Evodio Vel\u00e1zquez Aguirre<\/li>\n<li>TEE\/JEC\/222\/2021 &#8211; Medardo Mu\u00f1oz Gatica<\/li>\n<li>TEE\/JEC\/271\/2021 &#8211; Brisa Tob\u00f3n Guerrero<\/li>\n<li>TEE\/JEC\/278\/2021 &#8211; Jennyfer Garc\u00eda Lucena<\/li>\n<li>TEE\/JEC\/219\/2021 &#8211; Carmelo Loeza Hern\u00e1ndez<\/li>\n<li>TEE\/JEC\/275\/2021 &#8211; Javier Emmanuel G\u00e1lvez Vitrago<\/li>\n<li>TEE\/PES\/020\/2021 &#8211; Representante de Morena<\/li>\n<\/ul>\n<h2> <a href=\"https:\/\/teegro.gob.mx\/sitio2025\/sexagesima-novena-sesion-publica-de-resolucion\/#more-13455\" class=\"more-link\"><span aria-label=\"Sigue leyendo Sexag\u00e9sima Novena Sesi\u00f3n P\u00fablica de Resoluci\u00f3n\">(m\u00e1s&hellip;)<\/span><\/a><\/h2><\/div><\/li><li class=\"listing-item\"><a class=\"title\" href=\"https:\/\/teegro.gob.mx\/sitio2025\/sexagesima-octava-sesion-publica-de-resolucion\/\">Sexag\u00e9sima Octava Sesi\u00f3n P\u00fablica de Resoluci\u00f3n<\/a><div class=\"content\">\n<ul>\n<li><a href=\"https:\/\/teegro.gob.mx\/inicio\/wp-content\/uploads\/2021\/08\/Lista05082021.pdf\">Orden del d\u00eda<\/a><\/li>\n<li><a href=\"https:\/\/youtu.be\/SeZgFmn_Rpw?si=3VuVDku9EAUru_VV\">V\u00eddeo de la Sesi\u00f3n<\/a><\/li>\n<\/ul>\n<h3>Contenido<\/h3>\n<ul>\n<li>TEE\/JEC\/218\/2021 Acuerdo Plenario &#8211; Carmelo Loeza Hern\u00e1ndez<\/li>\n<li>TEE\/JEC\/227\/2021 y TEE\/JEC\/228\/2021 Acumulados &#8211; Efra\u00edn Ram\u00edrez, Roberto Carlos Madrigal Oca\u00f1a, Lucio Carlos Garc\u00eda Salgado y Jos\u00e9 Carlos Galeana Navarrete<\/li>\n<li>TEE\/JEC\/243\/2021 &#8211; Te\u00f3filo de la Cruz Guerrero<\/li>\n<li>TEE\/JEC\/243\/2021 &#8211; Jos\u00e9 Luis Aburto Zarate<\/li>\n<li>TEE\/RAP\/034\/2021 &#8211; Apoderado de la Editora del Diario &#8220;El Sur-Peri\u00f3dico de Guerrero&#8221;<\/li>\n<li>TEE\/JEC\/254\/2021 &#8211; Delfa Thal\u00eda Rodr\u00edguez Rodr\u00edguez<\/li>\n<li>TEE\/JIN\/008\/2021 &#8211; Representante de Morena<\/li>\n<li>TEE\/JIN\/014\/2021 &#8211; Representante del PRD<\/li>\n<li>TEE\/JIN\/024\/2021 &#8211; Representante de MC<\/li>\n<li>TEE\/PES\/049\/2021 &#8211; Yasm\u00edn Arriaga Torres<\/li>\n<li>TEE\/JIN\/041\/2021 &#8211; Representante del PRD<\/li>\n<\/ul>\n<h2> <a href=\"https:\/\/teegro.gob.mx\/sitio2025\/sexagesima-octava-sesion-publica-de-resolucion\/#more-13596\" class=\"more-link\"><span aria-label=\"Sigue leyendo Sexag\u00e9sima Octava Sesi\u00f3n P\u00fablica de Resoluci\u00f3n\">(m\u00e1s&hellip;)<\/span><\/a><\/h2><\/div><\/li><\/ul><\/p><\/div>\n                <\/div><div class=\"eael-accordion-list\">\n                <div id=\"julio\" class=\"elementor-tab-title eael-accordion-header\" tabindex=\"0\" data-tab=\"6\" aria-controls=\"elementor-tab-content-5566\"><span class=\"eael-advanced-accordion-icon-closed\"><i aria-hidden=\"true\" class=\"fa-accordion-icon fas fa-plus\"><\/i><\/span><span class=\"eael-advanced-accordion-icon-opened\"><i aria-hidden=\"true\" class=\"fa-accordion-icon fas fa-minus\"><\/i><\/span><span class=\"eael-accordion-tab-title\">Julio<\/span><i aria-hidden=\"true\" class=\"fa-toggle fas fa-angle-right\"><\/i><\/div><div id=\"elementor-tab-content-5566\" class=\"eael-accordion-content clearfix\" data-tab=\"6\" aria-labelledby=\"julio\"><p><ul class=\"display-posts-listing\"><li class=\"listing-item\"><a class=\"title\" href=\"https:\/\/teegro.gob.mx\/sitio2025\/sexagesima-septima-sesion-publica-de-resolucion\/\">Sexag\u00e9sima S\u00e9ptima Sesi\u00f3n P\u00fablica de Resoluci\u00f3n<\/a><div class=\"content\">\n<ul>\n<li><a href=\"https:\/\/teegro.gob.mx\/inicio\/wp-content\/uploads\/2021\/07\/Lista29072021.pdf\">Orden del d\u00eda<\/a><\/li>\n<li><a href=\"https:\/\/youtu.be\/9StJ3Hxs8Jg?si=wuCZykQlVvaYAIEv\">V\u00eddeo de la Sesi\u00f3n<\/a><\/li>\n<\/ul>\n<h3>Contenido<\/h3>\n<ul>\n<li>TEE\/JIN\/001\/2021 &#8211; Representante del PVEM y Jes\u00fas Gonz\u00e1lez R\u00edos<\/li>\n<li>TEE\/JIN\/033\/2021 y TEE\/JIN\/034\/2021 acumulados &#8211; Representantes de MC y PRI<\/li>\n<li>TEE\/JEC\/230\/2021 &#8211; Heydi Suastegui Aparicio<\/li>\n<li>TEE\/JEC\/244\/2021 &#8211; Omar Agama Chac\u00f3n<\/li>\n<li>TEE\/JEC\/249\/2021 &#8211; Javier Castillo Rodr\u00edguez<\/li>\n<li>TEE\/JEC\/117\/2021 &#8211; Olga Sosa Garc\u00eda<\/li>\n<li>TEE\/JEC\/250\/2021 &#8211; Javier G\u00e1lvez Garc\u00eda<\/li>\n<li>TEE\/JIN\/013\/2021 y TEE\/JIN\/023\/2021 acumulados &#8211; Representantes del PRD y PRI<\/li>\n<li>TEE\/JIN\/028\/2021 y TEE\/JIN\/029\/2021 acumulados &#8211; Representantes del PVEM y PRI<\/li>\n<li>TEE\/JIN\/019\/2021 &#8211; Representante de Morena<\/li>\n<li>TEE\/JIN\/020\/2021 &#8211; Representante del PRI<\/li>\n<li>TEE\/JIN\/040\/2021 &#8211; Representante del PRI<\/li>\n<li>TEE\/JEC\/218\/2021 &#8211; Carmelo Loeza Hern\u00e1ndez<\/li>\n<li>TEE\/JEC\/237\/2021 &#8211; Jes\u00fas Silva Hern\u00e1ndez<\/li>\n<li>TEE\/JEC\/256\/2021 &#8211; Berenice Bravo Nogueda<\/li>\n<li>TEE\/JEC\/269\/2021 &#8211; Carlos Marx Barbosa Guzm\u00e1n<\/li>\n<li>TEE\/JIN\/037\/2021 y TEE\/JIN\/038\/2021 Acumulados &#8211; Representantes del PRI y Morena<\/li>\n<li>TEE\/JIN\/031\/2021 &#8211; Representante del PRD<\/li>\n<\/ul>\n<h2> <a href=\"https:\/\/teegro.gob.mx\/sitio2025\/sexagesima-septima-sesion-publica-de-resolucion\/#more-13567\" class=\"more-link\"><span aria-label=\"Sigue leyendo Sexag\u00e9sima S\u00e9ptima Sesi\u00f3n P\u00fablica de Resoluci\u00f3n\">(m\u00e1s&hellip;)<\/span><\/a><\/h2><\/div><\/li><li class=\"listing-item\"><a class=\"title\" href=\"https:\/\/teegro.gob.mx\/sitio2025\/sexagesima-sexta-sesion-publica-de-resolucion\/\">Sexag\u00e9sima Sexta Sesi\u00f3n P\u00fablica de Resoluci\u00f3n<\/a><div class=\"content\">\n<ul>\n<li><a href=\"https:\/\/teegro.gob.mx\/inicio\/wp-content\/uploads\/2021\/07\/Lista220721.pdf\">Orden del d\u00eda<\/a><\/li>\n<li><a href=\"https:\/\/youtu.be\/Jr_9o-4Y930?si=uIW8M9WgkLyUh8l-\">V\u00eddeo de la Sesi\u00f3n<\/a><\/li>\n<\/ul>\n<h3>Contenido<\/h3>\n<ul>\n<li>TEE\/PES\/020\/2021 Acuerdo Plenario &#8211; Representante suplente de Morena ante Consejo Distrital Electoral 16 del IEPC<\/li>\n<li>TEE\/JEC\/221\/2021 &#8211; Roc\u00edo Oropeza Ben\u00edtez<\/li>\n<li>TEE\/JEC\/273\/2021 &#8211; \u00d3scar Bahena Villalobos y Otros<\/li>\n<li>TEE\/PES\/008\/2021 &#8211; Representante suplente del PES ante Consejo General del IEPC<\/li>\n<li>TEE\/PES\/009\/2021 &#8211; Representante suplente del PRI ante Consejo Distrital Electoral 21 del IEPC<\/li>\n<li>TEE\/PES\/024\/2021 &#8211; Efr\u00e9n Adame Montalv\u00e1n<\/li>\n<\/ul>\n<h2> <a href=\"https:\/\/teegro.gob.mx\/sitio2025\/sexagesima-sexta-sesion-publica-de-resolucion\/#more-13555\" class=\"more-link\"><span aria-label=\"Sigue leyendo Sexag\u00e9sima Sexta Sesi\u00f3n P\u00fablica de Resoluci\u00f3n\">(m\u00e1s&hellip;)<\/span><\/a><\/h2><\/div><\/li><li class=\"listing-item\"><a class=\"title\" href=\"https:\/\/teegro.gob.mx\/sitio2025\/sexagesima-quinta-sesion-publica-de-resolucion\/\">Sexag\u00e9sima Quinta Sesi\u00f3n P\u00fablica de Resoluci\u00f3n<\/a><div class=\"content\">\n<ul>\n<li><a href=\"https:\/\/teegro.gob.mx\/inicio\/wp-content\/uploads\/2021\/07\/Lista200721.pdf\">Orden del d\u00eda<\/a><\/li>\n<li><a href=\"https:\/\/youtu.be\/PTeZTPOBJnw?si=pqOcffYxmUtEm7qT\">V\u00eddeo de la Sesi\u00f3n<\/a><\/li>\n<\/ul>\n<h3>Contenido<\/h3>\n<ul>\n<li>TEE\/JIN\/225\/2021 y TEE\/JEC\/248\/2021 Acumulado &#8211; Representante del PRI y Marina Carranza Figueroa<\/li>\n<li>TEE\/JIN\/047\/2021 &#8211; Representante del PRI y PRD<\/li>\n<li>TEE\/JIN\/016\/2021 &#8211; Representante de MC<\/li>\n<li>TEE\/JIN\/010\/2021 &#8211; Representante de PT<\/li>\n<\/ul>\n<h2> <a href=\"https:\/\/teegro.gob.mx\/sitio2025\/sexagesima-quinta-sesion-publica-de-resolucion\/#more-13543\" class=\"more-link\"><span aria-label=\"Sigue leyendo Sexag\u00e9sima Quinta Sesi\u00f3n P\u00fablica de Resoluci\u00f3n\">(m\u00e1s&hellip;)<\/span><\/a><\/h2><\/div><\/li><li class=\"listing-item\"><a class=\"title\" href=\"https:\/\/teegro.gob.mx\/sitio2025\/sexagesima-cuarta-sesion-publica-de-resolucion\/\">Sexag\u00e9sima Cuarta Sesi\u00f3n P\u00fablica de Resoluci\u00f3n<\/a><div class=\"content\">\n<ul>\n<li><a href=\"https:\/\/teegro.gob.mx\/inicio\/wp-content\/uploads\/2021\/07\/Lista16072021.pdf\">Orden del d\u00eda<\/a><\/li>\n<li><a href=\"https:\/\/youtu.be\/3KR6UImbz-Y?si=XxMOHlTXYFosfn4I\">V\u00eddeo de la Sesi\u00f3n<\/a><\/li>\n<\/ul>\n<h3>Contenido<\/h3>\n<ul>\n<li>TEE\/JEC\/117\/2021 Acuerdo plenario &#8211; Olga Sosa Garc\u00eda<\/li>\n<li>TEE\/JIN\/026\/2021 Acuerdo plenario &#8211; Morena<\/li>\n<li>TEE\/PES\/027\/2021 &#8211; Representante de Morena ante Consejo Distrital Electoral 4 del IEPC<\/li>\n<li>TEE\/JEC\/276\/2021 &#8211; Dolores Garc\u00eda Ram\u00edrez<\/li>\n<li>TEE\/JEC\/220\/2021 &#8211; Olga Baz\u00e1n Gonz\u00e1lez<\/li>\n<li>TEE\/JEC\/252\/2021 &#8211; Senorina Codallos Escobar<\/li>\n<\/ul>\n<h2> <a href=\"https:\/\/teegro.gob.mx\/sitio2025\/sexagesima-cuarta-sesion-publica-de-resolucion\/#more-13529\" class=\"more-link\"><span aria-label=\"Sigue leyendo Sexag\u00e9sima Cuarta Sesi\u00f3n P\u00fablica de Resoluci\u00f3n\">(m\u00e1s&hellip;)<\/span><\/a><\/h2><\/div><\/li><li class=\"listing-item\"><a class=\"title\" href=\"https:\/\/teegro.gob.mx\/sitio2025\/sexagesima-tercera-sesion-publica-de-resolucion\/\">Sexag\u00e9sima Tercera Sesi\u00f3n P\u00fablica de Resoluci\u00f3n<\/a><div class=\"content\">\n<ul>\n<li><a href=\"https:\/\/teegro.gob.mx\/inicio\/wp-content\/uploads\/2021\/07\/Lista13072021.pdf\">Orden del d\u00eda<\/a><\/li>\n<li><a href=\"https:\/\/youtu.be\/Hmr9CepbXQY?si=72p5ykg0vhYKoPTh\">V\u00eddeo de la Sesi\u00f3n<\/a><\/li>\n<\/ul>\n<h3>Contenido<\/h3>\n<ul>\n<li>TEE\/PES\/023\/2021 Acuerdo plenario &#8211; Pedro Sergio Guti\u00e9rrez L\u00f3pez<\/li>\n<li>TEE\/JEC\/227\/2021 y TEE\/JEC\/228\/2021 acumulados &#8211; Efra\u00edn M\u00e9ndez Ram\u00edrez, Roberto Carlos Madrigal Oca\u00f1a, Lucio Carlos Garc\u00eda Salgado y Jos\u00e9 Carlos Galeana Navarrete<\/li>\n<li>TEE\/JIN\/035\/2021 &#8211; Irving Leyva Torres<\/li>\n<li>TEE\/JEC\/277\/2021 &#8211; Miriam Tenorio Velazco<\/li>\n<li>TEE\/JEC\/229\/2021 y TEE\/JEC\/251\/2021 acumulados &#8211; Mar\u00eda de los \u00c1ngeles V\u00e1zquez Pastor y Mart\u00edn Jim\u00e9nez S\u00e1mano<\/li>\n<li>TEE\/PES\/025\/2021 &#8211; Fulgencio L\u00f3pez Beltr\u00e1n<\/li>\n<li>TEE\/JIN\/027\/2021 &#8211; PT<\/li>\n<li>TEE\/JEC\/241\/2021 y TEE\/JIN\/015\/2021 acumulados &#8211; Yamel Gonz\u00e1lez Navarrete y Morena<\/li>\n<li>TEE\/JEC\/225\/2021 TEE\/JEC\/239\/2021 TEE\/JEC\/240\/2021 TEE\/JEC\/253\/2021 TEE\/JIN\/032\/2021 Y TEE\/JIN\/036\/2021 ACUMULADOS &#8211; Gisela Ram\u00edrez Lorenzo, Arqu\u00edmidez Garc\u00eda Peralta, Luis Cuevas Aguilar, Jos\u00e9 Luis Sandoval Maganda, Elvira Yazm\u00edn Guinto Mart\u00ednez y Rosa Isela Molina Clemente, MC, PRI<\/li>\n<\/ul>\n<h2> <a href=\"https:\/\/teegro.gob.mx\/sitio2025\/sexagesima-tercera-sesion-publica-de-resolucion\/#more-13513\" class=\"more-link\"><span aria-label=\"Sigue leyendo Sexag\u00e9sima Tercera Sesi\u00f3n P\u00fablica de Resoluci\u00f3n\">(m\u00e1s&hellip;)<\/span><\/a><\/h2><\/div><\/li><li class=\"listing-item\"><a class=\"title\" href=\"https:\/\/teegro.gob.mx\/sitio2025\/sexagesima-segunda-sesion-publica-de-resolucion\/\">Sexag\u00e9sima Segunda Sesi\u00f3n P\u00fablica de Resoluci\u00f3n<\/a><div class=\"content\">\n<ul>\n<li><a href=\"https:\/\/teegro.gob.mx\/inicio\/wp-content\/uploads\/2021\/07\/lista07072021.pdf\">Orden del d\u00eda<\/a><\/li>\n<li><a href=\"https:\/\/youtu.be\/8XnQUfzwJ0M?si=PkQNkTiOVJ8LNR-u\">V\u00eddeo de la Sesi\u00f3n<\/a><\/li>\n<\/ul>\n<h3>Contenido<\/h3>\n<ul>\n<li>TEE\/JIN\/005\/2021 Acuerdo Plenario &#8211; Miriam Tenorio Velazco<\/li>\n<li>TEE\/JEC\/213\/2021 Acuerdo Plenario &#8211; Juan Gabriel Deaquino Pl\u00e1cido y otras personas<\/li>\n<li>TEE\/JIN\/022\/2021 &#8211; PT<\/li>\n<li>TEE\/JIN\/026\/2021 &#8211; Morena<\/li>\n<li>TEE\/JIN\/002\/2021 &#8211; Morena<\/li>\n<li>TEE\/JIN\/007\/2021 &#8211; PT<\/li>\n<li>TEE\/JEC\/227\/2021 Y TEE\/JEC\/228\/2021 &#8211; Efra\u00edn M\u00e9ndez Ram\u00edrez, Roberto Carlos Madrigal Oca\u00f1a, Lucio Carlos Garc\u00eda Salgado y Jos\u00e9 Carlos Galeana Navarrete<\/li>\n<li>TEE\/PES\/017\/2021 &#8211; Fulgencio L\u00f3pez Beltr\u00e1n<\/li>\n<li>TEE\/RAP\/033\/2021 &#8211; Juan Mart\u00edn Altamirano Pineda, apoderado legal de informaci\u00f3n del Sur S.A. de C.V. editora del diario \u201cEl Sur Peri\u00f3dico de Guerrero\u201d<\/li>\n<li>TEE\/JEC\/234\/2021 y TEE\/JEC\/235\/2021 acumulados &#8211; Lidia Tehuitzin Guillermo y Octavio Heredia Corraltitl\u00e1n<\/li>\n<li>TEE\/JEC\/274\/2021 &#8211; Edelmira del Moral Miranda<\/li>\n<li>TEE\/JIN\/005\/2021 &#8211; Morena<\/li>\n<li>TEE\/JEC\/238\/2021 &#8211; Mirna Nava Ventura<\/li>\n<\/ul>\n<h2> <a href=\"https:\/\/teegro.gob.mx\/sitio2025\/sexagesima-segunda-sesion-publica-de-resolucion\/#more-13487\" class=\"more-link\"><span aria-label=\"Sigue leyendo Sexag\u00e9sima Segunda Sesi\u00f3n P\u00fablica de Resoluci\u00f3n\">(m\u00e1s&hellip;)<\/span><\/a><\/h2><\/div><\/li><li class=\"listing-item\"><a class=\"title\" href=\"https:\/\/teegro.gob.mx\/sitio2025\/sexagesima-primera-sesion-publica-de-resolucion\/\">Sexag\u00e9sima Primera Sesi\u00f3n P\u00fablica de Resoluci\u00f3n<\/a><div class=\"content\">\n<ul>\n<li><a href=\"https:\/\/teegro.gob.mx\/inicio\/wp-content\/uploads\/2021\/07\/Lista05072021.pdf\">Orden del d\u00eda<\/a><\/li>\n<li><a href=\"https:\/\/www.youtube.com\/watch?v=jOzJhrh5wXQ\">V\u00eddeo de la Sesi\u00f3n<\/a><\/li>\n<\/ul>\n<h3>Contenido<\/h3>\n<ul>\n<li>TEE\/PES\/028\/2021 &#8211; Representante de PT, ante al IEPC<\/li>\n<li>TEE\/JEC\/245\/2021, TEE\/JEC\/246\/2021 y TEE\/JEC\/257\/2021 Acumulados &#8211; X\u00f3chitl Rodr\u00edguez Garc\u00eda, Eustorgio Guadarrama Ripoll y Karina Vanessa Galeana Morales <\/li>\n<li>TEE\/JEC\/272\/2021 &#8211; Eleazar Mar\u00edn Quebrado<\/li>\n<li>TEE\/JIN\/009\/2021 y TEE\/JIN\/021\/2021 Acumulados &#8211; Encuentro Solidario y Morena<\/li>\n<\/ul>\n<h2> <a href=\"https:\/\/teegro.gob.mx\/sitio2025\/sexagesima-primera-sesion-publica-de-resolucion\/#more-13475\" class=\"more-link\"><span aria-label=\"Sigue leyendo Sexag\u00e9sima Primera Sesi\u00f3n P\u00fablica de Resoluci\u00f3n\">(m\u00e1s&hellip;)<\/span><\/a><\/h2><\/div><\/li><\/ul><\/p><\/div>\n                <\/div><div class=\"eael-accordion-list\">\n                <div id=\"junio\" class=\"elementor-tab-title eael-accordion-header\" tabindex=\"0\" data-tab=\"7\" aria-controls=\"elementor-tab-content-5567\"><span class=\"eael-advanced-accordion-icon-closed\"><i aria-hidden=\"true\" class=\"fa-accordion-icon fas fa-plus\"><\/i><\/span><span class=\"eael-advanced-accordion-icon-opened\"><i aria-hidden=\"true\" class=\"fa-accordion-icon fas fa-minus\"><\/i><\/span><span class=\"eael-accordion-tab-title\">Junio<\/span><i aria-hidden=\"true\" class=\"fa-toggle fas fa-angle-right\"><\/i><\/div><div id=\"elementor-tab-content-5567\" class=\"eael-accordion-content clearfix\" data-tab=\"7\" aria-labelledby=\"junio\"><p><ul class=\"display-posts-listing\"><li class=\"listing-item\"><a class=\"title\" href=\"https:\/\/teegro.gob.mx\/sitio2025\/quincuagesima-novena-sesion-publica-de-resolucion\/\">Quincuag\u00e9sima Novena Sesi\u00f3n P\u00fablica de Resoluci\u00f3n<\/a><div class=\"content\">\n<ul>\n<li><a href=\"https:\/\/teegro.gob.mx\/inicio\/wp-content\/uploads\/2021\/06\/Lista29062021.pdf\">Orden del d\u00eda<\/a><\/li>\n<li><a href=\"https:\/\/teegro.gob.mx\/inicio\/wp-content\/uploads\/2021\/06\/Lista29062021comp.pdf\">Complementaria<\/a><\/li>\n<li><a href=\"https:\/\/youtu.be\/UoTNUzk3Tbw?si=XLOqFZJFKCQLEd7R\">V\u00eddeo de la Sesi\u00f3n<\/a><\/li>\n<\/ul>\n<h3>Contenido<\/h3>\n<ul>\n<li>TEE\/JEC\/166\/2021 ACUERDO PLENARIO &#8211; J. Isabel Arines Hern\u00e1ndez<\/li>\n<li>TEE\/PES\/047\/2021 &#8211; Representante de Morena, ante el Consejo Distrital Electoral 16, del IEPC<\/li>\n<li>TEE\/JEC\/198\/2021 &#8211;&nbsp;Eleazar Mar\u00edn Quebrado<\/li>\n<li>TEE\/JEC\/232\/2021 Y TEE\/JEC\/247\/2021 ACUMULADO &#8211; Mar\u00eda Guadalupe \u00c1ngel del Moral y Maribel Arrieta Rodr\u00edguez<\/li>\n<li>TEE\/JEC\/241\/2021 Y TEE\/JIN\/015\/2021 ACUMULADOS &#8211; Yamel Gonz\u00e1lez Navarrete y Morena<\/li>\n<li>TEE\/JIN\/017\/2021 &#8211; Partido Movimiento Ciudadano<\/li>\n<\/ul>\n<p><strong>Complementaria<\/strong><\/p>\n<ul>\n<li>TEE\/JEC\/078\/2021 Acuerdo Plenario &#8211; Bulmaro Emmanuel Mu\u00f1iz Garc\u00eda<\/li>\n<li>TEE\/JEC\/224\/2021 &#8211; Gil Casimiro Matildes<\/li>\n<\/ul>\n<h2> <a href=\"https:\/\/teegro.gob.mx\/sitio2025\/quincuagesima-novena-sesion-publica-de-resolucion\/#more-13437\" class=\"more-link\"><span aria-label=\"Sigue leyendo Quincuag\u00e9sima Novena Sesi\u00f3n P\u00fablica de Resoluci\u00f3n\">(m\u00e1s&hellip;)<\/span><\/a><\/h2><\/div><\/li><li class=\"listing-item\"><a class=\"title\" href=\"https:\/\/teegro.gob.mx\/sitio2025\/quincuagesima-octava-sesion-publica-de-resolucion\/\">Quincuag\u00e9sima Octava Sesi\u00f3n P\u00fablica de Resoluci\u00f3n<\/a><div class=\"content\">\n<ul>\n<li><a href=\"https:\/\/teegro.gob.mx\/inicio\/wp-content\/uploads\/2021\/06\/Lista26062021.pdf\">Orden del d\u00eda<\/a><\/li>\n<li><a href=\"https:\/\/youtu.be\/KrormNXFQH0?si=V-PDZ_rGi_6aE8W-\">V\u00eddeo de la Sesi\u00f3n<\/a><\/li>\n<\/ul>\n<h3>Contenido<\/h3>\n<ul>\n<li>TEE\/JEC\/078\/2021 &#8211; Bulmaro Emanuel Mu\u00f1iz Garc\u00eda<\/li>\n<\/ul>\n<h2> <a href=\"https:\/\/teegro.gob.mx\/sitio2025\/quincuagesima-octava-sesion-publica-de-resolucion\/#more-13429\" class=\"more-link\"><span aria-label=\"Sigue leyendo Quincuag\u00e9sima Octava Sesi\u00f3n P\u00fablica de Resoluci\u00f3n\">(m\u00e1s&hellip;)<\/span><\/a><\/h2><\/div><\/li><li class=\"listing-item\"><a class=\"title\" href=\"https:\/\/teegro.gob.mx\/sitio2025\/quincuagesima-septima-sesion-publica-de-resolucion\/\">Quincuag\u00e9sima S\u00e9ptima Sesi\u00f3n P\u00fablica de Resoluci\u00f3n<\/a><div class=\"content\">\n<ul>\n<li><a href=\"https:\/\/teegro.gob.mx\/inicio\/wp-content\/uploads\/2021\/06\/Lista25062021.pdf\">Orden del d\u00eda<\/a><\/li>\n<li><a href=\"https:\/\/youtu.be\/kWTqSEH76CQ?si=2elPeOGqHfKpQZ98\">V\u00eddeo de la Sesi\u00f3n<\/a><\/li>\n<\/ul>\n<h3>Contenido<\/h3>\n<ul>\n<li>TEE\/PES\/009\/2021 ACUERDO PLENARIO &#8211; Representante del PRI, ante el Consejo Distrital Electoral 21, del IEPC<\/li>\n<li>TEE\/JIN\/044\/2021 ACUERDO PLENARIO &#8211; Candidato a Presidente Municipal de Xalpatlahuac, MC<\/li>\n<li>TEE\/RAP\/031\/2021 &#8211; Representante del PRD, ante el Consejo Distrital Electoral 12, del IEPC<\/li>\n<li>TEE\/PES\/046\/2021 &#8211; Maricela Morales Ortiz<\/li>\n<li>TEE\/JEC\/198\/2021 &#8211; Eleazar Mar\u00edn Quebrado<\/li>\n<li>TEE\/JEC\/213\/2021 &#8211; Juan Gabriel Deaquino Placido y otras personas<\/li>\n<li>TEE\/PES\/045\/2021 &#8211; Maricela Morales Ortiz<\/li>\n<li>TEE\/PES\/005\/2020 &#8211; Eleazar Mar\u00edn Quebrado<\/li>\n<li>TEE\/LCT\/006\/2021 LAUDO CONVENIO &#8211; Jos\u00e9 Margarito Barrios Salgado<\/li>\n<\/ul>\n<h2> <a href=\"https:\/\/teegro.gob.mx\/sitio2025\/quincuagesima-septima-sesion-publica-de-resolucion\/#more-13412\" class=\"more-link\"><span aria-label=\"Sigue leyendo Quincuag\u00e9sima S\u00e9ptima Sesi\u00f3n P\u00fablica de Resoluci\u00f3n\">(m\u00e1s&hellip;)<\/span><\/a><\/h2><\/div><\/li><li class=\"listing-item\"><a class=\"title\" href=\"https:\/\/teegro.gob.mx\/sitio2025\/quincuagesima-sexta-sesion-publica-de-resolucion\/\">Quincuag\u00e9sima Sexta Sesi\u00f3n P\u00fablica de Resoluci\u00f3n<\/a><div class=\"content\">\n<ul>\n<li><a href=\"https:\/\/teegro.gob.mx\/inicio\/wp-content\/uploads\/2021\/06\/Lista19062021.pdf\">Orden del d\u00eda<\/a><\/li>\n<li><a href=\"https:\/\/teegro.gob.mx\/inicio\/wp-content\/uploads\/2021\/06\/Listas19062021comp.pdf\">Complementaria<\/a><\/li>\n<li><a href=\"https:\/\/youtu.be\/M78KJvlzEcA?si=0Q8PN3KXBCgBGFfb\">V\u00eddeo de la Sesi\u00f3n<\/a><\/li>\n<\/ul>\n<h3>Contenido<\/h3>\n<ul>\n<li>TEE\/JIN\/004\/2021 ACUERDO PLENARIO &#8211; Karina Vanessa Galeana Morales<\/li>\n<li>TEE\/JEC\/180\/2021 ACUERDO PLENARIO &#8211; Marina Carranza Figueroa<\/li>\n<li>TEE\/PES\/041\/2021 &#8211; Ricardo Taja Ram\u00edrez<\/li>\n<li>TEE\/PES\/042\/2021 &#8211; Flor Ivette de Jes\u00fas Nava<\/li>\n<li>TEE\/PES\/023\/2021 &#8211; Pedro Sergio Guti\u00e9rrez L\u00f3pez<\/li>\n<li>TEE\/PES\/030\/2021 &#8211; Flor Ivette de Jes\u00fas Nava<\/li>\n<li>TEE\/PES\/035\/2021 &#8211; Manuel Alberto Saavedra Ch\u00e1vez<\/li>\n<li>TEE\/PES\/005\/2020 &#8211; Eleazar Mar\u00edn Quebrado<\/li>\n<\/ul>\n<p><strong>Complementaria<\/strong><\/p>\n<ul>\n<li>TEE\/JIN\/018\/2021 ACUERDO PLENARIO &#8211; Miguel Alvarado R\u00edos <\/li>\n<li>TEE\/JIN\/003\/2021 ACUERDO PLENARIO &#8211; Berenice Bravo Nogueda<\/li>\n<li>TEE\/PES\/044\/2021 &#8211; Maricela Morales Ortiz<\/li>\n<li>TEE\/PES\/043\/2021 &#8211; Yasm\u00edn Arriaga Torres<\/li>\n<\/ul>\n<h2> <a href=\"https:\/\/teegro.gob.mx\/sitio2025\/quincuagesima-sexta-sesion-publica-de-resolucion\/#more-13387\" class=\"more-link\"><span aria-label=\"Sigue leyendo Quincuag\u00e9sima Sexta Sesi\u00f3n P\u00fablica de Resoluci\u00f3n\">(m\u00e1s&hellip;)<\/span><\/a><\/h2><\/div><\/li><li class=\"listing-item\"><a class=\"title\" href=\"https:\/\/teegro.gob.mx\/sitio2025\/quincuagesima-quinta-sesion-publica-de-resolucion\/\">Quincuag\u00e9sima Quinta Sesi\u00f3n P\u00fablica de Resoluci\u00f3n<\/a><div class=\"content\">\n<ul>\n<li><a href=\"https:\/\/teegro.gob.mx\/inicio\/wp-content\/uploads\/2021\/06\/Lista16062021.pdf\">Orden del d\u00eda<\/a><\/li>\n<li><a href=\"https:\/\/teegro.gob.mx\/inicio\/wp-content\/uploads\/2021\/06\/Lista16062021comp.pdf\">Complementaria<\/a><\/li>\n<li><a href=\"https:\/\/youtu.be\/vgHBfGOCQzg?si=aLoIOL4mfQfVsnlu\">V\u00eddeo de la Sesi\u00f3n<\/a><\/li>\n<\/ul>\n<h3>Contenido<\/h3>\n<ul>\n<li>TEE\/JEC\/202\/2021 Acuerdo Plenario &#8211; Petronila Gatica Gonz\u00e1lez<\/li>\n<li>TEE\/RAP\/032\/2021 &#8211; Daniel Meza Loeza<\/li>\n<li>TEE\/PES\/037\/2021 &#8211; Ricardo Taja Ram\u00edrez<\/li>\n<li>TEE\/PES\/039\/2021 &#8211; Partido Revolucionario Institucional<\/li>\n<li>TEE\/PES\/040\/2021 &#8211; Emilio Chavarr\u00eda D\u00edaz<\/li>\n<\/ul>\n<p><strong>Complementaria<\/strong><\/p>\n<ul>\n<li>TEE\/PES\/038\/2021 &#8211; Abelina L\u00f3pez Rodr\u00edguez<\/li>\n<\/ul>\n<h2> <a href=\"https:\/\/teegro.gob.mx\/sitio2025\/quincuagesima-quinta-sesion-publica-de-resolucion\/#more-13375\" class=\"more-link\"><span aria-label=\"Sigue leyendo Quincuag\u00e9sima Quinta Sesi\u00f3n P\u00fablica de Resoluci\u00f3n\">(m\u00e1s&hellip;)<\/span><\/a><\/h2><\/div><\/li><li class=\"listing-item\"><a class=\"title\" href=\"https:\/\/teegro.gob.mx\/sitio2025\/quincuagesima-cuarta-sesion-publica-de-resolucion\/\">Quincuag\u00e9sima Cuarta Sesi\u00f3n P\u00fablica de Resoluci\u00f3n<\/a><div class=\"content\">\n<ul>\n<li><a href=\"https:\/\/teegro.gob.mx\/inicio\/wp-content\/uploads\/2021\/06\/Lista14062021.pdf\">Orden del d\u00eda<\/a><\/li>\n<li><a href=\"https:\/\/youtu.be\/Lv9mjjt8S6M?si=Rr4E0hztk7UbdQaG\">V\u00eddeo de la Sesi\u00f3n<\/a><\/li>\n<\/ul>\n<h3>Contenido<\/h3>\n<ul>\n<li>TEE\/JEC\/054\/2021 ACUERDO PLENARIO &#8211; Rigoberto Ramos Romero y Gabriel Fernando Ram\u00edrez Ram\u00edrez<\/li>\n<li>TEE\/JEC\/068\/2021 ACUERDO PLENARIO &#8211; Jes\u00fas S\u00e1nchez L\u00f3pez y otras personas<\/li>\n<li>TEE\/JEC\/079\/2021 ACUERDO PLENARIO &#8211; Antonio de Jes\u00fas Mart\u00ednez del \u00c1ngel<\/li>\n<li>TEE\/JEC\/125\/2021 y TEE\/JEC\/150\/2021 ACUERDO PLENARIO &#8211; Erika Valencia Cardona<\/li>\n<li>TEE\/JEC\/163\/2021 ACUERDO PLENARIO &#8211; Carmelo Loeza Hern\u00e1ndez<\/li>\n<li>TEE\/JEC\/182\/2021 ACUERDO PLENARIO &#8211; Francisco Mondrag\u00f3n Pascacio<\/li>\n<li>TEE\/JEC\/205\/2021 ACUERDO PLENARIO &#8211; Javier V\u00e1zquez Garc\u00eda<\/li>\n<li>TEE\/JEC\/211\/2021 &#8211; Basilia Casta\u00f1eda Maciel<\/li>\n<li>TEE\/JEC\/216\/2021 &#8211; Pascual Romero Garc\u00eda<\/li>\n<li>TEE\/JEC\/217\/2021 &#8211; Abel Adalberto Abarca Salda\u00f1a<\/li>\n<li>TEE\/JEC\/219\/2021 &#8211; Carmelo Loeza Hern\u00e1ndez<\/li>\n<li>TEE\/JEC\/218\/2021 &#8211; Carmelo Loeza Hern\u00e1ndez<\/li>\n<li>TEE\/JEC\/215\/2021 &#8211; J. Asunci\u00f3n Campuzano Guadarrama<\/li>\n<li>TEE\/JEC\/220\/2021 &#8211; Olga Baz\u00e1n Gonz\u00e1lez<\/li>\n<\/ul>\n<h2> <a href=\"https:\/\/teegro.gob.mx\/sitio2025\/quincuagesima-cuarta-sesion-publica-de-resolucion\/#more-13355\" class=\"more-link\"><span aria-label=\"Sigue leyendo Quincuag\u00e9sima Cuarta Sesi\u00f3n P\u00fablica de Resoluci\u00f3n\">(m\u00e1s&hellip;)<\/span><\/a><\/h2><\/div><\/li><li class=\"listing-item\"><a class=\"title\" href=\"https:\/\/teegro.gob.mx\/sitio2025\/quincuagesima-tercera-sesion-publica-de-resolucion\/\">Quincuag\u00e9sima Tercera Sesi\u00f3n P\u00fablica de Resoluci\u00f3n<\/a><div class=\"content\">\n<ul>\n<li><a href=\"https:\/\/teegro.gob.mx\/inicio\/wp-content\/uploads\/2021\/06\/Lista09062021.pdf\">Orden del d\u00eda<\/a><\/li>\n<li><a href=\"https:\/\/teegro.gob.mx\/inicio\/wp-content\/uploads\/2021\/06\/Lista09062021com.pdf\">Complementaria<\/a><\/li>\n<li><a href=\"https:\/\/youtu.be\/WWbgRc0LkZw?si=wb9ghHQPMYr4rSmE\">V\u00eddeo de la Sesi\u00f3n<\/a><\/li>\n<\/ul>\n<h3>Contenido<\/h3>\n<ul>\n<li>TEE\/JEC\/186\/2021 ACUERDO PLENARIO &#8211; Hermenegildo Garc\u00eda de la Cruz<\/li>\n<li>TEE\/JEC\/203\/2021 ACUERDO PLENARIO &#8211; Carmelo Loeza Hern\u00e1ndez<\/li>\n<li>TEE\/JEC\/180\/2021 ACUERDO PLENARIO &#8211; Marina Carranza Figueroa<\/li>\n<li>TEE\/PES\/030\/2021 ACUERDO PLENARIO &#8211; Flor Ivette de Jes\u00fas Nava<\/li>\n<li>TEE\/PES\/035\/2021 ACUERDO PLENARIO &#8211; Manuel Alberto Saavedra Ch\u00e1vez<\/li>\n<li>TEE\/PES\/031\/2021 &#8211; Flor Ivette de Jes\u00fas Nava<\/li>\n<li>TEE\/PES\/036\/2021 &#8211; Flor Ivette de Jes\u00fas Nava<\/li>\n<li>TEE\/JEC\/214\/2021 &#8211; Magdiel Valente \u00c1lvarez y otras Personas<\/li>\n<li>TEE\/PES\/034\/2021 &#8211; Manuel Alberto Saavedra Ch\u00e1vez<\/li>\n<\/ul>\n<p><strong>Complementaria<\/strong><\/p>\n<ul>\n<li>TEE\/PES\/032\/2021 &#8211; Flor Ivette de Jes\u00fas Nava<\/li>\n<li>TEE\/PES\/033\/2021 &#8211; Gerardo Romero Garc\u00eda<\/li>\n<\/ul>\n<h2> <a href=\"https:\/\/teegro.gob.mx\/sitio2025\/quincuagesima-tercera-sesion-publica-de-resolucion\/#more-13338\" class=\"more-link\"><span aria-label=\"Sigue leyendo Quincuag\u00e9sima Tercera Sesi\u00f3n P\u00fablica de Resoluci\u00f3n\">(m\u00e1s&hellip;)<\/span><\/a><\/h2><\/div><\/li><li class=\"listing-item\"><a class=\"title\" href=\"https:\/\/teegro.gob.mx\/sitio2025\/quincuagesima-segunda-sesion-publica-de-resolucion\/\">Quincuag\u00e9sima Segunda Sesi\u00f3n P\u00fablica de Resoluci\u00f3n<\/a><div class=\"content\">\n<ul>\n<li><a href=\"https:\/\/teegro.gob.mx\/inicio\/wp-content\/uploads\/2021\/06\/Lista07062021.pdf\">Orden del d\u00eda<\/a><\/li>\n<li><a href=\"https:\/\/youtu.be\/xh0bIMECBz8?si=SZH8Qw7yRcipWenO\">V\u00eddeo de la Sesi\u00f3n<\/a><\/li>\n<\/ul>\n<h3>Contenido<\/h3>\n<ul>\n<li>TEE\/JEC\/054\/2021 Acuerdo plenario &#8211; Rigoberto Ramos Romero y Gabriel Fernando Ram\u00edrez Ram\u00edrez<\/li>\n<li>TEE\/JEC\/212\/2021 &#8211; Ernesto Fidel Pay\u00e1n Cortinas<\/li>\n<\/ul>\n<h2> <a href=\"https:\/\/teegro.gob.mx\/sitio2025\/quincuagesima-segunda-sesion-publica-de-resolucion\/#more-13330\" class=\"more-link\"><span aria-label=\"Sigue leyendo Quincuag\u00e9sima Segunda Sesi\u00f3n P\u00fablica de Resoluci\u00f3n\">(m\u00e1s&hellip;)<\/span><\/a><\/h2><\/div><\/li><li class=\"listing-item\"><a class=\"title\" href=\"https:\/\/teegro.gob.mx\/sitio2025\/quincuagesima-primera-sesion-publica-de-resolucion\/\">Quincuag\u00e9sima Primera Sesi\u00f3n P\u00fablica de Resoluci\u00f3n<\/a><div class=\"content\">\n<ul>\n<li><a href=\"https:\/\/teegro.gob.mx\/inicio\/wp-content\/uploads\/2021\/06\/Lista04052021.pdf\">Orden del d\u00eda<\/a><\/li>\n<li><a href=\"https:\/\/youtu.be\/l91UZxi1RNw?si=DQ3TaOc8ch7TMpzs\">V\u00eddeo de la Sesi\u00f3n<\/a><\/li>\n<\/ul>\n<h3>Contenido<\/h3>\n<ul>\n<li>TEE\/JEC\/161\/2021 y TEE\/JEC\/162\/2021 <strong>ACUERDO PLENARIO<\/strong> &#8211; Fanny Serna Padilla y Olivia Arriaga Irabien<\/li>\n<li>TEE\/JEC\/176\/2021 <strong>ACUERDO PLENARIO<\/strong> &#8211; Silvestre P\u00e9rez S\u00e1nchez<\/li>\n<li>TEE\/JEC\/204\/2021 <strong>ACUERDO PLENARIO<\/strong> &#8211; Alejandro Gonz\u00e1lez Munibe<\/li>\n<li>TEE\/JEC\/060\/2021 y TEE\/JEC\/069\/2021 <strong>ACUERDO PLENARIO<\/strong> &#8211; Silvia Alem\u00e1n Mundo y Antonio P\u00e9rez D\u00edaz<\/li>\n<\/ul>\n<h2> <a href=\"https:\/\/teegro.gob.mx\/sitio2025\/quincuagesima-primera-sesion-publica-de-resolucion\/#more-13318\" class=\"more-link\"><span aria-label=\"Sigue leyendo Quincuag\u00e9sima Primera Sesi\u00f3n P\u00fablica de Resoluci\u00f3n\">(m\u00e1s&hellip;)<\/span><\/a><\/h2><\/div><\/li><li class=\"listing-item\"><a class=\"title\" href=\"https:\/\/teegro.gob.mx\/sitio2025\/quincuagesima-sesion-publica-de-resolucion\/\">Quincuag\u00e9sima Sesi\u00f3n P\u00fablica de Resoluci\u00f3n<\/a><div class=\"content\">\n<ul>\n<li><a href=\"https:\/\/teegro.gob.mx\/inicio\/wp-content\/uploads\/2021\/06\/Lista_03062021.pdf\">Orden del d\u00eda<\/a><\/li>\n<li><a href=\"https:\/\/youtu.be\/8vkfQnwxx8g?si=GFgu0aZvCgpXlU3v\">V\u00eddeo de la Sesi\u00f3n<\/a><\/li>\n<\/ul>\n<h3>Contenido<\/h3>\n<ul>\n<li>TEE\/JEC\/147\/2021 ACUERDO PLENARIO &#8211; Carlos Marx Barbosa Guzm\u00e1n<\/li>\n<li>TEE\/JEC\/183\/2021 ACUERDO PLENARIO &#8211; Olga Baz\u00e1n Gonz\u00e1lez<\/li>\n<li>TEE\/JEC\/084\/2021 ACUERDO PLENARIO &#8211; Dato Confidencial<\/li>\n<li>TEE\/JEC\/184\/2021 Y TEE\/RAP\/028\/2021, ACUMULADOS ACUERDO PLENARIO &#8211; Mar\u00eda Isabel Ayala Nicanor y partido Morena<\/li>\n<li>TEE\/JEC\/151\/2021 ACUERDO PLENARIO &#8211; Javier V\u00e1zquez Garc\u00eda<\/li>\n<li>TEE\/JEC\/156\/2021 &#8211; Paula S\u00e1nchez Jim\u00e9nez<\/li>\n<li>TEE\/PES\/013\/2021 &#8211; Manuel Alberto Saavedra Ch\u00e1vez<\/li>\n<\/ul>\n<h2> <a href=\"https:\/\/teegro.gob.mx\/sitio2025\/quincuagesima-sesion-publica-de-resolucion\/#more-13019\" class=\"more-link\"><span aria-label=\"Sigue leyendo Quincuag\u00e9sima Sesi\u00f3n P\u00fablica de Resoluci\u00f3n\">(m\u00e1s&hellip;)<\/span><\/a><\/h2><\/div><\/li><\/ul><\/p>\n<p>\u00a0<\/p>\n<p>\u00a0<\/p><\/div>\n                <\/div><div class=\"eael-accordion-list\">\n                <div id=\"16-31-mayo\" class=\"elementor-tab-title eael-accordion-header\" tabindex=\"0\" data-tab=\"8\" aria-controls=\"elementor-tab-content-5568\"><span class=\"eael-advanced-accordion-icon-closed\"><i aria-hidden=\"true\" class=\"fa-accordion-icon fas fa-plus\"><\/i><\/span><span class=\"eael-advanced-accordion-icon-opened\"><i aria-hidden=\"true\" class=\"fa-accordion-icon fas fa-minus\"><\/i><\/span><span class=\"eael-accordion-tab-title\">16-31-Mayo<\/span><i aria-hidden=\"true\" class=\"fa-toggle fas fa-angle-right\"><\/i><\/div><div id=\"elementor-tab-content-5568\" class=\"eael-accordion-content clearfix\" data-tab=\"8\" aria-labelledby=\"16-31-mayo\"><p><div class=\"gaceta\"><div class=\"listing-item\"><a class=\"title\" href=\"https:\/\/teegro.gob.mx\/sitio2025\/cuadragesima-sexta-sesion-publica-de-resolucion\/\">Cuadrag\u00e9sima Sexta Sesi\u00f3n P\u00fablica de Resoluci\u00f3n<\/a><div class=\"content\">\n<ul>\n<li><a href=\"https:\/\/teegro.gob.mx\/inicio\/wp-content\/uploads\/2021\/05\/Lista31052021.pdf\">Orden del d\u00eda<\/a><\/li>\n<li><a href=\"https:\/\/youtu.be\/vqd5r1xy2U4?si=R8xTWMnsMA652RQT\">V\u00eddeo de la Sesi\u00f3n<\/a><\/li>\n<\/ul>\n<h3>Contenido<\/h3>\n<ul>\n<li>TEE\/JEC\/180\/2021 Acuerdo Plenario &#8211; Marina Carranza Figueroa<\/li>\n<li>TEE\/PES\/025\/2021 &#8211; Fulgencio L\u00f3pez Beltr\u00e1n<\/li>\n<\/ul>\n<h2> <a href=\"https:\/\/teegro.gob.mx\/sitio2025\/cuadragesima-sexta-sesion-publica-de-resolucion\/#more-13262\" class=\"more-link\"><span aria-label=\"Sigue leyendo Cuadrag\u00e9sima Sexta Sesi\u00f3n P\u00fablica de Resoluci\u00f3n\">(m\u00e1s&hellip;)<\/span><\/a><\/h2><\/div><\/div><div class=\"listing-item\"><a class=\"title\" href=\"https:\/\/teegro.gob.mx\/sitio2025\/cuadragesima-quinta-sesion-publica-de-resolucion\/\">Cuadrag\u00e9sima Quinta Sesi\u00f3n P\u00fablica de Resoluci\u00f3n<\/a><div class=\"content\">\n<ul>\n<li><a href=\"https:\/\/teegro.gob.mx\/inicio\/wp-content\/uploads\/2021\/05\/Lista29052021-.pdf\">Orden del d\u00eda<\/a><\/li>\n<li><a href=\"https:\/\/youtu.be\/AoE9U0wjDRw?si=HLm1Bvj53-lW6xPl\">V\u00eddeo de la Sesi\u00f3n<\/a><\/li>\n<\/ul>\n<h3>Contenido<\/h3>\n<ul>\n<li>TEE\/JEC\/208\/2021 &#8211; Ra\u00fal Mauricio Legarreta Mart\u00ednez<\/li>\n<\/ul>\n<h2> <a href=\"https:\/\/teegro.gob.mx\/sitio2025\/cuadragesima-quinta-sesion-publica-de-resolucion\/#more-13257\" class=\"more-link\"><span aria-label=\"Sigue leyendo Cuadrag\u00e9sima Quinta Sesi\u00f3n P\u00fablica de Resoluci\u00f3n\">(m\u00e1s&hellip;)<\/span><\/a><\/h2><\/div><\/div><div class=\"listing-item\"><a class=\"title\" href=\"https:\/\/teegro.gob.mx\/sitio2025\/cuadragesima-cuarta-sesion-publica-de-resolucion\/\">Cuadrag\u00e9sima Cuarta Sesi\u00f3n P\u00fablica de Resoluci\u00f3n<\/a><div class=\"content\">\n<ul>\n<li><a href=\"https:\/\/teegro.gob.mx\/inicio\/wp-content\/uploads\/2021\/05\/Lista28052021.pdf\">Orden del d\u00eda<\/a><\/li>\n<li><a href=\"https:\/\/youtu.be\/bwDv8ffKf-E?si=9KI0WE4olvVPhQKO\">V\u00eddeo de la Sesi\u00f3n<\/a><\/li>\n<\/ul>\n<h3>Contenido<\/h3>\n<ul>\n<li>TEE\/JEC\/202\/2021 Acuerdo Plenario &#8211; Petronila Gatica Gonz\u00e1lez<\/li>\n<li>TEE\/JEC\/165\/2021 Acuerdo Plenario &#8211; Daniel Josami Mendoza Salgado<\/li>\n<li>TEE\/JEC\/187\/2021 y TEE\/JEC\/192\/2021, Acumulados Acuerdo Plenario &#8211; Ernesto Fidel Pay\u00e1n Cortinas<\/li>\n<li>TEE\/JEC\/205\/2021 Acuerdo Plenario &#8211; Javier V\u00e1zquez Garc\u00eda <\/li>\n<li>TEE\/PES\/005\/2020 Acuerdo Plenario &#8211; Eleazar Mar\u00edn Quebrado<\/li>\n<li>TEE\/JEC\/163\/2021 &#8211; Carmelo Loeza Hern\u00e1ndez <\/li>\n<li>TEE\/JEL\/007\/2021 &#8211; Norma Otilia Hern\u00e1ndez Mart\u00ednez<\/li>\n<li>TEE\/PES\/027\/2021 &#8211; Jos\u00e9 Luis Delgado Garza<\/li>\n<li>TEE\/PES\/028\/2021 &#8211; Isa\u00edas Rojas Ram\u00edrez<\/li>\n<li>TEE\/JEC\/209\/2021 &#8211; Liliana Elfega Galeana Hern\u00e1ndez<\/li>\n<\/ul>\n<h2> <a href=\"https:\/\/teegro.gob.mx\/sitio2025\/cuadragesima-cuarta-sesion-publica-de-resolucion\/#more-13236\" class=\"more-link\"><span aria-label=\"Sigue leyendo Cuadrag\u00e9sima Cuarta Sesi\u00f3n P\u00fablica de Resoluci\u00f3n\">(m\u00e1s&hellip;)<\/span><\/a><\/h2><\/div><\/div><div class=\"listing-item\"><a class=\"title\" href=\"https:\/\/teegro.gob.mx\/sitio2025\/cuadragesima-tercera-sesion-publica-de-resolucion\/\">Cuadrag\u00e9sima Tercera Sesi\u00f3n P\u00fablica de Resoluci\u00f3n<\/a><div class=\"content\">\n<ul>\n<li><a href=\"https:\/\/teegro.gob.mx\/inicio\/wp-content\/uploads\/2021\/05\/Lista27052021.pdf\">Orden del d\u00eda<\/a><\/li>\n<li><a href=\"https:\/\/youtu.be\/D_hFJr_a-yQ?si=Y5rI5bQOGwGN7Mdo\">V\u00eddeo de la Sesi\u00f3n<\/a><\/li>\n<\/ul>\n<h3>Contenido<\/h3>\n<ul>\n<li>TEE\/JEC\/186\/2021 ACUERDO PLENARIO &#8211; Hermenegildo Garc\u00eda de la Cruz<\/li>\n<li>TEE\/JEC\/204\/2021 ACUERDO PLENARIO &#8211; Alejandro Gonz\u00e1lez Munibe<\/li>\n<li>TEE\/JEC\/180\/2021 ACUERDO PLENARIO &#8211; Marina Carranza Figueroa<\/li>\n<li>TEE\/JEC\/193\/2021 &#8211; Edelmira Del Moral Miranda<\/li>\n<li>TEE\/RAP\/027\/2021 &#8211; Representante del PRI ante el Consejo Distrital Electoral 21<\/li>\n<li>TEE\/JEC\/183\/2021 &#8211; Olga Baz\u00e1n Gonz\u00e1lez<\/li>\n<li>TEE\/JEC\/195\/2021 &#8211; Patricia Paulino Ventura<\/li>\n<li>TEE\/JEC\/197\/2021 &#8211; Miriam Galeana Bustos<\/li>\n<li>TEE\/JEC\/199\/2021 &#8211; Lucio Carlos Garc\u00eda Salgado<\/li>\n<li>TEE\/JEC\/200\/2021 &#8211; Adri\u00e1n Wences Carrasco<\/li>\n<\/ul>\n<h2> <a href=\"https:\/\/teegro.gob.mx\/sitio2025\/cuadragesima-tercera-sesion-publica-de-resolucion\/#more-13220\" class=\"more-link\"><span aria-label=\"Sigue leyendo Cuadrag\u00e9sima Tercera Sesi\u00f3n P\u00fablica de Resoluci\u00f3n\">(m\u00e1s&hellip;)<\/span><\/a><\/h2><\/div><\/div><div class=\"listing-item\"><a class=\"title\" href=\"https:\/\/teegro.gob.mx\/sitio2025\/cuadragesima-segunda-sesion-publica-de-resolucion-3\/\">Cuadrag\u00e9sima Segunda Sesi\u00f3n P\u00fablica de Resoluci\u00f3n<\/a><div class=\"content\">\n<ul>\n<li><a href=\"https:\/\/teegro.gob.mx\/inicio\/wp-content\/uploads\/2021\/05\/Lista25052021.pdf\">Orden del d\u00eda<\/a><\/li>\n<li><a href=\"https:\/\/youtu.be\/DbyiNEdKQtM?si=POHWBrujrEwON9TJ\">V\u00eddeo de la Sesi\u00f3n<\/a><\/li>\n<\/ul>\n<h3>Contenido<\/h3>\n<ul>\n<li>TEE\/JEC\/114\/2021 ACUERDO PLENARIO &#8211; Patricia Paulino Ventura<\/li>\n<li>TEE\/JEC\/123\/2021 ACUERDO PLENARIO &#8211; Pedro Trujillo Palacios<\/li>\n<li>TEE\/JEC\/196\/2021 &#8211; Matlide Testa Garc\u00eda<\/li>\n<li>TEE\/JEC\/161\/2021 Y TEE\/JEC\/162\/2021 ACUMULADO &#8211; Fanny Serna Padilla y Olivia Arriaga Irabien<\/li>\n<li>TEE\/JEC\/181\/2021 &#8211; Juan Carlos Plancarte Loranca<\/li>\n<li>TEE\/JEC\/191\/2021 &#8211; Matilde Testa Garc\u00eda<\/li>\n<li>TEE\/PES\/026\/2021 &#8211; Fulgencio L\u00f3pez Beltr\u00e1n<\/li>\n<li>TEE\/JEC\/167\/2021 &#8211; Matilde Testa Garc\u00eda<\/li>\n<li>TEE\/JEC\/182\/2021 &#8211; Francisco Mondrag\u00f3n Pascacio<\/li>\n<\/ul>\n<h2> <a href=\"https:\/\/teegro.gob.mx\/sitio2025\/cuadragesima-segunda-sesion-publica-de-resolucion-3\/#more-13205\" class=\"more-link\"><span aria-label=\"Sigue leyendo Cuadrag\u00e9sima Segunda Sesi\u00f3n P\u00fablica de Resoluci\u00f3n\">(m\u00e1s&hellip;)<\/span><\/a><\/h2><\/div><\/div><div class=\"listing-item\"><a class=\"title\" href=\"https:\/\/teegro.gob.mx\/sitio2025\/cuadragesima-primera-sesion-publica-de-resolucion-3\/\">Cuadrag\u00e9sima Primera Sesi\u00f3n P\u00fablica de Resoluci\u00f3n<\/a><div class=\"content\">\n<ul>\n<li><a href=\"https:\/\/teegro.gob.mx\/inicio\/wp-content\/uploads\/2021\/05\/Lista24052021.pdf\">Orden del d\u00eda<\/a><\/li>\n<li><a href=\"https:\/\/youtu.be\/CspwXDEPHWo?si=bW7SL0zGFtHeK2Lz\">V\u00eddeo de la Sesi\u00f3n<\/a><\/li>\n<\/ul>\n<h3>Contenido<\/h3>\n<ul>\n<li>TEE\/JEC\/148\/2021 ACUERDO PLENARIO &#8211; Rosalinda Guti\u00e9rrez Terrones<\/li>\n<li>TEE\/JEC\/096\/2021, TEE\/JEC\/097\/2021 y TEE\/JEC\/098\/2021 ACUMULADOS ACUERDO PLENARIO &#8211; Rosa Isela Mendoza Valdez, J. Jes\u00fas Hern\u00e1ndez Jaimes y Ana Valenzuela Palacios<\/li>\n<li>TEE\/JEC\/175\/2021 ACUERDO PLENARIO &#8211; Germ\u00e1n Parra V\u00e1zquez y Luis Obed Benitez Lagunas<\/li>\n<li>TEE\/JEC\/085\/2021 ACUERDO PLENARIO &#8211; Mariana F\u00e9lix Garc\u00eda<\/li>\n<li>TEE\/JEC\/103\/2021 ACUERDO PLENARIO &#8211; Guadalupe Hern\u00e1ndez L\u00f3pez<\/li>\n<li>TEE\/PES\/025\/2021 ACUERDO PLENARIO &#8211; Fulgencio L\u00f3pez Beltr\u00e1n<\/li>\n<li>TEE\/JEL\/006\/2021 &#8211; Carlos Alberto Villalpando Mili\u00e1n<\/li>\n<li>TEE\/JEC\/184\/2021 y TEE\/RAP\/028\/2021 ACUMULADOS &#8211; Mar\u00eda Isabel Ayala Nicanor y Morena<\/li>\n<li>TEE\/PES\/024\/2021 &#8211; Efr\u00e9n Hern\u00e1ndez Montalv\u00e1n<\/li>\n<li>TEE\/JEC\/146\/2021 &#8211; Norma Otilia Hern\u00e1ndez Mart\u00ednez<\/li>\n<li>TEE\/JEC\/190\/2021 &#8211; Felipe Rojas Garc\u00eda<\/li>\n<\/ul>\n<h2> <a href=\"https:\/\/teegro.gob.mx\/sitio2025\/cuadragesima-primera-sesion-publica-de-resolucion-3\/#more-13184\" class=\"more-link\"><span aria-label=\"Sigue leyendo Cuadrag\u00e9sima Primera Sesi\u00f3n P\u00fablica de Resoluci\u00f3n\">(m\u00e1s&hellip;)<\/span><\/a><\/h2><\/div><\/div><div class=\"listing-item\"><a class=\"title\" href=\"https:\/\/teegro.gob.mx\/sitio2025\/cuadragesima-sesion-publica-de-resolucion-3\/\">Cuadrag\u00e9sima Sesi\u00f3n P\u00fablica de Resoluci\u00f3n<\/a><div class=\"content\">\n<ul>\n<li><a href=\"https:\/\/teegro.gob.mx\/inicio\/wp-content\/uploads\/2021\/05\/lista21052021.pdf\">Orden del d\u00eda<\/a><\/li>\n<li><a href=\"https:\/\/teegro.gob.mx\/inicio\/wp-content\/uploads\/2021\/05\/Lista21052021c.pdf\">Complementaria<\/a><\/li>\n<li><a href=\"https:\/\/youtu.be\/WFp1Xn6XRts?si=uhZwU7c2-QwhGtko\">V\u00eddeo de la Sesi\u00f3n<\/a><\/li>\n<\/ul>\n<h3>Contenido<\/h3>\n<ul>\n<li>TEE\/JEC\/187\/2021 y TEE\/JEC\/192\/2021 Acumulados Acuerdo Plenario &#8211; Ernesto Fidel Payan Cortinas<\/li>\n<li>TEE\/JEC\/066\/2021 Acuerdo Plenario &#8211; Paula S\u00e1nchez Jim\u00e9nez<\/li>\n<li>TEE\/JEC\/080\/2021 Acuerdo Plenario &#8211; Israle Alejandro Fern\u00e1ndez Jaimes y otros<\/li>\n<li>TEE\/JEC\/194\/2021 &#8211; Crescencio Reyes Torres<\/li>\n<\/ul>\n<p><strong>Complementaria<\/strong><\/p>\n<ul>\n<li>TEE\/RAP\/029\/2021 Acuerdo Plenario &#8211; Miriam Galeana Bustos<\/li>\n<li>TEE\/PES\/023\/2021 Acuerdo Plenario &#8211; Pedro Sergio Guti\u00e9rrez L\u00f3pez<\/li>\n<\/ul>\n<h2> <a href=\"https:\/\/teegro.gob.mx\/sitio2025\/cuadragesima-sesion-publica-de-resolucion-3\/#more-13170\" class=\"more-link\"><span aria-label=\"Sigue leyendo Cuadrag\u00e9sima Sesi\u00f3n P\u00fablica de Resoluci\u00f3n\">(m\u00e1s&hellip;)<\/span><\/a><\/h2><\/div><\/div><div class=\"listing-item\"><a class=\"title\" href=\"https:\/\/teegro.gob.mx\/sitio2025\/trigesima-novena-sesion-publica-de-resolucion-3\/\">Trig\u00e9sima Novena Sesi\u00f3n P\u00fablica de Resoluci\u00f3n<\/a><div class=\"content\">\n<ul>\n<li><a href=\"https:\/\/teegro.gob.mx\/inicio\/wp-content\/uploads\/2021\/05\/Lista20052021.pdf\">Orden del d\u00eda<\/a><\/li>\n<li><a href=\"https:\/\/teegro.gob.mx\/inicio\/wp-content\/uploads\/2021\/05\/Lista20052021comp.pdf\">Complementaria<\/a><\/li>\n<li><a href=\"https:\/\/youtu.be\/vZbejfWdMxk?si=Pk_P_YD_L9-88Cvh\">V\u00eddeo de la Sesi\u00f3n<\/a><\/li>\n<\/ul>\n<h3>Contenido<\/h3>\n<ul>\n<li>TEE\/JEC\/105\/2021 Acuerdo Plenario &#8211; Gilberto Arcadio V\u00e1zquez<\/li>\n<li>TEE\/JEC\/108\/2021 Acuerdo Plenario &#8211; Silvestre Soto Contreras<\/li>\n<li>TEE\/JEC\/172\/2021 Acuerdo Plenario &#8211; Otoniel Bernal Adame<\/li>\n<li>TEE\/JEC\/166\/2021 Acuerdo Plenario &#8211; J. Isabel Arines Hern\u00e1ndez<\/li>\n<li>TEE\/RAP\/030\/2021 Acuerdo Plenario &#8211; Crescencio Reyes Torres<\/li>\n<li>TEE\/PES\/021\/2021 &#8211; Erika Valencia Cardona<\/li>\n<li>TEE\/JEC\/128\/2021, TEE\/JEC\/130\/2021, TEE\/JEC\/135\/2021, TEE\/RAP\/020\/2021, TEE\/JEC\/042\/2021 y TEE\/JEC\/143\/2021 Acumulados &#8211; PT, Javier V\u00e1zquez Garc\u00eda, Leobardo Reyes Sierra, Leocadio Nieto Apreza, Clemente Palma Lara e H\u00edpolito Avelino Mendoza<\/li>\n<li>TEE\/JEC\/055\/2021 &#8211; Claudia Lobato M\u00e9ndez y Lizeth G\u00f3mez Bautista<\/li>\n<li>TEE\/JEC\/134\/2021 &#8211; Seraf\u00edn S\u00e1nchez Casarrubias<\/li>\n<li>TEE\/JEC\/138\/2021 &#8211; Celestino Moreno R\u00edos<\/li>\n<li>TEE\/JEC\/170\/2021 &#8211; Matilde Testa Garc\u00eda<\/li>\n<li>TEE\/PES\/005\/2021 &#8211; Representante del Partido del Trabajo ante el Consejo Distrital 21, con sede en Taxco de Alarc\u00f3n, Guerrero<\/li>\n<\/ul>\n<p><strong>Complementaria<\/strong><\/p>\n<ul>\n<li>TEE\/PES\/022\/2021 &#8211; Maricela Morales Ortiz<\/li>\n<\/ul>\n<h2> <a href=\"https:\/\/teegro.gob.mx\/sitio2025\/trigesima-novena-sesion-publica-de-resolucion-3\/#more-13149\" class=\"more-link\"><span aria-label=\"Sigue leyendo Trig\u00e9sima Novena Sesi\u00f3n P\u00fablica de Resoluci\u00f3n\">(m\u00e1s&hellip;)<\/span><\/a><\/h2><\/div><\/div><div class=\"listing-item\"><a class=\"title\" href=\"https:\/\/teegro.gob.mx\/sitio2025\/trigesima-octava-sesion-publica-de-resolucion-3\/\">Trig\u00e9sima Octava Sesi\u00f3n P\u00fablica de Resoluci\u00f3n<\/a><div class=\"content\">\n<ul>\n<li><a href=\"https:\/\/teegro.gob.mx\/inicio\/wp-content\/uploads\/2021\/05\/Lista18052021S2.pdf\">Orden del d\u00eda<\/a><\/li>\n<li><a href=\"https:\/\/www.youtube.com\/watch?v=pwY4X9gszyE\">V\u00eddeo de la Sesi\u00f3n<\/a><\/li>\n<\/ul>\n<h3>Contenido<\/h3>\n<ul>\n<li>TEE\/PES\/020\/2021 &#8211; Representante del Partido Morena ante el Consejo Distrital 16, con sede en Ometepec, Guerrero<\/li>\n<\/ul>\n<h2> <a href=\"https:\/\/teegro.gob.mx\/sitio2025\/trigesima-octava-sesion-publica-de-resolucion-3\/#more-13143\" class=\"more-link\"><span aria-label=\"Sigue leyendo Trig\u00e9sima Octava Sesi\u00f3n P\u00fablica de Resoluci\u00f3n\">(m\u00e1s&hellip;)<\/span><\/a><\/h2><\/div><\/div><div class=\"listing-item\"><a class=\"title\" href=\"https:\/\/teegro.gob.mx\/sitio2025\/trigesima-septima-sesion-publica-de-resolucion-3\/\">Trig\u00e9sima S\u00e9ptima Sesi\u00f3n P\u00fablica de Resoluci\u00f3n<\/a><div class=\"content\">\n<ul>\n<li><a href=\"https:\/\/teegro.gob.mx\/inicio\/wp-content\/uploads\/2021\/05\/Lista18052021.pdf\">Orden del d\u00eda<\/a><\/li>\n<li><a href=\"https:\/\/teegro.gob.mx\/inicio\/wp-content\/uploads\/2021\/05\/Lista18052021comp.pdf\">Complementaria<\/a><\/li>\n<li><a href=\"https:\/\/youtu.be\/K15ORSHxs_E?si=kPu_DNqjCvbRcR-w\">V\u00eddeo de la Sesi\u00f3n<\/a><\/li>\n<\/ul>\n<h3>Contenido<\/h3>\n<ul>\n<li>TEE\/JEC\/176\/2021 Acuerdo Plenario &#8211; Silvestre P\u00e9rez S\u00e1nchez<\/li>\n<li>TEE\/JEC\/178\/2021 Acuerdo Plenario &#8211; Samuel Ant\u00fanez Pav\u00f3n<\/li>\n<li>TEE\/JEC\/119\/2021 Acuerdo Plenario &#8211; Natividad Catal\u00e1n Manzanares<\/li>\n<li>TEE\/JEC\/075\/2021 Acuerdo Plenario &#8211; Elizabeth Marina Hern\u00e1ndez y otros<\/li>\n<li>TEE\/JEC\/107\/2021 Acuerdo Plenario &#8211; Susana de la Cruz Garc\u00eda<\/li>\n<li>TEE\/JEC\/155\/2021 Acuerdo Plenario &#8211; Mar\u00eda Felipa Garc\u00eda Mateos<\/li>\n<li>TEE\/JEC\/151\/2021 &#8211; Javier V\u00e1zquez Garc\u00eda<\/li>\n<li>TEE\/RAP\/017\/2021 &#8211; PRD<\/li>\n<li>TEE\/PES\/017\/2021 &#8211; Fulgencio L\u00f3pez Beltr\u00e1n<\/li>\n<li>TEE\/JEC\/128\/2021, TEE\/JEC\/130\/2021, TEE\/JEC\/135\/2021, TEE\/RAP\/020\/2021, TEE\/JEC\/142\/2021, Y TEE\/JEC\/143\/2021, Acumulados &#8211; Javier V\u00e1zquez Garc\u00eda, Leobardo Reyes Sierra, Leocadio Nieto Apreza, PT, Clemente Palma Lara e Hip\u00f3lito Avelino Mendoza<\/li>\n<li>TEE\/JEC\/131\/2021 y TEE\/JEC\/177\/2021 Acumulados &#8211; Samir Daniel \u00c1vila Bonilla<\/li>\n<li>TEE\/JEC\/168\/2021 &#8211; Melquiades Bedolla Figueroa<\/li>\n<li>TEE\/RAP\/018\/2021 &#8211; PRI<\/li>\n<li>TEE\/RAP\/025\/2021 &#8211; PRD<\/li>\n<li>TEE\/JEC\/159\/2021 y TEE\/JEC\/179\/2021 Acumulados &#8211; Ernesto Fidel Pay\u00e1n Cortinas<\/li>\n<li>TEE\/PES\/019\/2021 &#8211; Fulgencio L\u00f3pez Beltr\u00e1n<\/li>\n<li>TEE\/JEC\/170\/2021 &#8211; Matilde Testa Garc\u00eda<\/li>\n<li>TEE\/JEC\/185\/2021 &#8211; H\u00e9ctor Robledo Honorato<\/li>\n<\/ul>\n<p><strong>Complementaria<\/strong><\/p>\n<ul>\n<li>TEE\/PES\/018\/2021 &#8211; Ramiro Solorio Almaz\u00e1n<\/li>\n<li>TEE\/PES\/020\/2021 &#8211; Representante del Partido Morena ante el Consejo Distrital 16, con sede en Ometepec, Guerrero<\/li>\n<\/ul>\n<h2> <a href=\"https:\/\/teegro.gob.mx\/sitio2025\/trigesima-septima-sesion-publica-de-resolucion-3\/#more-13112\" class=\"more-link\"><span aria-label=\"Sigue leyendo Trig\u00e9sima S\u00e9ptima Sesi\u00f3n P\u00fablica de Resoluci\u00f3n\">(m\u00e1s&hellip;)<\/span><\/a><\/h2><\/div><\/div><\/div><\/p><\/div>\n                <\/div><div class=\"eael-accordion-list\">\n                <div id=\"01-15-mayo\" class=\"elementor-tab-title eael-accordion-header\" tabindex=\"0\" data-tab=\"9\" aria-controls=\"elementor-tab-content-5569\"><span class=\"eael-advanced-accordion-icon-closed\"><i aria-hidden=\"true\" class=\"fa-accordion-icon fas fa-plus\"><\/i><\/span><span class=\"eael-advanced-accordion-icon-opened\"><i aria-hidden=\"true\" class=\"fa-accordion-icon fas fa-minus\"><\/i><\/span><span class=\"eael-accordion-tab-title\">01-15-Mayo<\/span><i aria-hidden=\"true\" class=\"fa-toggle fas fa-angle-right\"><\/i><\/div><div id=\"elementor-tab-content-5569\" class=\"eael-accordion-content clearfix\" data-tab=\"9\" aria-labelledby=\"01-15-mayo\"><p><div class=\"gaceta\"><div class=\"listing-item\"><a class=\"title\" href=\"https:\/\/teegro.gob.mx\/sitio2025\/trigesima-sexta-sesion-publica-de-resolucion-3\/\">Trig\u00e9sima Sexta Sesi\u00f3n P\u00fablica de Resoluci\u00f3n<\/a><div class=\"content\">\n<ul>\n<li><a href=\"https:\/\/teegro.gob.mx\/inicio\/wp-content\/uploads\/2021\/05\/Lista16052021.pdf\">Orden del d\u00eda<\/a><\/li>\n<li><a href=\"https:\/\/youtu.be\/UKZpbUJgq1E?si=fn4eN9BKI9cXb1uY\">V\u00eddeo de la Sesi\u00f3n<\/a><\/li>\n<\/ul>\n<h3>Contenido<\/h3>\n<ul>\n<li>TEE\/JEC\/092\/2021 Acuerdo Plenario &#8211; Judith Hern\u00e1ndez Beatriz<\/li>\n<li>TEE\/JEC\/109\/2021 Acuerdo Plenario &#8211; Petronila Gatica Gonz\u00e1lez<\/li>\n<li>TEE\/JEC\/171\/2021 Acuerdo Plenario &#8211; Eneida Lozano Reyez<\/li>\n<li>TEE\/JEC\/175\/2021 Acuerdo Plenario &#8211; Germ\u00e1n Parra V\u00e1zquez y Luis Obed Ben\u00edtez Lagunas<\/li>\n<li>TEE\/JEC\/050\/2021 Acuerdo Plenario &#8211; Jes\u00fas G\u00f3mez L\u00f3pez<\/li>\n<li>TEE\/JEC\/060\/2021 Acuerdo Plenario &#8211; Silvia Alem\u00e1n Mundo<\/li>\n<li>TEE\/JEC\/069\/2021 Acuerdo Plenario &#8211; Antonio P\u00e9rez D\u00edaz<\/li>\n<li>TEE\/JEC\/086\/2021 Acuerdo Plenario &#8211; Mariana F\u00e9lix Garc\u00eda <\/li>\n<li>TEE\/JEC\/087\/2021 Acuerdo Plenario &#8211; Felipe Rojas Garc\u00eda<\/li>\n<li>TEE\/JEC\/113\/2021 Acuerdo Plenario &#8211; Matilde Testa Garc\u00eda<\/li>\n<li>TEE\/PES\/016\/2021 &#8211; Representante del Partido Revolucionario Institucional en el Consejo Distrital 21, del IEPC<\/li>\n<li>TEE\/JEC\/117\/2021 &#8211; Olga Sosa Garc\u00eda<\/li>\n<li>TEE\/RAP\/024\/2021 &#8211; Partido del Trabajo<\/li>\n<li>TEE\/JEC\/148\/2021 &#8211; Rosalinda Guti\u00e9rrez Terrones<\/li>\n<li>TEE\/JEC\/164\/2021 &#8211; Mariana F\u00e9lix Garc\u00eda<\/li>\n<li>TEE\/JEC\/174\/2021 &#8211; Matilde Testa Garc\u00eda<\/li>\n<li>TEE\/JEC\/139\/2021 y TEE\/RAP\/023\/2021 Acumulados &#8211; Yolanda L\u00f3pez Calixto y Partido Verde Ecologista de M\u00e9xico<\/li>\n<li>TEE\/JEC\/169\/2021 &#8211; Ernesto Fidel Pay\u00e1n Cartinas<\/li>\n<li>TEE\/JEC\/173\/2021 &#8211; Melquiades Bedolla Figueroa<\/li>\n<li>TEE\/JEC\/180\/2021 &#8211; Mariana Carranza Figueroa<\/li>\n<\/ul>\n<h2> <a href=\"https:\/\/teegro.gob.mx\/sitio2025\/trigesima-sexta-sesion-publica-de-resolucion-3\/#more-13078\" class=\"more-link\"><span aria-label=\"Sigue leyendo Trig\u00e9sima Sexta Sesi\u00f3n P\u00fablica de Resoluci\u00f3n\">(m\u00e1s&hellip;)<\/span><\/a><\/h2><\/div><\/div><div class=\"listing-item\"><a class=\"title\" href=\"https:\/\/teegro.gob.mx\/sitio2025\/trigesima-quinta-sesion-publica-de-resolucion-3\/\">Trig\u00e9sima Quinta Sesi\u00f3n P\u00fablica de Resoluci\u00f3n<\/a><div class=\"content\">\n<ul>\n<li><a href=\"https:\/\/teegro.gob.mx\/inicio\/wp-content\/uploads\/2021\/05\/Lista15052021.pdf\">Orden del d\u00eda<\/a><\/li>\n<li><a href=\"https:\/\/youtu.be\/TN3x-He235I?si=xiu0ouIodZvup5u7\">V\u00eddeo de la Sesi\u00f3n<\/a><\/li>\n<\/ul>\n<h3>Contenido<\/h3>\n<ul>\n<li>TEE\/JEC\/125\/2021 y TEE\/JEC\/150\/2021 Acumulados &#8211; Erika Valencia Cardona<\/li>\n<\/ul>\n<h2> <a href=\"https:\/\/teegro.gob.mx\/sitio2025\/trigesima-quinta-sesion-publica-de-resolucion-3\/#more-13073\" class=\"more-link\"><span aria-label=\"Sigue leyendo Trig\u00e9sima Quinta Sesi\u00f3n P\u00fablica de Resoluci\u00f3n\">(m\u00e1s&hellip;)<\/span><\/a><\/h2><\/div><\/div><div class=\"listing-item\"><a class=\"title\" href=\"https:\/\/teegro.gob.mx\/sitio2025\/trigesima-cuarta-sesion-publica-de-resolucion-3\/\">Trig\u00e9sima Cuarta Sesi\u00f3n P\u00fablica de Resoluci\u00f3n<\/a><div class=\"content\">\n<ul>\n<li><a href=\"https:\/\/teegro.gob.mx\/inicio\/wp-content\/uploads\/2021\/05\/Lista14052021.pdf\">Orden del d\u00eda<\/a><\/li>\n<li><a href=\"https:\/\/youtu.be\/ugpKkuQOUl4?si=sTXCXOedj_uG9SiF\">V\u00eddeo de la Sesi\u00f3n<\/a><\/li>\n<\/ul>\n<h3>Contenido<\/h3>\n<ul>\n<li>TEE\/JEC\/093\/2021 Acuerdo Plenario &#8211; Celerino Rojas Morales<\/li>\n<li>TEE\/JEC\/106\/2021 Acuerdo Plenario &#8211; Rebeca Chino Aburto<\/li>\n<li>TEE\/JEC\/112\/2021 Acuerdo Plenario &#8211; Liliana Jim\u00e9nez Cant\u00fa<\/li>\n<li>TEE\/JEC\/091\/2021, TEE\/JEC\/104\/2021\u00a0 y TEE\/JEC\/110\/2021 Acumulados Acuerdo Plenario &#8211; Jessi Guti\u00e9rrez Rodr\u00edguez, Jos\u00e9 Luis Hern\u00e1ndez Rodr\u00edguez y Natividad Catal\u00e1n Manzanares<\/li>\n<li>TEE\/JEC\/120\/2021 Acuerdo Plenario &#8211; Crisp\u00edn Garc\u00eda Hern\u00e1ndez<\/li>\n<li>TEE\/JEC\/165\/2021 Acuerdo Plenario &#8211; Daniel Josami Mendoza Salgado<\/li>\n<li>TEE\/JEC\/124\/2021 &#8211; Selena Ojeda Corraltitl\u00e1n<\/li>\n<li>TEE\/JEC\/132\/2021 &#8211; Daniel Meza Garc\u00eda<\/li>\n<li>TEE\/JEC\/136\/2021 &#8211; Olga Baz\u00e1n Hern\u00e1ndez<\/li>\n<li>TEE\/JEC\/145\/2021 &#8211; Norma Otilia Hern\u00e1ndez Mart\u00ednez<\/li>\n<li>TEE\/JEC\/154\/2021 &#8211; Mirna Galeana Torreblanca<\/li>\n<li>TEE\/RAP\/019\/2021 &#8211; Manuel Alberto Saavedra Ch\u00e1vez<\/li>\n<li>TEE\/JEC\/125\/2021 y TEE\/JEC\/150\/2021 Acumulados &#8211; Erika Valencia Cardona<\/li>\n<\/ul>\n<h2> <a href=\"https:\/\/teegro.gob.mx\/sitio2025\/trigesima-cuarta-sesion-publica-de-resolucion-3\/#more-13053\" class=\"more-link\"><span aria-label=\"Sigue leyendo Trig\u00e9sima Cuarta Sesi\u00f3n P\u00fablica de Resoluci\u00f3n\">(m\u00e1s&hellip;)<\/span><\/a><\/h2><\/div><\/div><div class=\"listing-item\"><a class=\"title\" href=\"https:\/\/teegro.gob.mx\/sitio2025\/trigesima-tercera-sesion-publica-de-resolucion-5\/\">Trig\u00e9sima Tercera Sesi\u00f3n P\u00fablica de Resoluci\u00f3n<\/a><div class=\"content\">\n<ul>\n<li><a href=\"https:\/\/teegro.gob.mx\/inicio\/wp-content\/uploads\/2021\/05\/lista12052021.pdf\">Orden del d\u00eda<\/a><\/li>\n<li><a href=\"https:\/\/youtu.be\/TssDttbkch0?si=E3KL4Yk_U7JtKRyA\">V\u00eddeo de la Sesi\u00f3n<\/a><\/li>\n<\/ul>\n<h3>Contenido<\/h3>\n<ul>\n<li>TEE\/JEC\/147\/2021 Acuerdo Plenario &#8211; Carlos Marx Barbosa Guzm\u00e1n<\/li>\n<li>TEE\/JEC\/057\/2021 Acuerdo Plenario &#8211; Felicitas Mart\u00ednez Solano<\/li>\n<li>TEE\/JEC\/078\/2021 Acuerdo Plenario &#8211;\u00a0 Bulmaro Emmanuel Mu\u00f1iz Garc\u00eda<\/li>\n<li>TEE\/JEC\/099\/2021 Acuerdo Plenario &#8211; Rodrigo Ariel Cortes Vivar<\/li>\n<li>TEE\/RAP\/026\/2021 &#8211; Salvador Robles Zacapala<\/li>\n<li>TEE\/JEC\/144\/2021 &#8211; Cris\u00f3foro Agust\u00edn Iba\u00f1ez Morales<\/li>\n<li>TEE\/JEC\/158\/2021 &#8211; Felipe Rojas Garc\u00eda<\/li>\n<li>TEE\/JEC\/137\/2021 y TEE\/RAP\/022\/2021 Acumulados &#8211; Mois\u00e9s Tom\u00e1s Ju\u00e1rez Abarca, Daniel G\u00f3mez G\u00f3mez y Partido de la Revoluci\u00f3n Democr\u00e1tica<\/li>\n<li>TEE\/JEC\/125\/2021 y TEE\/JEC\/150\/2021 Acumulados &#8211; Erika Valencia Cardona<\/li>\n<li>TEE\/JEC\/160\/2021 &#8211; Sergio D\u00edaz Parra<\/li>\n<li>TEE\/PES\/015\/2021 &#8211; Olga Sosa Garc\u00eda<\/li>\n<\/ul>\n<h2> <a href=\"https:\/\/teegro.gob.mx\/sitio2025\/trigesima-tercera-sesion-publica-de-resolucion-5\/#more-13020\" class=\"more-link\"><span aria-label=\"Sigue leyendo Trig\u00e9sima Tercera Sesi\u00f3n P\u00fablica de Resoluci\u00f3n\">(m\u00e1s&hellip;)<\/span><\/a><\/h2><\/div><\/div><div class=\"listing-item\"><a class=\"title\" href=\"https:\/\/teegro.gob.mx\/sitio2025\/trigesima-segunda-sesion-publica-de-resolucion-4\/\">Trig\u00e9sima Segunda Sesi\u00f3n P\u00fablica de Resoluci\u00f3n<\/a><div class=\"content\">\n<ul>\n<li><a href=\"https:\/\/teegro.gob.mx\/inicio\/wp-content\/uploads\/2021\/05\/lista11052021.pdf\">Orden del d\u00eda<\/a><\/li>\n<li><a href=\"https:\/\/www.youtube.com\/watch?v=NBrOdptO3P4\">V\u00eddeo de la Sesi\u00f3n<\/a><\/li>\n<\/ul>\n<h3>Contenido<\/h3>\n<ul>\n<li>TEE\/AG\/002\/2021 <strong>ACUERDO PLENARIO<\/strong> &#8211; Unidad T\u00e9cnica de los Contencioso Electoral de la Secretar\u00eda Ejecutiva del INE<\/li>\n<li>TEE\/JEC\/033\/2021 <strong>ACUERDO PLENARIO<\/strong> &#8211; Sergio Montes Carrillo<\/li>\n<li>TEE\/JEC\/062\/2021 <strong>ACUERDO PLENARIO<\/strong> &#8211; Luis Adri\u00e1n Ireta Sol\u00eds<\/li>\n<li>TEE\/JEC\/082\/2021 <strong>ACUERDO PLENARIO<\/strong> &#8211; Samir Daniel \u00c1vila Bonilla<\/li>\n<li>TEE\/JEC\/089\/2021 <strong>ACUERDO PLENARIO<\/strong> &#8211; Rosa Morales L\u00f3pez y Francisco Rafael Morales Bustos<\/li>\n<li>TEE\/JEC\/156\/2021 &#8211; Paula S\u00e1nchez Jim\u00e9nez<\/li>\n<li>TEE\/JEC\/152\/2021 &#8211; V\u00edctor Jord\u00e1n \u00c1lvarez<\/li>\n<li>TEE\/JEC\/157\/2021 &#8211; Irving Misael Jord\u00e1n Bello<\/li>\n<li>TEE\/JEC\/084\/2021 &#8211; Dato confidencial<\/li>\n<li>TEE\/PES\/014\/2021 &#8211; Representante del Partido Revoluci\u00f3n Institucional ante el Consejo Distrital Electoral 21<\/li>\n<\/ul>\n<h2> <a href=\"https:\/\/teegro.gob.mx\/sitio2025\/trigesima-segunda-sesion-publica-de-resolucion-4\/#more-12472\" class=\"more-link\"><span aria-label=\"Sigue leyendo Trig\u00e9sima Segunda Sesi\u00f3n P\u00fablica de Resoluci\u00f3n\">(m\u00e1s&hellip;)<\/span><\/a><\/h2><\/div><\/div><div class=\"listing-item\"><a class=\"title\" href=\"https:\/\/teegro.gob.mx\/sitio2025\/trigesima-primera-sesion-publica-de-resolucion-4\/\">Trig\u00e9sima Primera Sesi\u00f3n P\u00fablica de Resoluci\u00f3n<\/a><div class=\"content\">\n<ul>\n<li><a href=\"https:\/\/teegro.gob.mx\/inicio\/wp-content\/uploads\/2021\/05\/Lista08052021_.pdf\">Orden del d\u00eda<\/a><\/li>\n<li><a href=\"https:\/\/youtu.be\/oGj4pmtE2gk?si=v1TYl_IGPrztkAzC\">V\u00eddeo de la Sesi\u00f3n<\/a><\/li>\n<\/ul>\n<h3>Contenido<\/h3>\n<ul>\n<li>TEE\/JEC\/156\/2021 &#8211; Paula S\u00e1nchez Jim\u00e9nez<\/li>\n<li>TEE\/JEC\/153\/2021 &#8211; Ernesto Fidel Pay\u00e1n <br \/>Cortinas<\/li>\n<li>TEE\/RAP\/016\/2021 &#8211; Representante del PRD ante el Instituto Electoral y de Participaci\u00f3n Ciudadana del Estado de Guerrero<\/li>\n<\/ul>\n<h2> <a href=\"https:\/\/teegro.gob.mx\/sitio2025\/trigesima-primera-sesion-publica-de-resolucion-4\/#more-12592\" class=\"more-link\"><span aria-label=\"Sigue leyendo Trig\u00e9sima Primera Sesi\u00f3n P\u00fablica de Resoluci\u00f3n\">(m\u00e1s&hellip;)<\/span><\/a><\/h2><\/div><\/div><div class=\"listing-item\"><a class=\"title\" href=\"https:\/\/teegro.gob.mx\/sitio2025\/trigesima-sesion-publica-de-resolucion-3\/\">Trig\u00e9sima Sesi\u00f3n P\u00fablica de Resoluci\u00f3n<\/a><div class=\"content\">\n<ul>\n<li><a href=\"https:\/\/teegro.gob.mx\/inicio\/wp-content\/uploads\/2021\/05\/lista07052021.pdf\">Orden del d\u00eda<\/a><\/li>\n<li><a href=\"https:\/\/youtu.be\/_UTjWFfoc5s?si=gL-ux4K0OfJ23FrB\">V\u00eddeo de la Sesi\u00f3n<\/a><\/li>\n<\/ul>\n<h3>Contenido<\/h3>\n<ul>\n<li>TEE\/AG\/002\/2021 <strong>ACUERDO PLENARIO<\/strong> &#8211; Unidad T\u00e9cnica de lo Contencioso Electoral de la Secretaria Ejecutiva del Instituto Nacional Electoral<\/li>\n<li>TEE\/JEC\/094\/2021 <strong>ACUERDO PLENARIO<\/strong> &#8211; Br\u00edgido Tenorio Alarc\u00f3n<\/li>\n<li>TEE\/JEC\/095\/2021 <strong>ACUERDO PLENARIO<\/strong> &#8211; Gloria Ni\u00f1o G\u00f3mez<\/li>\n<li>TEE\/JEC\/111\/2021 <strong>ACUERDO PLENARIO<\/strong> &#8211; Violeta Pastor S\u00e1nchez<\/li>\n<li>TEE\/JEC\/065\/2021 <strong>ACUERDO PLENARIO<\/strong> &#8211; Javier V\u00e1zquez Garc\u00eda<\/li>\n<li>TEE\/JEC\/060\/2021, TEE\/JEC\/066\/2021,TEE\/JEC\/069\/2021, TEE\/JEC\/086\/2021, TEE\/JEC\/087\/2021 <strong>ACUERDO PLENARIO<\/strong> &#8211; Silvia Alem\u00e1n Mundo, Paula S\u00e1nchez Jim\u00e9nez, Antonio P\u00e9rez D\u00edaz, Mariana F\u00e9lix Garc\u00eda, Felipe Rojas Garc\u00eda<\/li>\n<li>TEE\/JEC\/155\/2021 <strong>ACUERDO PLENARIO<\/strong> &#8211; Mariana Felipa Garc\u00eda Mateo<\/li>\n<li>TEE\/JEC\/121\/2021 &#8211; J. Isabel Arines Hern\u00e1ndez<\/li>\n<li>TEE\/JEC\/126\/2021 &#8211; Matilde Testa Garc\u00eda<\/li>\n<li>TEE\/JEC\/127\/2021 &#8211; Melquiades Bedolla Figueroa<\/li>\n<li>TEE\/JEC\/129\/2021 &#8211; Otoniel Bernal Adame<\/li>\n<li>TEE\/JEC\/141\/2021 &#8211; German Parra V\u00e1zquez y Luis Obed Ben\u00edtez Lagunas<\/li>\n<li>TEE\/JEC\/054\/2021 &#8211; Rigoberto Ramos Romero y Gabriel Fernando Ram\u00edrez Ram\u00edrez<\/li>\n<li>TEE\/JEC\/102\/2021 y TEE\/RAP\/013\/2021 Acumulados &#8211; F\u00e9lix Salgado Macedonio y Morena<\/li>\n<li>TEE\/RAP\/015\/2021 &#8211; Representante del Partido Verde Ecologista de M\u00e9xico, ante el Consejo Distrital 14 del IEPC<\/li>\n<li>TEE\/RAP\/021\/2021 &#8211; Representante del Partido de la Revoluci\u00f3n Democr\u00e1tica ante el IEPC<\/li>\n<\/ul>\n<h2> <a href=\"https:\/\/teegro.gob.mx\/sitio2025\/trigesima-sesion-publica-de-resolucion-3\/#more-12574\" class=\"more-link\"><span aria-label=\"Sigue leyendo Trig\u00e9sima Sesi\u00f3n P\u00fablica de Resoluci\u00f3n\">(m\u00e1s&hellip;)<\/span><\/a><\/h2><\/div><\/div><div class=\"listing-item\"><a class=\"title\" href=\"https:\/\/teegro.gob.mx\/sitio2025\/vigesima-novena-sesion-publica-de-resolucion-3\/\">Vig\u00e9sima Novena Sesi\u00f3n P\u00fablica de Resoluci\u00f3n<\/a><div class=\"content\">\n<ul>\n<li><a href=\"https:\/\/teegro.gob.mx\/inicio\/wp-content\/uploads\/2021\/05\/lista_04052021_.pdf\">Orden del d\u00eda<\/a><\/li>\n<li><a href=\"https:\/\/youtu.be\/Z5RnvCuR6Pk?si=pYSYO6vQj_RyXTaG\">V\u00eddeo de la Sesi\u00f3n<\/a><\/li>\n<\/ul>\n<h3>Contenido<\/h3>\n<ul>\n<li>TEE\/PES\/011\/2021 <strong>Acuerdo plenario<\/strong> &#8211; Representante Suplente del Partido Revolucionario Institucional ante el Consejo Distrital Electoral 21<\/li>\n<li>TEE\/JEC\/061\/2021 <strong>Acuerdo plenario<\/strong> &#8211; Juan Carlos P\u00e9rez Gonz\u00e1lez, Mar\u00eda F\u00e9lix Blanco Garc\u00eda, In\u00e9s R\u00edos Dom\u00ednguez y Eder Clemente Ju\u00e1rez M\u00e9ndez<\/li>\n<li>TEE\/JEC\/067\/2021&nbsp;<strong>Acuerdo plenario<\/strong> &#8211; Miguel Santiago Lorenzo<\/li>\n<li>TEE\/JEC\/071\/2021 <strong>Acuerdo plenario<\/strong> &#8211; V\u00edctor Jord\u00e1n \u00c1lvarez<\/li>\n<li>TEE\/JEC\/072\/2021 <strong>Acuerdo plenario<\/strong> &#8211; Irving Misael Jord\u00e1n Bello<\/li>\n<li>TEE\/JEC\/081\/2021 <strong>Acuerdo plenario<\/strong> &#8211; Bol\u00edvar Garc\u00eda Herrera<\/li>\n<li>TEE\/AG\/002\/2021 <strong>Acuerdo plenario<\/strong> &#8211; Unidad T\u00e9cnica de lo Contencioso Electoral de la Secretar\u00eda Ejecutiva del Instituto Nacional Electoral<\/li>\n<li>TEE\/JEC\/114\/2021 <strong>Acuerdo plenario<\/strong> &#8211; Patricia Paulina Ventura<\/li>\n<li>TEE\/JEC\/118\/2021 <strong>Acuerdo plenario<\/strong> &#8211; Juan Garc\u00eda Cano<\/li>\n<li>TEE\/JEC\/123\/2021 <strong>Acuerdo plenario<\/strong> &#8211; Pedro Trujillo Palacios<\/li>\n<li>TEE\/JEC\/063\/2021 <strong>Acuerdo plenario<\/strong> &#8211; Tania Berenice Vargas Romero<\/li>\n<li>TEE\/JEC\/074\/2021 <strong>Acuerdo plenario<\/strong> &#8211; Olga Baz\u00e1n Gonz\u00e1lez<\/li>\n<li>TEE\/JEC\/083\/2021 <strong>Acuerdo plenario<\/strong> &#8211; Celestino Moreno R\u00edos<\/li>\n<li>TEE\/JEC\/100\/2021 <strong>Acuerdo plenario<\/strong> &#8211; A. Oliverio Goytia Dorantes<\/li>\n<li>TEE\/JEC\/119\/2021 <strong>Acuerdo plenario<\/strong> &#8211; Natividad Catal\u00e1n Manzanares<\/li>\n<li>TEE\/JEC\/120\/2021 <strong>Acuerdo plenario<\/strong> &#8211; Crisp\u00edn Garc\u00eda Hern\u00e1ndez<\/li>\n<li>TEE\/PES\/005\/2020 <strong>Acuerdo plenario<\/strong> &#8211; Eleazar Mar\u00edn Quebrado<\/li>\n<li>TEE\/JEC\/088\/2021 &#8211; \u00c1ngel Basurto Ortega<\/li>\n<li>TEE\/JEC\/101\/2021 &#8211; Mar\u00eda Ver\u00f3nica Pi\u00f1a Garc\u00eda<\/li>\n<li>TEE\/RAP\/012\/2021 &#8211; Representante del Partido de la Revoluci\u00f3n Democr\u00e1tica<\/li>\n<li>TEE\/JEC\/028\/2021 &#8211; Isidro Remigio Cant\u00fa<\/li>\n<li>TEE\/JEC\/054\/2021 &#8211; Rogoberto Ramos Romero y Gabriel Fernando Ram\u00edrez Ram\u00edrez<\/li>\n<li>TEE\/JEC\/057\/2021 &#8211; Felicitas Mart\u00ednez Solano<\/li>\n<li>TEE\/JEC\/090\/2021 &#8211; Erika Valencia Cardona<\/li>\n<li>TEE\/RAP\/014\/2021 y TEE\/JEC\/122\/2021 Acumulados &#8211; Daniel Meza Loeza<\/li>\n<li>TEE\/JEC\/070\/2021 &#8211; Ernesto Fidele Payan Cortinas<\/li>\n<li>TEE\/JEC\/115\/2021 y TEE\/JEC\/116\/2021 Acumulados &#8211; Salustio Garc\u00eda Dorantes y Claudia Sierra P\u00e9rez<\/li>\n<li>TEE\/JEC\/133\/2021 &#8211; Yadira Fabiola Nieto D\u00edaz<\/li>\n<li>TEE\/JEC\/140\/2021 &#8211; Samuel Ant\u00fanez Pav\u00f3n<\/li>\n<\/ul>\n<h2> <a href=\"https:\/\/teegro.gob.mx\/sitio2025\/vigesima-novena-sesion-publica-de-resolucion-3\/#more-12516\" class=\"more-link\"><span aria-label=\"Sigue leyendo Vig\u00e9sima Novena Sesi\u00f3n P\u00fablica de Resoluci\u00f3n\">(m\u00e1s&hellip;)<\/span><\/a><\/h2><\/div><\/div><\/div><\/p><\/div>\n                <\/div><div class=\"eael-accordion-list\">\n                <div id=\"abril\" class=\"elementor-tab-title eael-accordion-header\" tabindex=\"0\" data-tab=\"10\" aria-controls=\"elementor-tab-content-55610\"><span class=\"eael-advanced-accordion-icon-closed\"><i aria-hidden=\"true\" class=\"fa-accordion-icon fas fa-plus\"><\/i><\/span><span class=\"eael-advanced-accordion-icon-opened\"><i aria-hidden=\"true\" class=\"fa-accordion-icon fas fa-minus\"><\/i><\/span><span class=\"eael-accordion-tab-title\">Abril<\/span><i aria-hidden=\"true\" class=\"fa-toggle fas fa-angle-right\"><\/i><\/div><div id=\"elementor-tab-content-55610\" class=\"eael-accordion-content clearfix\" data-tab=\"10\" aria-labelledby=\"abril\"><p><ul class=\"display-posts-listing\"><li class=\"listing-item\"><a class=\"title\" href=\"https:\/\/teegro.gob.mx\/sitio2025\/vigesima-octava-sesion-publica-de-resolucion-3\/\">Vig\u00e9sima Octava Sesi\u00f3n P\u00fablica de Resoluci\u00f3n<\/a><div class=\"content\">\n<ul>\n<li><a href=\"https:\/\/teegro.gob.mx\/inicio\/wp-content\/uploads\/2021\/04\/lista28042021.pdf\">Orden del d\u00eda<\/a><\/li>\n<li><a href=\"https:\/\/youtu.be\/BiMTe2XNBD4?si=SUqKNvQo3wALeMKF\">V\u00eddeo de la Sesi\u00f3n<\/a><\/li>\n<\/ul>\n<h3>Contenido<\/h3>\n<ul>\n<li>TEE\/JEC\/073\/2021 &#8211; Olga Sosa Garc\u00eda<\/li>\n<\/ul>\n<h2> <a href=\"https:\/\/teegro.gob.mx\/sitio2025\/vigesima-octava-sesion-publica-de-resolucion-3\/#more-12510\" class=\"more-link\"><span aria-label=\"Sigue leyendo Vig\u00e9sima Octava Sesi\u00f3n P\u00fablica de Resoluci\u00f3n\">(m\u00e1s&hellip;)<\/span><\/a><\/h2><\/div><\/li><li class=\"listing-item\"><a class=\"title\" href=\"https:\/\/teegro.gob.mx\/sitio2025\/vigesima-septima-sesion-publica-de-resolucion-3\/\">Vig\u00e9sima S\u00e9ptima Sesi\u00f3n P\u00fablica de Resoluci\u00f3n<\/a><div class=\"content\">\n<ul>\n<li><a href=\"https:\/\/teegro.gob.mx\/sitio2023\/wp-content\/uploads\/2021\/04\/lista-27042021.pdf\">Orden del d\u00eda<\/a><\/li>\n<li><a href=\"https:\/\/youtu.be\/lLzCn3hNwPk?si=_2F8fIzeOsg3p9br\">V\u00eddeo de la Sesi\u00f3n<\/a><\/li>\n<\/ul>\n<h3>Contenido<\/h3>\n<ul>\n<li>TEE\/JEC\/041\/2021 Acuerdo plenario -Salustio Garc\u00eda Dorantes<\/li>\n<li>TEE\/JEC\/092\/2021 Acuerdo plenario -Judith Hern\u00e1ndez Beatriz<\/li>\n<li>TEE\/JEC\/105\/2021 Acuerdo plenario -Gilberto Arcadio V\u00e1zquez<\/li>\n<li>TEE\/JEC\/108\/2021 Acuerdo plenario -Silvestre Soto Contreras<\/li>\n<li>TEE\/JEC\/109\/2021 Acuerdo plenario -Petronila Gatica Gonz\u00e1lez<\/li>\n<li>TEE\/JEC\/089\/2021 Acuerdo plenario -Rosa Morales L\u00f3pez y Francisco Rafael Moreno Bustos<\/li>\n<li>TEE\/JEC\/106\/2021 Acuerdo plenario &#8211; Rebeca Chino Aburto<\/li>\n<li>TEE\/JEC\/112\/2021 Acuerdo plenario &#8211; Lilia Jim\u00e9nez Cant\u00fa<\/li>\n<li>TEE\/JEC\/093\/2021 Acuerdo plenario &#8211; Celerino Rojas Morales<\/li>\n<li>TEE\/JEC\/094\/2021 Acuerdo plenario &#8211; Br\u00edgido Tenorio Alarc\u00f3n<\/li>\n<li>TEE\/JEC\/095\/2021 Acuerdo plenario &#8211; Glorai Ni\u00f1o G\u00f3mez<\/li>\n<li>TEE\/JEC\/083\/2021 Acuerdo plenario &#8211; Celestino Moreno R\u00edos<\/li>\n<li>TEE\/JEC\/099\/2021 Acuerdo plenario &#8211; Rodrigo Ariel Cortes Vivar<\/li>\n<li>TEE\/JEC\/100\/2021 Acuerdo plenario &#8211; Oliverio Goytia Dorantes<\/li>\n<li>TEE\/JEC\/111\/2021 Acuerdo plenario &#8211; Violeta Pastor S\u00e1nchez<\/li>\n<li>TEE\/JEC\/091\/2021,\u00a0TEE\/JEC\/104\/2021 y TEE\/JEC\/110\/2021 Acumulados Acuerdo plenario &#8211; Jessi Guti\u00e9rrez Rodr\u00edguez, Jos\u00e9 Luis Hern\u00e1ndez Rodr\u00edguez\u00a0 y Natividad Catal\u00e1n Manzanares<\/li>\n<li>TEE\/JEC\/113\/2021 Acuerdo plenario &#8211; Matilde Testa Garc\u00eda<\/li>\n<li>TEE\/JEC\/059\/2021 &#8211; Arturo Sol\u00eds Felipe<\/li>\n<li>TEE\/JEC\/066\/2021 &#8211; Coordinador de Etnia T\u00fa Un Savi en Representaci\u00f3n del Concejo Municipal Comunitario de Ayutla de los Libres, Guerrero<\/li>\n<li>TEE\/JEC\/056\/2021 &#8211; Isidro Remigio Cant\u00fa<\/li>\n<li>TEE\/LCT\/005\/2021 &#8211; Ver\u00f3nica Gardu\u00f1o Montoya<\/li>\n<\/ul>\n<h2> <a href=\"https:\/\/teegro.gob.mx\/sitio2025\/vigesima-septima-sesion-publica-de-resolucion-3\/#more-12484\" class=\"more-link\"><span aria-label=\"Sigue leyendo Vig\u00e9sima S\u00e9ptima Sesi\u00f3n P\u00fablica de Resoluci\u00f3n\">(m\u00e1s&hellip;)<\/span><\/a><\/h2><\/div><\/li><li class=\"listing-item\"><a class=\"title\" href=\"https:\/\/teegro.gob.mx\/sitio2025\/vigesima-sexta-sesion-publica-de-resolucion-3\/\">Vig\u00e9sima Sexta Sesi\u00f3n P\u00fablica de Resoluci\u00f3n<\/a><div class=\"content\">\n<ul>\n<li><a href=\"https:\/\/teegro.gob.mx\/sitio2023\/wp-content\/uploads\/2021\/04\/lista25042021.pdf\">Orden del d\u00eda<\/a><\/li>\n<li><a href=\"https:\/\/teegro.gob.mx\/sitio2023\/wp-content\/uploads\/2021\/04\/comp25042021.pdf\">Complementaria<\/a><\/li>\n<li><a href=\"https:\/\/youtu.be\/4oaCweFjLRk?si=Q27k-RdGpEJnMiAH\">V\u00eddeo de la Sesi\u00f3n<\/a><\/li>\n<\/ul>\n<h3>Contenido<\/h3>\n<ul>\n<li>TEE\/JEC\/082\/2021 Acuerdo plenario &#8211; Samir Daniel \u00c1vila Bonilla<\/li>\n<li>TEE\/JEC\/044\/2021 Acuerdo plenario &#8211; Claudia Sierra P\u00e9rez<\/li>\n<li>TEE\/JEC\/096\/2021, TEE\/JEC\/097\/2021 y TEE\/JEC\/098\/2021, Acumulados. Acuerdo plenario &#8211; Rosa Isela Mendoza Valdez y otros<\/li>\n<li>TEE\/JEC\/103\/2021 Acuerdo plenario &#8211; Guadalupe Hern\u00e1ndez L\u00f3pez<\/li>\n<li>TEE\/JEC\/107\/2021 Acuerdo plenario &#8211; Susana de la Cruz Garc\u00eda<\/li>\n<\/ul>\n<p><strong>Complementaria<\/strong><\/p>\n<ul>\n<li>TEE\/PES\/013\/2021 &#8211; Representante Propietario del PRI, ante el Consejo General del IEPC<\/li>\n<\/ul>\n<h2> <a href=\"https:\/\/teegro.gob.mx\/sitio2025\/vigesima-sexta-sesion-publica-de-resolucion-3\/#more-12477\" class=\"more-link\"><span aria-label=\"Sigue leyendo Vig\u00e9sima Sexta Sesi\u00f3n P\u00fablica de Resoluci\u00f3n\">(m\u00e1s&hellip;)<\/span><\/a><\/h2><\/div><\/li><li class=\"listing-item\"><a class=\"title\" href=\"https:\/\/teegro.gob.mx\/sitio2025\/vigesima-quinta-sesion-publica-de-resolucion-3\/\">Vig\u00e9sima Quinta Sesi\u00f3n P\u00fablica de Resoluci\u00f3n<\/a><div class=\"content\">\n<ul>\n<li><a href=\"https:\/\/teegro.gob.mx\/sitio2023\/wp-content\/uploads\/2021\/04\/lista24042021.pdf\">Orden del d\u00eda<\/a><\/li>\n<li><a href=\"https:\/\/youtu.be\/q4ob5VANp8E?si=D8OZUms1gkA8ZtmN\">V\u00eddeo de la Sesi\u00f3n<\/a><\/li>\n<\/ul>\n<h3>Contenido<\/h3>\n<ul>\n<li>TEE\/JEC\/038\/2021 Acuerdo plenario &#8211; J. Isabel Arines Hern\u00e1ndez<\/li>\n<li>TEE\/JEC\/063\/2021 Acuerdo plenario &#8211; Tania Berenice Vargas Romero<\/li>\n<li>TEE\/JEC\/064\/2021 Acuerdo plenario &#8211; Jos\u00e9 Luis Gardu\u00f1o e Isisdro L\u00e1zaro Encarnaci\u00f3n<\/li>\n<li>TEE\/JEC\/074\/2021 Acuerdo plenario &#8211; Olga Baz\u00e1n Gonz\u00e1lez<\/li>\n<li>TEE\/JEC\/078\/2021 Acuerdo plenario &#8211; Bulmaro Emmanuel Mu\u00f1iz Garc\u00eda<\/li>\n<li>TEE\/JEC\/085\/2021 Acuerdo plenario &#8211; Mariana F\u00e9lix Garc\u00eda<\/li>\n<li>TEE\/JEC\/086\/2021 Acuerdo plenario &#8211; Mariana F\u00e9lix Garc\u00eda<\/li>\n<li>TEE\/JEC\/087\/2021 Acuerdo plenario &#8211; Felipe Rojas Garc\u00eda<\/li>\n<\/ul>\n<h2> <a href=\"https:\/\/teegro.gob.mx\/sitio2025\/vigesima-quinta-sesion-publica-de-resolucion-3\/#more-12473\" class=\"more-link\"><span aria-label=\"Sigue leyendo Vig\u00e9sima Quinta Sesi\u00f3n P\u00fablica de Resoluci\u00f3n\">(m\u00e1s&hellip;)<\/span><\/a><\/h2><\/div><\/li><li class=\"listing-item\"><a class=\"title\" href=\"https:\/\/teegro.gob.mx\/sitio2025\/vigesima-cuarta-sesion-publica-de-resolucion-2\/\">Vig\u00e9sima Cuarta Sesi\u00f3n P\u00fablica de Resoluci\u00f3n<\/a><div class=\"content\">\n<ul>\n<li><a href=\"https:\/\/teegro.gob.mx\/inicio\/wp-content\/uploads\/2021\/04\/lista_23042021.pdf\">Orden del d\u00eda<\/a><\/li>\n<li><a href=\"https:\/\/youtu.be\/uPdiWPRSFgE\">V\u00eddeo de la Sesi\u00f3n<\/a><\/li>\n<\/ul>\n<h3>Contenido<\/h3>\n<ul>\n<li>TEE\/JEC\/042\/2021 Acuerdo Plenario &#8211; Mar\u00eda Ver\u00f3nica Pi\u00f1a Radilla<\/li>\n<li>TEE\/PES\/012\/2021 &#8211; Olga Sosa Garc\u00eda<\/li>\n<\/ul>\n<h2> <a href=\"https:\/\/teegro.gob.mx\/sitio2025\/vigesima-cuarta-sesion-publica-de-resolucion-2\/#more-10979\" class=\"more-link\"><span aria-label=\"Sigue leyendo Vig\u00e9sima Cuarta Sesi\u00f3n P\u00fablica de Resoluci\u00f3n\">(m\u00e1s&hellip;)<\/span><\/a><\/h2><\/div><\/li><li class=\"listing-item\"><a class=\"title\" href=\"https:\/\/teegro.gob.mx\/sitio2025\/vigesima-tercera-sesion-publica-de-resolucion-2\/\">Vig\u00e9sima Tercera Sesi\u00f3n P\u00fablica de Resoluci\u00f3n<\/a><div class=\"content\">\n<ul>\n<li><a href=\"https:\/\/teegro.gob.mx\/inicio\/wp-content\/uploads\/2021\/04\/Lista_200421.pdf\">Orden del d\u00eda<\/a><\/li>\n<li><a href=\"https:\/\/teegro.gob.mx\/inicio\/wp-content\/uploads\/2021\/04\/complementaria200421.pdf\">Complementaria<\/a><\/li>\n<li><a href=\"https:\/\/youtu.be\/h7A-ac8Sj8w\">V\u00eddeo de la Sesi\u00f3n<\/a><\/li>\n<\/ul>\n<h3>Contenido<\/h3>\n<ul>\n<li>TEE\/JEC\/061\/2021 Acuerdo plenario &#8211; Juan Carlos P\u00e9rez Gonz\u00e1lez y otras persona<\/li>\n<li>TEE\/JEC\/067\/2021 Acuerdo plenario &#8211; Miguel Santiago Lorenzo<\/li>\n<li>TEE\/JEC\/071\/2021 Acuerdo plenario &#8211; V\u00edctor Jord\u00e1n \u00c1lvarez<\/li>\n<li>TEE\/JEC\/072\/2021 Acuerdo plenario &#8211; Irving Misael Jord\u00e1n Bello<\/li>\n<li>TEE\/JEC\/081\/2021 Acuerdo plenario &#8211; Bol\u00edvar Garc\u00eda Aguirre<\/li>\n<li>TEE\/JEC\/062\/2021 Acuerdo plenario &#8211; Luis Adri\u00e1n Ireta Sol\u00eds<\/li>\n<li>TEE\/JEC\/068\/2021 Acuerdo plenario &#8211; Jes\u00fas S\u00e1nchez L\u00f3pez y otras personas<\/li>\n<li>TEE\/JEC\/065\/2021 Acuerdo plenario &#8211; Javier V\u00e1zquez Garc\u00eda<\/li>\n<li>TEE\/JEC\/060\/2021 Acuerdo plenario &#8211; Silvia Alem\u00e1n Mundo<\/li>\n<li>TEE\/JEC\/066\/2021 Acuerdo plenario &#8211; Paula S\u00e1nchez Jim\u00e9nez<\/li>\n<li>TEE\/JEC\/069\/2021 Acuerdo plenario &#8211; Antonio P\u00e9rez D\u00edaz<\/li>\n<li>TEE\/JEC\/075\/2021 Acuerdo plenario &#8211; Elizabeth Marina Hern\u00e1ndez de la Garza y otras personas<\/li>\n<li>TEE\/JEC\/080\/2021 Acuerdo plenario &#8211; Israel Alejandro Fern\u00e1ndez Jaimes y otras personas<\/li>\n<li>TEE\/JEC\/046\/2021 &#8211; Laurentino Zeferino S\u00e1nchez<\/li>\n<li>TEE\/JEC\/052\/2021 &#8211; Merced Baldovino Diego<\/li>\n<li>TEE\/JEC\/058\/2021 &#8211; Michel Higuera Ibarra<\/li>\n<li>TEE\/JEC\/033\/2021 &#8211; Sergio Montes Carrillo<\/li>\n<li>TEE\/JEC\/037\/2021 &#8211; Yadira Fabiola Nieto D\u00edaz<\/li>\n<li>TEE\/JEC\/047\/2021 &#8211; Eloy Villanueva Moreno<\/li>\n<li>TEE\/JEC\/043\/2021 &#8211; J. F\u00e9lix Salgado Macedonio<\/li>\n<li>TEE\/JEC\/048\/2021 &#8211; Felicitas Mart\u00ednez Solano<\/li>\n<li>TEE\/RAP\/009\/2021 &#8211; Carlos Alberto Villalpando Milian, representante del partido Morena<\/li>\n<li>TEE\/JEC\/049\/2021 y Acumulados &#8211; Salustio Garc\u00eda Dorantes y otros<\/li>\n<li>TEE\/JEC\/076\/2021 &#8211; Mariana F\u00e9lix Garc\u00eda<\/li>\n<li>TEE\/JEC\/077\/2021 &#8211; Felipe Rojas Garc\u00eda<\/li>\n<li>TEE\/JEC\/050\/2021 &#8211; Jes\u00fas G\u00f3mez L\u00f3pez<\/li>\n<li>TEE\/RAP\/010\/2021 &#8211; Manuel Alberto Saavedra Ch\u00e1vez representante del partido PRl<\/li>\n<\/ul>\n<p><strong>Complementaria<\/strong><\/p>\n<ul>\n<li>TEE\/JEC\/079\/2021 Acuerdo &#8211; Antonio de Jes\u00fas Mart\u00ednez \u00c1ngel<\/li>\n<\/ul>\n<h2> <a href=\"https:\/\/teegro.gob.mx\/sitio2025\/vigesima-tercera-sesion-publica-de-resolucion-2\/#more-10780\" class=\"more-link\"><span aria-label=\"Sigue leyendo Vig\u00e9sima Tercera Sesi\u00f3n P\u00fablica de Resoluci\u00f3n\">(m\u00e1s&hellip;)<\/span><\/a><\/h2><\/div><\/li><li class=\"listing-item\"><a class=\"title\" href=\"https:\/\/teegro.gob.mx\/sitio2025\/vigesima-segunda-sesion-publica-de-resolucion-2\/\">Vig\u00e9sima Segunda Sesi\u00f3n P\u00fablica de Resoluci\u00f3n<\/a><div class=\"content\">\n<ul>\n<li><a href=\"https:\/\/teegro.gob.mx\/inicio\/wp-content\/uploads\/2021\/04\/Lista13042021.pdf\">Orden del d\u00eda<\/a><\/li>\n<li><a href=\"https:\/\/youtu.be\/0XbxVu5ZDPI\">V\u00eddeo de la Sesi\u00f3n<\/a><\/li>\n<\/ul>\n<h3>Contenido<\/h3>\n<ul>\n<li>TEE\/PES\/007\/2021 Acuerdo plenario &#8211; Claudia Lobato M\u00e9ndez y Lizeth G\u00f3mez Bautista<\/li>\n<li>TEE\/AG\/003\/2021 Acuerdo plenario &#8211; Jos\u00e9 Rutilio Saavedra Ortega<\/li>\n<li>TEE\/JEC\/035\/2021 Acuerdo plenario &#8211; Fel\u00edcitas Mart\u00ednez Solano<\/li>\n<li>TEE\/JEC\/026\/2021 Acuerdo plenario &#8211; H\u00e9ctor Andr\u00e9s P\u00e9rez Delgado<\/li>\n<li>TEE\/JEC\/032\/2021 Acuerdo plenario &#8211; Salustio Garc\u00eda Dorantes<\/li>\n<li>TEE\/JEC\/036\/2021 Acuerdo plenario &#8211; Michel Higuera Ibarra<\/li>\n<li>TEE\/JEC\/041\/2021 &#8211; Salustio Garc\u00eda Dorantes<\/li>\n<li>TEE\/PES\/011\/2021 &#8211; Gerardo Antonio Arias M\u00e1rquez, representante del PRI ante el Consejo Distrital 21 del IEPC<\/li>\n<li>TEE\/RAP\/008\/2021 &#8211; Presidente del Comit\u00e9 Directivo Estatal del PES<\/li>\n<li>TEE\/JEC\/037\/2021 &#8211; Yadira Fabiola Nieto Diaz<\/li>\n<li>TEE\/JEC\/038\/2021 &#8211; J. Isabel Arines Hern\u00e1ndez<\/li>\n<li>TEE\/JEC\/044\/2021 &#8211; Claudia Sierra P\u00e9rez<\/li>\n<li>TEE\/JEC\/040\/2021 &#8211; Eloy Villanueva Moreno<\/li>\n<li>TEE\/JEC\/045\/2021 &#8211; Olga Sosa Garc\u00eda<\/li>\n<li>TEE\/PES\/010\/2021 &#8211; Adriana Corina Gama Beltr\u00e1n, representante del PT, ante el Consejo Distrital 21 del IEPC<\/li>\n<li>TEE\/LCT\/004\/2021 &#8211; Te\u00f3filo S\u00e1nchez Carbajal<\/li>\n<\/ul>\n<h2> <a href=\"https:\/\/teegro.gob.mx\/sitio2025\/vigesima-segunda-sesion-publica-de-resolucion-2\/#more-10764\" class=\"more-link\"><span aria-label=\"Sigue leyendo Vig\u00e9sima Segunda Sesi\u00f3n P\u00fablica de Resoluci\u00f3n\">(m\u00e1s&hellip;)<\/span><\/a><\/h2><\/div><\/li><li class=\"listing-item\"><a class=\"title\" href=\"https:\/\/teegro.gob.mx\/sitio2025\/vigesima-primera-sesion-publica-de-resolucion-2\/\">Vig\u00e9sima Primera Sesi\u00f3n P\u00fablica de Resoluci\u00f3n<\/a><div class=\"content\">\n<ul>\n<li><a href=\"https:\/\/teegro.gob.mx\/inicio\/wp-content\/uploads\/2021\/04\/Lista08042021.pdf\">Orden del d\u00eda<\/a><\/li>\n<li><a href=\"https:\/\/youtu.be\/P_m1EUs1ehQ\">V\u00eddeo de la Sesi\u00f3n<\/a><\/li>\n<\/ul>\n<h3>Contenido<\/h3>\n<ul>\n<li>TEE\/JEC\/042\/2021 Acuerdo plenario &#8211; Mar\u00eda Ver\u00f3nica Pi\u00f1a Radilla<\/li>\n<li>TEE\/JEC\/010\/2021 Acuerdo plenario &#8211; Demetrio Le\u00f3n \u00c1lvarez<\/li>\n<li>TEE\/JEC\/040\/2021 Acuerdo plenario &#8211; Eloy Villanueva Moreno<\/li>\n<li>TEE\/JEC\/039\/2021 &#8211; Laurentino Zeferino S\u00e1nchez<\/li>\n<\/ul>\n<h2> <a href=\"https:\/\/teegro.gob.mx\/sitio2025\/vigesima-primera-sesion-publica-de-resolucion-2\/#more-10754\" class=\"more-link\"><span aria-label=\"Sigue leyendo Vig\u00e9sima Primera Sesi\u00f3n P\u00fablica de Resoluci\u00f3n\">(m\u00e1s&hellip;)<\/span><\/a><\/h2><\/div><\/li><li class=\"listing-item\"><a class=\"title\" href=\"https:\/\/teegro.gob.mx\/sitio2025\/vigesima-sesion-publica-de-resolucion-2\/\">Vig\u00e9sima Sesi\u00f3n P\u00fablica de Resoluci\u00f3n<\/a><div class=\"content\">\n<ul>\n<li><a href=\"https:\/\/teegro.gob.mx\/inicio\/wp-content\/uploads\/2021\/04\/Lista02042021.pdf\">Orden del d\u00eda<\/a><\/li>\n<li><a href=\"https:\/\/youtu.be\/IwdHR9XpMtM\">V\u00eddeo de la Sesi\u00f3n<\/a><\/li>\n<\/ul>\n<h3>Contenido<\/h3>\n<ul>\n<li>TEE\/JEC\/031\/2021 Acuerdo plenario &#8211; J. Isabel Arines Hern\u00e1ndez<\/li>\n<li>TEE\/PES\/009\/2021 &#8211; Gerardo Antonio Arias M\u00e1rquez, representante suplente del PRI ante el Consejo Distrital Electoral 21 del IEPC.<\/li>\n<\/ul>\n<h2> <a href=\"https:\/\/teegro.gob.mx\/sitio2025\/vigesima-sesion-publica-de-resolucion-2\/#more-10750\" class=\"more-link\"><span aria-label=\"Sigue leyendo Vig\u00e9sima Sesi\u00f3n P\u00fablica de Resoluci\u00f3n\">(m\u00e1s&hellip;)<\/span><\/a><\/h2><\/div><\/li><\/ul><\/p><\/div>\n                <\/div><div class=\"eael-accordion-list\">\n                <div id=\"marzo\" class=\"elementor-tab-title eael-accordion-header\" tabindex=\"0\" data-tab=\"11\" aria-controls=\"elementor-tab-content-55611\"><span class=\"eael-advanced-accordion-icon-closed\"><i aria-hidden=\"true\" class=\"fa-accordion-icon fas fa-plus\"><\/i><\/span><span class=\"eael-advanced-accordion-icon-opened\"><i aria-hidden=\"true\" class=\"fa-accordion-icon fas fa-minus\"><\/i><\/span><span class=\"eael-accordion-tab-title\">Marzo<\/span><i aria-hidden=\"true\" class=\"fa-toggle fas fa-angle-right\"><\/i><\/div><div id=\"elementor-tab-content-55611\" class=\"eael-accordion-content clearfix\" data-tab=\"11\" aria-labelledby=\"marzo\"><p><ul class=\"display-posts-listing\"><li class=\"listing-item\"><a class=\"title\" href=\"https:\/\/teegro.gob.mx\/sitio2025\/decima-novena-sesion-publica-de-resolucion-2\/\">D\u00e9cima Novena Sesi\u00f3n P\u00fablica de Resoluci\u00f3n<\/a><div class=\"content\">\n<ul>\n<li><a href=\"https:\/\/teegro.gob.mx\/inicio\/wp-content\/uploads\/2021\/03\/Lista30032021.pdf\">Orden del d\u00eda<\/a><\/li>\n<li><a href=\"https:\/\/youtu.be\/_fvLPYc1_zU\">V\u00eddeo de la Sesi\u00f3n<\/a><\/li>\n<\/ul>\n<h3>Contenido<\/h3>\n<ul>\n<li>TEE\/RAP\/006\/2021 y Acumulados &#8211; PAN, MC, \u00c1ngel Basurto Ortega, Yolitzin Jaimes Rend\u00f3n y otras personas, Adriana Leonel de Cervantes Ascencio y otras personas<\/li>\n<\/ul>\n<h2> <a href=\"https:\/\/teegro.gob.mx\/sitio2025\/decima-novena-sesion-publica-de-resolucion-2\/#more-10746\" class=\"more-link\"><span aria-label=\"Sigue leyendo D\u00e9cima Novena Sesi\u00f3n P\u00fablica de Resoluci\u00f3n\">(m\u00e1s&hellip;)<\/span><\/a><\/h2><\/div><\/li><li class=\"listing-item\"><a class=\"title\" href=\"https:\/\/teegro.gob.mx\/sitio2025\/decima-octava-sesion-publica-de-resolucion-2\/\">D\u00e9cima Octava Sesi\u00f3n P\u00fablica de Resoluci\u00f3n<\/a><div class=\"content\">\n<ul>\n<li><a href=\"https:\/\/teegro.gob.mx\/inicio\/wp-content\/uploads\/2021\/03\/Lista29032021-1.pdf\">Orden del d\u00eda<\/a><\/li>\n<li><a href=\"https:\/\/youtu.be\/QuY_BU7MCGI\">V\u00eddeo de la Sesi\u00f3n<\/a><\/li>\n<\/ul>\n<h3>Contenido<\/h3>\n<ul>\n<li>TEE\/JEC\/034\/2021 Acuerdo Plenario &#8211; Felicitas Mart\u00ednez <br \/>Solano<\/li>\n<li>TEE\/JEC\/029\/2021 Acuerdo Plenario &#8211; Hilda Ruth Lorenzo Hern\u00e1ndez<\/li>\n<li>TEE\/JEC\/035\/2021 Acuerdo Plenario &#8211; Felicitas Mart\u00ednez Solano<\/li>\n<li>TEE\/JEC\/036\/2021 Acuerdo Plenario &#8211; Michel Higuera Ibarra<\/li>\n<li>TEE\/PES\/001\/2020 &#8211; Manuel Alberto Saavedra Ch\u00e1vez, representante del PRI, ante el Consejo General del IEPC<\/li>\n<li>TEE\/PES\/008\/2021 &#8211; No\u00e9 Ortiz Romero, representante suplente del Partido Encuentro Solidario<\/li>\n<\/ul>\n<h2> <a href=\"https:\/\/teegro.gob.mx\/sitio2025\/decima-octava-sesion-publica-de-resolucion-2\/#more-10739\" class=\"more-link\"><span aria-label=\"Sigue leyendo D\u00e9cima Octava Sesi\u00f3n P\u00fablica de Resoluci\u00f3n\">(m\u00e1s&hellip;)<\/span><\/a><\/h2><\/div><\/li><li class=\"listing-item\"><a class=\"title\" href=\"https:\/\/teegro.gob.mx\/sitio2025\/decima-septima-sesion-publica-de-resolucion-3\/\">D\u00e9cima S\u00e9ptima Sesi\u00f3n P\u00fablica de Resoluci\u00f3n<\/a><div class=\"content\">\n<ul>\n<li><a href=\"https:\/\/teegro.gob.mx\/inicio\/wp-content\/uploads\/2021\/03\/Lista260321.pdf\">Orden del d\u00eda<\/a><\/li>\n<li><a href=\"https:\/\/youtu.be\/6OGo1Mddno0\">V\u00eddeo de la Sesi\u00f3n<\/a><\/li>\n<\/ul>\n<h3>Contenido<\/h3>\n<ul>\n<li>TEE\/PES\/007\/2021 Acuerdo plenario &#8211; Claudia Lobato M\u00e9ndez y Lizeth G\u00f3mez Bautista<\/li>\n<li>TEE\/JEC\/031\/2021 Acuerdo plenario &#8211; J. Isabel Arines Hern\u00e1ndez<\/li>\n<li>TEE\/JEC\/032\/2021 Acuerdo plenario &#8211; Salustio Garc\u00eda Dorantes<\/li>\n<li>TEE\/JEC\/066\/2021 Acuerdo plenario &#8211; Isidro Remigio Cant\u00fa<\/li>\n<li>TEE\/PES\/006\/2021 &#8211; Fredd Hern\u00e1ndez Rosas, representente del PRI, ante el consejo Distrital 3 del INE en Guerrero<\/li>\n<li>TEE\/JEC\/027\/2021 &#8211; \u00c1ngel Basurto Ortega<\/li>\n<\/ul>\n<h2> <a href=\"https:\/\/teegro.gob.mx\/sitio2025\/decima-septima-sesion-publica-de-resolucion-3\/#more-10736\" class=\"more-link\"><span aria-label=\"Sigue leyendo D\u00e9cima S\u00e9ptima Sesi\u00f3n P\u00fablica de Resoluci\u00f3n\">(m\u00e1s&hellip;)<\/span><\/a><\/h2><\/div><\/li><li class=\"listing-item\"><a class=\"title\" href=\"https:\/\/teegro.gob.mx\/sitio2025\/decima-sexta-sesion-publica-de-resolucion-3\/\">D\u00e9cima Sexta Sesi\u00f3n P\u00fablica de Resoluci\u00f3n<\/a><div class=\"content\">\n<ul>\n<li><a href=\"https:\/\/teegro.gob.mx\/inicio\/wp-content\/uploads\/2021\/03\/Lista22032021.pdf\">Orden del d\u00eda<\/a><\/li>\n<li><a href=\"https:\/\/youtu.be\/yH4Dq3IPx_A\">V\u00eddeo de la Sesi\u00f3n<\/a><\/li>\n<\/ul>\n<h3>Contenido<\/h3>\n<ul>\n<li>TEE\/JEC\/023\/2021 &#8211; Yerania Guadalupe Gordillo Villanueva<\/li>\n<li>TEE\/JEC\/024\/2021 &#8211; Ricardo Jim\u00e9nez Villalva<\/li>\n<li>TEE\/JEC\/029\/2021 &#8211; Hilda Ruth Lorenzo Hern\u00e1ndez<\/li>\n<li>TEE\/PES\/005\/2021 &#8211; Adriana Corina Gama Beltr\u00e1n, representante <br \/>del PT, ante el Consejo Distrital Electoral 21 del IEPC<\/li>\n<\/ul>\n<h2> <a href=\"https:\/\/teegro.gob.mx\/sitio2025\/decima-sexta-sesion-publica-de-resolucion-3\/#more-10731\" class=\"more-link\"><span aria-label=\"Sigue leyendo D\u00e9cima Sexta Sesi\u00f3n P\u00fablica de Resoluci\u00f3n\">(m\u00e1s&hellip;)<\/span><\/a><\/h2><\/div><\/li><li class=\"listing-item\"><a class=\"title\" href=\"https:\/\/teegro.gob.mx\/sitio2025\/decima-quinta-sesion-publica-de-resolucion-3\/\">D\u00e9cima Quinta Sesi\u00f3n P\u00fablica de Resoluci\u00f3n<\/a><div class=\"content\">\n<ul>\n<li><a href=\"https:\/\/teegro.gob.mx\/inicio\/wp-content\/uploads\/2021\/03\/Lista19032021.pdf\">Orden del d\u00eda<\/a><\/li>\n<li><a href=\"https:\/\/youtu.be\/j9Qx6RhpZRs\">V\u00eddeo de la Sesi\u00f3n<\/a><\/li>\n<\/ul>\n<h3>Contenido<\/h3>\n<ul>\n<li>TEE\/JEC\/018\/2021 Acuerdo Plenario &#8211; Sergio Montes Carrillo <\/li>\n<li>TEE\/JEC\/026\/2021 Acuerdo Plenario &#8211; H\u00e9ctor Andr\u00e9s P\u00e9rez Delgado<\/li>\n<li>TEE\/JEC\/020\/2021 y TEE\/JEC\/021\/2021 acumulados &#8211; Ricardo del Carmen Gallardo y Alberto Serna Mogoll\u00f3n<\/li>\n<li>TEE\/TEE\/PES\/004\/2021 &#8211; Erick Javier Ocampo P\u00e9rez, representante suplente del PAN ante el Consejo Distrital Electoral 21<\/li>\n<li>TEE\/JEC\/022\/2021 &#8211; \u00c1ngel Basurto Ortega<\/li>\n<\/ul>\n<h2> <a href=\"https:\/\/teegro.gob.mx\/sitio2025\/decima-quinta-sesion-publica-de-resolucion-3\/#more-10723\" class=\"more-link\"><span aria-label=\"Sigue leyendo D\u00e9cima Quinta Sesi\u00f3n P\u00fablica de Resoluci\u00f3n\">(m\u00e1s&hellip;)<\/span><\/a><\/h2><\/div><\/li><li class=\"listing-item\"><a class=\"title\" href=\"https:\/\/teegro.gob.mx\/sitio2025\/decima-cuarta-sesion-publica-de-resolucion-3\/\">D\u00e9cima Cuarta Sesi\u00f3n P\u00fablica de Resoluci\u00f3n<\/a><div class=\"content\">\n<ul>\n<li><a href=\"https:\/\/teegro.gob.mx\/inicio\/wp-content\/uploads\/2021\/03\/Lista15032021.pdf\">Orden del d\u00eda<\/a><\/li>\n<li><a href=\"https:\/\/teegro.gob.mx\/inicio\/wp-content\/uploads\/2021\/03\/Lista-complementaria-decima-cuarta-sesion.pdf\">Complementaria<\/a><\/li>\n<li><a href=\"https:\/\/youtu.be\/vILMszIAzyw\">V\u00eddeo de la Sesi\u00f3n<\/a><\/li>\n<\/ul>\n<h3>Contenido<\/h3>\n<ul>\n<li>TEE\/RAP\/003\/2021 &#8211; Edgar Neri Quevedo, administrador y representante legal de \u201dPretextos comunicaci\u00f3n S.A. de C.V.\u201d<\/li>\n<li>TEE\/JEC\/066\/2020 Incidente &#8211; Longino Julio Hern\u00e1ndez Campos<\/li>\n<li>TEE\/JEC\/066\/2020 Incidente &#8211; Isidro Remigio Cant\u00fa<\/li>\n<\/ul>\n<p><strong>Complementaria<\/strong><\/p>\n<ul>\n<li>TEE\/PES\/003\/2021 &#8211; Beatriz Berenice Nava Vega y Fredd Hern\u00e1ndez Rosas, representantes del Partido Revolucionario Institucional, ante los Consejos Distritales Electorales 12, del IEPC y federal 3, con sede en Zihuatanejo Azueta<\/li>\n<\/ul>\n<h2> <a href=\"https:\/\/teegro.gob.mx\/sitio2025\/decima-cuarta-sesion-publica-de-resolucion-3\/#more-10717\" class=\"more-link\"><span aria-label=\"Sigue leyendo D\u00e9cima Cuarta Sesi\u00f3n P\u00fablica de Resoluci\u00f3n\">(m\u00e1s&hellip;)<\/span><\/a><\/h2><\/div><\/li><li class=\"listing-item\"><a class=\"title\" href=\"https:\/\/teegro.gob.mx\/sitio2025\/decima-tercera-sesion-publica-de-resolucion-3\/\">D\u00e9cima Tercera Sesi\u00f3n P\u00fablica de Resoluci\u00f3n<\/a><div class=\"content\">\n<ul>\n<li><a href=\"https:\/\/teegro.gob.mx\/inicio\/wp-content\/uploads\/2021\/03\/Lista11032021_.pdf\">Orden del d\u00eda<\/a><\/li>\n<li><a href=\"https:\/\/youtu.be\/GZpAahigDxQ\">V\u00eddeo de la Sesi\u00f3n<\/a><\/li>\n<\/ul>\n<h3>Contenido<\/h3>\n<ul>\n<li>TEE\/RAP\/004\/2021 Acuerdo Plenario &#8211; Partido del Trabajo<\/li>\n<li>TEE\/RAP\/005\/2021 &#8211; Partido de la Revoluci\u00f3n Democr\u00e1tica<\/li>\n<li>TEE\/RAP\/003\/2021 &#8211; Edgar Neri Quevedo, administrador y representante legal de &#8220;Pretextos comunicaci\u00f3n S.A. de C.V.&#8221;<\/li>\n<li>TEE\/JEC\/018\/2021 &#8211; Sergio Montes Carrillo<\/li>\n<li>TEE\/JEC\/066\/2020 Incidente &#8211; Longino Julio Hern\u00e1ndez Campos<\/li>\n<\/ul>\n<h2> <a href=\"https:\/\/teegro.gob.mx\/sitio2025\/decima-tercera-sesion-publica-de-resolucion-3\/#more-10527\" class=\"more-link\"><span aria-label=\"Sigue leyendo D\u00e9cima Tercera Sesi\u00f3n P\u00fablica de Resoluci\u00f3n\">(m\u00e1s&hellip;)<\/span><\/a><\/h2><\/div><\/li><li class=\"listing-item\"><a class=\"title\" href=\"https:\/\/teegro.gob.mx\/sitio2025\/decima-segunda-sesion-publica-de-resolucion-3\/\">D\u00e9cima Segunda Sesi\u00f3n P\u00fablica de Resoluci\u00f3n<\/a><div class=\"content\">\n<ul>\n<li><a href=\"https:\/\/teegro.gob.mx\/inicio\/wp-content\/uploads\/2021\/03\/Lista04032021.pdf\">Orden del d\u00eda<\/a><\/li>\n<li><a href=\"https:\/\/teegro.gob.mx\/inicio\/wp-content\/uploads\/2021\/03\/complementaria04032021.pdf\">Complementaria<\/a><\/li>\n<li><a href=\"https:\/\/youtu.be\/lA-JxZNXid4\">V\u00eddeo de la Sesi\u00f3n<\/a><\/li>\n<\/ul>\n<h3>Contenido<\/h3>\n<ul>\n<li>TEE\/JEC\/016\/2021 y TEE\/JEC\/019\/2021, Acumulados &#8211; Luis Walton Aburto<\/li>\n<\/ul>\n<h3>Complementaria<\/h3>\n<ul>\n<li>TEE\/AG\/001\/2021 Acuerdo Plenario &#8211; Andr\u00e9s Catarino Cabello y otras personas<\/li>\n<\/ul>\n<h2> <a href=\"https:\/\/teegro.gob.mx\/sitio2025\/decima-segunda-sesion-publica-de-resolucion-3\/#more-10522\" class=\"more-link\"><span aria-label=\"Sigue leyendo D\u00e9cima Segunda Sesi\u00f3n P\u00fablica de Resoluci\u00f3n\">(m\u00e1s&hellip;)<\/span><\/a><\/h2><\/div><\/li><li class=\"listing-item\"><a class=\"title\" href=\"https:\/\/teegro.gob.mx\/sitio2025\/decima-primera-sesion-publica-de-resolucion-3\/\">D\u00e9cima Primera Sesi\u00f3n P\u00fablica de Resoluci\u00f3n<\/a><div class=\"content\">\n<ul>\n<li><a href=\"https:\/\/teegro.gob.mx\/inicio\/wp-content\/uploads\/2021\/02\/Lista01032021.pdf\">Orden del d\u00eda<\/a><\/li>\n<li><a href=\"https:\/\/youtu.be\/vNHJ-qbYhio\">V\u00eddeo de la Sesi\u00f3n<\/a><\/li>\n<\/ul>\n<h3>Contenido<\/h3>\n<ul>\n<li>TEE\/JEC\/007\/2020 Acuerdo Plenario &#8211; Sixto Cruz Ortega y otros<\/li>\n<li>TEE\/JEC\/066\/2020 Acuerdo Plenario &#8211; Isidro Remigio Cant\u00fa<\/li>\n<li>TEE\/PES\/001\/2021 &#8211; Francisca Alma Ju\u00e1rez Altamirano<\/li>\n<li>TEE\/JEC\/017\/2021 &#8211; Basilia Casta\u00f1eda Maciel<\/li>\n<li>TEE\/RAP\/004\/2021 &#8211; Partido del Trabajo<\/li>\n<li>TEE\/RAP\/005\/2021 &#8211; Partido de la Revoluci\u00f3n Democr\u00e1tica<\/li>\n<li>TEE\/LCT\/002\/2021 &#8211; Alejandro Adame Tolentino<\/li>\n<\/ul>\n<h2> <a href=\"https:\/\/teegro.gob.mx\/sitio2025\/decima-primera-sesion-publica-de-resolucion-3\/#more-10514\" class=\"more-link\"><span aria-label=\"Sigue leyendo D\u00e9cima Primera Sesi\u00f3n P\u00fablica de Resoluci\u00f3n\">(m\u00e1s&hellip;)<\/span><\/a><\/h2><\/div><\/li><\/ul><\/p><\/div>\n                <\/div><div class=\"eael-accordion-list\">\n                <div id=\"febrero\" class=\"elementor-tab-title eael-accordion-header\" tabindex=\"0\" data-tab=\"12\" aria-controls=\"elementor-tab-content-55612\"><span class=\"eael-advanced-accordion-icon-closed\"><i aria-hidden=\"true\" class=\"fa-accordion-icon fas fa-plus\"><\/i><\/span><span class=\"eael-advanced-accordion-icon-opened\"><i aria-hidden=\"true\" class=\"fa-accordion-icon fas fa-minus\"><\/i><\/span><span class=\"eael-accordion-tab-title\">Febrero<\/span><i aria-hidden=\"true\" class=\"fa-toggle fas fa-angle-right\"><\/i><\/div><div id=\"elementor-tab-content-55612\" class=\"eael-accordion-content clearfix\" data-tab=\"12\" aria-labelledby=\"febrero\"><p><ul class=\"display-posts-listing\"><li class=\"listing-item\"><a class=\"title\" href=\"https:\/\/teegro.gob.mx\/sitio2025\/decima-sesion-publica-de-resolucion-4\/\">D\u00e9cima Sesi\u00f3n P\u00fablica de Resoluci\u00f3n<\/a><div class=\"content\">\n<ul>\n<li><a href=\"https:\/\/teegro.gob.mx\/inicio\/wp-content\/uploads\/2021\/02\/lista23022021_.pdf\">Orden del d\u00eda<\/a><\/li>\n<li><a href=\"https:\/\/youtu.be\/h7pN9fGxCuE\">V\u00eddeo de la Sesi\u00f3n<\/a><\/li>\n<\/ul>\n<h3>Contenido<\/h3>\n<ul>\n<li>TEE\/LCT\/001\/2021 Acuerdo Plenario &#8211; Alberto Antonio Guerreo Polito<\/li>\n<li>TEE\/LCT\/011\/2020 Acuerdo Plenario &#8211; Ma. Cristal Labra Leonardo<\/li>\n<li>TEE\/JEC\/066\/2020 Acuerdo Plenario &#8211; Isidro Regmigio Cant\u00fa, Coordinador de Etnia M\u00e9 Phaa del Concejo Municipal Comunitario del Ayutla de los Libres, Guerrero<\/li>\n<li>TEE\/PES\/001\/2020 &#8211; Manuel Alberto Saavedra Ch\u00e1vez, Representante del Partido Revolucionario Institucional ante el Consejo General del IEPC del Estado de Guerrero<\/li>\n<li>TEE\/JEC\/012\/2021 &#8211; Claudia Lobato M\u00e9ndez y Lizeth G\u00f3mez Bautista<\/li>\n<li>TEE\/PES\/002\/2021 &#8211; Erick Javier Ocampo P\u00e9rez, Representante Suplente del Partido Acci\u00f3n Nacional del Consejo Distrital Electoral 21, en Taxco de Alarc\u00f3n, Guerrero<\/li>\n<li>TEE\/JEC\/010\/2021 &#8211; Demetrio Le\u00f3n \u00c1lvarez<\/li>\n<li>TEE\/JEC\/011\/2021 &#8211; Jos\u00e9 Rutilio Saavedra Ortega<\/li>\n<\/ul>\n<h2> <a href=\"https:\/\/teegro.gob.mx\/sitio2025\/decima-sesion-publica-de-resolucion-4\/#more-10503\" class=\"more-link\"><span aria-label=\"Sigue leyendo D\u00e9cima Sesi\u00f3n P\u00fablica de Resoluci\u00f3n\">(m\u00e1s&hellip;)<\/span><\/a><\/h2><\/div><\/li><li class=\"listing-item\"><a class=\"title\" href=\"https:\/\/teegro.gob.mx\/sitio2025\/novena-sesion-publica-de-resolucion-4\/\">Novena Sesi\u00f3n P\u00fablica de Resoluci\u00f3n<\/a><div class=\"content\">\n<ul>\n<li><a href=\"https:\/\/teegro.gob.mx\/inicio\/wp-content\/uploads\/2021\/02\/Lista140221.pdf\">Orden del d\u00eda<\/a><\/li>\n<li><a href=\"https:\/\/youtu.be\/4QXrpZNN-Ig\">V\u00eddeo de la Sesi\u00f3n<\/a><\/li>\n<\/ul>\n<h3>Contenido<\/h3>\n<ul>\n<li>TEE\/JEC\/014\/2020 Acuerdo Plenario &#8211; Marcos Efr\u00e9n Parra Moronatti<\/li>\n<li>TEE\/JEC\/001\/2021 Acuerdo Plenario &#8211; Juan G\u00e1lvez Guzm\u00e1n y otras personas<\/li>\n<li>TEE\/JEC\/009\/2021 Acuerdo Plenario &#8211; \u00c1ngel Basurto Ortega<\/li>\n<li>TEE\/RAP\/002\/2021 &#8211; Daniel Meza Loeza<\/li>\n<li>TEE\/JEC\/013\/2021 &#8211; Luis Walton Aburto<\/li>\n<li>TEE\/JEC\/014\/2021 &#8211; Ernesto Fidel Pay\u00e1n Cortinas<\/li>\n<li>TEE\/JEC\/015\/2021 &#8211; Ernesto Fidel Pay\u00e1n Cortinas<\/li>\n<\/ul>\n<h2> <a href=\"https:\/\/teegro.gob.mx\/sitio2025\/novena-sesion-publica-de-resolucion-4\/#more-10497\" class=\"more-link\"><span aria-label=\"Sigue leyendo Novena Sesi\u00f3n P\u00fablica de Resoluci\u00f3n\">(m\u00e1s&hellip;)<\/span><\/a><\/h2><\/div><\/li><li class=\"listing-item\"><a class=\"title\" href=\"https:\/\/teegro.gob.mx\/sitio2025\/octava-sesion-publica-de-resolucion-3\/\">Octava Sesi\u00f3n P\u00fablica de Resoluci\u00f3n<\/a><div class=\"content\">\n<ul>\n<li><a href=\"https:\/\/teegro.gob.mx\/inicio\/wp-content\/uploads\/2021\/02\/LISTA04022021.pdf\">Orden del d\u00eda<\/a><\/li>\n<li><a href=\"https:\/\/youtu.be\/iGZapoEOKLI\">V\u00eddeo de la Sesi\u00f3n<\/a><\/li>\n<\/ul>\n<h3>Contenido<\/h3>\n<ul>\n<li>TEE\/JEC\/008\/2021 Acuerdo plenario &#8211; Claudia Lobato M\u00e9ndez y Lizeth G\u00f3mez Bautista<\/li>\n<li>TEE\/JEC\/014\/2020 Acuerdo plenario &#8211; Marcos Efr\u00e9n Parra Moronaatti<\/li>\n<li>TEE\/JEC\/009\/2021 &#8211; \u00c1ngel Basurto Ortega<\/li>\n<li>TEE\/JEC\/066\/2020 &#8211; Isidro Remigio Cant\u00fa, Coordinador de etnia M\u00e9 Phaa del Concejo Municipal Comunitario de Ayutla de los Libres, Guerrero.<\/li>\n<\/ul>\n<h2> <a href=\"https:\/\/teegro.gob.mx\/sitio2025\/octava-sesion-publica-de-resolucion-3\/#more-10490\" class=\"more-link\"><span aria-label=\"Sigue leyendo Octava Sesi\u00f3n P\u00fablica de Resoluci\u00f3n\">(m\u00e1s&hellip;)<\/span><\/a><\/h2><\/div><\/li><\/ul><\/p><\/div>\n                <\/div><div class=\"eael-accordion-list\">\n                <div id=\"enero\" class=\"elementor-tab-title eael-accordion-header\" tabindex=\"0\" data-tab=\"13\" aria-controls=\"elementor-tab-content-55613\"><span class=\"eael-advanced-accordion-icon-closed\"><i aria-hidden=\"true\" class=\"fa-accordion-icon fas fa-plus\"><\/i><\/span><span class=\"eael-advanced-accordion-icon-opened\"><i aria-hidden=\"true\" class=\"fa-accordion-icon fas fa-minus\"><\/i><\/span><span class=\"eael-accordion-tab-title\">Enero<\/span><i aria-hidden=\"true\" class=\"fa-toggle fas fa-angle-right\"><\/i><\/div><div id=\"elementor-tab-content-55613\" class=\"eael-accordion-content clearfix\" data-tab=\"13\" aria-labelledby=\"enero\"><p><ul class=\"display-posts-listing\"><li class=\"listing-item\"><a class=\"title\" href=\"https:\/\/teegro.gob.mx\/sitio2025\/septima-sesion-publica-de-resolucion-2\/\">S\u00e9ptima Sesi\u00f3n P\u00fablica de Resoluci\u00f3n<\/a><div class=\"content\">\n<ul>\n<li><a href=\"https:\/\/teegro.gob.mx\/inicio\/wp-content\/uploads\/2021\/01\/Lista28012021.pdf\">Orden del d\u00eda<\/a><\/li>\n<li><a href=\"https:\/\/youtu.be\/G3Ion2_PJno\">V\u00eddeo de la Sesi\u00f3n<\/a><\/li>\n<\/ul>\n<h3>Contenido<\/h3>\n<ul>\n<li>TEE\/JEC\/001\/2021 &#8211; Juan G\u00e1lvez Guzm\u00e1n y otras personas<\/li>\n<\/ul>\n<h2> <a href=\"https:\/\/teegro.gob.mx\/sitio2025\/septima-sesion-publica-de-resolucion-2\/#more-10476\" class=\"more-link\"><span aria-label=\"Sigue leyendo S\u00e9ptima Sesi\u00f3n P\u00fablica de Resoluci\u00f3n\">(m\u00e1s&hellip;)<\/span><\/a><\/h2><\/div><\/li><li class=\"listing-item\"><a class=\"title\" href=\"https:\/\/teegro.gob.mx\/sitio2025\/sexta-sesion-publica-de-resolucion-4\/\">Sexta Sesi\u00f3n P\u00fablica de Resoluci\u00f3n<\/a><div class=\"content\">\n<ul>\n<li><a href=\"https:\/\/teegro.gob.mx\/inicio\/wp-content\/uploads\/2021\/01\/Lista26012021.pdf\">Orden del d\u00eda<\/a><\/li>\n<li><a href=\"https:\/\/youtu.be\/c2OVK6X2aro\">V\u00eddeo de la Sesi\u00f3n<\/a><\/li>\n<\/ul>\n<h3>Contenido<\/h3>\n<ul>\n<li>TEE\/JEL\/001\/2021 &#8211; Juan Loza Sol\u00eds y Alejandro S\u00e1nchez Garc\u00eda<\/li>\n<\/ul>\n<h2> <a href=\"https:\/\/teegro.gob.mx\/sitio2025\/sexta-sesion-publica-de-resolucion-4\/#more-10483\" class=\"more-link\"><span aria-label=\"Sigue leyendo Sexta Sesi\u00f3n P\u00fablica de Resoluci\u00f3n\">(m\u00e1s&hellip;)<\/span><\/a><\/h2><\/div><\/li><li class=\"listing-item\"><a class=\"title\" href=\"https:\/\/teegro.gob.mx\/sitio2025\/quinta-sesion-publica-de-resolucion-3\/\">Quinta Sesi\u00f3n P\u00fablica de Resoluci\u00f3n<\/a><div class=\"content\">\n<ul>\n<li><a href=\"https:\/\/teegro.gob.mx\/inicio\/wp-content\/uploads\/2021\/01\/Lista19012021_2.pdf\">Orden del d\u00eda<\/a><\/li>\n<li><a href=\"https:\/\/youtu.be\/xLSPNj0Q8sM\">V\u00eddeo de la Sesi\u00f3n<\/a><\/li>\n<\/ul>\n<h3>Contenido<\/h3>\n<ul>\n<li>TEE\/JEC\/007\/2021 Acuerdo plenario &#8211; H\u00e9ctor Manuel Popoca Boone<\/li>\n<li>TEE\/JEL\/004\/2021 &#8211; Francisco Javier Valladares Quijano, Juan Loza Sol\u00eds, Kevin Alejandro S\u00e1nchez Garc\u00eda, Abel Garc\u00eda Lara y Daniel Alejandro Vel\u00e1zquez V\u00e1zquez<\/li>\n<li>TEE\/RAP\/001\/2021 &#8211;&nbsp; Carlos Alberto Robles D\u00e1valos, representante del Partido Pol\u00edtico MORENA, ante el CDE 02, del IEPCGRO <\/li>\n<li>TEE\/JEC\/008\/2021 &#8211; Claudia Lobato M\u00e9ndez y Lizzeth G\u00f3mez Bautista<\/li>\n<li>TEE\/JEL\/003\/2021 &#8211; Juan Carlos Far\u00edas Ch\u00e1vez<\/li>\n<li>TEE\/JEL\/002\/2021 &#8211; Francisco Javier Valladares Quijano<\/li>\n<\/ul>\n<h2> <a href=\"https:\/\/teegro.gob.mx\/sitio2025\/quinta-sesion-publica-de-resolucion-3\/#more-10466\" class=\"more-link\"><span aria-label=\"Sigue leyendo Quinta Sesi\u00f3n P\u00fablica de Resoluci\u00f3n\">(m\u00e1s&hellip;)<\/span><\/a><\/h2><\/div><\/li><li class=\"listing-item\"><a class=\"title\" href=\"https:\/\/teegro.gob.mx\/sitio2025\/cuarta-sesion-publica-de-resolucion-3\/\">Cuarta Sesi\u00f3n P\u00fablica de Resoluci\u00f3n<\/a><div class=\"content\">\n<ul>\n<li><a href=\"https:\/\/teegro.gob.mx\/inicio\/wp-content\/uploads\/2021\/01\/Lista14012021.pdf\">Orden del d\u00eda<\/a><\/li>\n<li><a href=\"https:\/\/youtu.be\/O_VhD6hH4uU\">V\u00eddeo de la Sesi\u00f3n<\/a><\/li>\n<\/ul>\n<h3>Contenido<\/h3>\n<ul>\n<li>TEE\/JEC\/004\/2021 Acuerdo plenario &#8211; Juan Carlos Far\u00edas Ch\u00e1ve<\/li>\n<li>TEE\/JEC\/065\/2020, TEE\/JEC\/002\/2021 y TEE\/JEC\/003\/2021 Acumulados Acuerdo plenario &#8211; Francisco Javier Valladares Quijano y otros<\/li>\n<li>TEE\/JEC\/062\/2020 y TEE\/JEC\/063\/2020 Acumulados &#8211; Erasmo Salvador Carrillo y otro<\/li>\n<li>TEE\/JEL\/002\/2021 &#8211; Francisco Javier Valladares Quijano<\/li>\n<\/ul>\n<h2> <a href=\"https:\/\/teegro.gob.mx\/sitio2025\/cuarta-sesion-publica-de-resolucion-3\/#more-10462\" class=\"more-link\"><span aria-label=\"Sigue leyendo Cuarta Sesi\u00f3n P\u00fablica de Resoluci\u00f3n\">(m\u00e1s&hellip;)<\/span><\/a><\/h2><\/div><\/li><li class=\"listing-item\"><a class=\"title\" href=\"https:\/\/teegro.gob.mx\/sitio2025\/tercera-sesion-publica-de-resolucion-3\/\">Tercera Sesi\u00f3n P\u00fablica de Resoluci\u00f3n<\/a><div class=\"content\">\n<ul>\n<li><a href=\"https:\/\/teegro.gob.mx\/inicio\/wp-content\/uploads\/2021\/01\/Lista12012021.pdf\">Orden del d\u00eda<\/a><\/li>\n<li><a href=\"https:\/\/youtu.be\/UyPV9oMDEXg\">V\u00eddeo de la Sesi\u00f3n<\/a><\/li>\n<\/ul>\n<h3>Contenido<\/h3>\n<ul>\n<li>TEE\/JEC\/014\/2020 Acuerdo plenario &#8211; Marcos Efr\u00e9n Parra Moronatti<\/li>\n<li>TEE\/JEC\/005\/2021 Acuerdo plenario &#8211; Juan Loza Sol\u00eds y Kevin Alejandro S\u00e1nchez Garc\u00eda<\/li>\n<li>TEE\/JEC\/006\/2021 Acuerdo plenario &#8211; Francisco Javier Valladares Quijano<\/li>\n<li>TEE\/LCT\/012\/2020 Acuerdo plenario &#8211; Jos\u00e9 Emmanuel Salazar Ibarra<\/li>\n<\/ul>\n<h2> <a href=\"https:\/\/teegro.gob.mx\/sitio2025\/tercera-sesion-publica-de-resolucion-3\/#more-10461\" class=\"more-link\"><span aria-label=\"Sigue leyendo Tercera Sesi\u00f3n P\u00fablica de Resoluci\u00f3n\">(m\u00e1s&hellip;)<\/span><\/a><\/h2><\/div><\/li><li class=\"listing-item\"><a class=\"title\" href=\"https:\/\/teegro.gob.mx\/sitio2025\/segunda-sesion-publica-de-resolucion-3\/\">Segunda Sesi\u00f3n P\u00fablica de Resoluci\u00f3n<\/a><div class=\"content\">\n<ul>\n<li><a href=\"https:\/\/teegro.gob.mx\/inicio\/wp-content\/uploads\/2021\/01\/Lista07012021_2.pdf\">Orden del d\u00eda<\/a><\/li>\n<li><a href=\"https:\/\/youtu.be\/GF8cUW_fPNg\">V\u00eddeo de la Sesi\u00f3n<\/a><\/li>\n<\/ul>\n<h3>Contenido<\/h3>\n<ul>\n<li>TEE\/JEC\/007\/2021 &#8211; H\u00e9ctor Manuel Popoca Boone<\/li>\n<\/ul>\n<h2> <a href=\"https:\/\/teegro.gob.mx\/sitio2025\/segunda-sesion-publica-de-resolucion-3\/#more-10348\" class=\"more-link\"><span aria-label=\"Sigue leyendo Segunda Sesi\u00f3n P\u00fablica de Resoluci\u00f3n\">(m\u00e1s&hellip;)<\/span><\/a><\/h2><\/div><\/li><li class=\"listing-item\"><a class=\"title\" href=\"https:\/\/teegro.gob.mx\/sitio2025\/primera-sesion-publica-de-resolucion-3\/\">Primera Sesi\u00f3n P\u00fablica de Resoluci\u00f3n<\/a><div class=\"content\">\n<ul>\n<li><a href=\"https:\/\/teegro.gob.mx\/inicio\/wp-content\/uploads\/2021\/01\/Lista07012021.pdf\">Orden del d\u00eda<\/a><\/li>\n<li><a href=\"https:\/\/youtu.be\/Fy0kXeKQTX0\">V\u00eddeo de la Sesi\u00f3n<\/a><\/li>\n<\/ul>\n<h3>Contenido<\/h3>\n<ul>\n<li>TEE\/JEC\/024\/2020 Acuerdo Plenario &#8211; Isaac David Cruz Rabad\u00e1n<\/li>\n<li>TEE\/RAP\/015\/2020 Acuerdo Plenario &#8211; H\u00e9ctor Manuel Popoca Boone<\/li>\n<li>TEE\/JEC\/005\/2020 Acuerdo Plenario &#8211; Sergio Montes Carrillo<\/li>\n<li>TEE\/JEC\/006\/2020 Acuerdo Plenario &#8211; Sergio Montes Carrillo<\/li>\n<li>TEE\/JEC\/047\/2020 Acuerdo Plenario &#8211; M\u00e1ximo Cristino Hern\u00e1ndez<\/li>\n<li>TEE\/JEC\/064\/2020 &#8211; Jes\u00fas Oswaldo Salgado Rivera<\/li>\n<li>TEE\/RAP\/014\/2020 &#8211; Dato protegido<\/li>\n<\/ul>\n<h2> <a href=\"https:\/\/teegro.gob.mx\/sitio2025\/primera-sesion-publica-de-resolucion-3\/#more-10359\" class=\"more-link\"><span aria-label=\"Sigue leyendo Primera Sesi\u00f3n P\u00fablica de Resoluci\u00f3n\">(m\u00e1s&hellip;)<\/span><\/a><\/h2><\/div><\/li><\/ul><\/p><\/div>\n                <\/div><\/div>\t\t\t\t<\/div>\n\t\t\t\t<\/div>\n\t\t\t\t\t<\/div>\n\t\t<\/div>\n\t\t\t\t\t<\/div>\n\t\t<\/section>\n\t\t\t\t<\/div>\n\t\t                    <\/div>\n\t\t                    <\/div>\n        <\/div>\n\t\t\t\t<\/div>\n\t\t\t\t<\/div>\n\t\t\t\t<div class=\"elementor-element elementor-element-930a682 elementor-widget-divider--view-line elementor-widget elementor-widget-divider\" data-id=\"930a682\" data-element_type=\"widget\" data-widget_type=\"divider.default\">\n\t\t\t\t<div class=\"elementor-widget-container\">\n\t\t\t\t\t\t\t<div class=\"elementor-divider\">\n\t\t\t<span class=\"elementor-divider-separator\">\n\t\t\t\t\t\t<\/span>\n\t\t<\/div>\n\t\t\t\t\t\t<\/div>\n\t\t\t\t<\/div>\n\t\t\t\t<div class=\"elementor-element elementor-element-88a5ec2 elementor-widget elementor-widget-text-editor\" data-id=\"88a5ec2\" data-element_type=\"widget\" data-widget_type=\"text-editor.default\">\n\t\t\t\t<div class=\"elementor-widget-container\">\n\t\t\t\t\t\t\t\t\t<p><style><span data-mce-type=\"bookmark\" style=\"display: inline-block; width: 0px; overflow: hidden; line-height: 0;\" class=\"mce_SELRES_start\">\ufeff<\/span>.aviso {font-size:16px; color:#fff; text-align: center; border:1px solid #fff; padding: 5px 10px; margin: 0 20px;}<\/style><\/p><h3>Traducidas a lengua materna (audio)<\/h3><hr \/><p><!--[if lt IE 9]><script>document.createElement('audio');<\/script><![endif]-->\n\t<div class=\"wp-playlist wp-audio-playlist wp-playlist-light\">\n\t\t\t<div class=\"wp-playlist-current-item\"><\/div>\n\t\t<audio controls=\"controls\" preload=\"none\" width=\"778\"\n\t\t\t><\/audio>\n\t<div class=\"wp-playlist-next\"><\/div>\n\t<div class=\"wp-playlist-prev\"><\/div>\n\t<noscript>\n\t<ol>\n\t\t<li><a href='https:\/\/teegro.gob.mx\/sitio2025\/wp-content\/uploads\/2016\/04\/TEE-IIISU-JIN-022-2015.mp3'>TEE-IIISU-JIN-022-2015<\/a><\/li><li><a href='https:\/\/teegro.gob.mx\/sitio2025\/wp-content\/uploads\/2016\/04\/TEE-IVSU-JIN-015-2015.mp3'>TEE-IVSU-JIN-015-2015<\/a><\/li><li><a href='https:\/\/teegro.gob.mx\/sitio2025\/wp-content\/uploads\/2016\/04\/TEE-IIISU-JIN-004-2015.mp3'>TEE-IIISU-JIN-004-2015<\/a><\/li><li><a href='https:\/\/teegro.gob.mx\/sitio2025\/wp-content\/uploads\/2016\/04\/TEE-IIISU-JIN-010-2015.mp3'>TEE-IIISU-JIN-010-2015<\/a><\/li>\t<\/ol>\n\t<\/noscript>\n\t<script type=\"application\/json\" class=\"wp-playlist-script\">{\"type\":\"audio\",\"tracklist\":true,\"tracknumbers\":true,\"images\":false,\"artists\":true,\"tracks\":[{\"src\":\"https:\\\/\\\/teegro.gob.mx\\\/sitio2025\\\/wp-content\\\/uploads\\\/2016\\\/04\\\/TEE-IIISU-JIN-022-2015.mp3\",\"type\":\"audio\\\/mpeg\",\"title\":\"TEE-IIISU-JIN-022-2015\",\"caption\":\"\",\"description\":\"\\\"TEE-IIISU-JIN-022-2015\\\". Lanzamiento: 2015.\",\"meta\":{\"year\":\"2015\",\"length_formatted\":\"5:18\"},\"image\":{\"src\":\"https:\\\/\\\/teegro.gob.mx\\\/sitio2025\\\/wp-includes\\\/images\\\/media\\\/audio.svg\",\"width\":48,\"height\":64},\"thumb\":{\"src\":\"https:\\\/\\\/teegro.gob.mx\\\/sitio2025\\\/wp-includes\\\/images\\\/media\\\/audio.svg\",\"width\":48,\"height\":64}},{\"src\":\"https:\\\/\\\/teegro.gob.mx\\\/sitio2025\\\/wp-content\\\/uploads\\\/2016\\\/04\\\/TEE-IVSU-JIN-015-2015.mp3\",\"type\":\"audio\\\/mpeg\",\"title\":\"TEE-IVSU-JIN-015-2015\",\"caption\":\"\",\"description\":\"\\\"TEE-IVSU-JIN-015-2015\\\". Lanzamiento: 2015.\",\"meta\":{\"year\":\"2015\",\"length_formatted\":\"14:08\"},\"image\":{\"src\":\"https:\\\/\\\/teegro.gob.mx\\\/sitio2025\\\/wp-includes\\\/images\\\/media\\\/audio.svg\",\"width\":48,\"height\":64},\"thumb\":{\"src\":\"https:\\\/\\\/teegro.gob.mx\\\/sitio2025\\\/wp-includes\\\/images\\\/media\\\/audio.svg\",\"width\":48,\"height\":64}},{\"src\":\"https:\\\/\\\/teegro.gob.mx\\\/sitio2025\\\/wp-content\\\/uploads\\\/2016\\\/04\\\/TEE-IIISU-JIN-004-2015.mp3\",\"type\":\"audio\\\/mpeg\",\"title\":\"TEE-IIISU-JIN-004-2015\",\"caption\":\"\",\"description\":\"\\\"TEE-IIISU-JIN-004-2015\\\". Lanzamiento: 2015.\",\"meta\":{\"year\":\"2015\",\"length_formatted\":\"7:09\"},\"image\":{\"src\":\"https:\\\/\\\/teegro.gob.mx\\\/sitio2025\\\/wp-includes\\\/images\\\/media\\\/audio.svg\",\"width\":48,\"height\":64},\"thumb\":{\"src\":\"https:\\\/\\\/teegro.gob.mx\\\/sitio2025\\\/wp-includes\\\/images\\\/media\\\/audio.svg\",\"width\":48,\"height\":64}},{\"src\":\"https:\\\/\\\/teegro.gob.mx\\\/sitio2025\\\/wp-content\\\/uploads\\\/2016\\\/04\\\/TEE-IIISU-JIN-010-2015.mp3\",\"type\":\"audio\\\/mpeg\",\"title\":\"TEE-IIISU-JIN-010-2015\",\"caption\":\"\",\"description\":\"\\\"TEE-IIISU-JIN-010-2015\\\". Lanzamiento: 2015. G\\u00e9nero: Blues.\",\"meta\":{\"genre\":\"Blues\",\"year\":\"2015\",\"length_formatted\":\"25:42\"},\"image\":{\"src\":\"https:\\\/\\\/teegro.gob.mx\\\/sitio2025\\\/wp-includes\\\/images\\\/media\\\/audio.svg\",\"width\":48,\"height\":64},\"thumb\":{\"src\":\"https:\\\/\\\/teegro.gob.mx\\\/sitio2025\\\/wp-includes\\\/images\\\/media\\\/audio.svg\",\"width\":48,\"height\":64}}]}<\/script>\n<\/div>\n\t<\/p>\t\t\t\t\t\t\t\t<\/div>\n\t\t\t\t<\/div>\n\t\t\t\t\t<\/div>\n\t\t<\/div>\n\t\t\t\t\t<\/div>\n\t\t<\/section>\n\t\t\t\t<section class=\"elementor-section elementor-top-section elementor-element elementor-element-9208a89 elementor-section-boxed elementor-section-height-default elementor-section-height-default\" data-id=\"9208a89\" data-element_type=\"section\" data-settings=\"{&quot;background_background&quot;:&quot;classic&quot;}\">\n\t\t\t\t\t\t<div class=\"elementor-container elementor-column-gap-default\">\n\t\t\t\t\t<div class=\"elementor-column elementor-col-100 elementor-top-column elementor-element elementor-element-f329ac8\" data-id=\"f329ac8\" data-element_type=\"column\">\n\t\t\t<div class=\"elementor-widget-wrap elementor-element-populated\">\n\t\t\t\t\t\t<div class=\"elementor-element elementor-element-1b993ee elementor-widget elementor-widget-eael-adv-tabs\" data-id=\"1b993ee\" data-element_type=\"widget\" data-widget_type=\"eael-adv-tabs.default\">\n\t\t\t\t<div class=\"elementor-widget-container\">\n\t\t\t\t\t        <div data-scroll-on-click=\"no\" data-scroll-speed=\"300\" id=\"eael-advance-tabs-1b993ee\" class=\"eael-advance-tabs eael-tabs-horizontal eael-tab-auto-active \" data-tabid=\"1b993ee\">\n            <div class=\"eael-tabs-nav\">\n                <ul class=\"eael-tab-inline-icon\" role=\"tablist\">\n                                            <li id=\"2020\" class=\" eael-tab-item-trigger eael-tab-nav-item\" aria-selected=\"true\" data-tab=\"1\" role=\"tab\" tabindex=\"0\" aria-controls=\"2020-tab\" aria-expanded=\"false\">\n                            \n                                                        \n                                                            <span class=\"eael-tab-title title-after-icon\" >2020<\/span>                            \n                                                    <\/li>\n                                            <li id=\"2019\" class=\" eael-tab-item-trigger eael-tab-nav-item\" aria-selected=\"false\" data-tab=\"2\" role=\"tab\" tabindex=\"-1\" aria-controls=\"2019-tab\" aria-expanded=\"false\">\n                            \n                                                        \n                                                            <span class=\"eael-tab-title title-after-icon\" >2019<\/span>                            \n                                                    <\/li>\n                                            <li id=\"2018\" class=\"inactive eael-tab-item-trigger eael-tab-nav-item\" aria-selected=\"false\" data-tab=\"3\" role=\"tab\" tabindex=\"-1\" aria-controls=\"2018-tab\" aria-expanded=\"false\">\n                            \n                                                        \n                                                            <span class=\"eael-tab-title title-after-icon\" >2018<\/span>                            \n                                                    <\/li>\n                                            <li id=\"2017\" class=\"inactive eael-tab-item-trigger eael-tab-nav-item\" aria-selected=\"false\" data-tab=\"4\" role=\"tab\" tabindex=\"-1\" aria-controls=\"2017-tab\" aria-expanded=\"false\">\n                            \n                                                        \n                                                            <span class=\"eael-tab-title title-after-icon\" >2017<\/span>                            \n                                                    <\/li>\n                                    <\/ul>\n            <\/div>\n            \n            <div class=\"eael-tabs-content\">\n\t\t        \n                    <div id=\"2020-tab\" class=\"clearfix eael-tab-content-item \" data-title-link=\"2020-tab\">\n\t\t\t\t        <style>.elementor-9778 .elementor-element.elementor-element-350815f .eael-adv-accordion .eael-accordion-list .eael-accordion-header .eael-accordion-tab-title{font-size:1.1em;color:#333;}.elementor-9778 .elementor-element.elementor-element-350815f .eael-adv-accordion .eael-accordion-list .eael-accordion-header .fa-accordion-icon{font-size:16px;margin-left:10px;color:#333;}.elementor-9778 .elementor-element.elementor-element-350815f .eael-adv-accordion .eael-accordion-list .eael-accordion-header svg.fa-accordion-icon{height:16px;width:16px;line-height:16px;}.elementor-9778 .elementor-element.elementor-element-350815f .eael-adv-accordion .eael-accordion-list .eael-accordion-header .fa-accordion-icon-svg svg{color:#333;fill:#333;}.elementor-9778 .elementor-element.elementor-element-350815f .eael-adv-accordion .eael-accordion-list .eael-accordion-header svg{fill:#333;}.elementor-9778 .elementor-element.elementor-element-350815f .eael-adv-accordion .eael-accordion-list .eael-accordion-header:hover .eael-accordion-tab-title{color:#fff;}.elementor-9778 .elementor-element.elementor-element-350815f .eael-adv-accordion .eael-accordion-list .eael-accordion-header:hover .fa-accordion-icon{color:#fff;}.elementor-9778 .elementor-element.elementor-element-350815f .eael-adv-accordion .eael-accordion-list .eael-accordion-header:hover .fa-accordion-icon svg{color:#fff;fill:#fff;}.elementor-9778 .elementor-element.elementor-element-350815f .eael-adv-accordion .eael-accordion-list .eael-accordion-header:hover svg.fa-accordion-icon{fill:#fff;}.elementor-9778 .elementor-element.elementor-element-350815f .eael-adv-accordion .eael-accordion-list .eael-accordion-header.active{color:#fff;}.elementor-9778 .elementor-element.elementor-element-350815f .eael-adv-accordion .eael-accordion-list .eael-accordion-header.active .eael-accordion-tab-title{color:#fff;}.elementor-9778 .elementor-element.elementor-element-350815f .eael-adv-accordion .eael-accordion-list .eael-accordion-header.active .fa-accordion-icon{color:#fff;}.elementor-9778 .elementor-element.elementor-element-350815f .eael-adv-accordion .eael-accordion-list .eael-accordion-header.active .fa-accordion-icon svg{color:#fff;fill:#fff;}.elementor-9778 .elementor-element.elementor-element-350815f .eael-adv-accordion .eael-accordion-list .eael-accordion-header.active svg.fa-accordion-icon{fill:#fff;}.elementor-9778 .elementor-element.elementor-element-350815f .eael-adv-accordion .eael-accordion-list .eael-accordion-content{color:#333;}.elementor-9778 .elementor-element.elementor-element-350815f .eael-adv-accordion .eael-accordion-list .eael-accordion-header .fa-toggle, .elementor-9778 .elementor-element.elementor-element-350815f .eael-adv-accordion .eael-accordion-list .eael-accordion-header > .fa-toggle-svg{font-size:16px;}.elementor-9778 .elementor-element.elementor-element-350815f .eael-adv-accordion .eael-accordion-list .eael-accordion-header svg.fa-toggle{height:16px;width:16px;line-height:16px;fill:#444;}.elementor-9778 .elementor-element.elementor-element-350815f .eael-adv-accordion .eael-accordion-list .eael-accordion-header .fa-toggle{color:#444;}.elementor-9778 .elementor-element.elementor-element-350815f .eael-adv-accordion .eael-accordion-list .eael-accordion-header .fa-toggle svg{color:#444;fill:#444;}.elementor-9778 .elementor-element.elementor-element-350815f .eael-adv-accordion .eael-accordion-list .eael-accordion-header.active .fa-toggle{color:#fff;}.elementor-9778 .elementor-element.elementor-element-350815f .eael-adv-accordion .eael-accordion-list .eael-accordion-header.active .fa-toggle svg{color:#fff;fill:#fff;}.elementor-9778 .elementor-element.elementor-element-350815f .eael-adv-accordion .eael-accordion-list .eael-accordion-header.active svg.fa-toggle{fill:#fff;}<\/style>\t\t<div data-elementor-type=\"page\" data-elementor-id=\"9778\" class=\"elementor elementor-9778\">\n\t\t\t\t\t\t<section class=\"elementor-section elementor-top-section elementor-element elementor-element-30d5596 elementor-section-full_width elementor-section-height-default elementor-section-height-default\" data-id=\"30d5596\" data-element_type=\"section\">\n\t\t\t\t\t\t<div class=\"elementor-container elementor-column-gap-default\">\n\t\t\t\t\t<div class=\"elementor-column elementor-col-100 elementor-top-column elementor-element elementor-element-42736e1\" data-id=\"42736e1\" data-element_type=\"column\">\n\t\t\t<div class=\"elementor-widget-wrap elementor-element-populated\">\n\t\t\t\t\t\t<div class=\"elementor-element elementor-element-350815f elementor-widget elementor-widget-eael-adv-accordion\" data-id=\"350815f\" data-element_type=\"widget\" data-widget_type=\"eael-adv-accordion.default\">\n\t\t\t\t<div class=\"elementor-widget-container\">\n\t\t\t\t\t        <div class=\"eael-adv-accordion\" id=\"eael-adv-accordion-350815f\" data-scroll-on-click=\"no\" data-scroll-speed=\"300\" data-accordion-id=\"350815f\" data-accordion-type=\"accordion\" data-toogle-speed=\"300\">\n    <div class=\"eael-accordion-list\">\n                <div id=\"diciembre\" class=\"elementor-tab-title eael-accordion-header active-default\" tabindex=\"0\" data-tab=\"1\" aria-controls=\"elementor-tab-content-5561\"><span class=\"eael-advanced-accordion-icon-closed\"><i aria-hidden=\"true\" class=\"fa-accordion-icon fas fa-plus\"><\/i><\/span><span class=\"eael-advanced-accordion-icon-opened\"><i aria-hidden=\"true\" class=\"fa-accordion-icon fas fa-minus\"><\/i><\/span><span class=\"eael-accordion-tab-title\">Diciembre<\/span><i aria-hidden=\"true\" class=\"fa-toggle fas fa-angle-right\"><\/i><\/div><div id=\"elementor-tab-content-5561\" class=\"eael-accordion-content clearfix active-default\" data-tab=\"1\" aria-labelledby=\"diciembre\"><p><\/p><\/div>\n                <\/div><div class=\"eael-accordion-list\">\n                <div id=\"noviembre\" class=\"elementor-tab-title eael-accordion-header\" tabindex=\"0\" data-tab=\"2\" aria-controls=\"elementor-tab-content-5562\"><span class=\"eael-advanced-accordion-icon-closed\"><i aria-hidden=\"true\" class=\"fa-accordion-icon fas fa-plus\"><\/i><\/span><span class=\"eael-advanced-accordion-icon-opened\"><i aria-hidden=\"true\" class=\"fa-accordion-icon fas fa-minus\"><\/i><\/span><span class=\"eael-accordion-tab-title\">Noviembre<\/span><i aria-hidden=\"true\" class=\"fa-toggle fas fa-angle-right\"><\/i><\/div><div id=\"elementor-tab-content-5562\" class=\"eael-accordion-content clearfix\" data-tab=\"2\" aria-labelledby=\"noviembre\"><p><\/p><\/div>\n                <\/div><div class=\"eael-accordion-list\">\n                <div id=\"octubre\" class=\"elementor-tab-title eael-accordion-header\" tabindex=\"0\" data-tab=\"3\" aria-controls=\"elementor-tab-content-5563\"><span class=\"eael-advanced-accordion-icon-closed\"><i aria-hidden=\"true\" class=\"fa-accordion-icon fas fa-plus\"><\/i><\/span><span class=\"eael-advanced-accordion-icon-opened\"><i aria-hidden=\"true\" class=\"fa-accordion-icon fas fa-minus\"><\/i><\/span><span class=\"eael-accordion-tab-title\">Octubre<\/span><i aria-hidden=\"true\" class=\"fa-toggle fas fa-angle-right\"><\/i><\/div><div id=\"elementor-tab-content-5563\" class=\"eael-accordion-content clearfix\" data-tab=\"3\" aria-labelledby=\"octubre\"><p><\/p><\/div>\n                <\/div><div class=\"eael-accordion-list\">\n                <div id=\"septiembre\" class=\"elementor-tab-title eael-accordion-header\" tabindex=\"0\" data-tab=\"4\" aria-controls=\"elementor-tab-content-5564\"><span class=\"eael-advanced-accordion-icon-closed\"><i aria-hidden=\"true\" class=\"fa-accordion-icon fas fa-plus\"><\/i><\/span><span class=\"eael-advanced-accordion-icon-opened\"><i aria-hidden=\"true\" class=\"fa-accordion-icon fas fa-minus\"><\/i><\/span><span class=\"eael-accordion-tab-title\">Septiembre<\/span><i aria-hidden=\"true\" class=\"fa-toggle fas fa-angle-right\"><\/i><\/div><div id=\"elementor-tab-content-5564\" class=\"eael-accordion-content clearfix\" data-tab=\"4\" aria-labelledby=\"septiembre\"><p><\/p><\/div>\n                <\/div><div class=\"eael-accordion-list\">\n                <div id=\"agosto\" class=\"elementor-tab-title eael-accordion-header\" tabindex=\"0\" data-tab=\"5\" aria-controls=\"elementor-tab-content-5565\"><span class=\"eael-advanced-accordion-icon-closed\"><i aria-hidden=\"true\" class=\"fa-accordion-icon fas fa-plus\"><\/i><\/span><span class=\"eael-advanced-accordion-icon-opened\"><i aria-hidden=\"true\" class=\"fa-accordion-icon fas fa-minus\"><\/i><\/span><span class=\"eael-accordion-tab-title\">Agosto<\/span><i aria-hidden=\"true\" class=\"fa-toggle fas fa-angle-right\"><\/i><\/div><div id=\"elementor-tab-content-5565\" class=\"eael-accordion-content clearfix\" data-tab=\"5\" aria-labelledby=\"agosto\"><p><\/p><\/div>\n                <\/div><div class=\"eael-accordion-list\">\n                <div id=\"julio\" class=\"elementor-tab-title eael-accordion-header\" tabindex=\"0\" data-tab=\"6\" aria-controls=\"elementor-tab-content-5566\"><span class=\"eael-advanced-accordion-icon-closed\"><i aria-hidden=\"true\" class=\"fa-accordion-icon fas fa-plus\"><\/i><\/span><span class=\"eael-advanced-accordion-icon-opened\"><i aria-hidden=\"true\" class=\"fa-accordion-icon fas fa-minus\"><\/i><\/span><span class=\"eael-accordion-tab-title\">Julio<\/span><i aria-hidden=\"true\" class=\"fa-toggle fas fa-angle-right\"><\/i><\/div><div id=\"elementor-tab-content-5566\" class=\"eael-accordion-content clearfix\" data-tab=\"6\" aria-labelledby=\"julio\"><p><\/p><\/div>\n                <\/div><div class=\"eael-accordion-list\">\n                <div id=\"junio\" class=\"elementor-tab-title eael-accordion-header\" tabindex=\"0\" data-tab=\"7\" aria-controls=\"elementor-tab-content-5567\"><span class=\"eael-advanced-accordion-icon-closed\"><i aria-hidden=\"true\" class=\"fa-accordion-icon fas fa-plus\"><\/i><\/span><span class=\"eael-advanced-accordion-icon-opened\"><i aria-hidden=\"true\" class=\"fa-accordion-icon fas fa-minus\"><\/i><\/span><span class=\"eael-accordion-tab-title\">Junio<\/span><i aria-hidden=\"true\" class=\"fa-toggle fas fa-angle-right\"><\/i><\/div><div id=\"elementor-tab-content-5567\" class=\"eael-accordion-content clearfix\" data-tab=\"7\" aria-labelledby=\"junio\"><p><\/p><\/div>\n                <\/div><div class=\"eael-accordion-list\">\n                <div id=\"mayo\" class=\"elementor-tab-title eael-accordion-header\" tabindex=\"0\" data-tab=\"8\" aria-controls=\"elementor-tab-content-5568\"><span class=\"eael-advanced-accordion-icon-closed\"><i aria-hidden=\"true\" class=\"fa-accordion-icon fas fa-plus\"><\/i><\/span><span class=\"eael-advanced-accordion-icon-opened\"><i aria-hidden=\"true\" class=\"fa-accordion-icon fas fa-minus\"><\/i><\/span><span class=\"eael-accordion-tab-title\">Mayo<\/span><i aria-hidden=\"true\" class=\"fa-toggle fas fa-angle-right\"><\/i><\/div><div id=\"elementor-tab-content-5568\" class=\"eael-accordion-content clearfix\" data-tab=\"8\" aria-labelledby=\"mayo\"><p><\/p><\/div>\n                <\/div><div class=\"eael-accordion-list\">\n                <div id=\"abril\" class=\"elementor-tab-title eael-accordion-header\" tabindex=\"0\" data-tab=\"9\" aria-controls=\"elementor-tab-content-5569\"><span class=\"eael-advanced-accordion-icon-closed\"><i aria-hidden=\"true\" class=\"fa-accordion-icon fas fa-plus\"><\/i><\/span><span class=\"eael-advanced-accordion-icon-opened\"><i aria-hidden=\"true\" class=\"fa-accordion-icon fas fa-minus\"><\/i><\/span><span class=\"eael-accordion-tab-title\">Abril<\/span><i aria-hidden=\"true\" class=\"fa-toggle fas fa-angle-right\"><\/i><\/div><div id=\"elementor-tab-content-5569\" class=\"eael-accordion-content clearfix\" data-tab=\"9\" aria-labelledby=\"abril\"><p><\/p><\/div>\n                <\/div><div class=\"eael-accordion-list\">\n                <div id=\"marzo\" class=\"elementor-tab-title eael-accordion-header\" tabindex=\"0\" data-tab=\"10\" aria-controls=\"elementor-tab-content-55610\"><span class=\"eael-advanced-accordion-icon-closed\"><i aria-hidden=\"true\" class=\"fa-accordion-icon fas fa-plus\"><\/i><\/span><span class=\"eael-advanced-accordion-icon-opened\"><i aria-hidden=\"true\" class=\"fa-accordion-icon fas fa-minus\"><\/i><\/span><span class=\"eael-accordion-tab-title\">Marzo<\/span><i aria-hidden=\"true\" class=\"fa-toggle fas fa-angle-right\"><\/i><\/div><div id=\"elementor-tab-content-55610\" class=\"eael-accordion-content clearfix\" data-tab=\"10\" aria-labelledby=\"marzo\"><p><\/p><\/div>\n                <\/div><div class=\"eael-accordion-list\">\n                <div id=\"febrero\" class=\"elementor-tab-title eael-accordion-header\" tabindex=\"0\" data-tab=\"11\" aria-controls=\"elementor-tab-content-55611\"><span class=\"eael-advanced-accordion-icon-closed\"><i aria-hidden=\"true\" class=\"fa-accordion-icon fas fa-plus\"><\/i><\/span><span class=\"eael-advanced-accordion-icon-opened\"><i aria-hidden=\"true\" class=\"fa-accordion-icon fas fa-minus\"><\/i><\/span><span class=\"eael-accordion-tab-title\">Febrero<\/span><i aria-hidden=\"true\" class=\"fa-toggle fas fa-angle-right\"><\/i><\/div><div id=\"elementor-tab-content-55611\" class=\"eael-accordion-content clearfix\" data-tab=\"11\" aria-labelledby=\"febrero\"><p><\/p><\/div>\n                <\/div><div class=\"eael-accordion-list\">\n                <div id=\"enero\" class=\"elementor-tab-title eael-accordion-header\" tabindex=\"0\" data-tab=\"12\" aria-controls=\"elementor-tab-content-55612\"><span class=\"eael-advanced-accordion-icon-closed\"><i aria-hidden=\"true\" class=\"fa-accordion-icon fas fa-plus\"><\/i><\/span><span class=\"eael-advanced-accordion-icon-opened\"><i aria-hidden=\"true\" class=\"fa-accordion-icon fas fa-minus\"><\/i><\/span><span class=\"eael-accordion-tab-title\">Enero<\/span><i aria-hidden=\"true\" class=\"fa-toggle fas fa-angle-right\"><\/i><\/div><div id=\"elementor-tab-content-55612\" class=\"eael-accordion-content clearfix\" data-tab=\"12\" aria-labelledby=\"enero\"><p><\/p><\/div>\n                <\/div><\/div>\t\t\t\t<\/div>\n\t\t\t\t<\/div>\n\t\t\t\t\t<\/div>\n\t\t<\/div>\n\t\t\t\t\t<\/div>\n\t\t<\/section>\n\t\t\t\t<\/div>\n\t\t                    <\/div>\n\t\t        \n                    <div id=\"2019-tab\" class=\"clearfix eael-tab-content-item \" data-title-link=\"2019-tab\">\n\t\t\t\t        <style>.elementor-8745 .elementor-element.elementor-element-350815f .eael-adv-accordion .eael-accordion-list .eael-accordion-header .eael-accordion-tab-title{font-size:1.1em;color:#333;}.elementor-8745 .elementor-element.elementor-element-350815f .eael-adv-accordion .eael-accordion-list .eael-accordion-header .fa-accordion-icon{font-size:16px;margin-left:10px;color:#333;}.elementor-8745 .elementor-element.elementor-element-350815f .eael-adv-accordion .eael-accordion-list .eael-accordion-header svg.fa-accordion-icon{height:16px;width:16px;line-height:16px;}.elementor-8745 .elementor-element.elementor-element-350815f .eael-adv-accordion .eael-accordion-list .eael-accordion-header .fa-accordion-icon-svg svg{color:#333;fill:#333;}.elementor-8745 .elementor-element.elementor-element-350815f .eael-adv-accordion .eael-accordion-list .eael-accordion-header svg{fill:#333;}.elementor-8745 .elementor-element.elementor-element-350815f .eael-adv-accordion .eael-accordion-list .eael-accordion-header:hover .eael-accordion-tab-title{color:#fff;}.elementor-8745 .elementor-element.elementor-element-350815f .eael-adv-accordion .eael-accordion-list .eael-accordion-header:hover .fa-accordion-icon{color:#fff;}.elementor-8745 .elementor-element.elementor-element-350815f .eael-adv-accordion .eael-accordion-list .eael-accordion-header:hover .fa-accordion-icon svg{color:#fff;fill:#fff;}.elementor-8745 .elementor-element.elementor-element-350815f .eael-adv-accordion .eael-accordion-list .eael-accordion-header:hover svg.fa-accordion-icon{fill:#fff;}.elementor-8745 .elementor-element.elementor-element-350815f .eael-adv-accordion .eael-accordion-list .eael-accordion-header.active{color:#fff;}.elementor-8745 .elementor-element.elementor-element-350815f .eael-adv-accordion .eael-accordion-list .eael-accordion-header.active .eael-accordion-tab-title{color:#fff;}.elementor-8745 .elementor-element.elementor-element-350815f .eael-adv-accordion .eael-accordion-list .eael-accordion-header.active .fa-accordion-icon{color:#fff;}.elementor-8745 .elementor-element.elementor-element-350815f .eael-adv-accordion .eael-accordion-list .eael-accordion-header.active .fa-accordion-icon svg{color:#fff;fill:#fff;}.elementor-8745 .elementor-element.elementor-element-350815f .eael-adv-accordion .eael-accordion-list .eael-accordion-header.active svg.fa-accordion-icon{fill:#fff;}.elementor-8745 .elementor-element.elementor-element-350815f .eael-adv-accordion .eael-accordion-list .eael-accordion-content{color:#333;}.elementor-8745 .elementor-element.elementor-element-350815f .eael-adv-accordion .eael-accordion-list .eael-accordion-header .fa-toggle, .elementor-8745 .elementor-element.elementor-element-350815f .eael-adv-accordion .eael-accordion-list .eael-accordion-header > .fa-toggle-svg{font-size:16px;}.elementor-8745 .elementor-element.elementor-element-350815f .eael-adv-accordion .eael-accordion-list .eael-accordion-header svg.fa-toggle{height:16px;width:16px;line-height:16px;fill:#444;}.elementor-8745 .elementor-element.elementor-element-350815f .eael-adv-accordion .eael-accordion-list .eael-accordion-header .fa-toggle{color:#444;}.elementor-8745 .elementor-element.elementor-element-350815f .eael-adv-accordion .eael-accordion-list .eael-accordion-header .fa-toggle svg{color:#444;fill:#444;}.elementor-8745 .elementor-element.elementor-element-350815f .eael-adv-accordion .eael-accordion-list .eael-accordion-header.active .fa-toggle{color:#fff;}.elementor-8745 .elementor-element.elementor-element-350815f .eael-adv-accordion .eael-accordion-list .eael-accordion-header.active .fa-toggle svg{color:#fff;fill:#fff;}.elementor-8745 .elementor-element.elementor-element-350815f .eael-adv-accordion .eael-accordion-list .eael-accordion-header.active svg.fa-toggle{fill:#fff;}<\/style>\t\t<div data-elementor-type=\"section\" data-elementor-id=\"8745\" class=\"elementor elementor-8745\">\n\t\t\t\t\t\t<section class=\"elementor-section elementor-top-section elementor-element elementor-element-30d5596 elementor-section-full_width elementor-section-height-default elementor-section-height-default\" data-id=\"30d5596\" data-element_type=\"section\">\n\t\t\t\t\t\t<div class=\"elementor-container elementor-column-gap-default\">\n\t\t\t\t\t<div class=\"elementor-column elementor-col-100 elementor-top-column elementor-element elementor-element-42736e1\" data-id=\"42736e1\" data-element_type=\"column\">\n\t\t\t<div class=\"elementor-widget-wrap elementor-element-populated\">\n\t\t\t\t\t\t<div class=\"elementor-element elementor-element-350815f elementor-widget elementor-widget-eael-adv-accordion\" data-id=\"350815f\" data-element_type=\"widget\" data-widget_type=\"eael-adv-accordion.default\">\n\t\t\t\t<div class=\"elementor-widget-container\">\n\t\t\t\t\t        <div class=\"eael-adv-accordion\" id=\"eael-adv-accordion-350815f\" data-scroll-on-click=\"no\" data-scroll-speed=\"300\" data-accordion-id=\"350815f\" data-accordion-type=\"accordion\" data-toogle-speed=\"300\">\n    <div class=\"eael-accordion-list\">\n                <div id=\"diciembre\" class=\"elementor-tab-title eael-accordion-header active-default\" tabindex=\"0\" data-tab=\"1\" aria-controls=\"elementor-tab-content-5561\"><span class=\"eael-advanced-accordion-icon-closed\"><i aria-hidden=\"true\" class=\"fa-accordion-icon fas fa-plus\"><\/i><\/span><span class=\"eael-advanced-accordion-icon-opened\"><i aria-hidden=\"true\" class=\"fa-accordion-icon fas fa-minus\"><\/i><\/span><span class=\"eael-accordion-tab-title\">Diciembre<\/span><i aria-hidden=\"true\" class=\"fa-toggle fas fa-angle-right\"><\/i><\/div><div id=\"elementor-tab-content-5561\" class=\"eael-accordion-content clearfix active-default\" data-tab=\"1\" aria-labelledby=\"diciembre\"><p><div class=\"gaceta\"><div class=\"listing-item\"><a class=\"title\" href=\"https:\/\/teegro.gob.mx\/sitio2025\/gaceta-del-11-de-diciembre-de-2019\/\">Gaceta del 11 de diciembre de 2019<\/a><div class=\"content\">\n<h1>Trig\u00e9sima Tercera Sesi\u00f3n P\u00fablica de Resoluci\u00f3n<\/h1>\n<ul>\n<li><a href=\"https:\/\/teegro.gob.mx\/inicio\/wp-content\/uploads\/2019\/12\/Lista-sesion-XXXIII.pdf\" target=\"_blank\" rel=\"noopener noreferrer\">Orden del d\u00eda<\/a><\/li>\n<li>Estad\u00edstica<\/li>\n<\/ul>\n<h3>Contenido<\/h3>\n<ul>\n<li>TEE\/JEC\/121\/2018 (Acuerdo Plenario) &#8211; Actor: Diana Betsy Aguilar Barrag\u00e1n<\/li>\n<li>TEE\/SSI\/JEC\/2017 (Acuerdo Plenario) &#8211; Benito S\u00e1nchez Ayala y otros<\/li>\n<li>TEE\/JEC\/044\/2019 &#8211; V\u00edctor Edmundo Bustamante Gonz\u00e1lez<\/li>\n<li>TEE\/JEC\/028\/2019 &#8211; Leticia Garc\u00eda Zepeda<\/li>\n<li>TEE\/JEC\/034\/2019 &#8211; Rigoberto Ramos Romero y Otros<\/li>\n<li>TEE\/IE\/005\/2019 &#8211; Jos\u00e9 In\u00e9s Betancourt Salgado<\/li>\n<li>TEE\/JEC\/048\/2019 &#8211; Luis Enrique R\u00edos Saucedo<\/li>\n<\/ul>\n<h3>Acuerdo Plenario TEE\/JEC\/121\/2018<\/h3>\n<ol>\n<li><b>Actora:<\/b> Diana Betsy Aguilar Barrag\u00e1n<\/li>\n<li><b>Autoridad Responsable:<\/b> Ayuntamiento Municipal Constitucional de Leonardo Bravo, Guerrero<\/li>\n<li><b>Descargar Sentencia:<\/b> <a href=\"https:\/\/teegro.gob.mx\/inicio\/wp-content\/uploads\/2019\/12\/ACUERDO-PLENARIO-TEE-JEC-121-2018.pdf\" target=\"blank\" rel=\"noopener noreferrer\">Descargar<\/a><\/li>\n<\/ol>\n<h3>Acuerdo Plenario TEE\/SSI\/JEC\/002\/2017<\/h3>\n<ol>\n<li><b>Actor: <\/b>Benito S\u00e1nchez Ayala y Otros<\/li>\n<li><b>Autoridad Responsable:<\/b> Ayuntamiento Municipal Constitucional de M\u00e1rtir de Cuilapan, Guerrero<\/li>\n<li><b>Descargar Sentencia:<\/b> <a href=\"https:\/\/teegro.gob.mx\/inicio\/wp-content\/uploads\/2019\/12\/ACUERDO-PLENARIO-TEE-SSI-JEC-002-2017-.pdf\" target=\"blank\" rel=\"noopener noreferrer\">Descargar<\/a><\/li>\n<\/ol>\n<h3>Sentencia del Expediente TEE\/JEC\/044\/2019<\/h3>\n<ol>\n<li><b>Actor o actores:<\/b> V\u00edctor Edmundo Bustamante Gonz\u00e1lez<\/li>\n<li><b>Autoridad Responsable:<\/b> Comisi\u00f3n de Justicia del Consejo Nacional del Partido Acci\u00f3n Nacional<\/li>\n<li><b>Descargar Sentencia:<\/b> <a href=\"https:\/\/teegro.gob.mx\/inicio\/wp-content\/uploads\/2019\/12\/TEE-JEC-044-2019.pdf\" target=\"blank\" rel=\"noopener noreferrer\">Descargar<\/a><\/li>\n<\/ol>\n<h3>Sentencia del Expediente TEE\/JEC\/028\/2019<\/h3>\n<ol>\n<li><b>Actor o actores:<\/b> Leticia Garc\u00eda Zepeda<\/li>\n<li><b>Autoridad Responsable:<\/b> Ayuntamiento del Municipio de Xochistlahuaca, Guerrero, y Congreso del Estado de Guerrero<\/li>\n<li><b>Descargar Sentencia:<\/b> <a href=\"https:\/\/teegro.gob.mx\/inicio\/wp-content\/uploads\/2019\/12\/TEE-JEC-028-2019.pdf\" target=\"blank\" rel=\"noopener noreferrer\">Descargar<\/a><\/li>\n<\/ol>\n<h3>Sentencia del Expediente TEE\/JEC\/034\/2019<\/h3>\n<ol>\n<li><b>Actor o actores:<\/b> Rigoberto Ramos Romero y Miguel \u00c1ngel Bahena Nava<\/li>\n<li><b>Autoridad Responsable:<\/b> Comisi\u00f3n de Justicia del Consejo Nacional del Partido Acci\u00f3n Nacional<\/li>\n<li><b>Descargar Sentencia:<\/b> <a href=\"https:\/\/teegro.gob.mx\/inicio\/wp-content\/uploads\/2019\/12\/TEE-JEC-034-2019-.pdf\" target=\"blank\" rel=\"noopener noreferrer\">Descargar<\/a><\/li>\n<\/ol>\n<h3>Sentencia del Expediente TEE\/IE\/005\/2019<\/h3>\n<ol>\n<li><b>Actor o actores:<\/b> Jos\u00e9 In\u00e9s Betancourt Salgado<\/li>\n<li><b>Descargar Sentencia:<\/b> <a href=\"https:\/\/teegro.gob.mx\/inicio\/wp-content\/uploads\/2019\/12\/TEE-IE-005-2019-.pdf\" target=\"blank\" rel=\"noopener noreferrer\">Descargar<\/a><\/li>\n<\/ol>\n<h3>Sentencia del Expediente TEE\/JEC\/048\/2019<\/h3>\n<ol>\n<li><b>Actor o actores:<\/b> Luis Enrique R\u00edos Saucedo<\/li>\n<li><b>Autoridad Responsable:<\/b> Comisi\u00f3n Nacional de Honestidad y Justicia de Morena<\/li>\n<li><b>Descargar Sentencia:<\/b> <a href=\"https:\/\/teegro.gob.mx\/inicio\/wp-content\/uploads\/2019\/12\/TEE-JEC-048-2019.pdf\" target=\"blank\" rel=\"noopener noreferrer\">Descargar<\/a><\/li>\n<\/ol>\n<\/div><\/div><div class=\"listing-item\"><a class=\"title\" href=\"https:\/\/teegro.gob.mx\/sitio2025\/gaceta-del-03-de-diciembre-de-2019\/\">Gaceta del 03 de diciembre de 2019<\/a><div class=\"content\">\n<h1>Trig\u00e9sima Segunda Sesi\u00f3n P\u00fablica de Resoluci\u00f3n<\/h1>\n<ul>\n<li><a href=\"https:\/\/teegro.gob.mx\/inicio\/wp-content\/uploads\/2019\/12\/Aviso-03-12-19.pdf\" target=\"_blank\" rel=\"noopener noreferrer\">Orden del d\u00eda<\/a><\/li>\n<li><a href=\"https:\/\/teegro.gob.mx\/inicio\/wp-content\/uploads\/2019\/12\/Aviso-03-12-19-adicional.pdf\" target=\"_blank\" rel=\"noopener noreferrer\">Lista complementaria<\/a><\/li>\n<li><a href=\"https:\/\/drive.google.com\/open?id=1j4gx1D0f4Jm1MTmOG4AQhH0yBDuTbtvS\" target=\"_blank\" rel=\"noopener noreferrer\">Descargar Sentencias y Acuerdos<\/a><\/li>\n<\/ul>\n<h3>Contenido<\/h3>\n<ul>\n<li>TEE\/JEC\/042\/2019 (Acuerdo Plenario) &#8211; Actora: Norma otiliza Hern\u00e1ndez Mart\u00ednez<\/li>\n<li>TEE\/JEC\/046\/2019 (Acuerdo Plenario) &#8211; Actor: Marco Antonio Miranda Salgado<\/li>\n<li>TEE\/JEC\/025\/2019 (Incidente) &#8211; Actora: Edith L\u00f3pez Rivera<\/li>\n<li>TEE\/JEC\/049\/2019 y TEE\/JEC\/050\/2019 &#8211; Actores: Rutilio Esp\u00edndola Castro y Otros<\/li>\n<li>TEE\/JEC\/047\/2019 &#8211; Actor: Pamela Luna Eugenio<\/li>\n<li>TEE\/JEC\/119\/2018 &#8211; Actores: Moises Lorenzo Herrera y Otros<\/li>\n<li>TEE\/SSI\/JLI\/005\/2015 &#8211; Actor: Omar Ortiz M\u00e9ndez<\/li>\n<li>TEE\/JEC\/028\/2019 &#8211; Acuerdo Plenario<\/li>\n<\/ul>\n<p>&nbsp;<\/p>\n<p>Clic <a href=\"https:\/\/drive.google.com\/open?id=1j4gx1D0f4Jm1MTmOG4AQhH0yBDuTbtvS\" target=\"_blank\" rel=\"noopener noreferrer\"><strong>aqu\u00ed<\/strong> <\/a>para descargar las sentencias y acuerdos de esta sesi\u00f3n<\/p>\n<p>&nbsp;<\/p>\n<\/div><\/div><\/div><\/p><\/div>\n                <\/div><div class=\"eael-accordion-list\">\n                <div id=\"noviembre\" class=\"elementor-tab-title eael-accordion-header\" tabindex=\"0\" data-tab=\"2\" aria-controls=\"elementor-tab-content-5562\"><span class=\"eael-advanced-accordion-icon-closed\"><i aria-hidden=\"true\" class=\"fa-accordion-icon fas fa-plus\"><\/i><\/span><span class=\"eael-advanced-accordion-icon-opened\"><i aria-hidden=\"true\" class=\"fa-accordion-icon fas fa-minus\"><\/i><\/span><span class=\"eael-accordion-tab-title\">Noviembre<\/span><i aria-hidden=\"true\" class=\"fa-toggle fas fa-angle-right\"><\/i><\/div><div id=\"elementor-tab-content-5562\" class=\"eael-accordion-content clearfix\" data-tab=\"2\" aria-labelledby=\"noviembre\"><p><ul class=\"display-posts-listing\"><li class=\"listing-item\"><a class=\"title\" href=\"https:\/\/teegro.gob.mx\/sitio2025\/gaceta-del-14-de-noviembre-de-2019\/\">Gaceta del 14 de Noviembre de 2019<\/a><div class=\"content\"><h3>TRIG\u00c9SIMA PRIMERA Sesi\u00f3n P\u00fablica de Resoluci\u00f3n<\/h3>\n<h6><a href=\"https:\/\/teegro.gob.mx\/inicio\/wp-content\/uploads\/2019\/11\/Lista-14-11-2019.pdf\" target=\"_blank\" rel=\"noopener noreferrer\">Orden del d\u00eda<\/a><\/h6>\n<h6>Cuadro estad\u00edstico<\/h6>\n<h6>Acta de la sesi\u00f3n<\/h6>\n<h5>Contenido<\/h5>\n<ul>\n<li >\n\t\t\t\t\t\t\t\t\t\tTEE\/JEC\/041\/2019 &#8211; Actor: Marcos Efr\u00e9n Parra Moronatti\n\t\t\t\t\t\t\t\t\t<\/li>\n<li >\n\t\t\t\t\t\t\t\t\t\tTEE\/JEC\/038\/2019 (Acuerdo Plenario) &#8211; Actor: Isaac David Cruz Rabad\u00e1n\n\t\t\t\t\t\t\t\t\t<\/li>\n<li >\n\t\t\t\t\t\t\t\t\t\tTEE\/JEC\/032\/2019 (Acuerdo Plenario) &#8211; Actor: Esther Araceli G\u00f3mez Ram\u00edrez\n\t\t\t\t\t\t\t\t\t<\/li>\n<li >\n\t\t\t\t\t\t\t\t\t\tTEE\/JEC\/045\/2019 &#8211; Actor: Sergio Montes Carrillo\n\t\t\t\t\t\t\t\t\t<\/li>\n<li >\n\t\t\t\t\t\t\t\t\t\tTEE\/IE\/003\/2019 &#8211; Evelyn Rodr\u00edguez Xinol\n\t\t\t\t\t\t\t\t\t<\/li>\n<li >\n\t\t\t\t\t\t\t\t\t\tTEE\/IE\/004\/2019 &#8211; Alma Delia Eugenio Alcaraz\n\t\t\t\t\t\t\t\t\t<\/li>\n<\/ul>\n<p>\t\t\t\t<a href=\"https:\/\/teegro.gob.mx\/inicio\/wp-content\/uploads\/2019\/11\/TEE-JEC-041-2019.pdf\" target=\"_blank\" rel=\"noopener noreferrer\"><br \/>\n\t\t\t\t\t\t\t\t<\/a><\/p>\n<h3>\n\t\t\t\t\t<a href=\"https:\/\/teegro.gob.mx\/inicio\/wp-content\/uploads\/2019\/11\/TEE-JEC-041-2019.pdf\" target=\"_blank\" rel=\"noopener noreferrer\">Sentencia del Expediente TEE\/JEC\/041\/2019<\/a><br \/>\n\t\t\t\t<\/h3>\n<ul style=\"list-style-type: square;\">\n<li><strong>Tipo de Asunto<\/strong>: Juicio Electoral Ciudadano<\/li>\n<li><strong>Promovente<\/strong>: Marcos Efr\u00e9n Parra Moronatti<\/li>\n<li><strong>Autoridad Responsable<\/strong>: Comisi\u00f3n de Justicia del Consejo Nacional del Partido Acci\u00f3n Nacional<\/li>\n<li><strong>Sentido de la resoluci\u00f3n:<\/strong>\u00a0Se confirma la resoluci\u00f3n emitida por la Comisi\u00f3n de Justicia del Consejo Nacional del Partido Acci\u00f3n Nacional,<\/li>\n<\/ul>\n<p>\t\t\t\t<a href=\"https:\/\/drive.google.com\/open?id=1z3sabXADDgB4cre_osmA0oGk-h0WoRz_\" target=\"_blank\" rel=\"noopener noreferrer\"><br \/>\n\t\t\t\t\t\t\t\t<\/a><\/p>\n<h3>\n\t\t\t\t\t<a href=\"https:\/\/drive.google.com\/open?id=1z3sabXADDgB4cre_osmA0oGk-h0WoRz_\" target=\"_blank\" rel=\"noopener noreferrer\">Acuerdo Plenario dictado en el Expediente TEE\/JEC\/038\/2019<\/a><br \/>\n\t\t\t\t<\/h3>\n<ul style=\"list-style-type: square;\">\n<li><strong>Tipo de Asunto<\/strong>: Juicio Electoral Ciudadano<\/li>\n<li><strong>Promovente<\/strong>: Isaac David Cruz Rabad\u00e1n<\/li>\n<li><strong>Autoridad Responsable<\/strong>: Comisi\u00f3n Nacional de Honestidad y Justicia de Morena<\/li>\n<li><strong>Acuerdo<\/strong>: Asunto total y definitivamente concluido<\/li>\n<\/ul>\n<p>\t\t\t\t<a href=\"https:\/\/drive.google.com\/open?id=1lcwqXlNTtyi8tsD4lFU_H6DfMY3zyXXo\" target=\"_blank\" rel=\"noopener noreferrer\"><br \/>\n\t\t\t\t\t\t\t\t<\/a><\/p>\n<h3>\n\t\t\t\t\t<a href=\"https:\/\/drive.google.com\/open?id=1lcwqXlNTtyi8tsD4lFU_H6DfMY3zyXXo\" target=\"_blank\" rel=\"noopener noreferrer\">Acuerdo Plenario dictado en el Expediente TEE\/JEC\/032\/2019<\/a><br \/>\n\t\t\t\t<\/h3>\n<ul style=\"list-style-type: square;\">\n<li><strong>Tipo de Asunto<\/strong>: Juicio Electoral Ciudadano<\/li>\n<li><strong>Promovente<\/strong>: Esther Araceli G\u00f3mez Ram\u00edrez<\/li>\n<li><strong>Autoridad Responsable<\/strong>: Comisi\u00f3n Nacional de Honestidad y Justicia de Morena<\/li>\n<li><strong>Acuerdo<\/strong>: Asunto total y definitivamente concluido<\/li>\n<\/ul>\n<p>\t\t\t\t<a href=\"https:\/\/teegro.gob.mx\/inicio\/sentencias\/tee-jec-045-2019\/\" target=\"_blank\" rel=\"noopener noreferrer\"><br \/>\n\t\t\t\t\t\t\t\t<\/a><\/p>\n<h3>\n\t\t\t\t\t<a href=\"https:\/\/teegro.gob.mx\/inicio\/sentencias\/tee-jec-045-2019\/\" target=\"_blank\" rel=\"noopener noreferrer\">Acuerdo Plenario dictado en el Expediente TEE\/JEC\/045\/2019<\/a><br \/>\n\t\t\t\t<\/h3>\n<ul style=\"list-style-type: square;\">\n<li><strong>Tipo de Asunto<\/strong>: Juicio Electoral Ciudadano<\/li>\n<li><strong>Actor<\/strong>: Sergio Montes Carrillo<\/li>\n<li><strong>Autoridad Responsable<\/strong>: Comisi\u00f3n Nacional de Honestidad y Justicia de Morena<\/li>\n<li><strong>Sentido de la resoluci\u00f3n<\/strong>: Fundado<\/li>\n<\/ul>\n<p>\t\t\t\t<a href=\"https:\/\/teegro.gob.mx\/inicio\/wp-content\/uploads\/2019\/11\/TEE-IE-003-2019.pdf\" target=\"_blank\" rel=\"noopener noreferrer\"><br \/>\n\t\t\t\t\t\t\t\t<\/a><\/p>\n<h3>\n\t\t\t\t\t<a href=\"https:\/\/teegro.gob.mx\/inicio\/wp-content\/uploads\/2019\/11\/TEE-IE-003-2019.pdf\" target=\"_blank\" rel=\"noopener noreferrer\">Sentencia del Expediente TEE\/IE\/003\/2019<\/a><br \/>\n\t\t\t\t<\/h3>\n<p>Resoluci\u00f3n Incidental que declara procedente la excusa planteada por la Magistrada Evelyn Rodr\u00edguez Xinol, para conocer y resolver el expediente TEE\/SSI\/JLI\/005\/2015<\/p>\n<p>\t\t\t\t<a href=\"https:\/\/teegro.gob.mx\/inicio\/wp-content\/uploads\/2019\/11\/TEE-IE-004-2019.pdf\" target=\"_blank\" rel=\"noopener noreferrer\"><br \/>\n\t\t\t\t\t\t\t\t<\/a><\/p>\n<h3>\n\t\t\t\t\t<a href=\"https:\/\/teegro.gob.mx\/inicio\/wp-content\/uploads\/2019\/11\/TEE-IE-004-2019.pdf\" target=\"_blank\" rel=\"noopener noreferrer\">Sentencia del Expediente TEE\/IE\/004\/2019<\/a><br \/>\n\t\t\t\t<\/h3>\n<p>Que emite el Pleno del Tribunal Electoral del Estado de Guerrero, en sesi\u00f3n p\u00fablica celebrada en esta fecha, en la cual declara procedente la excusa de la Magistrada Alma Delia Eugenio Alcaraz para conocer y resolver el Juicio para dirimir los conflictos o diferencias laborales registrado con el n\u00famero de expediente TEE\/SSI\/JLI\/005\/2015, promovido por Omar Ortiz M\u00e9ndez.<\/p>\n<\/div><\/li><li class=\"listing-item\"><a class=\"title\" href=\"https:\/\/teegro.gob.mx\/sitio2025\/gaceta-del-06-de-noviembre-de-2019\/\">Gaceta del 06 de Noviembre de 2019<\/a><div class=\"content\"><h3>TRIG\u00c9SIMA Sesi\u00f3n P\u00fablica de Resoluci\u00f3n<\/h3>\n<h6><a href=\"#\" target=\"_blank\" rel=\"noopener noreferrer\">Orden del d\u00eda<\/a><\/h6>\n<h6><a href=\"https:\/\/drive.google.com\/open?id=18E5I_znYlsSWfsm-3TY9V8SVyQzYG2aQ\" target=\"_blank\" rel=\"noopener noreferrer\">Cuadro estad\u00edstico<\/a><\/h6>\n<h6><a href=\"#\" target=\"_blank\" rel=\"noopener noreferrer\">Acta de la sesi\u00f3n<\/a><\/h6>\n<ul>\n<li >\n\t\t\t\t\t\t\t\t\t\tTEE\/IE\/001\/2019 &#8211; Excusa de la Magda. Evelyn Rodr\u00edguez Xinol\n\t\t\t\t\t\t\t\t\t<\/li>\n<li >\n\t\t\t\t\t\t\t\t\t\tTEE\/IE\/002\/2019 &#8211; Excusa de la Magda. Alma Delia Eugenio Alcaraz\n\t\t\t\t\t\t\t\t\t<\/li>\n<li >\n\t\t\t\t\t\t\t\t\t\tTEE\/JEC\/042\/2019 &#8211; Promueve: Norma Otilia Hern\u00e1ndez Mart\u00ednez\n\t\t\t\t\t\t\t\t\t<\/li>\n<li >\n\t\t\t\t\t\t\t\t\t\tTEE\/SSI\/JLI\/004\/2015 &#8211; Promueve: Osmayra Alejandra Hern\u00e1ndez Nava\n\t\t\t\t\t\t\t\t\t<\/li>\n<\/ul>\n<p>\t\t\t\t<a href=\"https:\/\/drive.google.com\/open?id=1TWI7XWt3CDzaIkYTcjXAhmC1i3Rltlo7\" target=\"_blank\" rel=\"noopener noreferrer\"><br \/>\n\t\t\t\t\t\t\t\t<\/a><\/p>\n<h3>\n\t\t\t\t\t<a href=\"https:\/\/drive.google.com\/open?id=1TWI7XWt3CDzaIkYTcjXAhmC1i3Rltlo7\" target=\"_blank\" rel=\"noopener noreferrer\">Sentencia del Expediente TEE\/IE\/001\/2019<\/a><br \/>\n\t\t\t\t<\/h3>\n<p>Resoluci\u00f3n Incidental que declara procedente la excusa planteada por la Magistrada Evelyn Rodr\u00edguez Xinol, para conocer y resolver el expediente TEE\/SSI\/JLI\/004\/2015<\/p>\n<p>\t\t\t\t<a href=\"https:\/\/drive.google.com\/open?id=1O-_VwHhi58Pi89Me1tDM0GDlL8mgkBjr\" target=\"_blank\" rel=\"noopener noreferrer\"><br \/>\n\t\t\t\t\t\t\t\t<\/a><\/p>\n<h3>\n\t\t\t\t\t<a href=\"https:\/\/drive.google.com\/open?id=1O-_VwHhi58Pi89Me1tDM0GDlL8mgkBjr\" target=\"_blank\" rel=\"noopener noreferrer\">Sentencia del Expediente TEE\/IE\/002\/2019<\/a><br \/>\n\t\t\t\t<\/h3>\n<p>Resoluci\u00f3n incidental que declara procedente la excusa presentada por la Magistrada Alma Delia Eugenio Alcaraz, para conocer y resolver el Juicio para dirimir los conflictos o diferencias laborales registrado con el n\u00famero de expediente TEE\/SSI\/JLI\/004\/2015, promovido por Osmayra Alejandra Hern\u00e1ndez Nava.<\/p>\n<p>\t\t\t\t<a href=\"https:\/\/drive.google.com\/open?id=1Wc2Q2wkh_x3OVvHoje8LxgOlZfP6TkUh\" target=\"_blank\" rel=\"noopener noreferrer\"><br \/>\n\t\t\t\t\t\t\t\t<\/a><\/p>\n<h3>\n\t\t\t\t\t<a href=\"https:\/\/drive.google.com\/open?id=1Wc2Q2wkh_x3OVvHoje8LxgOlZfP6TkUh\" target=\"_blank\" rel=\"noopener noreferrer\">Sentencia del Expediente TEE\/JEC\/042\/2019<\/a><br \/>\n\t\t\t\t<\/h3>\n<ul style=\"list-style-type: square;\">\n<li><strong>Tipo de Asunto<\/strong>: Juicio Electoral Ciudadano<\/li>\n<li><strong>Promovente<\/strong>: Norma Otilia Hern\u00e1ndez Mart\u00ednez<\/li>\n<li><strong>Autoridad Responsable<\/strong>: Comisi\u00f3n Nacional de Honestidad y Justicia de Morena<\/li>\n<li><strong>Sentido de la resoluci\u00f3n:<\/strong> Fundado<\/li>\n<\/ul>\n<p>\t\t\t\t<a href=\"https:\/\/drive.google.com\/file\/d\/16sdBQ6Sx9-g9D4h5w8wadp8G8ZLuzlfP\/view?usp=sharing\" target=\"_blank\" rel=\"noopener noreferrer\"><br \/>\n\t\t\t\t\t\t\t\t<\/a><\/p>\n<h3>\n\t\t\t\t\t<a href=\"https:\/\/drive.google.com\/file\/d\/16sdBQ6Sx9-g9D4h5w8wadp8G8ZLuzlfP\/view?usp=sharing\" target=\"_blank\" rel=\"noopener noreferrer\">Acuerdo Plenario dictado en el Expediente TEE\/SSI\/JLI\/004\/2015<\/a><br \/>\n\t\t\t\t<\/h3>\n<ul style=\"list-style-type: square;\">\n<li><strong>Tipo de Asunto<\/strong>: Juicio Laboral<\/li>\n<li><strong>Promovente<\/strong>: Osmayra Alejandra Hern\u00e1ndez Nava<\/li>\n<li><strong>Autoridad Responsable<\/strong>: Instituto Electoral y de Participaci\u00f3n Ciudadana del Estado de Guerrero<\/li>\n<li><strong>Acuerdo<\/strong>: Se condena a la parte demandada el pago de las prestaciones<\/li>\n<\/ul>\n<\/div><\/li><\/ul><\/p><\/div>\n                <\/div><div class=\"eael-accordion-list\">\n                <div id=\"octubre\" class=\"elementor-tab-title eael-accordion-header\" tabindex=\"0\" data-tab=\"3\" aria-controls=\"elementor-tab-content-5563\"><span class=\"eael-advanced-accordion-icon-closed\"><i aria-hidden=\"true\" class=\"fa-accordion-icon fas fa-plus\"><\/i><\/span><span class=\"eael-advanced-accordion-icon-opened\"><i aria-hidden=\"true\" class=\"fa-accordion-icon fas fa-minus\"><\/i><\/span><span class=\"eael-accordion-tab-title\">Octubre<\/span><i aria-hidden=\"true\" class=\"fa-toggle fas fa-angle-right\"><\/i><\/div><div id=\"elementor-tab-content-5563\" class=\"eael-accordion-content clearfix\" data-tab=\"3\" aria-labelledby=\"octubre\"><p><ul class=\"display-posts-listing\"><li class=\"listing-item\"><a class=\"title\" href=\"https:\/\/teegro.gob.mx\/sitio2025\/gaceta-del-30-de-octubre-de-2019\/\">Gaceta del 30 de octubre de 2019<\/a><div class=\"content\"><h3>Vig\u00e9sima Novena Sesi\u00f3n P\u00fablica de Resoluci\u00f3n<\/h3>\n<h6><a href=\"https:\/\/teegro.gob.mx\/inicio\/wp-content\/uploads\/2019\/11\/Lista-30-10-2019.pdf\" target=\"_blank\" rel=\"noopener noreferrer\">Orden del d\u00eda<\/a><\/h6>\n<h6>Cuadro estad\u00edstico<\/h6>\n<h6>Acta de la sesi\u00f3n<\/h6>\n<h5>Contenido<\/h5>\n<ul>\n<li >\n\t\t\t\t\t\t\t\t\t\tTEE\/JEC\/046\/2019 (Acuerdo Plenario) &#8211; Actor: Marco Antonio Miranda Salgado\n\t\t\t\t\t\t\t\t\t<\/li>\n<\/ul>\n<p>\t\t\t\t<a href=\"https:\/\/drive.google.com\/open?id=1Ryf72WwtU9nc4ufROVrfKuujaPwelZRD\" target=\"_blank\" rel=\"noopener noreferrer\"><br \/>\n\t\t\t\t\t\t\t\t<\/a><\/p>\n<h3>\n\t\t\t\t\t<a href=\"https:\/\/drive.google.com\/open?id=1Ryf72WwtU9nc4ufROVrfKuujaPwelZRD\" target=\"_blank\" rel=\"noopener noreferrer\">Acuerdo Plenario dictado en el Expediente TEE\/JEC\/046\/2019.<\/a><br \/>\n\t\t\t\t<\/h3>\n<p>Por el que se declara improcedente conocer v\u00eda salto de instancia (per saltum) el Juicio Electoral Ciudadano al rubro citado y se determina reencauzar la demanda a la Comisi\u00f3n Nacional de Honestidad y Justicia de Morena 1 , al no haberse agotado la instancia intrapartidaria.<strong style=\"font-size: 14px;\">Tipo de Asunto<\/strong>: Juicio Electoral Ciudadano<\/p>\n<ul style=\"list-style-type: square;\">\n<li><strong>Promovente<\/strong>: Marco Antonio Miranda Salgado<\/li>\n<li><strong>Autoridad Responsable<\/strong>: Comisi\u00f3n Nacional de Elecciones de Morena y otras<\/li>\n<\/ul>\n<\/div><\/li><\/ul><\/p><\/div>\n                <\/div><div class=\"eael-accordion-list\">\n                <div id=\"septiembre\" class=\"elementor-tab-title eael-accordion-header\" tabindex=\"0\" data-tab=\"4\" aria-controls=\"elementor-tab-content-5564\"><span class=\"eael-advanced-accordion-icon-closed\"><i aria-hidden=\"true\" class=\"fa-accordion-icon fas fa-plus\"><\/i><\/span><span class=\"eael-advanced-accordion-icon-opened\"><i aria-hidden=\"true\" class=\"fa-accordion-icon fas fa-minus\"><\/i><\/span><span class=\"eael-accordion-tab-title\">Septiembre<\/span><i aria-hidden=\"true\" class=\"fa-toggle fas fa-angle-right\"><\/i><\/div><div id=\"elementor-tab-content-5564\" class=\"eael-accordion-content clearfix\" data-tab=\"4\" aria-labelledby=\"septiembre\"><p><a href=\"https:\/\/drive.google.com\/open?id=1nc5Sr6AA59xLRyZn_d_6zMxECJyYh0X8\" target=\"_blank\" rel=\"noopener\">Clic aqu\u00ed para ver acuerdos y sentencias del mes de Septiembre<\/a><\/p><\/div>\n                <\/div><div class=\"eael-accordion-list\">\n                <div id=\"agosto\" class=\"elementor-tab-title eael-accordion-header\" tabindex=\"0\" data-tab=\"5\" aria-controls=\"elementor-tab-content-5565\"><span class=\"eael-advanced-accordion-icon-closed\"><i aria-hidden=\"true\" class=\"fa-accordion-icon fas fa-plus\"><\/i><\/span><span class=\"eael-advanced-accordion-icon-opened\"><i aria-hidden=\"true\" class=\"fa-accordion-icon fas fa-minus\"><\/i><\/span><span class=\"eael-accordion-tab-title\">Agosto<\/span><i aria-hidden=\"true\" class=\"fa-toggle fas fa-angle-right\"><\/i><\/div><div id=\"elementor-tab-content-5565\" class=\"eael-accordion-content clearfix\" data-tab=\"5\" aria-labelledby=\"agosto\"><p><a href=\"https:\/\/drive.google.com\/open?id=1EMI0vxOeuS8CfCLfIGuDyNPaJNWUy5Bf\" target=\"_blank\" rel=\"noopener\">Clic aqu\u00ed para ver acuerdos y sentencias del mes de Agosto<\/a><\/p><\/div>\n                <\/div><div class=\"eael-accordion-list\">\n                <div id=\"julio\" class=\"elementor-tab-title eael-accordion-header\" tabindex=\"0\" data-tab=\"6\" aria-controls=\"elementor-tab-content-5566\"><span class=\"eael-advanced-accordion-icon-closed\"><i aria-hidden=\"true\" class=\"fa-accordion-icon fas fa-plus\"><\/i><\/span><span class=\"eael-advanced-accordion-icon-opened\"><i aria-hidden=\"true\" class=\"fa-accordion-icon fas fa-minus\"><\/i><\/span><span class=\"eael-accordion-tab-title\">Julio<\/span><i aria-hidden=\"true\" class=\"fa-toggle fas fa-angle-right\"><\/i><\/div><div id=\"elementor-tab-content-5566\" class=\"eael-accordion-content clearfix\" data-tab=\"6\" aria-labelledby=\"julio\"><p><a href=\"https:\/\/drive.google.com\/open?id=1n7WQtoGkZS8UM8lq4ez8n1Da_cnA805D\" target=\"_blank\" rel=\"noopener\">Clic aqu\u00ed para ver acuerdos y sentencias del mes de Julio<\/a><\/p><\/div>\n                <\/div><div class=\"eael-accordion-list\">\n                <div id=\"junio\" class=\"elementor-tab-title eael-accordion-header\" tabindex=\"0\" data-tab=\"7\" aria-controls=\"elementor-tab-content-5567\"><span class=\"eael-advanced-accordion-icon-closed\"><i aria-hidden=\"true\" class=\"fa-accordion-icon fas fa-plus\"><\/i><\/span><span class=\"eael-advanced-accordion-icon-opened\"><i aria-hidden=\"true\" class=\"fa-accordion-icon fas fa-minus\"><\/i><\/span><span class=\"eael-accordion-tab-title\">Junio<\/span><i aria-hidden=\"true\" class=\"fa-toggle fas fa-angle-right\"><\/i><\/div><div id=\"elementor-tab-content-5567\" class=\"eael-accordion-content clearfix\" data-tab=\"7\" aria-labelledby=\"junio\"><p><a href=\"https:\/\/drive.google.com\/open?id=16hu139mPf6N1dI9UQyUlgToLedHTPhaz\" target=\"_blank\" rel=\"noopener\">Clic aqu\u00ed para ver acuerdos y sentencias del mes de Junio<\/a><\/p><\/div>\n                <\/div><div class=\"eael-accordion-list\">\n                <div id=\"mayo\" class=\"elementor-tab-title eael-accordion-header\" tabindex=\"0\" data-tab=\"8\" aria-controls=\"elementor-tab-content-5568\"><span class=\"eael-advanced-accordion-icon-closed\"><i aria-hidden=\"true\" class=\"fa-accordion-icon fas fa-plus\"><\/i><\/span><span class=\"eael-advanced-accordion-icon-opened\"><i aria-hidden=\"true\" class=\"fa-accordion-icon fas fa-minus\"><\/i><\/span><span class=\"eael-accordion-tab-title\">Mayo<\/span><i aria-hidden=\"true\" class=\"fa-toggle fas fa-angle-right\"><\/i><\/div><div id=\"elementor-tab-content-5568\" class=\"eael-accordion-content clearfix\" data-tab=\"8\" aria-labelledby=\"mayo\"><p><a href=\"https:\/\/drive.google.com\/open?id=1o3hsMmMPRJXjcLoeCMQIqNxips_knxEt\" target=\"_blank\" rel=\"noopener\">Clic aqu\u00ed para ver acuerdos y sentencias del mes de Mayo<\/a><\/p><\/div>\n                <\/div><div class=\"eael-accordion-list\">\n                <div id=\"abril\" class=\"elementor-tab-title eael-accordion-header\" tabindex=\"0\" data-tab=\"9\" aria-controls=\"elementor-tab-content-5569\"><span class=\"eael-advanced-accordion-icon-closed\"><i aria-hidden=\"true\" class=\"fa-accordion-icon fas fa-plus\"><\/i><\/span><span class=\"eael-advanced-accordion-icon-opened\"><i aria-hidden=\"true\" class=\"fa-accordion-icon fas fa-minus\"><\/i><\/span><span class=\"eael-accordion-tab-title\">Abril<\/span><i aria-hidden=\"true\" class=\"fa-toggle fas fa-angle-right\"><\/i><\/div><div id=\"elementor-tab-content-5569\" class=\"eael-accordion-content clearfix\" data-tab=\"9\" aria-labelledby=\"abril\"><p><a href=\"https:\/\/drive.google.com\/open?id=13VZnfw7_pmV0QYWM1Huc546OTNso_s9m\" target=\"_blank\" rel=\"noopener\">Clic aqu\u00ed para ver acuerdos y sentencias del mes de Abril<\/a><\/p><\/div>\n                <\/div><div class=\"eael-accordion-list\">\n                <div id=\"marzo\" class=\"elementor-tab-title eael-accordion-header\" tabindex=\"0\" data-tab=\"10\" aria-controls=\"elementor-tab-content-55610\"><span class=\"eael-advanced-accordion-icon-closed\"><i aria-hidden=\"true\" class=\"fa-accordion-icon fas fa-plus\"><\/i><\/span><span class=\"eael-advanced-accordion-icon-opened\"><i aria-hidden=\"true\" class=\"fa-accordion-icon fas fa-minus\"><\/i><\/span><span class=\"eael-accordion-tab-title\">Marzo<\/span><i aria-hidden=\"true\" class=\"fa-toggle fas fa-angle-right\"><\/i><\/div><div id=\"elementor-tab-content-55610\" class=\"eael-accordion-content clearfix\" data-tab=\"10\" aria-labelledby=\"marzo\"><p><a href=\"https:\/\/drive.google.com\/open?id=1O6eK9-QnUoF0bbfAke3N_fj408zEP04d\" target=\"_blank\" rel=\"noopener\">Clic aqu\u00ed para ver acuerdos y sentencias del mes de Marzo<\/a><\/p><\/div>\n                <\/div><div class=\"eael-accordion-list\">\n                <div id=\"febrero\" class=\"elementor-tab-title eael-accordion-header\" tabindex=\"0\" data-tab=\"11\" aria-controls=\"elementor-tab-content-55611\"><span class=\"eael-advanced-accordion-icon-closed\"><i aria-hidden=\"true\" class=\"fa-accordion-icon fas fa-plus\"><\/i><\/span><span class=\"eael-advanced-accordion-icon-opened\"><i aria-hidden=\"true\" class=\"fa-accordion-icon fas fa-minus\"><\/i><\/span><span class=\"eael-accordion-tab-title\">Febrero<\/span><i aria-hidden=\"true\" class=\"fa-toggle fas fa-angle-right\"><\/i><\/div><div id=\"elementor-tab-content-55611\" class=\"eael-accordion-content clearfix\" data-tab=\"11\" aria-labelledby=\"febrero\"><p><a href=\"https:\/\/drive.google.com\/open?id=1G6yr38HGqaBEw2_rO3qvxpGJY2URvKnl\" target=\"_blank\" rel=\"noopener\">Clic aqu\u00ed para ver acuerdos y sentencias del mes de Febrero<\/a><\/p><\/div>\n                <\/div><div class=\"eael-accordion-list\">\n                <div id=\"enero\" class=\"elementor-tab-title eael-accordion-header\" tabindex=\"0\" data-tab=\"12\" aria-controls=\"elementor-tab-content-55612\"><span class=\"eael-advanced-accordion-icon-closed\"><i aria-hidden=\"true\" class=\"fa-accordion-icon fas fa-plus\"><\/i><\/span><span class=\"eael-advanced-accordion-icon-opened\"><i aria-hidden=\"true\" class=\"fa-accordion-icon fas fa-minus\"><\/i><\/span><span class=\"eael-accordion-tab-title\">Enero<\/span><i aria-hidden=\"true\" class=\"fa-toggle fas fa-angle-right\"><\/i><\/div><div id=\"elementor-tab-content-55612\" class=\"eael-accordion-content clearfix\" data-tab=\"12\" aria-labelledby=\"enero\"><p><a href=\"https:\/\/drive.google.com\/open?id=1shmxBengLQUvPAmz-dYh5bXVxpApXrja\" target=\"_blank\" rel=\"noopener\">Clic aqu\u00ed para ver acuerdos y sentencias del mes de Enero<\/a><\/p><\/div>\n                <\/div><\/div>\t\t\t\t<\/div>\n\t\t\t\t<\/div>\n\t\t\t\t\t<\/div>\n\t\t<\/div>\n\t\t\t\t\t<\/div>\n\t\t<\/section>\n\t\t\t\t<\/div>\n\t\t                    <\/div>\n\t\t        \n                    <div id=\"2018-tab\" class=\"clearfix eael-tab-content-item inactive\" data-title-link=\"2018-tab\">\n\t\t\t\t        <p>Estamos trabajando en este contenido.<\/p><p>Si deseas consultar las sentencies y acuerdos plenarios que fueron emitidos durante el 2018, puedes hacer dando clic en el siguiente enlace: <strong><a href=\"https:\/\/drive.google.com\/open?id=1wRUj4p4IMosYpkXV2HfJzw0Fm6SOWqe2\" target=\"_blank\" rel=\"noopener\">Ver sentencias y acuerdos 2018<\/a><\/strong><\/p>                    <\/div>\n\t\t        \n                    <div id=\"2017-tab\" class=\"clearfix eael-tab-content-item inactive\" data-title-link=\"2017-tab\">\n\t\t\t\t        <p>Estamos trabajando en este contenido.<\/p><p>Si deseas consultar las sentencies y acuerdos plenarios que fueron emitidos durante el 2017, puedes hacer dando clic en el siguiente enlace: <strong><a href=\"https:\/\/drive.google.com\/open?id=1sKp89PiWfjUdQvBQOiQjfFF_sazLEZFz\" target=\"_blank\" rel=\"noopener\">Ver sentencias y acuerdos 2017<\/a><\/strong><\/p>                    <\/div>\n\t\t                    <\/div>\n        <\/div>\n\t\t\t\t<\/div>\n\t\t\t\t<\/div>\n\t\t\t\t<div class=\"elementor-element elementor-element-ec72eaa elementor-widget-divider--view-line elementor-widget elementor-widget-divider\" data-id=\"ec72eaa\" data-element_type=\"widget\" data-widget_type=\"divider.default\">\n\t\t\t\t<div class=\"elementor-widget-container\">\n\t\t\t\t\t\t\t<div class=\"elementor-divider\">\n\t\t\t<span class=\"elementor-divider-separator\">\n\t\t\t\t\t\t<\/span>\n\t\t<\/div>\n\t\t\t\t\t\t<\/div>\n\t\t\t\t<\/div>\n\t\t\t\t\t<\/div>\n\t\t<\/div>\n\t\t\t\t\t<\/div>\n\t\t<\/section>\n\t\t\t\t<\/div>\n\t\t","protected":false},"excerpt":{"rendered":"<p>ARCHIVO DE SESIONES P\u00daBLICAS 2025 2024 2023 2022 2021 Enero Primera Sesi\u00f3n &#8211; 15 de Enero Orden del d\u00eda Video &#x1f3a5; https:\/\/teegro.gob.mx\/sitio2023\/wp-content\/uploads\/2025\/01\/Sesi\u00f3n.mp3 Contenido (more&hellip;) Actas Diciembre Nonag\u00e9sima Tercera Sesi\u00f3n &#8211; 12 de Diciembre Orden del d\u00eda V\u00eddeo de la Sesi\u00f3n Contenido (m\u00e1s&hellip;) Nonag\u00e9sima Segunda Sesi\u00f3n &#8211; 04 de Diciembre Orden del d\u00eda V\u00eddeo de la [&hellip;]<\/p>\n","protected":false},"author":1,"featured_media":0,"parent":1455,"menu_order":0,"comment_status":"closed","ping_status":"closed","template":"","meta":{"_acf_changed":false,"footnotes":""},"class_list":["post-1440","page","type-page","status-publish","hentry"],"acf":[],"_links":{"self":[{"href":"https:\/\/teegro.gob.mx\/sitio2025\/wp-json\/wp\/v2\/pages\/1440","targetHints":{"allow":["GET"]}}],"collection":[{"href":"https:\/\/teegro.gob.mx\/sitio2025\/wp-json\/wp\/v2\/pages"}],"about":[{"href":"https:\/\/teegro.gob.mx\/sitio2025\/wp-json\/wp\/v2\/types\/page"}],"author":[{"embeddable":true,"href":"https:\/\/teegro.gob.mx\/sitio2025\/wp-json\/wp\/v2\/users\/1"}],"replies":[{"embeddable":true,"href":"https:\/\/teegro.gob.mx\/sitio2025\/wp-json\/wp\/v2\/comments?post=1440"}],"version-history":[{"count":105,"href":"https:\/\/teegro.gob.mx\/sitio2025\/wp-json\/wp\/v2\/pages\/1440\/revisions"}],"predecessor-version":[{"id":17154,"href":"https:\/\/teegro.gob.mx\/sitio2025\/wp-json\/wp\/v2\/pages\/1440\/revisions\/17154"}],"up":[{"embeddable":true,"href":"https:\/\/teegro.gob.mx\/sitio2025\/wp-json\/wp\/v2\/pages\/1455"}],"wp:attachment":[{"href":"https:\/\/teegro.gob.mx\/sitio2025\/wp-json\/wp\/v2\/media?parent=1440"}],"curies":[{"name":"wp","href":"https:\/\/api.w.org\/{rel}","templated":true}]}}