{"id":1465,"date":"2016-03-21T16:59:56","date_gmt":"2016-03-21T16:59:56","guid":{"rendered":"http:\/\/teegro.gob.mx\/inicio\/?page_id=1465"},"modified":"2019-11-04T12:55:50","modified_gmt":"2019-11-04T18:55:50","slug":"lecturas-de-interes","status":"publish","type":"page","link":"https:\/\/teegro.gob.mx\/sitio2025\/investigacion-y-difusion-electoral\/lecturas-de-interes\/","title":{"rendered":"Lecturas de inter\u00e9s"},"content":{"rendered":"\t\t<div data-elementor-type=\"wp-page\" data-elementor-id=\"1465\" class=\"elementor elementor-1465\">\n\t\t\t\t\t\t<section class=\"elementor-section elementor-top-section elementor-element elementor-element-d0a63d4 elementor-section-boxed elementor-section-height-default elementor-section-height-default\" data-id=\"d0a63d4\" data-element_type=\"section\">\n\t\t\t\t\t\t<div class=\"elementor-container elementor-column-gap-default\">\n\t\t\t\t\t<div class=\"elementor-column elementor-col-100 elementor-top-column elementor-element elementor-element-243c6eb\" data-id=\"243c6eb\" data-element_type=\"column\">\n\t\t\t<div class=\"elementor-widget-wrap elementor-element-populated\">\n\t\t\t\t\t\t<div class=\"elementor-element elementor-element-2aaa87b elementor-widget elementor-widget-html\" data-id=\"2aaa87b\" data-element_type=\"widget\" data-widget_type=\"html.default\">\n\t\t\t\t<div class=\"elementor-widget-container\">\n\t\t\t\t\t<style>\n    \n    table tr {background-color: #fff; padding-right: 20px;}\n    table tr:hover {background-color:#e7f5f3;}\n    td a {color: #333!important; text-align: left;}\n    table {border-spacing: 0 15px!important; border: none; width: 100%;}\n    table h4 {text-transform: uppercase; line-height: 1.2em; margin-right:5px;}\n<\/style>\t\t\t\t<\/div>\n\t\t\t\t<\/div>\n\t\t\t\t\t<\/div>\n\t\t<\/div>\n\t\t\t\t\t<\/div>\n\t\t<\/section>\n\t\t\t\t<section class=\"elementor-section elementor-top-section elementor-element elementor-element-50ce9011 elementor-section-boxed elementor-section-height-default elementor-section-height-default\" data-id=\"50ce9011\" data-element_type=\"section\">\n\t\t\t\t\t\t<div class=\"elementor-container elementor-column-gap-default\">\n\t\t\t\t\t<div class=\"elementor-column elementor-col-100 elementor-top-column elementor-element elementor-element-2aab6913\" data-id=\"2aab6913\" data-element_type=\"column\">\n\t\t\t<div class=\"elementor-widget-wrap elementor-element-populated\">\n\t\t\t\t\t\t<div class=\"elementor-element elementor-element-4b9a17f elementor-widget elementor-widget-image\" data-id=\"4b9a17f\" data-element_type=\"widget\" data-widget_type=\"image.default\">\n\t\t\t\t<div class=\"elementor-widget-container\">\n\t\t\t\t\t\t\t\t\t\t\t\t\t\t\t<img decoding=\"async\" src=\"http:\/\/teegro.gob.mx\/inicio\/wp-content\/uploads\/2019\/11\/LECTURAS.jpg\" title=\"\" alt=\"\" loading=\"lazy\" \/>\t\t\t\t\t\t\t\t\t\t\t\t\t\t\t<\/div>\n\t\t\t\t<\/div>\n\t\t\t\t<div class=\"elementor-element elementor-element-7afa9d92 elementor-widget elementor-widget-text-editor\" data-id=\"7afa9d92\" data-element_type=\"widget\" data-widget_type=\"text-editor.default\">\n\t\t\t\t<div class=\"elementor-widget-container\">\n\t\t\t\t\t\t\t\t\t<table><tbody><tr><td style=\"text-align: justify; width: 234.931px;\"><a href=\"http:\/\/teegro.gob.mx\/inicio\/wp-content\/uploads\/2016\/03\/Los-Derechos-Humanos-en-el-Sistema-Juridico-Mexicano.pdf\"><img decoding=\"async\" class=\"alignnone wp-image-5951\" src=\"http:\/\/teegro.gob.mx\/inicio\/wp-content\/uploads\/2016\/03\/art-sonora-300x229.jpg\" width=\"159\" height=\"121\" srcset=\"https:\/\/teegro.gob.mx\/sitio2025\/wp-content\/uploads\/2016\/03\/art-sonora-300x229.jpg 300w, https:\/\/teegro.gob.mx\/sitio2025\/wp-content\/uploads\/2016\/03\/art-sonora.jpg 303w\" sizes=\"(max-width: 159px) 100vw, 159px\" \/><\/a><\/td><td style=\"text-align: left; width: 352.708px;\"><h4><a href=\"http:\/\/teegro.gob.mx\/inicio\/wp-content\/uploads\/2016\/03\/Los-Derechos-Humanos-en-el-Sistema-Juridico-Mexicano.pdf\"><strong>Los Derechos Humanos en el Sistema Juridico Mexicano<br \/><\/strong><\/a><\/h4><p><a href=\"http:\/\/teegro.gob.mx\/inicio\/wp-content\/uploads\/2016\/03\/Los-Derechos-Humanos-en-el-Sistema-Juridico-Mexicano.pdf\">Lic. Jes\u00fas Ernesto Mu\u00f1oz Quintal<\/a><\/p><\/td><\/tr><tr><td style=\"text-align: justify; width: 234.931px;\"><a href=\"http:\/\/teegro.gob.mx\/inicio\/wp-content\/uploads\/2016\/03\/Reflexiones-sobre-el-voto-electronico-en-Jalisco.pdf\"><img decoding=\"async\" class=\"alignnone wp-image-5946\" src=\"http:\/\/teegro.gob.mx\/inicio\/wp-content\/uploads\/2016\/03\/Rodrigo-Mor-300x230.jpg\" width=\"159\" height=\"122\" srcset=\"https:\/\/teegro.gob.mx\/sitio2025\/wp-content\/uploads\/2016\/03\/Rodrigo-Mor-300x230.jpg 300w, https:\/\/teegro.gob.mx\/sitio2025\/wp-content\/uploads\/2016\/03\/Rodrigo-Mor-768x589.jpg 768w, https:\/\/teegro.gob.mx\/sitio2025\/wp-content\/uploads\/2016\/03\/Rodrigo-Mor-1024x785.jpg 1024w, https:\/\/teegro.gob.mx\/sitio2025\/wp-content\/uploads\/2016\/03\/Rodrigo-Mor.jpg 1097w\" sizes=\"(max-width: 159px) 100vw, 159px\" \/><\/a><\/td><td style=\"text-align: left; width: 352.708px;\"><h4><a href=\"http:\/\/teegro.gob.mx\/inicio\/wp-content\/uploads\/2016\/03\/Reflexiones-sobre-el-voto-electronico-en-Jalisco.pdf\"><strong>REFLEXIONES SOBRE EL VOTO ELECTR\u00d3NICO\u00a0EN JALISCO<br \/><\/strong><\/a><\/h4><p><a href=\"http:\/\/teegro.gob.mx\/inicio\/wp-content\/uploads\/2016\/03\/Reflexiones-sobre-el-voto-electronico-en-Jalisco.pdf\">Rodrigo Moreno Trujillo<\/a><\/p><\/td><\/tr><tr><td style=\"text-align: justify; width: 234.931px;\"><a href=\"http:\/\/teegro.gob.mx\/inicio\/wp-content\/uploads\/2016\/03\/tribunales-cercanos-a-la-ciudadania.pdf\"><img decoding=\"async\" class=\"alignleft wp-image-5943\" src=\"http:\/\/teegro.gob.mx\/inicio\/wp-content\/uploads\/2016\/03\/2016-10-04_10-10-41___84551-300x202.jpg\" width=\"159\" height=\"107\" srcset=\"https:\/\/teegro.gob.mx\/sitio2025\/wp-content\/uploads\/2016\/03\/2016-10-04_10-10-41___84551-300x202.jpg 300w, https:\/\/teegro.gob.mx\/sitio2025\/wp-content\/uploads\/2016\/03\/2016-10-04_10-10-41___84551.jpg 490w\" sizes=\"(max-width: 159px) 100vw, 159px\" \/><\/a><\/td><td style=\"text-align: left; width: 352.708px;\"><h4><a href=\"http:\/\/teegro.gob.mx\/inicio\/wp-content\/uploads\/2016\/03\/tribunales-cercanos-a-la-ciudadania.pdf\"><strong>TRIBUNALES CERCANOS A LA CIUDADAN\u00cdA<\/strong><\/a><\/h4><p><a href=\"http:\/\/teegro.gob.mx\/inicio\/wp-content\/uploads\/2016\/03\/tribunales-cercanos-a-la-ciudadania.pdf\">Teresa Mej\u00eda Contreras<\/a><\/p><\/td><\/tr><tr><td style=\"text-align: justify; width: 234.931px;\"><a href=\"http:\/\/teegro.gob.mx\/inicio\/wp-content\/uploads\/2016\/03\/Control-ex-officio-de-constitucionalidad.pdf\"><img loading=\"lazy\" decoding=\"async\" class=\"alignnone wp-image-5948\" src=\"http:\/\/teegro.gob.mx\/inicio\/wp-content\/uploads\/2016\/03\/C3Qp7FhUEAIS1Tr-300x222.jpg\" width=\"159\" height=\"118\" srcset=\"https:\/\/teegro.gob.mx\/sitio2025\/wp-content\/uploads\/2016\/03\/C3Qp7FhUEAIS1Tr-300x222.jpg 300w, https:\/\/teegro.gob.mx\/sitio2025\/wp-content\/uploads\/2016\/03\/C3Qp7FhUEAIS1Tr-200x150.jpg 200w, https:\/\/teegro.gob.mx\/sitio2025\/wp-content\/uploads\/2016\/03\/C3Qp7FhUEAIS1Tr.jpg 350w\" sizes=\"(max-width: 159px) 100vw, 159px\" \/><\/a><\/td><td style=\"text-align: left; width: 352.708px;\"><h4><a href=\"http:\/\/teegro.gob.mx\/inicio\/wp-content\/uploads\/2016\/03\/Control-ex-officio-de-constitucionalidad.pdf\"><strong>CONTROL <em>EX OFFICIO<\/em> DE CONSTITUCIONALIDAD: <\/strong><strong><em>Primer caso en el Estado de Guerrero<\/em><\/strong><\/a><\/h4><p><a href=\"http:\/\/teegro.gob.mx\/inicio\/wp-content\/uploads\/2016\/03\/Control-ex-officio-de-constitucionalidad.pdf\">Mtro. Rene Patr\u00f3n Mu\u00f1oz<\/a><\/p><\/td><\/tr><tr><td style=\"text-align: justify; width: 234.931px;\"><a href=\"http:\/\/teegro.gob.mx\/inicio\/wp-content\/uploads\/2016\/03\/Protocolo-Indigenas.pdf\" target=\"_blank\" rel=\"noopener noreferrer\"><img loading=\"lazy\" decoding=\"async\" class=\"\" src=\"http:\/\/teegro.gob.mx\/inicio\/wp-content\/uploads\/2016\/03\/ProtocoloIndigena.png\" alt=\"\" width=\"159\" height=\"204\" \/><\/a><\/td><td style=\"text-align: left; width: 352.708px;\"><h4><a href=\"http:\/\/teegro.gob.mx\/inicio\/wp-content\/uploads\/2016\/03\/Protocolo-Indigenas.pdf\">Protocolo de actuaci\u00f3n para quienes imparten justicia en casos que involucren derechos de personas, comunidades y pueblos ind\u00edgenas<\/a><\/h4><\/td><\/tr><tr><td style=\"text-align: justify; width: 234.931px;\"><a href=\"http:\/\/teegro.gob.mx\/inicio\/wp-content\/uploads\/2016\/03\/PROTOCOLO-PARA-ATENDER-LA-VIOLENCIA.pdf\"><img loading=\"lazy\" decoding=\"async\" class=\"\" src=\"http:\/\/teegro.gob.mx\/inicio\/wp-content\/uploads\/2016\/03\/ProtocoloParaAtenderLaViolencia.png\" alt=\"\" width=\"159\" height=\"217\" \/><\/a><\/td><td style=\"text-align: left; width: 352.708px;\"><h4><a href=\"http:\/\/teegro.gob.mx\/inicio\/wp-content\/uploads\/2016\/03\/PROTOCOLO-PARA-ATENDER-LA-VIOLENCIA.pdf\" target=\"_blank\" rel=\"noopener noreferrer\">Protocolo para Atender la Violencia Pol\u00edtica Contra las Mujeres <\/a><\/h4><\/td><\/tr><tr><td style=\"text-align: justify; width: 234.931px;\"><a href=\"http:\/\/teegro.gob.mx\/inicio\/wp-content\/uploads\/2016\/03\/Declaracion_Queretaro.pdf\"><img loading=\"lazy\" decoding=\"async\" class=\"\" src=\"http:\/\/teegro.gob.mx\/inicio\/wp-content\/uploads\/2016\/03\/declaracionQueretaro.png\" alt=\"\" width=\"159\" height=\"203\" \/><\/a><\/td><td style=\"text-align: left; width: 352.708px;\"><h4><a href=\"http:\/\/teegro.gob.mx\/inicio\/wp-content\/uploads\/2016\/03\/Declaracion_Queretaro.pdf\" target=\"_blank\" rel=\"noopener noreferrer\">Declaraci\u00f3n Quer\u00e9taro <\/a><\/h4><\/td><\/tr><tr><td style=\"text-align: justify; width: 234.931px;\"><a href=\"http:\/\/teegro.gob.mx\/inicio\/wp-content\/uploads\/2016\/03\/LA_ARGUMENTACION_JURIDICA.pdf\"><img loading=\"lazy\" decoding=\"async\" class=\"\" src=\"http:\/\/teegro.gob.mx\/inicio\/wp-content\/uploads\/2016\/03\/LaArgumentacionJuridica.png\" alt=\"\" width=\"159\" height=\"211\" \/><\/a><\/td><td style=\"width: 352.708px; text-align: left;\"><h4><a href=\"http:\/\/teegro.gob.mx\/inicio\/wp-content\/uploads\/2016\/03\/LA_ARGUMENTACION_JURIDICA.pdf\" target=\"_blank\" rel=\"noopener noreferrer\">La Argumentaci\u00f3n Jur\u00eddica <\/a><a href=\"http:\/\/teegro.gob.mx\/inicio\/wp-content\/uploads\/2016\/03\/LA_ARGUMENTACION_JURIDICA.pdf\" target=\"_blank\" rel=\"noopener noreferrer\">en el Derecho Electoral<\/a><\/h4><\/td><\/tr><tr><td style=\"text-align: justify; width: 234.931px;\"><a href=\"http:\/\/teegro.gob.mx\/inicio\/wp-content\/uploads\/2016\/03\/LIBERTA-DE-EXPRESION-MONICACALLES.pdf\"><img loading=\"lazy\" decoding=\"async\" class=\"alignnone wp-image-4492\" src=\"http:\/\/teegro.gob.mx\/inicio\/wp-content\/uploads\/2016\/03\/lecturas.jpg\" alt=\"lecturas\" width=\"159\" height=\"118\" srcset=\"https:\/\/teegro.gob.mx\/sitio2025\/wp-content\/uploads\/2016\/03\/lecturas.jpg 300w, https:\/\/teegro.gob.mx\/sitio2025\/wp-content\/uploads\/2016\/03\/lecturas-200x150.jpg 200w\" sizes=\"(max-width: 159px) 100vw, 159px\" \/><\/a><\/td><td style=\"width: 352.708px; text-align: left;\"><h4><a href=\"http:\/\/teegro.gob.mx\/inicio\/wp-content\/uploads\/2016\/03\/LIBERTA-DE-EXPRESION-MONICACALLES.pdf\" target=\"_blank\" rel=\"noopener noreferrer\">Libertad de expresi\u00f3n y desarrollo de los debates pol\u00edticos. Reflexi\u00f3n sobre una reforma constitucional no implementada.<\/a><\/h4><\/td><\/tr><tr style=\"height: 122.288px;\"><td style=\"text-align: justify; width: 234.931px; height: 122.288px;\"><a href=\"http:\/\/teegro.gob.mx\/inicio\/wp-content\/uploads\/2016\/03\/Delitos-Electorales.pdf\"><img loading=\"lazy\" decoding=\"async\" class=\"alignnone wp-image-4488\" src=\"http:\/\/teegro.gob.mx\/inicio\/wp-content\/uploads\/2016\/03\/delitos-electorales.jpg\" alt=\"delitos-electorales\" width=\"159\" height=\"118\" srcset=\"https:\/\/teegro.gob.mx\/sitio2025\/wp-content\/uploads\/2016\/03\/delitos-electorales.jpg 300w, https:\/\/teegro.gob.mx\/sitio2025\/wp-content\/uploads\/2016\/03\/delitos-electorales-200x150.jpg 200w\" sizes=\"(max-width: 159px) 100vw, 159px\" \/><\/a><\/td><td style=\"width: 352.708px; height: 122.288px; text-align: left;\"><h4><a href=\"http:\/\/teegro.gob.mx\/inicio\/wp-content\/uploads\/2016\/03\/Delitos-Electorales.pdf\" target=\"_blank\" rel=\"noopener\">DERECHO ELECTORAL &#8211; Delitos electorales<br \/><\/a><\/h4><p><a href=\"http:\/\/teegro.gob.mx\/inicio\/wp-content\/uploads\/2016\/03\/Delitos-Electorales.pdf\" target=\"_blank\" rel=\"noopener\">Material did\u00e1ctico de apoyo para la capacitaci\u00f3n<\/a><\/p><\/td><\/tr><tr style=\"height: 122.51px;\"><td style=\"text-align: justify; width: 234.931px; height: 122.51px;\"><a href=\"http:\/\/teegro.gob.mx\/inicio\/wp-content\/uploads\/2016\/03\/prevalencia-del-financiamiento.pdf\"><img loading=\"lazy\" decoding=\"async\" class=\"alignnone wp-image-4492\" src=\"http:\/\/teegro.gob.mx\/inicio\/wp-content\/uploads\/2016\/03\/lecturas.jpg\" alt=\"lecturas\" width=\"159\" height=\"116\" \/><\/a><\/td><td style=\"text-align: left; width: 352.708px; height: 122.51px;\"><h4><a href=\"http:\/\/teegro.gob.mx\/inicio\/wp-content\/uploads\/2016\/03\/prevalencia-del-financiamiento.pdf\">Principio de prevalencia del financiamiento p\u00fablico sobre el privado: \u00bfes aplicable para los candidatos independientes<\/a><\/h4><p><a href=\"http:\/\/teegro.gob.mx\/inicio\/wp-content\/uploads\/2016\/03\/prevalencia-del-financiamiento.pdf\">Osvaldo Erwin Gonz\u00e1lez Arriaga*.<\/a><\/p><\/td><\/tr><tr><td style=\"text-align: justify; width: 234.931px;\"><img loading=\"lazy\" decoding=\"async\" class=\"alignnone wp-image-4494\" src=\"http:\/\/teegro.gob.mx\/inicio\/wp-content\/uploads\/2016\/03\/democracio-part.jpg\" alt=\"democracio-part\" width=\"159\" height=\"120\" srcset=\"https:\/\/teegro.gob.mx\/sitio2025\/wp-content\/uploads\/2016\/03\/democracio-part.jpg 300w, https:\/\/teegro.gob.mx\/sitio2025\/wp-content\/uploads\/2016\/03\/democracio-part-200x150.jpg 200w\" sizes=\"(max-width: 159px) 100vw, 159px\" \/><\/td><td style=\"text-align: left; width: 352.708px;\"><h4><a href=\"http:\/\/teegro.gob.mx\/inicio\/wp-content\/uploads\/2016\/03\/PARTICIPACION-CIUDADANA-.pdf\">DERECHO ELECTORAL &#8211;\u00a0Democracia y participaci\u00f3n ciudadana<\/a><\/h4><p><span style=\"color: #333333;\"><a href=\"http:\/\/teegro.gob.mx\/inicio\/wp-content\/uploads\/2016\/03\/PARTICIPACION-CIUDADANA-.pdf\">Material did\u00e1ctico de apoyo para la capacitaci\u00f3n<\/a>.<\/span><\/p><\/td><\/tr><tr><td style=\"text-align: justify; width: 234.931px;\"><a href=\"http:\/\/teegro.gob.mx\/inicio\/wp-content\/uploads\/2016\/03\/DERECHO-DE-LAS-PERSONAS-DISCAPACITADAS.pdf\"><img loading=\"lazy\" decoding=\"async\" class=\"alignnone wp-image-4493\" src=\"http:\/\/teegro.gob.mx\/inicio\/wp-content\/uploads\/2016\/03\/lecturas2.jpg\" alt=\"lecturas2\" width=\"159\" height=\"117\" \/><\/a><\/td><td style=\"text-align: left; width: 352.708px;\"><h4><a href=\"http:\/\/teegro.gob.mx\/inicio\/wp-content\/uploads\/2016\/03\/DERECHO-DE-LAS-PERSONAS-DISCAPACITADAS.pdf\">ALGUNAS REFLEXIONES EN TORNO A LOS DERECHOS POL\u00cdTICOs\u00a0DE LAS PERSONAS CON DISCAPACIDAD.<\/a><\/h4><p><a href=\"http:\/\/teegro.gob.mx\/inicio\/wp-content\/uploads\/2016\/03\/DERECHO-DE-LAS-PERSONAS-DISCAPACITADAS.pdf\">Por. Dr. Roberto Monroy.<\/a><\/p><\/td><\/tr><\/tbody><\/table>\t\t\t\t\t\t\t\t<\/div>\n\t\t\t\t<\/div>\n\t\t\t\t\t<\/div>\n\t\t<\/div>\n\t\t\t\t\t<\/div>\n\t\t<\/section>\n\t\t\t\t<\/div>\n\t\t","protected":false},"excerpt":{"rendered":"<p>Los Derechos Humanos en el Sistema Juridico Mexicano Lic. Jes\u00fas Ernesto Mu\u00f1oz Quintal REFLEXIONES SOBRE EL VOTO ELECTR\u00d3NICO\u00a0EN JALISCO Rodrigo Moreno Trujillo TRIBUNALES CERCANOS A LA CIUDADAN\u00cdA Teresa Mej\u00eda Contreras CONTROL EX OFFICIO DE CONSTITUCIONALIDAD: Primer caso en el Estado de Guerrero Mtro. Rene Patr\u00f3n Mu\u00f1oz Protocolo de actuaci\u00f3n para quienes imparten justicia en casos [&hellip;]<\/p>\n","protected":false},"author":1,"featured_media":0,"parent":1857,"menu_order":0,"comment_status":"closed","ping_status":"closed","template":"elementor_header_footer","meta":{"_acf_changed":false,"footnotes":""},"class_list":["post-1465","page","type-page","status-publish","hentry"],"acf":[],"_links":{"self":[{"href":"https:\/\/teegro.gob.mx\/sitio2025\/wp-json\/wp\/v2\/pages\/1465","targetHints":{"allow":["GET"]}}],"collection":[{"href":"https:\/\/teegro.gob.mx\/sitio2025\/wp-json\/wp\/v2\/pages"}],"about":[{"href":"https:\/\/teegro.gob.mx\/sitio2025\/wp-json\/wp\/v2\/types\/page"}],"author":[{"embeddable":true,"href":"https:\/\/teegro.gob.mx\/sitio2025\/wp-json\/wp\/v2\/users\/1"}],"replies":[{"embeddable":true,"href":"https:\/\/teegro.gob.mx\/sitio2025\/wp-json\/wp\/v2\/comments?post=1465"}],"version-history":[{"count":38,"href":"https:\/\/teegro.gob.mx\/sitio2025\/wp-json\/wp\/v2\/pages\/1465\/revisions"}],"predecessor-version":[{"id":8240,"href":"https:\/\/teegro.gob.mx\/sitio2025\/wp-json\/wp\/v2\/pages\/1465\/revisions\/8240"}],"up":[{"embeddable":true,"href":"https:\/\/teegro.gob.mx\/sitio2025\/wp-json\/wp\/v2\/pages\/1857"}],"wp:attachment":[{"href":"https:\/\/teegro.gob.mx\/sitio2025\/wp-json\/wp\/v2\/media?parent=1465"}],"curies":[{"name":"wp","href":"https:\/\/api.w.org\/{rel}","templated":true}]}}