{"id":16793,"date":"2024-11-05T16:00:18","date_gmt":"2024-11-05T22:00:18","guid":{"rendered":"https:\/\/teegro.gob.mx\/sitio2023\/?page_id=16793"},"modified":"2024-12-02T15:51:46","modified_gmt":"2024-12-02T21:51:46","slug":"5-concurso-de-oratoria","status":"publish","type":"page","link":"https:\/\/teegro.gob.mx\/sitio2025\/5-concurso-de-oratoria\/","title":{"rendered":"5\u00b0 Concurso de Oratoria"},"content":{"rendered":"\t\t<div data-elementor-type=\"wp-page\" data-elementor-id=\"16793\" class=\"elementor elementor-16793\">\n\t\t\t\t\t\t<section class=\"elementor-section elementor-top-section elementor-element elementor-element-2ee8814 elementor-section-boxed elementor-section-height-default elementor-section-height-default\" data-id=\"2ee8814\" data-element_type=\"section\" data-settings=\"{&quot;background_background&quot;:&quot;classic&quot;}\">\n\t\t\t\t\t\t<div class=\"elementor-container elementor-column-gap-default\">\n\t\t\t\t\t<div class=\"elementor-column elementor-col-100 elementor-top-column elementor-element elementor-element-31a114e\" data-id=\"31a114e\" data-element_type=\"column\">\n\t\t\t<div class=\"elementor-widget-wrap elementor-element-populated\">\n\t\t\t\t\t\t<div class=\"elementor-element elementor-element-87a4e27 elementor-widget elementor-widget-text-editor\" data-id=\"87a4e27\" data-element_type=\"widget\" data-widget_type=\"text-editor.default\">\n\t\t\t\t<div class=\"elementor-widget-container\">\n\t\t\t\t\t\t\t\t\t<p><a href=\"https:\/\/www.facebook.com\/share\/p\/14wCT461qL\/\"><strong>Celebra El Tribunal Electoral del Estado de Guerrero Convoca a la: 5\u00b0 Edici\u00f3n del Concurso de Oratoria Juvenil &#8220;Voces de la Democracia Guerrerense&#8221;.<\/strong><\/a><\/p>\t\t\t\t\t\t\t\t<\/div>\n\t\t\t\t<\/div>\n\t\t\t\t<div class=\"elementor-element elementor-element-a0d0360 elementor-widget elementor-widget-text-editor\" data-id=\"a0d0360\" data-element_type=\"widget\" data-widget_type=\"text-editor.default\">\n\t\t\t\t<div class=\"elementor-widget-container\">\n\t\t\t\t\t\t\t\t\t<p>\ud83e\udd48\ud83e\udd49\ud83d\ude4b\ud83c\udffb\u200d\u2640\ufe0f\u2696\ufe0f\ud83d\ude4b\ud83c\udffe Conoce a la y los ganadores de la 5ta Edici\u00f3n del Concurso de Oratoria Juvenil, \u201cVoces de la Democracia Guerrerense\u201d.<\/p><p><img fetchpriority=\"high\" decoding=\"async\" class=\"alignnone size-medium wp-image-17002\" src=\"https:\/\/teegro.gob.mx\/sitio2023\/wp-content\/uploads\/2024\/12\/MUCHAS-FELICIDADES-300x169.png\" alt=\"\" width=\"300\" height=\"169\" srcset=\"https:\/\/teegro.gob.mx\/sitio2025\/wp-content\/uploads\/2024\/12\/MUCHAS-FELICIDADES-300x169.png 300w, https:\/\/teegro.gob.mx\/sitio2025\/wp-content\/uploads\/2024\/12\/MUCHAS-FELICIDADES-1024x576.png 1024w, https:\/\/teegro.gob.mx\/sitio2025\/wp-content\/uploads\/2024\/12\/MUCHAS-FELICIDADES-768x432.png 768w, https:\/\/teegro.gob.mx\/sitio2025\/wp-content\/uploads\/2024\/12\/MUCHAS-FELICIDADES-1536x864.png 1536w, https:\/\/teegro.gob.mx\/sitio2025\/wp-content\/uploads\/2024\/12\/MUCHAS-FELICIDADES.png 1920w\" sizes=\"(max-width: 300px) 100vw, 300px\" \/><\/p><p>\ud83d\ude4b\ud83c\udffb\u200d\u2640\ufe0f\u2696\ufe0f\ud83d\ude4b\ud83c\udffe Conoce a las y los 15 participantes de la 5ta Edici\u00f3n del Concurso de Oratoria Juvenil, \u201cVoces de la Democracia Guerrerense\u201d.<\/p><p><img decoding=\"async\" class=\"alignnone size-medium wp-image-17003\" src=\"https:\/\/teegro.gob.mx\/sitio2023\/wp-content\/uploads\/2024\/12\/3-300x200.jpeg\" alt=\"\" width=\"300\" height=\"200\" srcset=\"https:\/\/teegro.gob.mx\/sitio2025\/wp-content\/uploads\/2024\/12\/3-300x200.jpeg 300w, https:\/\/teegro.gob.mx\/sitio2025\/wp-content\/uploads\/2024\/12\/3-1024x682.jpeg 1024w, https:\/\/teegro.gob.mx\/sitio2025\/wp-content\/uploads\/2024\/12\/3-768x512.jpeg 768w, https:\/\/teegro.gob.mx\/sitio2025\/wp-content\/uploads\/2024\/12\/3-1536x1024.jpeg 1536w, https:\/\/teegro.gob.mx\/sitio2025\/wp-content\/uploads\/2024\/12\/3-2048x1365.jpeg 2048w\" sizes=\"(max-width: 300px) 100vw, 300px\" \/> <img decoding=\"async\" class=\"alignnone size-medium wp-image-17004\" src=\"https:\/\/teegro.gob.mx\/sitio2023\/wp-content\/uploads\/2024\/12\/2-300x200.jpeg\" alt=\"\" width=\"300\" height=\"200\" srcset=\"https:\/\/teegro.gob.mx\/sitio2025\/wp-content\/uploads\/2024\/12\/2-300x200.jpeg 300w, https:\/\/teegro.gob.mx\/sitio2025\/wp-content\/uploads\/2024\/12\/2-1024x682.jpeg 1024w, https:\/\/teegro.gob.mx\/sitio2025\/wp-content\/uploads\/2024\/12\/2-768x512.jpeg 768w, https:\/\/teegro.gob.mx\/sitio2025\/wp-content\/uploads\/2024\/12\/2-1536x1024.jpeg 1536w, https:\/\/teegro.gob.mx\/sitio2025\/wp-content\/uploads\/2024\/12\/2-2048x1365.jpeg 2048w\" sizes=\"(max-width: 300px) 100vw, 300px\" \/> <img loading=\"lazy\" decoding=\"async\" class=\"alignnone size-medium wp-image-17005\" src=\"https:\/\/teegro.gob.mx\/sitio2023\/wp-content\/uploads\/2024\/12\/Collage-de-participantes-1-300x200.jpeg\" alt=\"\" width=\"300\" height=\"200\" srcset=\"https:\/\/teegro.gob.mx\/sitio2025\/wp-content\/uploads\/2024\/12\/Collage-de-participantes-1-300x200.jpeg 300w, https:\/\/teegro.gob.mx\/sitio2025\/wp-content\/uploads\/2024\/12\/Collage-de-participantes-1-1024x682.jpeg 1024w, https:\/\/teegro.gob.mx\/sitio2025\/wp-content\/uploads\/2024\/12\/Collage-de-participantes-1-768x512.jpeg 768w, https:\/\/teegro.gob.mx\/sitio2025\/wp-content\/uploads\/2024\/12\/Collage-de-participantes-1-1536x1024.jpeg 1536w, https:\/\/teegro.gob.mx\/sitio2025\/wp-content\/uploads\/2024\/12\/Collage-de-participantes-1-2048x1365.jpeg 2048w\" sizes=\"(max-width: 300px) 100vw, 300px\" \/><\/p><p>\u2696\ufe0f\ud83d\ude4c\ud83c\udffdMuchas Gracias a todas y todos los participantes que formaron parte de la 5ta Edici\u00f3n del Concurso de Oratoria Juvenil, \u201cVoces de la Democracia Guerrerense\u201d.<\/p><p><div style=\"width: 800px;\" class=\"wp-video\"><!--[if lt IE 9]><script>document.createElement('video');<\/script><![endif]-->\n<video class=\"wp-video-shortcode\" id=\"video-16793-1\" width=\"800\" height=\"450\" preload=\"metadata\" controls=\"controls\"><source type=\"video\/mp4\" src=\"https:\/\/teegro.gob.mx\/sitio2023\/wp-content\/uploads\/2024\/12\/WhatsApp-Video-2024-12-02-at-3.28.22-PM1.mp4?_=1\" \/><a href=\"https:\/\/teegro.gob.mx\/sitio2023\/wp-content\/uploads\/2024\/12\/WhatsApp-Video-2024-12-02-at-3.28.22-PM1.mp4\">https:\/\/teegro.gob.mx\/sitio2023\/wp-content\/uploads\/2024\/12\/WhatsApp-Video-2024-12-02-at-3.28.22-PM1.mp4<\/a><\/video><\/div><\/p><p>\ud83d\ude4b\ud83c\udffb\u200d\u2640\ufe0f\ud83d\ude4b\ud83c\udffe Muchas gracias a todas y todos los que participaron en el Taller de Oratoria que imparti\u00f3 la maestra Olivia Hidalgo Dom\u00ednguez, como parte del compromiso que tiene este Tribunal Electoral en promover la cultura democr\u00e1tica.<\/p><p><img loading=\"lazy\" decoding=\"async\" class=\"wp-image-17008 aligncenter\" src=\"https:\/\/teegro.gob.mx\/sitio2023\/wp-content\/uploads\/2024\/12\/TALLER-DE-ORATORIA-300x169.png\" alt=\"\" width=\"449\" height=\"253\" srcset=\"https:\/\/teegro.gob.mx\/sitio2025\/wp-content\/uploads\/2024\/12\/TALLER-DE-ORATORIA-300x169.png 300w, https:\/\/teegro.gob.mx\/sitio2025\/wp-content\/uploads\/2024\/12\/TALLER-DE-ORATORIA-1024x576.png 1024w, https:\/\/teegro.gob.mx\/sitio2025\/wp-content\/uploads\/2024\/12\/TALLER-DE-ORATORIA-768x432.png 768w, https:\/\/teegro.gob.mx\/sitio2025\/wp-content\/uploads\/2024\/12\/TALLER-DE-ORATORIA-1536x864.png 1536w, https:\/\/teegro.gob.mx\/sitio2025\/wp-content\/uploads\/2024\/12\/TALLER-DE-ORATORIA.png 1920w\" sizes=\"(max-width: 449px) 100vw, 449px\" \/><\/p>\t\t\t\t\t\t\t\t<\/div>\n\t\t\t\t<\/div>\n\t\t\t\t\t<\/div>\n\t\t<\/div>\n\t\t\t\t\t<\/div>\n\t\t<\/section>\n\t\t\t\t<section class=\"elementor-section elementor-top-section elementor-element elementor-element-eb740e9 elementor-section-boxed elementor-section-height-default elementor-section-height-default\" data-id=\"eb740e9\" data-element_type=\"section\" data-settings=\"{&quot;background_background&quot;:&quot;classic&quot;}\">\n\t\t\t\t\t\t<div class=\"elementor-container elementor-column-gap-default\">\n\t\t\t\t\t<div class=\"elementor-column elementor-col-100 elementor-top-column elementor-element elementor-element-f316a7c\" data-id=\"f316a7c\" data-element_type=\"column\">\n\t\t\t<div class=\"elementor-widget-wrap elementor-element-populated\">\n\t\t\t\t\t\t<div class=\"elementor-element elementor-element-c48c1f3 elementor-widget elementor-widget-text-editor\" data-id=\"c48c1f3\" data-element_type=\"widget\" data-widget_type=\"text-editor.default\">\n\t\t\t\t<div class=\"elementor-widget-container\">\n\t\t\t\t\t\t\t\t\t<p style=\"text-align: center;\"><strong>Bases de la Convocatoria<\/strong><\/p>\t\t\t\t\t\t\t\t<\/div>\n\t\t\t\t<\/div>\n\t\t\t\t<div class=\"elementor-element elementor-element-6b405bf elementor-widget elementor-widget-image\" data-id=\"6b405bf\" data-element_type=\"widget\" data-widget_type=\"image.default\">\n\t\t\t\t<div class=\"elementor-widget-container\">\n\t\t\t\t\t\t\t\t\t\t\t\t\t\t\t<img loading=\"lazy\" decoding=\"async\" width=\"683\" height=\"1024\" src=\"https:\/\/teegro.gob.mx\/sitio2025\/wp-content\/uploads\/2024\/11\/Bases-683x1024.jpg\" class=\"attachment-large size-large wp-image-16800\" alt=\"\" srcset=\"https:\/\/teegro.gob.mx\/sitio2025\/wp-content\/uploads\/2024\/11\/Bases-683x1024.jpg 683w, https:\/\/teegro.gob.mx\/sitio2025\/wp-content\/uploads\/2024\/11\/Bases-200x300.jpg 200w, https:\/\/teegro.gob.mx\/sitio2025\/wp-content\/uploads\/2024\/11\/Bases-768x1152.jpg 768w, https:\/\/teegro.gob.mx\/sitio2025\/wp-content\/uploads\/2024\/11\/Bases-1024x1536.jpg 1024w, https:\/\/teegro.gob.mx\/sitio2025\/wp-content\/uploads\/2024\/11\/Bases-1365x2048.jpg 1365w, https:\/\/teegro.gob.mx\/sitio2025\/wp-content\/uploads\/2024\/11\/Bases-scaled.jpg 1707w\" sizes=\"(max-width: 683px) 100vw, 683px\" \/>\t\t\t\t\t\t\t\t\t\t\t\t\t\t\t<\/div>\n\t\t\t\t<\/div>\n\t\t\t\t\t<\/div>\n\t\t<\/div>\n\t\t\t\t\t<\/div>\n\t\t<\/section>\n\t\t\t\t<section class=\"elementor-section elementor-top-section elementor-element elementor-element-64adaf7 elementor-section-boxed elementor-section-height-default elementor-section-height-default\" data-id=\"64adaf7\" data-element_type=\"section\" data-settings=\"{&quot;background_background&quot;:&quot;classic&quot;}\">\n\t\t\t\t\t\t<div class=\"elementor-container elementor-column-gap-default\">\n\t\t\t\t\t<div class=\"elementor-column elementor-col-100 elementor-top-column elementor-element elementor-element-b6eb60f\" data-id=\"b6eb60f\" data-element_type=\"column\">\n\t\t\t<div class=\"elementor-widget-wrap elementor-element-populated\">\n\t\t\t\t\t\t<div class=\"elementor-element elementor-element-26a4fc0 elementor-widget elementor-widget-text-editor\" data-id=\"26a4fc0\" data-element_type=\"widget\" data-widget_type=\"text-editor.default\">\n\t\t\t\t<div class=\"elementor-widget-container\">\n\t\t\t\t\t\t\t\t\t<p style=\"text-align: center;\"><strong>Solicitud de Registro<\/strong><\/p><table style=\"border-collapse: collapse; width: 100%;\"><tbody><tr><td style=\"width: 50%; text-align: center;\"><a href=\"https:\/\/teegro.gob.mx\/sitio2023\/wp-content\/uploads\/2024\/11\/Solicitud.docx\"><img loading=\"lazy\" decoding=\"async\" class=\"wp-image-11524 aligncenter\" src=\"https:\/\/teegro.gob.mx\/inicio\/wp-content\/uploads\/2023\/09\/word-1.png\" alt=\"\" width=\"30\" height=\"28\" \/><\/a><\/td><\/tr><\/tbody><\/table><p style=\"text-align: center;\"><strong> Cesi\u00f3n de Derechos<\/strong><\/p><table style=\"border-collapse: collapse; width: 100%;\"><tbody><tr><td style=\"width: 100%;\"><a href=\"https:\/\/teegro.gob.mx\/sitio2023\/wp-content\/uploads\/2024\/11\/CESION-DERECHOS.docx\"><img loading=\"lazy\" decoding=\"async\" class=\"wp-image-11524 aligncenter\" src=\"https:\/\/teegro.gob.mx\/inicio\/wp-content\/uploads\/2023\/09\/word-1.png\" alt=\"\" width=\"30\" height=\"28\" \/><\/a><\/td><\/tr><\/tbody><\/table>\t\t\t\t\t\t\t\t<\/div>\n\t\t\t\t<\/div>\n\t\t\t\t\t<\/div>\n\t\t<\/div>\n\t\t\t\t\t<\/div>\n\t\t<\/section>\n\t\t\t\t<\/div>\n\t\t","protected":false},"excerpt":{"rendered":"<p>Celebra El Tribunal Electoral del Estado de Guerrero Convoca a la: 5\u00b0 Edici\u00f3n del Concurso de Oratoria Juvenil &#8220;Voces de la Democracia Guerrerense&#8221;. &#x1f948;&#x1f949;&#x1f64b;&#x1f3fb;&#x200d;&#x2640;&#xfe0f;&#x2696;&#xfe0f;&#x1f64b;&#x1f3fe; Conoce a la y los ganadores de la 5ta Edici\u00f3n del Concurso de Oratoria Juvenil, \u201cVoces de la Democracia Guerrerense\u201d. &#x1f64b;&#x1f3fb;&#x200d;&#x2640;&#xfe0f;&#x2696;&#xfe0f;&#x1f64b;&#x1f3fe; Conoce a las y los 15 participantes de la 5ta [&hellip;]<\/p>\n","protected":false},"author":1,"featured_media":0,"parent":0,"menu_order":0,"comment_status":"closed","ping_status":"closed","template":"","meta":{"_acf_changed":false,"footnotes":""},"class_list":["post-16793","page","type-page","status-publish","hentry"],"acf":[],"_links":{"self":[{"href":"https:\/\/teegro.gob.mx\/sitio2025\/wp-json\/wp\/v2\/pages\/16793","targetHints":{"allow":["GET"]}}],"collection":[{"href":"https:\/\/teegro.gob.mx\/sitio2025\/wp-json\/wp\/v2\/pages"}],"about":[{"href":"https:\/\/teegro.gob.mx\/sitio2025\/wp-json\/wp\/v2\/types\/page"}],"author":[{"embeddable":true,"href":"https:\/\/teegro.gob.mx\/sitio2025\/wp-json\/wp\/v2\/users\/1"}],"replies":[{"embeddable":true,"href":"https:\/\/teegro.gob.mx\/sitio2025\/wp-json\/wp\/v2\/comments?post=16793"}],"version-history":[{"count":13,"href":"https:\/\/teegro.gob.mx\/sitio2025\/wp-json\/wp\/v2\/pages\/16793\/revisions"}],"predecessor-version":[{"id":17015,"href":"https:\/\/teegro.gob.mx\/sitio2025\/wp-json\/wp\/v2\/pages\/16793\/revisions\/17015"}],"wp:attachment":[{"href":"https:\/\/teegro.gob.mx\/sitio2025\/wp-json\/wp\/v2\/media?parent=16793"}],"curies":[{"name":"wp","href":"https:\/\/api.w.org\/{rel}","templated":true}]}}